{"id":7044,"date":"2025-05-11T14:27:45","date_gmt":"2025-05-11T12:27:45","guid":{"rendered":"https:\/\/www.edilfibro.it\/?post_type=product&#038;p=7044"},"modified":"2025-05-28T11:01:56","modified_gmt":"2025-05-28T09:01:56","slug":"metaclik-325","status":"publish","type":"product","link":"https:\/\/www.edilfibro.it\/fr\/prodotto\/metaclik-325\/","title":{"rendered":"Metaclik 325"},"content":{"rendered":"<section class=\"l-section wpb_row height_huge color_primary with_img\"><div class=\"l-section-img\" role=\"img\" aria-label=\"Image\" data-img-width=\"2000\" data-img-height=\"1040\" style=\"background-image: url(https:\/\/www.edilfibro.it\/wp-content\/uploads\/2025\/05\/Metaclik-Edilfibro_Heading.webp);background-repeat: no-repeat;\"><\/div><div class=\"l-section-overlay\" style=\"background:rgba(0,0,0,0.65)\"><\/div><div class=\"l-section-h i-cf\"><div class=\"g-cols vc_row via_grid cols_1 laptops-cols_inherit tablets-cols_inherit mobiles-cols_1 valign_top type_default stacking_default\"><div class=\"wpb_column vc_column_container\"><div class=\"vc_column-inner\"><h1 class=\"w-post-elm post_title align_center entry-title color_link_inherit\">Metaclik 325<\/h1><nav class=\"g-breadcrumbs separator_icon align_center\" itemscope itemtype=\"http:\/\/schema.org\/BreadcrumbList\"><div class=\"g-breadcrumbs-item\" itemscope itemprop=\"itemListElement\" itemtype=\"http:\/\/schema.org\/ListItem\"><a itemprop=\"item\" href=\"https:\/\/www.edilfibro.it\/fr\/\"><span itemprop=\"name\">Accueil<\/span><\/a><meta itemprop=\"position\" content=\"1\"\/><\/div><div class=\"g-breadcrumbs-separator\"><i class=\"far fa-angle-right\"><\/i><\/div><div class=\"g-breadcrumbs-item\">Pages<\/div><\/nav><\/div><\/div><\/div><\/div><\/section><section class=\"l-section wpb_row finto-prod-variabile height_medium\"><div class=\"l-section-h i-cf\"><div class=\"g-cols vc_row via_grid cols_2-3 laptops-cols_inherit tablets-cols_inherit mobiles-cols_1 valign_top type_default stacking_default\"><div class=\"wpb_column vc_column_container\"><div class=\"vc_column-inner\"><div class=\"w-post-elm product_gallery\"><\/div><\/div><\/div><div class=\"wpb_column vc_column_container\"><div class=\"vc_column-inner\"><div class=\"wpb_text_column\"><div class=\"wpb_wrapper\"><h2 class=\"titolo-la-gamma\"><span class=\"evidenziatore\">Metaclik 325<\/span><\/h2>\n<\/div><\/div><div class=\"w-separator size_small\"><\/div><div class=\"w-post-elm add_to_cart qty-btn-style_0\" style=\"--qty-btn-size:1rem;\">\n<form class=\"variations_form cart\" action=\"https:\/\/www.edilfibro.it\/fr\/prodotto\/metaclik-325\/\" method=\"post\" enctype='multipart\/form-data' data-product_id=\"7044\" data-product_variations=\"[{&quot;attributes&quot;:{&quot;attribute_pa_prodotto-in-versione-unica&quot;:&quot;versione-unica-fr&quot;},&quot;availability_html&quot;:&quot;&quot;,&quot;backorders_allowed&quot;:false,&quot;dimensions&quot;:{&quot;length&quot;:&quot;&quot;,&quot;width&quot;:&quot;&quot;,&quot;height&quot;:&quot;&quot;},&quot;dimensions_html&quot;:&quot;ND&quot;,&quot;display_price&quot;:1,&quot;display_regular_price&quot;:1,&quot;image&quot;:{&quot;title&quot;:&quot;FOTO COPERTINA&quot;,&quot;caption&quot;:&quot;&quot;,&quot;url&quot;:&quot;https:\\\/\\\/www.edilfibro.it\\\/wp-content\\\/uploads\\\/2025\\\/05\\\/FOTO-COPERTINA.webp&quot;,&quot;alt&quot;:&quot;FOTO COPERTINA&quot;,&quot;src&quot;:&quot;https:\\\/\\\/www.edilfibro.it\\\/wp-content\\\/uploads\\\/2025\\\/05\\\/FOTO-COPERTINA.webp&quot;,&quot;srcset&quot;:&quot;https:\\\/\\\/www.edilfibro.it\\\/wp-content\\\/uploads\\\/2025\\\/05\\\/FOTO-COPERTINA.webp 600w, https:\\\/\\\/www.edilfibro.it\\\/wp-content\\\/uploads\\\/2025\\\/05\\\/FOTO-COPERTINA-300x300.webp 300w, https:\\\/\\\/www.edilfibro.it\\\/wp-content\\\/uploads\\\/2025\\\/05\\\/FOTO-COPERTINA-150x150.webp 150w&quot;,&quot;sizes&quot;:&quot;(max-width: 600px) 100vw, 600px&quot;,&quot;full_src&quot;:&quot;https:\\\/\\\/www.edilfibro.it\\\/wp-content\\\/uploads\\\/2025\\\/05\\\/FOTO-COPERTINA.webp&quot;,&quot;full_src_w&quot;:600,&quot;full_src_h&quot;:600,&quot;gallery_thumbnail_src&quot;:&quot;https:\\\/\\\/www.edilfibro.it\\\/wp-content\\\/uploads\\\/2025\\\/05\\\/FOTO-COPERTINA-300x300.webp&quot;,&quot;gallery_thumbnail_src_w&quot;:300,&quot;gallery_thumbnail_src_h&quot;:300,&quot;thumb_src&quot;:&quot;https:\\\/\\\/www.edilfibro.it\\\/wp-content\\\/uploads\\\/2025\\\/05\\\/FOTO-COPERTINA-300x300.webp&quot;,&quot;thumb_src_w&quot;:300,&quot;thumb_src_h&quot;:300,&quot;src_w&quot;:600,&quot;src_h&quot;:600},&quot;image_id&quot;:7102,&quot;is_downloadable&quot;:false,&quot;is_in_stock&quot;:true,&quot;is_purchasable&quot;:true,&quot;is_sold_individually&quot;:&quot;no&quot;,&quot;is_virtual&quot;:false,&quot;max_qty&quot;:&quot;&quot;,&quot;min_qty&quot;:1,&quot;price_html&quot;:&quot;&quot;,&quot;sku&quot;:&quot;&quot;,&quot;variation_description&quot;:&quot;&lt;p&gt;Metaclik est un syst\\u00e8me de couverture m\\u00e9tallique continue \\u00e0 joint debout pour pentes faibles, sans per\\u00e7age, sans fixations, ni recouvrements en t\\u00eate.&lt;br \\\/&gt;\\nLe syst\\u00e8me est compos\\u00e9 de plaques en alliage d\\u2019aluminium 5754 H18 (finition naturelle ou pr\\u00e9laqu\\u00e9e) d\\u2019\\u00e9paisseur 0,7 \\\/ 0,8 \\\/ 1,0 mm, ou en acier galvanis\\u00e9 pr\\u00e9laqu\\u00e9 d\\u2019\\u00e9paisseur 0,6 mm, \\u00e9quip\\u00e9es de nervures transversales de rigidification (pas disponibles sur demande).&lt;\\\/p&gt;\\n&lt;p&gt;Les plaques sont profil\\u00e9es selon la longueur de la pente et fix\\u00e9es \\u00e0 la sous-structure au moyen d\\u2019\\u00e9triers (en aluminium anodis\\u00e9 ou en polyamide) dot\\u00e9s de deux trous qui gardent une distance de 5 \\\/ 7 mm entre l\\u2019intrados de la t\\u00f4le et la structure porteuse.&lt;\\\/p&gt;\\n&lt;p&gt;La fixation par clipsage de la plaque sur les \\u00e9triers garantit la r\\u00e9sistance aux charges ascendantes et permet la dilatation thermique des t\\u00f4les.&lt;br \\\/&gt;\\nL\\u2019absence de per\\u00e7ages, le canal de drainage et le crantage aux extr\\u00e9mit\\u00e9s pour le pliage en t\\u00eate et en goutti\\u00e8re assurent l\\u2019\\u00e9tanch\\u00e9it\\u00e9 m\\u00eame \\u00e0 faible pente.&lt;\\\/p&gt;\\n&lt;p&gt;&lt;strong&gt;N.B.&lt;\\\/strong&gt; Le profil 325 est disponible uniquement sur demande.&lt;\\\/p&gt;\\n&quot;,&quot;variation_id&quot;:7048,&quot;variation_is_active&quot;:true,&quot;variation_is_visible&quot;:true,&quot;weight&quot;:&quot;&quot;,&quot;weight_html&quot;:&quot;ND&quot;}]\">\n\t\n\t\t\t<table class=\"variations\" cellspacing=\"0\" role=\"presentation\">\n\t\t\t<tbody>\n\t\t\t\t\t\t\t\t\t<tr>\n\t\t\t\t\t\t<th class=\"label\"><label for=\"pa_prodotto-in-versione-unica\">Produit en version unique<\/label><\/th>\n\t\t\t\t\t\t<td class=\"value\">\n\t\t\t\t\t\t\t<div class=\"woocommerce-select\"><select id=\"pa_prodotto-in-versione-unica\" class=\"\" name=\"attribute_pa_prodotto-in-versione-unica\" data-attribute_name=\"attribute_pa_prodotto-in-versione-unica\" data-show_option_none=\"yes\"><option value=\"\">Choisir une option<\/option><option value=\"versione-unica-fr\"  selected='selected'>Version unique<\/option><\/select><\/div><a class=\"reset_variations\" href=\"#\" aria-label=\"Effacer les options\"><\/a>\t\t\t\t\t\t<\/td>\n\t\t\t\t\t<\/tr>\n\t\t\t\t\t\t\t<\/tbody>\n\t\t<\/table>\n\t\t<div class=\"reset_variations_alert screen-reader-text\" role=\"alert\" aria-live=\"polite\" aria-relevant=\"all\"><\/div>\n\t\t\n\t\t<div class=\"single_variation_wrap\">\n\t\t\t<div class=\"woocommerce-variation single_variation\" role=\"alert\" aria-relevant=\"additions\"><\/div><div class=\"woocommerce-variation-add-to-cart variations_button\">\n\t\n\t<div class=\"quantity\">\n\t<input type=\"button\" value=\"-\" class=\"minus\" disabled>\t<label class=\"screen-reader-text\" for=\"quantity_69f4063e8a4e0\">quantit\u00e9 de Metaclik 325<\/label>\n\t<input\n\t\ttype=\"number\"\n\t\t\t\tid=\"quantity_69f4063e8a4e0\"\n\t\tclass=\"input-text qty text\"\n\t\tname=\"quantity\"\n\t\tvalue=\"1\"\n\t\taria-label=\"Quantit\u00e9 de produits\"\n\t\t\t\tmin=\"1\"\n\t\t\t\t\t\t\tstep=\"1\"\n\t\t\tplaceholder=\"\"\n\t\t\tinputmode=\"numeric\"\n\t\t\tautocomplete=\"off\"\n\t\t\t\/>\n\t<input type=\"button\" value=\"+\" class=\"plus\"><\/div>\n\n\t<button type=\"submit\" class=\"single_add_to_cart_button button alt\">Ajouter au panier<\/button>\n\n\t\n\t<input type=\"hidden\" name=\"add-to-cart\" value=\"7044\" \/>\n\t<input type=\"hidden\" name=\"product_id\" value=\"7044\" \/>\n\t<input type=\"hidden\" name=\"variation_id\" class=\"variation_id\" value=\"0\" \/>\n<\/div>\n\t\t<\/div>\n\t\n\t<\/form>\n\n<div class=\"woocommerce-notices-wrapper\"><\/div><\/div><\/div><\/div><\/div><\/div><\/section><section class=\"l-section wpb_row documentazione-tecnica height_medium\"><div class=\"l-section-h i-cf\"><div class=\"g-cols vc_row via_grid cols_1 laptops-cols_inherit tablets-cols_inherit mobiles-cols_1 valign_top type_default stacking_default\"><div class=\"wpb_column vc_column_container\"><div class=\"vc_column-inner\"><div class=\"wpb_text_column us_custom_eb849559\"><div class=\"wpb_wrapper\"><h2 style=\"text-align: center;\">Description du <span class=\"evidenziatore\">produit<\/span><\/h2>\n<\/div><\/div><div class=\"w-separator size_medium\"><\/div><div class=\"g-cols wpb_row via_grid cols_2 laptops-cols_inherit tablets-cols_inherit mobiles-cols_1 valign_top type_default stacking_default\" style=\"--columns-gap:3.2rem;\"><div class=\"wpb_column vc_column_container\"><div class=\"vc_column-inner\"><div class=\"wpb_text_column us_custom_a833bf3c\"><div class=\"wpb_wrapper\"><p><span style=\"color: #1b9119;\"><strong>Caract\u00e9ristiques techniques acier<\/strong><\/span><\/p>\n<div style=\"overflow-x: auto;\">\n<table id=\"metal-profile-table\" class=\"lattonerie tabella\">\n<tbody>\n<tr>\n<th><strong>s (mm)<\/strong><\/th>\n<th><strong>J (cm4\/m)<\/strong><\/th>\n<th><strong>W+ (cm3\/m)<\/strong><\/th>\n<th><strong>W- (cm3\/m)<\/strong><\/th>\n<\/tr>\n<tr>\n<td>0,6<\/td>\n<td>15,47<\/td>\n<td>4,92<\/td>\n<td>4,44<\/td>\n<\/tr>\n<tr>\n<td>0,8<\/td>\n<td>20,70<\/td>\n<td>6,60<\/td>\n<td>6,62<\/td>\n<\/tr>\n<\/tbody>\n<\/table>\n<\/div>\n<\/div><\/div><div class=\"w-separator size_small\"><\/div><div class=\"wpb_text_column us_custom_a833bf3c\"><div class=\"wpb_wrapper\"><p><span style=\"color: #1b9119;\"><strong>Caract\u00e9ristiques techniques aluminium<\/strong><\/span><\/p>\n<div style=\"overflow-x: auto;\">\n<table id=\"metal-profile-table\" class=\"lattonerie tabella\">\n<tbody>\n<tr>\n<th><strong>s (mm)<\/strong><\/th>\n<th><strong>J (cm4\/m)<\/strong><\/th>\n<th><strong>W+ (cm3\/m)<\/strong><\/th>\n<th><strong>W- (cm3\/m)<\/strong><\/th>\n<\/tr>\n<tr>\n<td>0,7<\/td>\n<td>18,08<\/td>\n<td>5,76<\/td>\n<td>5,43<\/td>\n<\/tr>\n<tr>\n<td>0,8<\/td>\n<td>20,70<\/td>\n<td>6,60<\/td>\n<td>6,62<\/td>\n<\/tr>\n<tr>\n<td>1,0<\/td>\n<td>25,95<\/td>\n<td>8,31<\/td>\n<td>9,16<\/td>\n<\/tr>\n<\/tbody>\n<\/table>\n<\/div>\n<\/div><\/div><div class=\"wpb_text_column us_custom_a833bf3c\"><div class=\"wpb_wrapper\"><div class=\"page\">\n<div class=\"section\"><strong>L\u00c9GENDE<\/strong><span>:<\/span><br \/>\n<span>s = \u00e9paisseur de la t\u00f4le ;\u00a0 J = moment d\u2019inertie ; W+ = module de r\u00e9sistance \u00e0 la flexion; W- = module de r\u00e9sistance \u00e0 la flexion.<\/span><\/div>\n<\/div>\n<\/div><\/div><\/div><\/div><div class=\"wpb_column vc_column_container\" id=\"certificazioni-prodotto\"><div class=\"vc_column-inner\"><div class=\"wpb_text_column\"><div class=\"wpb_wrapper\"><p><span style=\"color: #1b9119;\"><strong>Download<\/strong><\/span><\/p>\n<\/div><\/div><div class=\"w-separator size_small\"><\/div><div class=\"w-tabs style_default switch_click accordion type_togglable has_scrolling remove_indents\" style=\"--sections-title-size:inherit\"><div class=\"w-tabs-sections titles-align_none icon_plus cpos_right\"><div class=\"w-tabs-section\" id=\"o091\"><button class=\"w-tabs-section-header with_icon\" aria-controls=\"content-o091\" aria-expanded=\"false\"><i class=\"fas fa-file-pdf\"><\/i><div class=\"w-tabs-section-title\">Documentation g\u00e9n\u00e9rale<\/div><div class=\"w-tabs-section-control\"><\/div><\/button><div  class=\"w-tabs-section-content\" id=\"content-o091\"><div class=\"w-tabs-section-content-h i-cf\"><div class=\"w-iconbox us_custom_9b8209a0 hover-sottolineato has_text_color iconpos_left style_default color_primary align_left no_text\"><a target=\"_blank\" href=\"\/wp-content\/uploads\/2025\/05\/2025-FR-FICHE-TECHNIQUE-_METACLIK-325-ACIER.pdf\" class=\"w-iconbox-link\" aria-label=\"Fiche technique Metaclik 325 &#8211; Acier\"><div class=\"w-iconbox-icon\" style=\"font-size:1.1rem;\"><i class=\"fas fa-file-pdf\"><\/i><\/div><\/a><div class=\"w-iconbox-meta\"><span class=\"w-iconbox-title\"><a target=\"_blank\" href=\"\/wp-content\/uploads\/2025\/05\/2025-FR-FICHE-TECHNIQUE-_METACLIK-325-ACIER.pdf\" class=\"w-iconbox-link\" aria-label=\"Fiche technique Metaclik 325 &#8211; Acier\">Fiche technique Metaclik 325 &#8211; Acier<\/a><\/span><\/div><\/div><div class=\"w-iconbox us_custom_9b8209a0 hover-sottolineato has_text_color iconpos_left style_default color_primary align_left no_text\"><a target=\"_blank\" href=\"\/wp-content\/uploads\/2025\/05\/2025-FR-FICHE-TECHNIQUE-_METACLIK-325-ALUMINIUM.pdf\" class=\"w-iconbox-link\" aria-label=\"Fiche technique Metaclik 325 &#8211; Aluminium\"><div class=\"w-iconbox-icon\" style=\"font-size:1.1rem;\"><i class=\"fas fa-file-pdf\"><\/i><\/div><\/a><div class=\"w-iconbox-meta\"><span class=\"w-iconbox-title\"><a target=\"_blank\" href=\"\/wp-content\/uploads\/2025\/05\/2025-FR-FICHE-TECHNIQUE-_METACLIK-325-ALUMINIUM.pdf\" class=\"w-iconbox-link\" aria-label=\"Fiche technique Metaclik 325 &#8211; Aluminium\">Fiche technique Metaclik 325 &#8211; Aluminium<\/a><\/span><\/div><\/div><\/div><\/div><\/div><div class=\"w-tabs-section\" id=\"i73e\"><button class=\"w-tabs-section-header with_icon\" aria-controls=\"content-i73e\" aria-expanded=\"false\"><i class=\"fas fa-file-pdf\"><\/i><div class=\"w-tabs-section-title\">\u00c9l\u00e9ments de sp\u00e9cification<\/div><div class=\"w-tabs-section-control\"><\/div><\/button><div  class=\"w-tabs-section-content\" id=\"content-i73e\"><div class=\"w-tabs-section-content-h i-cf\"><div class=\"w-iconbox us_custom_9b8209a0 hover-sottolineato has_text_color iconpos_left style_default color_primary align_left no_text\"><a target=\"_blank\" href=\"\/wp-content\/uploads\/2025\/05\/FR_VOCI-DI-CAPITOLATO-METACLIK-325-ACIER.pdf\" class=\"w-iconbox-link\" aria-label=\"\u00c9l\u00e9ments de sp\u00e9cification &#8211; Acier\"><div class=\"w-iconbox-icon\" style=\"font-size:1.1rem;\"><i class=\"fas fa-file-pdf\"><\/i><\/div><\/a><div class=\"w-iconbox-meta\"><span class=\"w-iconbox-title\"><a target=\"_blank\" href=\"\/wp-content\/uploads\/2025\/05\/FR_VOCI-DI-CAPITOLATO-METACLIK-325-ACIER.pdf\" class=\"w-iconbox-link\" aria-label=\"\u00c9l\u00e9ments de sp\u00e9cification &#8211; Acier\">\u00c9l\u00e9ments de sp\u00e9cification &#8211; Acier<\/a><\/span><\/div><\/div><div class=\"w-iconbox us_custom_9b8209a0 hover-sottolineato has_text_color iconpos_left style_default color_primary align_left no_text\"><a target=\"_blank\" href=\"\/wp-content\/uploads\/2025\/05\/FR_VOCI-DI-CAPITOLATO-METACLIK-325-ALUMINIUM.pdf\" class=\"w-iconbox-link\" aria-label=\"\u00c9l\u00e9ments de sp\u00e9cification &#8211; Aluminium\"><div class=\"w-iconbox-icon\" style=\"font-size:1.1rem;\"><i class=\"fas fa-file-pdf\"><\/i><\/div><\/a><div class=\"w-iconbox-meta\"><span class=\"w-iconbox-title\"><a target=\"_blank\" href=\"\/wp-content\/uploads\/2025\/05\/FR_VOCI-DI-CAPITOLATO-METACLIK-325-ALUMINIUM.pdf\" class=\"w-iconbox-link\" aria-label=\"\u00c9l\u00e9ments de sp\u00e9cification &#8211; Aluminium\">\u00c9l\u00e9ments de sp\u00e9cification &#8211; Aluminium<\/a><\/span><\/div><\/div><\/div><\/div><\/div><\/div><\/div><\/div><\/div><\/div><div class=\"w-separator size_medium\"><\/div><div class=\"g-cols wpb_row via_grid cols_1 laptops-cols_inherit tablets-cols_inherit mobiles-cols_1 valign_top type_default stacking_default\" style=\"--columns-gap:3rem;\"><div class=\"wpb_column vc_column_container\"><div class=\"vc_column-inner\"><div class=\"wpb_text_column us_custom_7c5f6a71\"><div class=\"wpb_wrapper\"><p><span style=\"color: #1b9119;\"><strong>Donn\u00e9es physiques<\/strong><\/span><\/p>\n<\/div><\/div><div class=\"wpb_text_column us_custom_a833bf3c\"><div class=\"wpb_wrapper\"><div style=\"overflow-x: auto;\">\n<table id=\"metal-profile-table\" class=\"lattonerie tabella\">\n<tbody>\n<tr>\n<th><strong>Mat\u00e9riau<\/strong><\/th>\n<th><strong>Alliage<\/strong><\/th>\n<th><strong>Poids sp\u00e9cifique (kg\/dm3)<\/strong><\/th>\n<th><strong>Limite d\u2019\u00e9lasticit\u00e9 (Mpa min.)<\/strong><\/th>\n<\/tr>\n<tr>\n<td>Acier<\/td>\n<td>S250GD<\/td>\n<td>7,85<\/td>\n<td>250<\/td>\n<\/tr>\n<tr>\n<td>Aluminium<\/td>\n<td>Al 5754 H18<\/td>\n<td>2,70<\/td>\n<td>250<\/td>\n<\/tr>\n<\/tbody>\n<\/table>\n<\/div>\n<\/div><\/div><\/div><\/div><\/div><div class=\"w-separator size_large\"><\/div><div class=\"g-cols wpb_row via_grid cols_1 laptops-cols_inherit tablets-cols_inherit mobiles-cols_1 valign_top type_default stacking_default\" style=\"--columns-gap:3rem;\"><div class=\"wpb_column vc_column_container\"><div class=\"vc_column-inner\"><div class=\"wpb_text_column us_custom_c19506bf\"><div class=\"wpb_wrapper\"><p><span style=\"color: #1b9119;\"><strong>Tableau de capacit\u00e9 pour plusieurs port\u00e9es<\/strong><\/span><\/p>\n<\/div><\/div><div class=\"w-image align_center\"><div class=\"w-image-h\"><img decoding=\"async\" width=\"1023\" height=\"149\" src=\"https:\/\/www.edilfibro.it\/wp-content\/uploads\/2025\/05\/Tabella-di-portata-per-campate-multiple.webp\" class=\"attachment-full size-full\" alt=\"\" loading=\"lazy\" srcset=\"https:\/\/www.edilfibro.it\/wp-content\/uploads\/2025\/05\/Tabella-di-portata-per-campate-multiple.webp 1023w, https:\/\/www.edilfibro.it\/wp-content\/uploads\/2025\/05\/Tabella-di-portata-per-campate-multiple-300x44.webp 300w, https:\/\/www.edilfibro.it\/wp-content\/uploads\/2025\/05\/Tabella-di-portata-per-campate-multiple-600x87.webp 600w\" sizes=\"auto, (max-width: 1023px) 100vw, 1023px\" \/><\/div><\/div><div class=\"w-separator size_small\"><\/div><div class=\"wpb_text_column us_custom_a833bf3c\"><div class=\"wpb_wrapper\"><p><span style=\"color: #1b9119;\"><strong>ACIER<\/strong><\/span><\/p>\n<div style=\"overflow-x: auto;\">\n<table id=\"metal-profile-table\" class=\"lattonerie tabella\">\n<tbody>\n<tr>\n<th><strong>Entraxe L (mm)<\/strong><\/th>\n<th><strong>0,80<\/strong><\/th>\n<th><strong>1,00<\/strong><\/th>\n<th><strong>1,20<\/strong><\/th>\n<th><strong>1,40<\/strong><\/th>\n<th><strong>1,60<\/strong><\/th>\n<th><strong>1,80<\/strong><\/th>\n<\/tr>\n<tr>\n<td>\u00c9paisseur(mm)<\/td>\n<td colspan=\"7\">charge uniform\u00e9ment r\u00e9partie q (kN\/m2)<\/td>\n<\/tr>\n<tr>\n<td>0,6<\/td>\n<td>8,54<\/td>\n<td>5,47<\/td>\n<td>3,80<\/td>\n<td>2,79<\/td>\n<td>2,13<\/td>\n<td>1,69<\/td>\n<\/tr>\n<tr>\n<td>0,8<\/td>\n<td>11,34<\/td>\n<td>7,44<\/td>\n<td>5,16<\/td>\n<td>3,81<\/td>\n<td>2,85<\/td>\n<td>2,28<\/td>\n<\/tr>\n<\/tbody>\n<\/table>\n<\/div>\n<\/div><\/div><div class=\"w-separator size_small\"><\/div><div class=\"wpb_text_column us_custom_a833bf3c\"><div class=\"wpb_wrapper\"><p><span style=\"color: #1b9119;\"><strong>ALUMINIUM<\/strong><\/span><\/p>\n<div style=\"overflow-x: auto;\">\n<table id=\"metal-profile-table\" class=\"lattonerie tabella\">\n<tbody>\n<tr>\n<th><strong>Entraxe L (mm)<\/strong><\/th>\n<th><strong>0,80<\/strong><\/th>\n<th><strong>1,00<\/strong><\/th>\n<th><strong>1,20<\/strong><\/th>\n<th><strong>1,40<\/strong><\/th>\n<th><strong>1,60<\/strong><\/th>\n<th><strong>1,80<\/strong><\/th>\n<\/tr>\n<tr>\n<td>\u00c9paisseur(mm)<\/td>\n<td colspan=\"6\">charge uniform\u00e9ment r\u00e9partie q (kN\/m2)<\/td>\n<\/tr>\n<tr>\n<td>0,7<\/td>\n<td>10,04<\/td>\n<td>6,43<\/td>\n<td>4,46<\/td>\n<td>3,28<\/td>\n<td>2,39<\/td>\n<td>1,68<\/td>\n<\/tr>\n<tr>\n<td>0,8<\/td>\n<td>11,79<\/td>\n<td>7,54<\/td>\n<td>5,24<\/td>\n<td>3,85<\/td>\n<td>2,74<\/td>\n<td>1,92<\/td>\n<\/tr>\n<tr>\n<td>1,0<\/td>\n<td>15,17<\/td>\n<td>9,71<\/td>\n<td>6,74<\/td>\n<td>4,95<\/td>\n<td>3,43<\/td>\n<td>2,41<\/td>\n<\/tr>\n<\/tbody>\n<\/table>\n<\/div>\n<\/div><\/div><\/div><\/div><\/div><div class=\"w-separator size_medium\"><\/div><div class=\"g-cols wpb_row via_grid cols_1 laptops-cols_inherit tablets-cols_inherit mobiles-cols_1 valign_top type_default stacking_default\" style=\"--columns-gap:3rem;\"><div class=\"wpb_column vc_column_container\"><div class=\"vc_column-inner\"><div class=\"wpb_text_column us_custom_7c5f6a71\"><div class=\"wpb_wrapper\"><p><span style=\"color: #1b9119;\"><strong>Profil<\/strong><\/span><\/p>\n<\/div><\/div><div class=\"w-image align_center\"><div class=\"w-image-h\"><img decoding=\"async\" width=\"811\" height=\"277\" src=\"https:\/\/www.edilfibro.it\/wp-content\/uploads\/2025\/05\/Profilo-Metaclik-325_2.webp\" class=\"attachment-full size-full\" alt=\"\" loading=\"lazy\" srcset=\"https:\/\/www.edilfibro.it\/wp-content\/uploads\/2025\/05\/Profilo-Metaclik-325_2.webp 811w, https:\/\/www.edilfibro.it\/wp-content\/uploads\/2025\/05\/Profilo-Metaclik-325_2-300x102.webp 300w, https:\/\/www.edilfibro.it\/wp-content\/uploads\/2025\/05\/Profilo-Metaclik-325_2-600x205.webp 600w\" sizes=\"auto, (max-width: 811px) 100vw, 811px\" \/><\/div><\/div><\/div><\/div><\/div><div class=\"w-separator size_medium\"><\/div><div class=\"g-cols wpb_row via_grid cols_2 laptops-cols_inherit tablets-cols_inherit mobiles-cols_1 valign_top type_default stacking_default\" style=\"--columns-gap:3rem;\" id=\"colorazioni-metaplak\"><div class=\"wpb_column vc_column_container\"><div class=\"vc_column-inner\"><div class=\"wpb_text_column us_custom_a833bf3c\"><div class=\"wpb_wrapper\"><p><span style=\"color: #1b9119;\"><strong>Teintes Acier<\/strong><\/span><\/p>\n<\/div><\/div><div class=\"w-gallery angoli-tondi fit_cover type_masonry with_isotope ratio_auto count_8\" style=\"--columns:2;--items-gap:10px;\"><div class=\"w-gallery-list\"><div class=\"w-gallery-item\"><div class=\"w-gallery-item-img\"><img loading=\"lazy\" decoding=\"async\" width=\"414\" height=\"40\" src=\"https:\/\/www.edilfibro.it\/wp-content\/uploads\/2024\/07\/Acciaio_Color-Simil-Bianco-Grigio-RAL-9002-FR.webp\" class=\"attachment-large size-large\" alt=\"\" srcset=\"https:\/\/www.edilfibro.it\/wp-content\/uploads\/2024\/07\/Acciaio_Color-Simil-Bianco-Grigio-RAL-9002-FR.webp 414w, https:\/\/www.edilfibro.it\/wp-content\/uploads\/2024\/07\/Acciaio_Color-Simil-Bianco-Grigio-RAL-9002-FR-300x29.webp 300w\" sizes=\"auto, (max-width: 414px) 100vw, 414px\" \/><\/div><\/div><div class=\"w-gallery-item\"><div class=\"w-gallery-item-img\"><img loading=\"lazy\" decoding=\"async\" width=\"414\" height=\"40\" src=\"https:\/\/www.edilfibro.it\/wp-content\/uploads\/2024\/07\/Acciaio_Color-Simil-Rosso-Siena-RAL-3009-FR.webp\" class=\"attachment-large size-large\" alt=\"\" srcset=\"https:\/\/www.edilfibro.it\/wp-content\/uploads\/2024\/07\/Acciaio_Color-Simil-Rosso-Siena-RAL-3009-FR.webp 414w, https:\/\/www.edilfibro.it\/wp-content\/uploads\/2024\/07\/Acciaio_Color-Simil-Rosso-Siena-RAL-3009-FR-300x29.webp 300w\" sizes=\"auto, (max-width: 414px) 100vw, 414px\" \/><\/div><\/div><div class=\"w-gallery-item\"><div class=\"w-gallery-item-img\"><img loading=\"lazy\" decoding=\"async\" width=\"414\" height=\"40\" src=\"https:\/\/www.edilfibro.it\/wp-content\/uploads\/2024\/07\/Acciaio_Color-Simil-Testa-di-Moro-RAL-8019-FR.webp\" class=\"attachment-large size-large\" alt=\"\" srcset=\"https:\/\/www.edilfibro.it\/wp-content\/uploads\/2024\/07\/Acciaio_Color-Simil-Testa-di-Moro-RAL-8019-FR.webp 414w, https:\/\/www.edilfibro.it\/wp-content\/uploads\/2024\/07\/Acciaio_Color-Simil-Testa-di-Moro-RAL-8019-FR-300x29.webp 300w\" sizes=\"auto, (max-width: 414px) 100vw, 414px\" \/><\/div><\/div><div class=\"w-gallery-item\"><div class=\"w-gallery-item-img\"><img loading=\"lazy\" decoding=\"async\" width=\"414\" height=\"40\" src=\"https:\/\/www.edilfibro.it\/wp-content\/uploads\/2024\/07\/Acciaio-e-Alluminio_Simil-Silver-RAL-9006-FR.webp\" class=\"attachment-large size-large\" alt=\"\" srcset=\"https:\/\/www.edilfibro.it\/wp-content\/uploads\/2024\/07\/Acciaio-e-Alluminio_Simil-Silver-RAL-9006-FR.webp 414w, https:\/\/www.edilfibro.it\/wp-content\/uploads\/2024\/07\/Acciaio-e-Alluminio_Simil-Silver-RAL-9006-FR-300x29.webp 300w\" sizes=\"auto, (max-width: 414px) 100vw, 414px\" \/><\/div><\/div><div class=\"w-gallery-item\"><div class=\"w-gallery-item-img\"><img loading=\"lazy\" decoding=\"async\" width=\"414\" height=\"40\" src=\"https:\/\/www.edilfibro.it\/wp-content\/uploads\/2024\/07\/Acciaio_Color-Simil-Bianco-Puro-RAL-9010-FR.webp\" class=\"attachment-large size-large\" alt=\"\" srcset=\"https:\/\/www.edilfibro.it\/wp-content\/uploads\/2024\/07\/Acciaio_Color-Simil-Bianco-Puro-RAL-9010-FR.webp 414w, https:\/\/www.edilfibro.it\/wp-content\/uploads\/2024\/07\/Acciaio_Color-Simil-Bianco-Puro-RAL-9010-FR-300x29.webp 300w\" sizes=\"auto, (max-width: 414px) 100vw, 414px\" \/><\/div><\/div><div class=\"w-gallery-item\"><div class=\"w-gallery-item-img\"><img loading=\"lazy\" decoding=\"async\" width=\"414\" height=\"40\" src=\"https:\/\/www.edilfibro.it\/wp-content\/uploads\/2024\/07\/Acciaio_Color-Simil-Verde-RAL-6005-FR.webp\" class=\"attachment-large size-large\" alt=\"\" srcset=\"https:\/\/www.edilfibro.it\/wp-content\/uploads\/2024\/07\/Acciaio_Color-Simil-Verde-RAL-6005-FR.webp 414w, https:\/\/www.edilfibro.it\/wp-content\/uploads\/2024\/07\/Acciaio_Color-Simil-Verde-RAL-6005-FR-300x29.webp 300w\" sizes=\"auto, (max-width: 414px) 100vw, 414px\" \/><\/div><\/div><div class=\"w-gallery-item\"><div class=\"w-gallery-item-img\"><img loading=\"lazy\" decoding=\"async\" width=\"414\" height=\"40\" src=\"https:\/\/www.edilfibro.it\/wp-content\/uploads\/2024\/07\/Acciaio_Color-Simil-Antracite-RAL-7016-FR.webp\" class=\"attachment-large size-large\" alt=\"\" srcset=\"https:\/\/www.edilfibro.it\/wp-content\/uploads\/2024\/07\/Acciaio_Color-Simil-Antracite-RAL-7016-FR.webp 414w, https:\/\/www.edilfibro.it\/wp-content\/uploads\/2024\/07\/Acciaio_Color-Simil-Antracite-RAL-7016-FR-300x29.webp 300w\" sizes=\"auto, (max-width: 414px) 100vw, 414px\" \/><\/div><\/div><div class=\"w-gallery-item\"><div class=\"w-gallery-item-img\"><img loading=\"lazy\" decoding=\"async\" width=\"414\" height=\"40\" src=\"https:\/\/www.edilfibro.it\/wp-content\/uploads\/2024\/07\/Acciaio_Color-Simil-Rosso-Coppo-RAL-8004-FR.webp\" class=\"attachment-large size-large\" alt=\"\" srcset=\"https:\/\/www.edilfibro.it\/wp-content\/uploads\/2024\/07\/Acciaio_Color-Simil-Rosso-Coppo-RAL-8004-FR.webp 414w, https:\/\/www.edilfibro.it\/wp-content\/uploads\/2024\/07\/Acciaio_Color-Simil-Rosso-Coppo-RAL-8004-FR-300x29.webp 300w\" sizes=\"auto, (max-width: 414px) 100vw, 414px\" \/><\/div><\/div><\/div><\/div><\/div><\/div><div class=\"wpb_column vc_column_container\"><div class=\"vc_column-inner\"><div class=\"wpb_text_column us_custom_a833bf3c\"><div class=\"wpb_wrapper\"><p><span style=\"color: #1b9119;\"><strong>Teintes Aluminium<\/strong><\/span><\/p>\n<\/div><\/div><div class=\"w-gallery angoli-tondi fit_cover type_masonry with_isotope ratio_auto count_5\" style=\"--columns:2;--items-gap:10px;\"><div class=\"w-gallery-list\"><div class=\"w-gallery-item\"><div class=\"w-gallery-item-img\"><img loading=\"lazy\" decoding=\"async\" width=\"414\" height=\"40\" src=\"https:\/\/www.edilfibro.it\/wp-content\/uploads\/2024\/07\/Alluminio_Alluminio-Naturale-Hydro-FR.webp\" class=\"attachment-large size-large\" alt=\"\" srcset=\"https:\/\/www.edilfibro.it\/wp-content\/uploads\/2024\/07\/Alluminio_Alluminio-Naturale-Hydro-FR.webp 414w, https:\/\/www.edilfibro.it\/wp-content\/uploads\/2024\/07\/Alluminio_Alluminio-Naturale-Hydro-FR-300x29.webp 300w\" sizes=\"auto, (max-width: 414px) 100vw, 414px\" \/><\/div><\/div><div class=\"w-gallery-item\"><div class=\"w-gallery-item-img\"><img loading=\"lazy\" decoding=\"async\" width=\"414\" height=\"40\" src=\"https:\/\/www.edilfibro.it\/wp-content\/uploads\/2024\/07\/Acciaio_Color-Simil-Bianco-Grigio-RAL-9002-FR.webp\" class=\"attachment-large size-large\" alt=\"\" srcset=\"https:\/\/www.edilfibro.it\/wp-content\/uploads\/2024\/07\/Acciaio_Color-Simil-Bianco-Grigio-RAL-9002-FR.webp 414w, https:\/\/www.edilfibro.it\/wp-content\/uploads\/2024\/07\/Acciaio_Color-Simil-Bianco-Grigio-RAL-9002-FR-300x29.webp 300w\" sizes=\"auto, (max-width: 414px) 100vw, 414px\" \/><\/div><\/div><div class=\"w-gallery-item\"><div class=\"w-gallery-item-img\"><img loading=\"lazy\" decoding=\"async\" width=\"414\" height=\"40\" src=\"https:\/\/www.edilfibro.it\/wp-content\/uploads\/2024\/07\/Acciaio_Color-Simil-Rosso-Siena-RAL-3009-FR.webp\" class=\"attachment-large size-large\" alt=\"\" srcset=\"https:\/\/www.edilfibro.it\/wp-content\/uploads\/2024\/07\/Acciaio_Color-Simil-Rosso-Siena-RAL-3009-FR.webp 414w, https:\/\/www.edilfibro.it\/wp-content\/uploads\/2024\/07\/Acciaio_Color-Simil-Rosso-Siena-RAL-3009-FR-300x29.webp 300w\" sizes=\"auto, (max-width: 414px) 100vw, 414px\" \/><\/div><\/div><div class=\"w-gallery-item\"><div class=\"w-gallery-item-img\"><img loading=\"lazy\" decoding=\"async\" width=\"414\" height=\"40\" src=\"https:\/\/www.edilfibro.it\/wp-content\/uploads\/2024\/07\/Acciaio_Color-Simil-Testa-di-Moro-RAL-8019-FR.webp\" class=\"attachment-large size-large\" alt=\"\" srcset=\"https:\/\/www.edilfibro.it\/wp-content\/uploads\/2024\/07\/Acciaio_Color-Simil-Testa-di-Moro-RAL-8019-FR.webp 414w, https:\/\/www.edilfibro.it\/wp-content\/uploads\/2024\/07\/Acciaio_Color-Simil-Testa-di-Moro-RAL-8019-FR-300x29.webp 300w\" sizes=\"auto, (max-width: 414px) 100vw, 414px\" \/><\/div><\/div><div class=\"w-gallery-item\"><div class=\"w-gallery-item-img\"><img loading=\"lazy\" decoding=\"async\" width=\"414\" height=\"40\" src=\"https:\/\/www.edilfibro.it\/wp-content\/uploads\/2024\/07\/Acciaio-e-Alluminio_Simil-Silver-RAL-9006-FR.webp\" class=\"attachment-large size-large\" alt=\"\" srcset=\"https:\/\/www.edilfibro.it\/wp-content\/uploads\/2024\/07\/Acciaio-e-Alluminio_Simil-Silver-RAL-9006-FR.webp 414w, https:\/\/www.edilfibro.it\/wp-content\/uploads\/2024\/07\/Acciaio-e-Alluminio_Simil-Silver-RAL-9006-FR-300x29.webp 300w\" sizes=\"auto, (max-width: 414px) 100vw, 414px\" \/><\/div><\/div><\/div><\/div><div class=\"w-separator size_small\"><\/div><\/div><\/div><\/div><\/div><\/div><\/div><\/div><\/section><section class=\"l-section wpb_row componenti height_medium\"><div class=\"l-section-h i-cf\"><div class=\"g-cols vc_row via_grid cols_1 laptops-cols_inherit tablets-cols_inherit mobiles-cols_1 valign_top type_default stacking_default\"><div class=\"wpb_column vc_column_container\"><div class=\"vc_column-inner\"><div class=\"wpb_text_column us_custom_84a0a82a\"><div class=\"wpb_wrapper\"><p><span style=\"color: #1b9119;\"><strong>Composants<\/strong><\/span><\/p>\n<\/div><\/div><div class=\"g-cols wpb_row via_grid cols_2 laptops-cols_inherit tablets-cols_inherit mobiles-cols_1 valign_top type_default stacking_default\" style=\"--columns-gap:3rem;\"><div class=\"wpb_column vc_column_container\"><div class=\"vc_column-inner\"><div class=\"w-image align_none\"><div class=\"w-image-h\"><img decoding=\"async\" width=\"543\" height=\"210\" src=\"https:\/\/www.edilfibro.it\/wp-content\/uploads\/2025\/05\/MetaBlok.webp\" class=\"attachment-large size-large\" alt=\"\" loading=\"lazy\" srcset=\"https:\/\/www.edilfibro.it\/wp-content\/uploads\/2025\/05\/MetaBlok.webp 543w, https:\/\/www.edilfibro.it\/wp-content\/uploads\/2025\/05\/MetaBlok-300x116.webp 300w\" sizes=\"auto, (max-width: 543px) 100vw, 543px\" \/><\/div><\/div><div class=\"wpb_text_column us_custom_eb849559\"><div class=\"wpb_wrapper\"><p><strong>MetaBlok<\/strong><br \/>\nDisponible en aluminium extrud\u00e9 ou en polyamide PA66 renforc\u00e9.<br \/>\nSupport inf\u00e9rieur, complet de n\u00b0 2 vis M8, pour la fixation du syst\u00e8me Metaclik \u00e0 la structure (bois ou m\u00e9tal).<\/p>\n<\/div><\/div><\/div><\/div><div class=\"wpb_column vc_column_container\"><div class=\"vc_column-inner\"><div class=\"w-image align_none\"><div class=\"w-image-h\"><img decoding=\"async\" width=\"543\" height=\"210\" src=\"https:\/\/www.edilfibro.it\/wp-content\/uploads\/2025\/05\/MetaStart.webp\" class=\"attachment-large size-large\" alt=\"\" loading=\"lazy\" srcset=\"https:\/\/www.edilfibro.it\/wp-content\/uploads\/2025\/05\/MetaStart.webp 543w, https:\/\/www.edilfibro.it\/wp-content\/uploads\/2025\/05\/MetaStart-300x116.webp 300w\" sizes=\"auto, (max-width: 543px) 100vw, 543px\" \/><\/div><\/div><div class=\"wpb_text_column us_custom_eb849559\"><div class=\"wpb_wrapper\"><p><strong>MetaStart<\/strong><br \/>\nC\u2019est le support utilis\u00e9 sur la premi\u00e8re plaque de d\u00e9part.<br \/>\nLa fixation s\u2019effectue simultan\u00e9ment avec le support MetaBlok.<\/p>\n<\/div><\/div><\/div><\/div><\/div><div class=\"w-separator size_small\"><\/div><div class=\"g-cols wpb_row via_grid cols_2 laptops-cols_inherit tablets-cols_inherit mobiles-cols_1 valign_top type_default stacking_default\" style=\"--columns-gap:3rem;\"><div class=\"wpb_column vc_column_container\"><div class=\"vc_column-inner\"><div class=\"w-image align_none\"><div class=\"w-image-h\"><img decoding=\"async\" width=\"543\" height=\"210\" src=\"https:\/\/www.edilfibro.it\/wp-content\/uploads\/2025\/05\/MetaTop.webp\" class=\"attachment-large size-large\" alt=\"\" loading=\"lazy\" srcset=\"https:\/\/www.edilfibro.it\/wp-content\/uploads\/2025\/05\/MetaTop.webp 543w, https:\/\/www.edilfibro.it\/wp-content\/uploads\/2025\/05\/MetaTop-300x116.webp 300w\" sizes=\"auto, (max-width: 543px) 100vw, 543px\" \/><\/div><\/div><div class=\"wpb_text_column us_custom_eb849559\"><div class=\"wpb_wrapper\"><p><strong>MetaTop<\/strong><br \/>\nDisponible en aluminium extrud\u00e9 ou en polyamide PA66 renforc\u00e9.<br \/>\nSupport sup\u00e9rieur, complet de n\u00b0 1 vis inox M8 pour le serrage du support sur l\u2019onde de recouvrement, destin\u00e9 au positionnement des accessoires de couverture : lignes de vie, arr\u00eats-neige, passerelles, panneaux photovolta\u00efques, etc.<\/p>\n<\/div><\/div><\/div><\/div><div class=\"wpb_column vc_column_container\"><div class=\"vc_column-inner\"><div class=\"w-slider style_none fit_scaledown nav_none count_2\"><div class=\"w-slider-h\"><div class=\"royalSlider\"><div class=\"rsContent\"><a class=\"rsImg\" data-rsw=\"543\" data-rsh=\"210\" href=\"https:\/\/www.edilfibro.it\/wp-content\/uploads\/2025\/05\/Metafix_1.webp\"><span data-alt=\"\"><\/span><\/a><\/div><div class=\"rsContent\"><a class=\"rsImg\" data-rsw=\"543\" data-rsh=\"210\" href=\"https:\/\/www.edilfibro.it\/wp-content\/uploads\/2025\/05\/Metafix_2.webp\"><span data-alt=\"\"><\/span><\/a><\/div><\/div><img decoding=\"async\" src=\"https:\/\/www.edilfibro.it\/wp-content\/uploads\/2025\/05\/Metafix_1.webp\" width=\"543\" height=\"210\" alt loading=\"lazy\"><\/div><div class=\"w-slider-json\" onclick='return {&quot;autoScaleSlider&quot;:true,&quot;addActiveClass&quot;:true,&quot;loop&quot;:true,&quot;fadeInLoadedSlide&quot;:false,&quot;slidesSpacing&quot;:0,&quot;imageScalePadding&quot;:0,&quot;numImagesToPreload&quot;:2,&quot;arrowsNav&quot;:true,&quot;arrowsNavAutoHide&quot;:false,&quot;transitionType&quot;:&quot;move&quot;,&quot;transitionSpeed&quot;:250,&quot;block&quot;:{&quot;moveEffect&quot;:&quot;none&quot;,&quot;speed&quot;:300},&quot;thumbs&quot;:{&quot;fitInViewport&quot;:false,&quot;firstMargin&quot;:false,&quot;spacing&quot;:4},&quot;controlNavigation&quot;:&quot;none&quot;,&quot;autoScaleSliderWidth&quot;:543,&quot;autoScaleSliderHeight&quot;:210}'><\/div><\/div><div class=\"wpb_text_column us_custom_eb849559\"><div class=\"wpb_wrapper\"><p><strong>MetaFix<\/strong><br \/>\nC\u2019est le support antid\u00e9rapant des plaques Metaclik en cas de forte pente ou de toitures planes avec des plaques de plus de 30 m de longueur.<br \/>\nLa fixation s\u2019effectue simultan\u00e9ment avec le support MetaBlok.<br \/>\nDisponible en inox 1,0 mm.<\/p>\n<\/div><\/div><\/div><\/div><\/div><\/div><\/div><\/div><\/div><\/section><section class=\"l-section wpb_row height_medium\"><div class=\"l-section-overlay\" style=\"background:#f5f5f5\"><\/div><div class=\"l-section-h i-cf\"><div class=\"g-cols vc_row via_grid cols_1 laptops-cols_inherit tablets-cols_inherit mobiles-cols_1 valign_top type_default stacking_default\"><div class=\"wpb_column vc_column_container\"><div class=\"vc_column-inner\"><div class=\"wpb_text_column us_custom_84a0a82a\"><div class=\"wpb_wrapper\"><h2>Syst\u00e8me <span class=\"evidenziatore\">\u201cContr\u00f4le Drop\u201d<\/span><\/h2>\n<\/div><\/div><div class=\"w-image align_center\"><div class=\"w-image-h\"><img decoding=\"async\" width=\"2560\" height=\"559\" src=\"https:\/\/www.edilfibro.it\/wp-content\/uploads\/2025\/05\/Sistema-anticondensa-Metaclik-590_orizzontale_2-scaled.webp\" class=\"attachment-full size-full\" alt=\"\" loading=\"lazy\" srcset=\"https:\/\/www.edilfibro.it\/wp-content\/uploads\/2025\/05\/Sistema-anticondensa-Metaclik-590_orizzontale_2-scaled.webp 2560w, https:\/\/www.edilfibro.it\/wp-content\/uploads\/2025\/05\/Sistema-anticondensa-Metaclik-590_orizzontale_2-300x66.webp 300w, https:\/\/www.edilfibro.it\/wp-content\/uploads\/2025\/05\/Sistema-anticondensa-Metaclik-590_orizzontale_2-1024x224.webp 1024w, https:\/\/www.edilfibro.it\/wp-content\/uploads\/2025\/05\/Sistema-anticondensa-Metaclik-590_orizzontale_2-600x131.webp 600w\" sizes=\"auto, (max-width: 2560px) 100vw, 2560px\" \/><\/div><\/div><div class=\"w-separator size_small\"><\/div><div class=\"wpb_text_column us_custom_eb849559\"><div class=\"wpb_wrapper\"><p>Sur les plaques \u00e0 joint debout Metaclik \u201cControl Drop\u201d, le tissu est appliqu\u00e9 sur la face inf\u00e9rieure des plaques afin de respecter les techniques classiques de pose de toitures m\u00e9talliques.<br \/>\nCependant, lors de la r\u00e9alisation de la couverture, certaines pr\u00e9cautions doivent \u00eatre prises pour \u00e9viter le ph\u00e9nom\u00e8ne de remont\u00e9e capillaire de l\u2019humidit\u00e9.<br \/>\nPour permettre l\u2019embo\u00eetement des plaques, le tissu est appliqu\u00e9 sur la partie plane de l\u2019intrados de la plaque, garantissant ainsi le bon fonctionnement des \u00e9l\u00e9ments destin\u00e9s au recouvrement \u00e0 encliquetage.<\/p>\n<\/div><\/div><\/div><\/div><\/div><\/div><\/section><section class=\"l-section wpb_row height_medium\"><div class=\"l-section-h i-cf\"><div class=\"g-cols vc_row via_grid cols_1-4-1 laptops-cols_inherit tablets-cols_inherit mobiles-cols_1 valign_top type_default stacking_default\"><div class=\"wpb_column vc_column_container\"><div class=\"vc_column-inner\"><\/div><\/div><div class=\"wpb_column vc_column_container\"><div class=\"vc_column-inner\"><div class=\"wpb_text_column us_custom_eb849559\"><div class=\"wpb_wrapper\"><h2>Produits <span class=\"evidenziatore\">apparent\u00e9s<\/span><\/h2>\n<\/div><\/div><div class=\"w-separator size_small\"><\/div><\/div><\/div><div class=\"wpb_column vc_column_container\"><div class=\"vc_column-inner\"><\/div><\/div><\/div><\/div><\/section>\n","protected":false},"excerpt":{"rendered":"Metaclik 325AccueilPagesMetaclik 325 Produit en version unique Choisir une optionVersion unique quantit\u00e9 de Metaclik 325 Ajouter au panier Description du produit Caract\u00e9ristiques techniques acier s (mm) J (cm4\/m) W+ (cm3\/m) W- (cm3\/m) 0,6 15,47 4,92 4,44 0,8 20,70 6,60 6,62 Caract\u00e9ristiques techniques aluminium s (mm) J (cm4\/m) W+ (cm3\/m) W- (cm3\/m) 0,7 18,08 5,76 5,43...","protected":false},"featured_media":7102,"comment_status":"closed","ping_status":"closed","template":"","meta":[],"product_brand":[],"product_cat":[432],"product_tag":[],"class_list":{"0":"post-7044","1":"product","2":"type-product","3":"status-publish","4":"has-post-thumbnail","6":"product_cat-metal-fr","8":"first","9":"instock","10":"shipping-taxable","11":"purchasable","12":"product-type-variable","13":"has-default-attributes"},"yoast_head":"<!-- This site is optimized with the Yoast SEO plugin v26.6 - https:\/\/yoast.com\/wordpress\/plugins\/seo\/ -->\n<title>Metaclik 325 - Edilfibro S.p.a.<\/title>\n<meta name=\"robots\" content=\"index, follow, max-snippet:-1, max-image-preview:large, max-video-preview:-1\" \/>\n<link rel=\"canonical\" href=\"https:\/\/www.edilfibro.it\/fr\/prodotto\/metaclik-325\/\" \/>\n<meta property=\"og:locale\" content=\"fr_FR\" \/>\n<meta property=\"og:type\" content=\"article\" \/>\n<meta property=\"og:title\" content=\"Metaclik 325 - Edilfibro S.p.a.\" \/>\n<meta property=\"og:url\" content=\"https:\/\/www.edilfibro.it\/fr\/prodotto\/metaclik-325\/\" \/>\n<meta property=\"og:site_name\" content=\"Edilfibro S.p.a.\" \/>\n<meta property=\"article:publisher\" content=\"https:\/\/www.facebook.com\/edilfibro\" \/>\n<meta property=\"article:modified_time\" content=\"2025-05-28T09:01:56+00:00\" \/>\n<meta property=\"og:image\" content=\"https:\/\/www.edilfibro.it\/wp-content\/uploads\/2025\/05\/FOTO-COPERTINA.webp\" \/>\n\t<meta property=\"og:image:width\" content=\"600\" \/>\n\t<meta property=\"og:image:height\" content=\"600\" \/>\n\t<meta property=\"og:image:type\" content=\"image\/webp\" \/>\n<meta name=\"twitter:card\" content=\"summary_large_image\" \/>\n<meta name=\"twitter:label1\" content=\"Dur\u00e9e de lecture estim\u00e9e\" \/>\n\t<meta name=\"twitter:data1\" content=\"4 minutes\" \/>\n<script type=\"application\/ld+json\" class=\"yoast-schema-graph\">{\"@context\":\"https:\/\/schema.org\",\"@graph\":[{\"@type\":\"WebPage\",\"@id\":\"https:\/\/www.edilfibro.it\/fr\/prodotto\/metaclik-325\/\",\"url\":\"https:\/\/www.edilfibro.it\/fr\/prodotto\/metaclik-325\/\",\"name\":\"Metaclik 325 - Edilfibro S.p.a.\",\"isPartOf\":{\"@id\":\"https:\/\/www.edilfibro.it\/fr\/#website\"},\"primaryImageOfPage\":{\"@id\":\"https:\/\/www.edilfibro.it\/fr\/prodotto\/metaclik-325\/#primaryimage\"},\"image\":{\"@id\":\"https:\/\/www.edilfibro.it\/fr\/prodotto\/metaclik-325\/#primaryimage\"},\"thumbnailUrl\":\"https:\/\/www.edilfibro.it\/wp-content\/uploads\/2025\/05\/FOTO-COPERTINA.webp\",\"datePublished\":\"2025-05-11T12:27:45+00:00\",\"dateModified\":\"2025-05-28T09:01:56+00:00\",\"breadcrumb\":{\"@id\":\"https:\/\/www.edilfibro.it\/fr\/prodotto\/metaclik-325\/#breadcrumb\"},\"inLanguage\":\"fr-FR\",\"potentialAction\":[{\"@type\":\"ReadAction\",\"target\":[\"https:\/\/www.edilfibro.it\/fr\/prodotto\/metaclik-325\/\"]}]},{\"@type\":\"ImageObject\",\"inLanguage\":\"fr-FR\",\"@id\":\"https:\/\/www.edilfibro.it\/fr\/prodotto\/metaclik-325\/#primaryimage\",\"url\":\"https:\/\/www.edilfibro.it\/wp-content\/uploads\/2025\/05\/FOTO-COPERTINA.webp\",\"contentUrl\":\"https:\/\/www.edilfibro.it\/wp-content\/uploads\/2025\/05\/FOTO-COPERTINA.webp\",\"width\":600,\"height\":600},{\"@type\":\"BreadcrumbList\",\"@id\":\"https:\/\/www.edilfibro.it\/fr\/prodotto\/metaclik-325\/#breadcrumb\",\"itemListElement\":[{\"@type\":\"ListItem\",\"position\":1,\"name\":\"Home\",\"item\":\"https:\/\/www.edilfibro.it\/fr\/\"},{\"@type\":\"ListItem\",\"position\":2,\"name\":\"Produits\",\"item\":\"https:\/\/www.edilfibro.it\/fr\/produits\/\"},{\"@type\":\"ListItem\",\"position\":3,\"name\":\"Metaclik 325\"}]},{\"@type\":\"WebSite\",\"@id\":\"https:\/\/www.edilfibro.it\/fr\/#website\",\"url\":\"https:\/\/www.edilfibro.it\/fr\/\",\"name\":\"Edilfibro S.p.a.\",\"description\":\"Coperture per tetti, lastre fibrocemento e metallo\",\"publisher\":{\"@id\":\"https:\/\/www.edilfibro.it\/fr\/#organization\"},\"potentialAction\":[{\"@type\":\"SearchAction\",\"target\":{\"@type\":\"EntryPoint\",\"urlTemplate\":\"https:\/\/www.edilfibro.it\/fr\/?s={search_term_string}\"},\"query-input\":{\"@type\":\"PropertyValueSpecification\",\"valueRequired\":true,\"valueName\":\"search_term_string\"}}],\"inLanguage\":\"fr-FR\"},{\"@type\":\"Organization\",\"@id\":\"https:\/\/www.edilfibro.it\/fr\/#organization\",\"name\":\"Edilfibro S.p.a.\",\"url\":\"https:\/\/www.edilfibro.it\/fr\/\",\"logo\":{\"@type\":\"ImageObject\",\"inLanguage\":\"fr-FR\",\"@id\":\"https:\/\/www.edilfibro.it\/fr\/#\/schema\/logo\/image\/\",\"url\":\"https:\/\/www.edilfibro.it\/wp-content\/uploads\/2024\/09\/Logo-Edilfibro-2024-verde.webp\",\"contentUrl\":\"https:\/\/www.edilfibro.it\/wp-content\/uploads\/2024\/09\/Logo-Edilfibro-2024-verde.webp\",\"width\":270,\"height\":105,\"caption\":\"Edilfibro S.p.a.\"},\"image\":{\"@id\":\"https:\/\/www.edilfibro.it\/fr\/#\/schema\/logo\/image\/\"},\"sameAs\":[\"https:\/\/www.facebook.com\/edilfibro\",\"https:\/\/www.linkedin.com\/company\/edilfibrospa\/\",\"https:\/\/www.youtube.com\/channel\/UCfz1PuhFpXa0MFkRDzC_Cgw\"]}]}<\/script>\n<!-- \/ Yoast SEO plugin. -->","yoast_head_json":{"title":"Metaclik 325 - Edilfibro S.p.a.","robots":{"index":"index","follow":"follow","max-snippet":"max-snippet:-1","max-image-preview":"max-image-preview:large","max-video-preview":"max-video-preview:-1"},"canonical":"https:\/\/www.edilfibro.it\/fr\/prodotto\/metaclik-325\/","og_locale":"fr_FR","og_type":"article","og_title":"Metaclik 325 - Edilfibro S.p.a.","og_url":"https:\/\/www.edilfibro.it\/fr\/prodotto\/metaclik-325\/","og_site_name":"Edilfibro S.p.a.","article_publisher":"https:\/\/www.facebook.com\/edilfibro","article_modified_time":"2025-05-28T09:01:56+00:00","og_image":[{"width":600,"height":600,"url":"https:\/\/www.edilfibro.it\/wp-content\/uploads\/2025\/05\/FOTO-COPERTINA.webp","type":"image\/webp"}],"twitter_card":"summary_large_image","twitter_misc":{"Dur\u00e9e de lecture estim\u00e9e":"4 minutes"},"schema":{"@context":"https:\/\/schema.org","@graph":[{"@type":"WebPage","@id":"https:\/\/www.edilfibro.it\/fr\/prodotto\/metaclik-325\/","url":"https:\/\/www.edilfibro.it\/fr\/prodotto\/metaclik-325\/","name":"Metaclik 325 - Edilfibro S.p.a.","isPartOf":{"@id":"https:\/\/www.edilfibro.it\/fr\/#website"},"primaryImageOfPage":{"@id":"https:\/\/www.edilfibro.it\/fr\/prodotto\/metaclik-325\/#primaryimage"},"image":{"@id":"https:\/\/www.edilfibro.it\/fr\/prodotto\/metaclik-325\/#primaryimage"},"thumbnailUrl":"https:\/\/www.edilfibro.it\/wp-content\/uploads\/2025\/05\/FOTO-COPERTINA.webp","datePublished":"2025-05-11T12:27:45+00:00","dateModified":"2025-05-28T09:01:56+00:00","breadcrumb":{"@id":"https:\/\/www.edilfibro.it\/fr\/prodotto\/metaclik-325\/#breadcrumb"},"inLanguage":"fr-FR","potentialAction":[{"@type":"ReadAction","target":["https:\/\/www.edilfibro.it\/fr\/prodotto\/metaclik-325\/"]}]},{"@type":"ImageObject","inLanguage":"fr-FR","@id":"https:\/\/www.edilfibro.it\/fr\/prodotto\/metaclik-325\/#primaryimage","url":"https:\/\/www.edilfibro.it\/wp-content\/uploads\/2025\/05\/FOTO-COPERTINA.webp","contentUrl":"https:\/\/www.edilfibro.it\/wp-content\/uploads\/2025\/05\/FOTO-COPERTINA.webp","width":600,"height":600},{"@type":"BreadcrumbList","@id":"https:\/\/www.edilfibro.it\/fr\/prodotto\/metaclik-325\/#breadcrumb","itemListElement":[{"@type":"ListItem","position":1,"name":"Home","item":"https:\/\/www.edilfibro.it\/fr\/"},{"@type":"ListItem","position":2,"name":"Produits","item":"https:\/\/www.edilfibro.it\/fr\/produits\/"},{"@type":"ListItem","position":3,"name":"Metaclik 325"}]},{"@type":"WebSite","@id":"https:\/\/www.edilfibro.it\/fr\/#website","url":"https:\/\/www.edilfibro.it\/fr\/","name":"Edilfibro S.p.a.","description":"Coperture per tetti, lastre fibrocemento e metallo","publisher":{"@id":"https:\/\/www.edilfibro.it\/fr\/#organization"},"potentialAction":[{"@type":"SearchAction","target":{"@type":"EntryPoint","urlTemplate":"https:\/\/www.edilfibro.it\/fr\/?s={search_term_string}"},"query-input":{"@type":"PropertyValueSpecification","valueRequired":true,"valueName":"search_term_string"}}],"inLanguage":"fr-FR"},{"@type":"Organization","@id":"https:\/\/www.edilfibro.it\/fr\/#organization","name":"Edilfibro S.p.a.","url":"https:\/\/www.edilfibro.it\/fr\/","logo":{"@type":"ImageObject","inLanguage":"fr-FR","@id":"https:\/\/www.edilfibro.it\/fr\/#\/schema\/logo\/image\/","url":"https:\/\/www.edilfibro.it\/wp-content\/uploads\/2024\/09\/Logo-Edilfibro-2024-verde.webp","contentUrl":"https:\/\/www.edilfibro.it\/wp-content\/uploads\/2024\/09\/Logo-Edilfibro-2024-verde.webp","width":270,"height":105,"caption":"Edilfibro S.p.a."},"image":{"@id":"https:\/\/www.edilfibro.it\/fr\/#\/schema\/logo\/image\/"},"sameAs":["https:\/\/www.facebook.com\/edilfibro","https:\/\/www.linkedin.com\/company\/edilfibrospa\/","https:\/\/www.youtube.com\/channel\/UCfz1PuhFpXa0MFkRDzC_Cgw"]}]}},"_links":{"self":[{"href":"https:\/\/www.edilfibro.it\/fr\/wp-json\/wp\/v2\/product\/7044","targetHints":{"allow":["GET"]}}],"collection":[{"href":"https:\/\/www.edilfibro.it\/fr\/wp-json\/wp\/v2\/product"}],"about":[{"href":"https:\/\/www.edilfibro.it\/fr\/wp-json\/wp\/v2\/types\/product"}],"replies":[{"embeddable":true,"href":"https:\/\/www.edilfibro.it\/fr\/wp-json\/wp\/v2\/comments?post=7044"}],"wp:featuredmedia":[{"embeddable":true,"href":"https:\/\/www.edilfibro.it\/fr\/wp-json\/wp\/v2\/media\/7102"}],"wp:attachment":[{"href":"https:\/\/www.edilfibro.it\/fr\/wp-json\/wp\/v2\/media?parent=7044"}],"wp:term":[{"taxonomy":"product_brand","embeddable":true,"href":"https:\/\/www.edilfibro.it\/fr\/wp-json\/wp\/v2\/product_brand?post=7044"},{"taxonomy":"product_cat","embeddable":true,"href":"https:\/\/www.edilfibro.it\/fr\/wp-json\/wp\/v2\/product_cat?post=7044"},{"taxonomy":"product_tag","embeddable":true,"href":"https:\/\/www.edilfibro.it\/fr\/wp-json\/wp\/v2\/product_tag?post=7044"}],"curies":[{"name":"wp","href":"https:\/\/api.w.org\/{rel}","templated":true}]}}