{"id":6432,"date":"2024-10-31T11:22:55","date_gmt":"2024-10-31T10:22:55","guid":{"rendered":"https:\/\/edilfibro2.noon.srl\/?post_type=product&#038;p=6432"},"modified":"2024-11-04T16:36:14","modified_gmt":"2024-11-04T15:36:14","slug":"heliolit","status":"publish","type":"product","link":"https:\/\/www.edilfibro.it\/fr\/prodotto\/heliolit\/","title":{"rendered":"H\u00e9liolit"},"content":{"rendered":"<section class=\"l-section wpb_row height_huge color_primary with_img\"><div class=\"l-section-img\" role=\"img\" aria-label=\"Image\" data-img-width=\"600\" data-img-height=\"396\" style=\"background-image: url(https:\/\/www.edilfibro.it\/wp-content\/uploads\/2024\/07\/Teatro-La-Fenice-a-Venezia.webp);background-repeat: no-repeat;\"><\/div><div class=\"l-section-overlay\" style=\"background:rgba(0,0,0,0.65)\"><\/div><div class=\"l-section-h i-cf\"><div class=\"g-cols vc_row via_grid cols_1 laptops-cols_inherit tablets-cols_inherit mobiles-cols_1 valign_top type_default stacking_default\"><div class=\"wpb_column vc_column_container\"><div class=\"vc_column-inner\"><h1 class=\"w-post-elm post_title align_center entry-title color_link_inherit\">H\u00e9liolit<\/h1><nav class=\"g-breadcrumbs separator_icon align_center\" itemscope itemtype=\"http:\/\/schema.org\/BreadcrumbList\"><div class=\"g-breadcrumbs-item\" itemscope itemprop=\"itemListElement\" itemtype=\"http:\/\/schema.org\/ListItem\"><a itemprop=\"item\" href=\"https:\/\/www.edilfibro.it\/fr\/\"><span itemprop=\"name\">Accueil<\/span><\/a><meta itemprop=\"position\" content=\"1\"\/><\/div><div class=\"g-breadcrumbs-separator\"><i class=\"far fa-angle-right\"><\/i><\/div><div class=\"g-breadcrumbs-item\">Pages<\/div><\/nav><\/div><\/div><\/div><\/div><\/section><section class=\"l-section wpb_row finto-prod-variabile height_medium\"><div class=\"l-section-h i-cf\"><div class=\"g-cols vc_row via_grid cols_2-3 laptops-cols_inherit tablets-cols_inherit mobiles-cols_1 valign_top type_default stacking_default\"><div class=\"wpb_column vc_column_container\"><div class=\"vc_column-inner\"><div class=\"w-post-elm product_gallery\"><\/div><\/div><\/div><div class=\"wpb_column vc_column_container\"><div class=\"vc_column-inner\"><div class=\"wpb_text_column with_collapsible_content\" data-content-height=\"300px\"><div class=\"wpb_wrapper\"><h2 class=\"titolo-la-gamma\"><span class=\"evidenziatore\">H\u00e9liolit<\/span><\/h2>\n<p><strong>H\u00e9liolit <\/strong>est une plaque profil\u00e9e en fibres-ciment teinte naturelle ou color\u00e9e une ou deux faces (blanc, ocre, jaune paille\u2026), dont le pas d\u2019onde 200\/60mm autorise une performance technique et une qualit\u00e9 de montage id\u00e9ales pour utilisation en support Photovolta\u00efque.<\/p>\n<p>De par son hauteur de profil, plus prononc\u00e9e par rapport aux plaques ondul\u00e9es\u00a0 courantes\u00a0 H\u00e8liolit peut accro\u00eftre la ventilation du plenum compris entre support et panneaux photovolta\u00efque.<\/p>\n<p>Cet aspect s\u2019inscrit au profit de la p\u00e9rennit\u00e9 de l\u2019ouvrage ainsi que du rendement de l\u2019installation \u00e9nergetique.<\/p>\n<p>Associ\u00e9e au syst\u00e8me de fixation Optima Adiwatt la plaque H\u00e9liolit b\u00e9n\u00e9ficie d\u2019un ETN en cours de validit\u00e9.<\/p>\n<p>Le mat\u00e9riaux en fibres-ciment\u00a0 est imputrescible, inoxydable ,ing\u00e9lif, imperm\u00e9able , ind\u00e9formable, \u00a0incombustible , il est anti-condensation par excellence.<\/p>\n<p>Lors de l\u2019acc\u00e8es au toitures , r\u00e9serv\u00e9 au personnel form\u00e9 et inform\u00e9, respecter les mesures de s\u00e9curit\u00e9.<\/p>\n<\/div><div class=\"toggle-links align_none\"><button class=\"collapsible-content-more\">Voir plus<\/button><button class=\"collapsible-content-less\">Voir moins<\/button><\/div><\/div><div class=\"w-separator size_small\"><\/div><div class=\"w-post-elm add_to_cart qty-btn-style_0\" style=\"--qty-btn-size:1rem;\">\n<form class=\"variations_form cart\" action=\"https:\/\/www.edilfibro.it\/fr\/prodotto\/heliolit\/\" method=\"post\" enctype='multipart\/form-data' data-product_id=\"6432\" data-product_variations=\"[{&quot;attributes&quot;:{&quot;attribute_pa_prodotto-in-versione-unica&quot;:&quot;versione-unica-fr&quot;},&quot;availability_html&quot;:&quot;&quot;,&quot;backorders_allowed&quot;:false,&quot;dimensions&quot;:{&quot;length&quot;:&quot;&quot;,&quot;width&quot;:&quot;&quot;,&quot;height&quot;:&quot;&quot;},&quot;dimensions_html&quot;:&quot;ND&quot;,&quot;display_price&quot;:1,&quot;display_regular_price&quot;:1,&quot;image&quot;:{&quot;title&quot;:&quot;Heliolit&quot;,&quot;caption&quot;:&quot;&quot;,&quot;url&quot;:&quot;https:\\\/\\\/www.edilfibro.it\\\/wp-content\\\/uploads\\\/2024\\\/10\\\/Heliolit.webp&quot;,&quot;alt&quot;:&quot;Heliolit&quot;,&quot;src&quot;:&quot;https:\\\/\\\/www.edilfibro.it\\\/wp-content\\\/uploads\\\/2024\\\/10\\\/Heliolit.webp&quot;,&quot;srcset&quot;:&quot;https:\\\/\\\/www.edilfibro.it\\\/wp-content\\\/uploads\\\/2024\\\/10\\\/Heliolit.webp 600w, https:\\\/\\\/www.edilfibro.it\\\/wp-content\\\/uploads\\\/2024\\\/10\\\/Heliolit-300x300.webp 300w, https:\\\/\\\/www.edilfibro.it\\\/wp-content\\\/uploads\\\/2024\\\/10\\\/Heliolit-150x150.webp 150w&quot;,&quot;sizes&quot;:&quot;(max-width: 600px) 100vw, 600px&quot;,&quot;full_src&quot;:&quot;https:\\\/\\\/www.edilfibro.it\\\/wp-content\\\/uploads\\\/2024\\\/10\\\/Heliolit.webp&quot;,&quot;full_src_w&quot;:600,&quot;full_src_h&quot;:600,&quot;gallery_thumbnail_src&quot;:&quot;https:\\\/\\\/www.edilfibro.it\\\/wp-content\\\/uploads\\\/2024\\\/10\\\/Heliolit-300x300.webp&quot;,&quot;gallery_thumbnail_src_w&quot;:300,&quot;gallery_thumbnail_src_h&quot;:300,&quot;thumb_src&quot;:&quot;https:\\\/\\\/www.edilfibro.it\\\/wp-content\\\/uploads\\\/2024\\\/10\\\/Heliolit-300x300.webp&quot;,&quot;thumb_src_w&quot;:300,&quot;thumb_src_h&quot;:300,&quot;src_w&quot;:600,&quot;src_h&quot;:600},&quot;image_id&quot;:6437,&quot;is_downloadable&quot;:false,&quot;is_in_stock&quot;:true,&quot;is_purchasable&quot;:true,&quot;is_sold_individually&quot;:&quot;no&quot;,&quot;is_virtual&quot;:false,&quot;max_qty&quot;:&quot;&quot;,&quot;min_qty&quot;:1,&quot;price_html&quot;:&quot;&quot;,&quot;sku&quot;:&quot;&quot;,&quot;variation_description&quot;:&quot;&quot;,&quot;variation_id&quot;:6436,&quot;variation_is_active&quot;:true,&quot;variation_is_visible&quot;:true,&quot;weight&quot;:&quot;&quot;,&quot;weight_html&quot;:&quot;ND&quot;}]\">\n\t\n\t\t\t<table class=\"variations\" cellspacing=\"0\" role=\"presentation\">\n\t\t\t<tbody>\n\t\t\t\t\t\t\t\t\t<tr>\n\t\t\t\t\t\t<th class=\"label\"><label for=\"pa_prodotto-in-versione-unica\">Produit en version unique<\/label><\/th>\n\t\t\t\t\t\t<td class=\"value\">\n\t\t\t\t\t\t\t<div class=\"woocommerce-select\"><select id=\"pa_prodotto-in-versione-unica\" class=\"\" name=\"attribute_pa_prodotto-in-versione-unica\" data-attribute_name=\"attribute_pa_prodotto-in-versione-unica\" data-show_option_none=\"yes\"><option value=\"\">Choisir une option<\/option><option value=\"versione-unica-fr\"  selected='selected'>Version unique<\/option><\/select><\/div><a class=\"reset_variations\" href=\"#\" aria-label=\"Effacer les options\"><\/a>\t\t\t\t\t\t<\/td>\n\t\t\t\t\t<\/tr>\n\t\t\t\t\t\t\t<\/tbody>\n\t\t<\/table>\n\t\t<div class=\"reset_variations_alert screen-reader-text\" role=\"alert\" aria-live=\"polite\" aria-relevant=\"all\"><\/div>\n\t\t\n\t\t<div class=\"single_variation_wrap\">\n\t\t\t<div class=\"woocommerce-variation single_variation\" role=\"alert\" aria-relevant=\"additions\"><\/div><div class=\"woocommerce-variation-add-to-cart variations_button\">\n\t\n\t<div class=\"quantity\">\n\t<input type=\"button\" value=\"-\" class=\"minus\" disabled>\t<label class=\"screen-reader-text\" for=\"quantity_69f42dd62c102\">quantit\u00e9 de H\u00e9liolit<\/label>\n\t<input\n\t\ttype=\"number\"\n\t\t\t\tid=\"quantity_69f42dd62c102\"\n\t\tclass=\"input-text qty text\"\n\t\tname=\"quantity\"\n\t\tvalue=\"1\"\n\t\taria-label=\"Quantit\u00e9 de produits\"\n\t\t\t\tmin=\"1\"\n\t\t\t\t\t\t\tstep=\"1\"\n\t\t\tplaceholder=\"\"\n\t\t\tinputmode=\"numeric\"\n\t\t\tautocomplete=\"off\"\n\t\t\t\/>\n\t<input type=\"button\" value=\"+\" class=\"plus\"><\/div>\n\n\t<button type=\"submit\" class=\"single_add_to_cart_button button alt\">Ajouter au panier<\/button>\n\n\t\n\t<input type=\"hidden\" name=\"add-to-cart\" value=\"6432\" \/>\n\t<input type=\"hidden\" name=\"product_id\" value=\"6432\" \/>\n\t<input type=\"hidden\" name=\"variation_id\" class=\"variation_id\" value=\"0\" \/>\n<\/div>\n\t\t<\/div>\n\t\n\t<\/form>\n\n<div class=\"woocommerce-notices-wrapper\"><\/div><\/div><\/div><\/div><\/div><\/div><\/section><section class=\"l-section wpb_row height_medium\"><div class=\"l-section-overlay\" style=\"background:#f5f5f5\"><\/div><div class=\"l-section-h i-cf\"><div class=\"g-cols vc_row via_grid cols_1 laptops-cols_inherit tablets-cols_inherit mobiles-cols_1 valign_top type_default stacking_default\"><div class=\"wpb_column vc_column_container\"><div class=\"vc_column-inner\"><div class=\"wpb_text_column\"><div class=\"wpb_wrapper\"><h2 style=\"text-align: center;\">Pourquoi choisir <span class=\"evidenziatore\">H\u00e9liolit<\/span><\/h2>\n<\/div><\/div><div class=\"w-separator size_medium\"><\/div><div class=\"g-cols wpb_row accordion-perche-lastre-fibrocemento via_grid cols_3 laptops-cols_inherit tablets-cols_inherit mobiles-cols_1 valign_top type_default stacking_default\" style=\"--columns-gap:3rem;\"><div class=\"wpb_column vc_column_container\"><div class=\"vc_column-inner\"><div class=\"w-tabs style_default switch_click accordion type_togglable has_scrolling remove_indents\" style=\"--sections-title-size:inherit\"><div class=\"w-tabs-sections titles-align_none icon_plus cpos_right\"><div class=\"w-tabs-section\" id=\"ycdf\"><button class=\"w-tabs-section-header with_icon\" aria-controls=\"content-ycdf\" aria-expanded=\"false\"><i class=\"fas fa-fire\"><\/i><div class=\"w-tabs-section-title\">Incombustible<\/div><div class=\"w-tabs-section-control\"><\/div><\/button><div  class=\"w-tabs-section-content\" id=\"content-ycdf\"><div class=\"w-tabs-section-content-h i-cf\"><div class=\"wpb_text_column\"><div class=\"wpb_wrapper\"><p>Exigence essentielle concernant le feu venant de l\u2019ext\u00e9rieur, l\u2019incombustibilit\u00e9 est un point fort des plaques profil\u00e9es Edilfibro. <\/p>\n<\/div><\/div><\/div><\/div><\/div><div class=\"w-tabs-section\" id=\"u0ad\"><button class=\"w-tabs-section-header with_icon\" aria-controls=\"content-u0ad\" aria-expanded=\"false\"><i class=\"fas fa-weight-hanging\"><\/i><div class=\"w-tabs-section-title\">Flexible mais indeformable<\/div><div class=\"w-tabs-section-control\"><\/div><\/button><div  class=\"w-tabs-section-content\" id=\"content-u0ad\"><div class=\"w-tabs-section-content-h i-cf\"><div class=\"wpb_text_column\"><div class=\"wpb_wrapper\"><p>Mat\u00e9riau l\u00e9ger (13,5 kg\/m2 environ) mais solide, il est dou\u00e9 d\u2019une excellente aptitude de \u201cflexibilit\u00e9 ferme\u201d. Il est en m\u00eame temps ind\u00e9formable. Ces caracteristiques apportent au fibres-ciment de nouvelle g\u00e9n\u00e9ration une bonne qualit\u00e9 de manutention et montage, ainsi qu\u2019une r\u00e9sistance accrue aux chocs. Les plaques sont \u00e9quip\u00e9es de feuillards de retenue longitudinaux conform\u00e9ment \u00e0 NF EN 15057, 600 joules.<\/p>\n<\/div><\/div><\/div><\/div><\/div><div class=\"w-tabs-section\" id=\"m406\"><button class=\"w-tabs-section-header with_icon\" aria-controls=\"content-m406\" aria-expanded=\"false\"><i class=\"fas fa-water\"><\/i><div class=\"w-tabs-section-title\">Regulateur hygrothermique<\/div><div class=\"w-tabs-section-control\"><\/div><\/button><div  class=\"w-tabs-section-content\" id=\"content-m406\"><div class=\"w-tabs-section-content-h i-cf\"><div class=\"wpb_text_column\"><div class=\"wpb_wrapper\"><p>Gr\u00e2ce \u00e0 sa perm\u00e9ance \u00e0 la vapeur d&#8217;eau et \u00e0 son d\u00e9gr\u00e9 d&#8217;isolation thermique, le fibres-ciment contribue \u00e0 neutraliser la condensation. Une plaque ondul\u00e9e peut absorber jusqu\u2019 \u00e0 25% de son poids en eau.<\/p>\n<\/div><\/div><\/div><\/div><\/div><\/div><\/div><\/div><\/div><div class=\"wpb_column vc_column_container\"><div class=\"vc_column-inner\"><div class=\"w-tabs style_default switch_click accordion type_togglable has_scrolling remove_indents\" style=\"--sections-title-size:inherit\"><div class=\"w-tabs-sections titles-align_none icon_plus cpos_right\"><div class=\"w-tabs-section\" id=\"v19a\"><button class=\"w-tabs-section-header with_icon\" aria-controls=\"content-v19a\" aria-expanded=\"false\"><i class=\"fas fa-thunderstorm\"><\/i><div class=\"w-tabs-section-title\">Durable<\/div><div class=\"w-tabs-section-control\"><\/div><\/button><div  class=\"w-tabs-section-content\" id=\"content-v19a\"><div class=\"w-tabs-section-content-h i-cf\"><div class=\"wpb_text_column\"><div class=\"wpb_wrapper\"><p>Imperm\u00e9able, ing\u00e9lif, test\u00e9 par rapport aux performances physiques et climatiques NF EN 494, le fibres-ciment a fait ses preuves au fil du temps confirmant sa vocation de mat\u00e9riaux de couverture p\u00e9renne.<\/p>\n<\/div><\/div><\/div><\/div><\/div><div class=\"w-tabs-section\" id=\"d4f1\"><button class=\"w-tabs-section-header with_icon\" aria-controls=\"content-d4f1\" aria-expanded=\"false\"><i class=\"fas fa-volume-up\"><\/i><div class=\"w-tabs-section-title\">Confort acoustique<\/div><div class=\"w-tabs-section-control\"><\/div><\/button><div  class=\"w-tabs-section-content\" id=\"content-d4f1\"><div class=\"w-tabs-section-content-h i-cf\"><div class=\"wpb_text_column\"><div class=\"wpb_wrapper\"><p>La remarquable propri\u00e9t\u00e9 d\u2019affaiblissement acoustique reconnue et test\u00e9e du mat\u00e9riau favorise un excellent confort d\u2019utilisation.<\/p>\n<\/div><\/div><\/div><\/div><\/div><div class=\"w-tabs-section\" id=\"f861\"><button class=\"w-tabs-section-header with_icon\" aria-controls=\"content-f861\" aria-expanded=\"false\"><i class=\"fas fa-flask\"><\/i><div class=\"w-tabs-section-title\">R\u00e9sistant aux agents agressifs<\/div><div class=\"w-tabs-section-control\"><\/div><\/button><div  class=\"w-tabs-section-content\" id=\"content-f861\"><div class=\"w-tabs-section-content-h i-cf\"><div class=\"wpb_text_column\"><div class=\"wpb_wrapper\"><p>Le ciment est enrichi en charges min\u00e9rales pour obtenir une r\u00e9sistance accrue aux influences aggressives, selon NF DTU 40.37.<\/p>\n<\/div><\/div><\/div><\/div><\/div><\/div><\/div><\/div><\/div><div class=\"wpb_column vc_column_container\"><div class=\"vc_column-inner\"><div class=\"w-tabs style_default switch_click accordion type_togglable has_scrolling remove_indents\" style=\"--sections-title-size:inherit\"><div class=\"w-tabs-sections titles-align_none icon_plus cpos_right\"><div class=\"w-tabs-section\" id=\"s20c\"><button class=\"w-tabs-section-header with_icon\" aria-controls=\"content-s20c\" aria-expanded=\"false\"><i class=\"fas fa-bolt\"><\/i><div class=\"w-tabs-section-title\">Inoxydable et amagnetique<\/div><div class=\"w-tabs-section-control\"><\/div><\/button><div  class=\"w-tabs-section-content\" id=\"content-s20c\"><div class=\"w-tabs-section-content-h i-cf\"><div class=\"wpb_text_column\"><div class=\"wpb_wrapper\"><p>Le fibres-ciment est insensible aux ph\u00e9nom\u00e8nes d\u2019\u00e9lectrolyse.<\/p>\n<\/div><\/div><\/div><\/div><\/div><div class=\"w-tabs-section\" id=\"q57b\"><button class=\"w-tabs-section-header with_icon\" aria-controls=\"content-q57b\" aria-expanded=\"false\"><i class=\"fas fa-virus-slash\"><\/i><div class=\"w-tabs-section-title\">Imputrescible<\/div><div class=\"w-tabs-section-control\"><\/div><\/button><div  class=\"w-tabs-section-content\" id=\"content-q57b\"><div class=\"w-tabs-section-content-h i-cf\"><div class=\"wpb_text_column\"><div class=\"wpb_wrapper\"><p>Inerte aux processus fermentatifs, il ne craint pas les agents microbiens v\u00e9g\u00e9taux et animaux et il n&#8217;est pas attaqu\u00e9 par insectes et rongeurs.<\/p>\n<\/div><\/div><\/div><\/div><\/div><div class=\"w-tabs-section\" id=\"i8e5\"><button class=\"w-tabs-section-header with_icon\" aria-controls=\"content-i8e5\" aria-expanded=\"false\"><i class=\"fas fa-leaf\"><\/i><div class=\"w-tabs-section-title\">Respect de l\u2019environnement<\/div><div class=\"w-tabs-section-control\"><\/div><\/button><div  class=\"w-tabs-section-content\" id=\"content-i8e5\"><div class=\"w-tabs-section-content-h i-cf\"><div class=\"wpb_text_column\"><div class=\"wpb_wrapper\"><p>Une d\u00e9claration environnementale et sanitaire FDES est \u00a0consultable sur fichier INIES. Le ciment est constitut\u00e9 d\u2019argile et calcaire, tr\u00e8s abondants dans la surface terrestre. Cet aspect associ\u00e9 aux fibres synth\u00e8tiques organiques dans ce mat\u00e9riau en formulation semi-comprim\u00e9e ainsi qu\u2019aux autres composants, inscrit le produit fini dans la notion de d\u00e9veloppement durable. Le ciment absorbe CO2.<\/p>\n<\/div><\/div><\/div><\/div><\/div><\/div><\/div><\/div><\/div><\/div>\n<\/div><\/div><\/div><\/div><\/section><section class=\"l-section wpb_row documentazione-tecnica height_medium\"><div class=\"l-section-h i-cf\"><div class=\"g-cols vc_row via_grid cols_1 laptops-cols_inherit tablets-cols_inherit mobiles-cols_1 valign_top type_default stacking_default\"><div class=\"wpb_column vc_column_container\"><div class=\"vc_column-inner\"><div class=\"wpb_text_column us_custom_eb849559\"><div class=\"wpb_wrapper\"><h2 style=\"text-align: center;\">Description du <span class=\"evidenziatore\">produit<\/span><\/h2>\n<\/div><\/div><div class=\"w-separator size_medium\"><\/div><div class=\"g-cols wpb_row via_grid cols_2 laptops-cols_inherit tablets-cols_inherit mobiles-cols_1 valign_top type_default stacking_default\" style=\"--columns-gap:3.2rem;\"><div class=\"wpb_column vc_column_container\"><div class=\"vc_column-inner\"><div class=\"wpb_text_column\"><div class=\"wpb_wrapper\"><p><span style=\"color: #1b9119;\"><strong>Caract\u00e9ristiques techniques<\/strong><\/span><\/p>\n<ul>\n<li>Profil: 5 ondes, 200\/60 mm<\/li>\n<li>Exigences: Conformit\u00e9 aux normes EN 494 et NF EN 15074<\/li>\n<li>Attestation s\u00e9curit\u00e9 au feu venant de l\u2019ext\u00e9rieur: INSTITUT GIORDANO, Euroclasse A1<\/li>\n<li>Installation: ETN en cours de validit\u00e9<\/li>\n<li>\u00c9paisseur: 6,5 mm nominal<\/li>\n<li>Poids: 13,5 kg\/m2 environ<\/li>\n<li>Largeur: 1,05m<\/li>\n<li>Longueurs: 1,52 m, 1,58 m. Autres dimensions: nous consulter.<\/li>\n<li>Couleur: teinte naturelle, blanc, ocre, jaune paille. Nous consulter.<\/li>\n<\/ul>\n<p><span style=\"color: #1b9119;\"><strong>Profil<\/strong><\/span><br \/>\n<img loading=\"lazy\" decoding=\"async\" class=\"alignnone size-full wp-image-306\" src=\"\/wp-content\/uploads\/2024\/03\/profilo-tegolit200.png\" alt=\"Profil Tegolit 200\" width=\"400\" height=\"133\" srcset=\"https:\/\/www.edilfibro.it\/wp-content\/uploads\/2024\/03\/profilo-tegolit200.png 949w, https:\/\/www.edilfibro.it\/wp-content\/uploads\/2024\/03\/profilo-tegolit200-300x100.png 300w, https:\/\/www.edilfibro.it\/wp-content\/uploads\/2024\/03\/profilo-tegolit200-600x199.png 600w\" sizes=\"auto, (max-width: 400px) 100vw, 400px\" \/><\/p>\n<\/div><\/div><\/div><\/div><div class=\"wpb_column vc_column_container\" id=\"certificazioni-prodotto\"><div class=\"vc_column-inner\"><div class=\"wpb_text_column\"><div class=\"wpb_wrapper\"><p><span style=\"color: #1b9119;\"><strong>Download<\/strong><\/span><\/p>\n<\/div><\/div><div class=\"w-separator size_small\"><\/div><div class=\"w-tabs style_default switch_click accordion type_togglable has_scrolling remove_indents\" style=\"--sections-title-size:inherit\"><div class=\"w-tabs-sections titles-align_none icon_plus cpos_right\"><div class=\"w-tabs-section\" id=\"k1a9\"><button class=\"w-tabs-section-header with_icon\" aria-controls=\"content-k1a9\" aria-expanded=\"false\"><i class=\"fas fa-file-pdf\"><\/i><div class=\"w-tabs-section-title\">Documentation g\u00e9n\u00e9rale<\/div><div class=\"w-tabs-section-control\"><\/div><\/button><div  class=\"w-tabs-section-content\" id=\"content-k1a9\"><div class=\"w-tabs-section-content-h i-cf\"><div class=\"w-text us_custom_9b8209a0 hover-sottolineato has_text_color icon_atleft\"><a target=\"_blank\" href=\"\/wp-content\/uploads\/2024\/10\/ADIWATT-EDILFIBRO.pdf\" class=\"w-text-h\"><i class=\"fas fa-file-pdf\"><\/i><span class=\"w-text-value\">Fiche technique H\u00e9liolit<\/span><\/a><\/div><div class=\"w-text us_custom_9b8209a0 hover-sottolineato has_text_color icon_atleft\"><a target=\"_blank\" href=\"\/wp-content\/uploads\/2024\/10\/ETN-Optima-act-edilfibro-_Ind.02.pdf\" class=\"w-text-h\"><i class=\"fas fa-file-pdf\"><\/i><span class=\"w-text-value\">Rapport d&#8217;enquete de technique nouvelle<\/span><\/a><\/div><div class=\"w-text us_custom_9b8209a0 hover-sottolineato has_text_color icon_atleft\"><a target=\"_blank\" href=\"\/wp-content\/uploads\/2024\/10\/OPTIMA-COUVERTURE-FIBRES-CIMENT-oggi.pdf\" class=\"w-text-h\"><i class=\"fas fa-file-pdf\"><\/i><span class=\"w-text-value\">Notice de pose<\/span><\/a><\/div><\/div><\/div><\/div><\/div><\/div><\/div><\/div><\/div><\/div><\/div><\/div><\/div><\/section><section class=\"l-section wpb_row height_medium\"><div class=\"l-section-overlay\" style=\"background:#f5f5f5\"><\/div><div class=\"l-section-h i-cf\"><div class=\"g-cols vc_row via_grid cols_1-4-1 laptops-cols_inherit tablets-cols_inherit mobiles-cols_1 valign_top type_default stacking_default\"><div class=\"wpb_column vc_column_container\"><div class=\"vc_column-inner\"><\/div><\/div><div class=\"wpb_column vc_column_container\"><div class=\"vc_column-inner\"><div class=\"wpb_text_column us_custom_eb849559\"><div class=\"wpb_wrapper\"><h2>Produits <span class=\"evidenziatore\">apparent\u00e9s<\/span><\/h2>\n<\/div><\/div><div class=\"w-separator size_small\"><\/div><\/div><\/div><div class=\"wpb_column vc_column_container\"><div class=\"vc_column-inner\"><\/div><\/div><\/div><\/div><\/section>\n","protected":false},"excerpt":{"rendered":"H\u00e9liolitAccueilPagesH\u00e9liolit H\u00e9liolit est une plaque profil\u00e9e en fibres-ciment teinte naturelle ou color\u00e9e une ou deux faces (blanc, ocre, jaune paille\u2026), dont le pas d\u2019onde 200\/60mm autorise une performance technique et une qualit\u00e9 de montage id\u00e9ales pour utilisation en support Photovolta\u00efque. De par son hauteur de profil, plus prononc\u00e9e par rapport aux plaques ondul\u00e9es\u00a0 courantes\u00a0 H\u00e8liolit...","protected":false},"featured_media":6437,"comment_status":"closed","ping_status":"closed","template":"","meta":[],"product_brand":[],"product_cat":[430],"product_tag":[],"class_list":{"0":"post-6432","1":"product","2":"type-product","3":"status-publish","4":"has-post-thumbnail","6":"product_cat-fibres-ciment","7":"pa_colore-integral","8":"pa_colore-rouge-tuile","9":"pa_colore-terrebrune-fr","10":"pa_colore-terrechiare-fr","11":"pa_profilo-fibrocemento-4-ondes","12":"pa_profilo-fibrocemento-5-onde-fr","14":"first","15":"instock","16":"shipping-taxable","17":"purchasable","18":"product-type-variable","19":"has-default-attributes"},"yoast_head":"<!-- This site is optimized with the Yoast SEO plugin v26.6 - https:\/\/yoast.com\/wordpress\/plugins\/seo\/ -->\n<title>H\u00e9liolit - Edilfibro S.p.a.<\/title>\n<meta name=\"robots\" content=\"index, follow, max-snippet:-1, max-image-preview:large, max-video-preview:-1\" \/>\n<link rel=\"canonical\" href=\"https:\/\/www.edilfibro.it\/fr\/prodotto\/heliolit\/\" \/>\n<meta property=\"og:locale\" content=\"fr_FR\" \/>\n<meta property=\"og:type\" content=\"article\" \/>\n<meta property=\"og:title\" content=\"H\u00e9liolit - Edilfibro S.p.a.\" \/>\n<meta property=\"og:url\" content=\"https:\/\/www.edilfibro.it\/fr\/prodotto\/heliolit\/\" \/>\n<meta property=\"og:site_name\" content=\"Edilfibro S.p.a.\" \/>\n<meta property=\"article:publisher\" content=\"https:\/\/www.facebook.com\/edilfibro\" \/>\n<meta property=\"article:modified_time\" content=\"2024-11-04T15:36:14+00:00\" \/>\n<meta property=\"og:image\" content=\"https:\/\/www.edilfibro.it\/wp-content\/uploads\/2024\/10\/Heliolit.webp\" \/>\n\t<meta property=\"og:image:width\" content=\"600\" \/>\n\t<meta property=\"og:image:height\" content=\"600\" \/>\n\t<meta property=\"og:image:type\" content=\"image\/webp\" \/>\n<meta name=\"twitter:card\" content=\"summary_large_image\" \/>\n<meta name=\"twitter:label1\" content=\"Dur\u00e9e de lecture estim\u00e9e\" \/>\n\t<meta name=\"twitter:data1\" content=\"3 minutes\" \/>\n<script type=\"application\/ld+json\" class=\"yoast-schema-graph\">{\"@context\":\"https:\/\/schema.org\",\"@graph\":[{\"@type\":\"WebPage\",\"@id\":\"https:\/\/www.edilfibro.it\/fr\/prodotto\/heliolit\/\",\"url\":\"https:\/\/www.edilfibro.it\/fr\/prodotto\/heliolit\/\",\"name\":\"H\u00e9liolit - Edilfibro S.p.a.\",\"isPartOf\":{\"@id\":\"https:\/\/www.edilfibro.it\/fr\/#website\"},\"primaryImageOfPage\":{\"@id\":\"https:\/\/www.edilfibro.it\/fr\/prodotto\/heliolit\/#primaryimage\"},\"image\":{\"@id\":\"https:\/\/www.edilfibro.it\/fr\/prodotto\/heliolit\/#primaryimage\"},\"thumbnailUrl\":\"https:\/\/www.edilfibro.it\/wp-content\/uploads\/2024\/10\/Heliolit.webp\",\"datePublished\":\"2024-10-31T10:22:55+00:00\",\"dateModified\":\"2024-11-04T15:36:14+00:00\",\"breadcrumb\":{\"@id\":\"https:\/\/www.edilfibro.it\/fr\/prodotto\/heliolit\/#breadcrumb\"},\"inLanguage\":\"fr-FR\",\"potentialAction\":[{\"@type\":\"ReadAction\",\"target\":[\"https:\/\/www.edilfibro.it\/fr\/prodotto\/heliolit\/\"]}]},{\"@type\":\"ImageObject\",\"inLanguage\":\"fr-FR\",\"@id\":\"https:\/\/www.edilfibro.it\/fr\/prodotto\/heliolit\/#primaryimage\",\"url\":\"https:\/\/www.edilfibro.it\/wp-content\/uploads\/2024\/10\/Heliolit.webp\",\"contentUrl\":\"https:\/\/www.edilfibro.it\/wp-content\/uploads\/2024\/10\/Heliolit.webp\",\"width\":600,\"height\":600},{\"@type\":\"BreadcrumbList\",\"@id\":\"https:\/\/www.edilfibro.it\/fr\/prodotto\/heliolit\/#breadcrumb\",\"itemListElement\":[{\"@type\":\"ListItem\",\"position\":1,\"name\":\"Home\",\"item\":\"https:\/\/www.edilfibro.it\/fr\/\"},{\"@type\":\"ListItem\",\"position\":2,\"name\":\"Produits\",\"item\":\"https:\/\/www.edilfibro.it\/fr\/produits\/\"},{\"@type\":\"ListItem\",\"position\":3,\"name\":\"H\u00e9liolit\"}]},{\"@type\":\"WebSite\",\"@id\":\"https:\/\/www.edilfibro.it\/fr\/#website\",\"url\":\"https:\/\/www.edilfibro.it\/fr\/\",\"name\":\"Edilfibro S.p.a.\",\"description\":\"Coperture per tetti, lastre fibrocemento e metallo\",\"publisher\":{\"@id\":\"https:\/\/www.edilfibro.it\/fr\/#organization\"},\"potentialAction\":[{\"@type\":\"SearchAction\",\"target\":{\"@type\":\"EntryPoint\",\"urlTemplate\":\"https:\/\/www.edilfibro.it\/fr\/?s={search_term_string}\"},\"query-input\":{\"@type\":\"PropertyValueSpecification\",\"valueRequired\":true,\"valueName\":\"search_term_string\"}}],\"inLanguage\":\"fr-FR\"},{\"@type\":\"Organization\",\"@id\":\"https:\/\/www.edilfibro.it\/fr\/#organization\",\"name\":\"Edilfibro S.p.a.\",\"url\":\"https:\/\/www.edilfibro.it\/fr\/\",\"logo\":{\"@type\":\"ImageObject\",\"inLanguage\":\"fr-FR\",\"@id\":\"https:\/\/www.edilfibro.it\/fr\/#\/schema\/logo\/image\/\",\"url\":\"https:\/\/www.edilfibro.it\/wp-content\/uploads\/2024\/09\/Logo-Edilfibro-2024-verde.webp\",\"contentUrl\":\"https:\/\/www.edilfibro.it\/wp-content\/uploads\/2024\/09\/Logo-Edilfibro-2024-verde.webp\",\"width\":270,\"height\":105,\"caption\":\"Edilfibro S.p.a.\"},\"image\":{\"@id\":\"https:\/\/www.edilfibro.it\/fr\/#\/schema\/logo\/image\/\"},\"sameAs\":[\"https:\/\/www.facebook.com\/edilfibro\",\"https:\/\/www.linkedin.com\/company\/edilfibrospa\/\",\"https:\/\/www.youtube.com\/channel\/UCfz1PuhFpXa0MFkRDzC_Cgw\"]}]}<\/script>\n<!-- \/ Yoast SEO plugin. -->","yoast_head_json":{"title":"H\u00e9liolit - Edilfibro S.p.a.","robots":{"index":"index","follow":"follow","max-snippet":"max-snippet:-1","max-image-preview":"max-image-preview:large","max-video-preview":"max-video-preview:-1"},"canonical":"https:\/\/www.edilfibro.it\/fr\/prodotto\/heliolit\/","og_locale":"fr_FR","og_type":"article","og_title":"H\u00e9liolit - Edilfibro S.p.a.","og_url":"https:\/\/www.edilfibro.it\/fr\/prodotto\/heliolit\/","og_site_name":"Edilfibro S.p.a.","article_publisher":"https:\/\/www.facebook.com\/edilfibro","article_modified_time":"2024-11-04T15:36:14+00:00","og_image":[{"width":600,"height":600,"url":"https:\/\/www.edilfibro.it\/wp-content\/uploads\/2024\/10\/Heliolit.webp","type":"image\/webp"}],"twitter_card":"summary_large_image","twitter_misc":{"Dur\u00e9e de lecture estim\u00e9e":"3 minutes"},"schema":{"@context":"https:\/\/schema.org","@graph":[{"@type":"WebPage","@id":"https:\/\/www.edilfibro.it\/fr\/prodotto\/heliolit\/","url":"https:\/\/www.edilfibro.it\/fr\/prodotto\/heliolit\/","name":"H\u00e9liolit - Edilfibro S.p.a.","isPartOf":{"@id":"https:\/\/www.edilfibro.it\/fr\/#website"},"primaryImageOfPage":{"@id":"https:\/\/www.edilfibro.it\/fr\/prodotto\/heliolit\/#primaryimage"},"image":{"@id":"https:\/\/www.edilfibro.it\/fr\/prodotto\/heliolit\/#primaryimage"},"thumbnailUrl":"https:\/\/www.edilfibro.it\/wp-content\/uploads\/2024\/10\/Heliolit.webp","datePublished":"2024-10-31T10:22:55+00:00","dateModified":"2024-11-04T15:36:14+00:00","breadcrumb":{"@id":"https:\/\/www.edilfibro.it\/fr\/prodotto\/heliolit\/#breadcrumb"},"inLanguage":"fr-FR","potentialAction":[{"@type":"ReadAction","target":["https:\/\/www.edilfibro.it\/fr\/prodotto\/heliolit\/"]}]},{"@type":"ImageObject","inLanguage":"fr-FR","@id":"https:\/\/www.edilfibro.it\/fr\/prodotto\/heliolit\/#primaryimage","url":"https:\/\/www.edilfibro.it\/wp-content\/uploads\/2024\/10\/Heliolit.webp","contentUrl":"https:\/\/www.edilfibro.it\/wp-content\/uploads\/2024\/10\/Heliolit.webp","width":600,"height":600},{"@type":"BreadcrumbList","@id":"https:\/\/www.edilfibro.it\/fr\/prodotto\/heliolit\/#breadcrumb","itemListElement":[{"@type":"ListItem","position":1,"name":"Home","item":"https:\/\/www.edilfibro.it\/fr\/"},{"@type":"ListItem","position":2,"name":"Produits","item":"https:\/\/www.edilfibro.it\/fr\/produits\/"},{"@type":"ListItem","position":3,"name":"H\u00e9liolit"}]},{"@type":"WebSite","@id":"https:\/\/www.edilfibro.it\/fr\/#website","url":"https:\/\/www.edilfibro.it\/fr\/","name":"Edilfibro S.p.a.","description":"Coperture per tetti, lastre fibrocemento e metallo","publisher":{"@id":"https:\/\/www.edilfibro.it\/fr\/#organization"},"potentialAction":[{"@type":"SearchAction","target":{"@type":"EntryPoint","urlTemplate":"https:\/\/www.edilfibro.it\/fr\/?s={search_term_string}"},"query-input":{"@type":"PropertyValueSpecification","valueRequired":true,"valueName":"search_term_string"}}],"inLanguage":"fr-FR"},{"@type":"Organization","@id":"https:\/\/www.edilfibro.it\/fr\/#organization","name":"Edilfibro S.p.a.","url":"https:\/\/www.edilfibro.it\/fr\/","logo":{"@type":"ImageObject","inLanguage":"fr-FR","@id":"https:\/\/www.edilfibro.it\/fr\/#\/schema\/logo\/image\/","url":"https:\/\/www.edilfibro.it\/wp-content\/uploads\/2024\/09\/Logo-Edilfibro-2024-verde.webp","contentUrl":"https:\/\/www.edilfibro.it\/wp-content\/uploads\/2024\/09\/Logo-Edilfibro-2024-verde.webp","width":270,"height":105,"caption":"Edilfibro S.p.a."},"image":{"@id":"https:\/\/www.edilfibro.it\/fr\/#\/schema\/logo\/image\/"},"sameAs":["https:\/\/www.facebook.com\/edilfibro","https:\/\/www.linkedin.com\/company\/edilfibrospa\/","https:\/\/www.youtube.com\/channel\/UCfz1PuhFpXa0MFkRDzC_Cgw"]}]}},"_links":{"self":[{"href":"https:\/\/www.edilfibro.it\/fr\/wp-json\/wp\/v2\/product\/6432","targetHints":{"allow":["GET"]}}],"collection":[{"href":"https:\/\/www.edilfibro.it\/fr\/wp-json\/wp\/v2\/product"}],"about":[{"href":"https:\/\/www.edilfibro.it\/fr\/wp-json\/wp\/v2\/types\/product"}],"replies":[{"embeddable":true,"href":"https:\/\/www.edilfibro.it\/fr\/wp-json\/wp\/v2\/comments?post=6432"}],"wp:featuredmedia":[{"embeddable":true,"href":"https:\/\/www.edilfibro.it\/fr\/wp-json\/wp\/v2\/media\/6437"}],"wp:attachment":[{"href":"https:\/\/www.edilfibro.it\/fr\/wp-json\/wp\/v2\/media?parent=6432"}],"wp:term":[{"taxonomy":"product_brand","embeddable":true,"href":"https:\/\/www.edilfibro.it\/fr\/wp-json\/wp\/v2\/product_brand?post=6432"},{"taxonomy":"product_cat","embeddable":true,"href":"https:\/\/www.edilfibro.it\/fr\/wp-json\/wp\/v2\/product_cat?post=6432"},{"taxonomy":"product_tag","embeddable":true,"href":"https:\/\/www.edilfibro.it\/fr\/wp-json\/wp\/v2\/product_tag?post=6432"}],"curies":[{"name":"wp","href":"https:\/\/api.w.org\/{rel}","templated":true}]}}