{"id":5964,"date":"2024-07-06T14:21:51","date_gmt":"2024-07-06T12:21:51","guid":{"rendered":"https:\/\/edilfibro2.noon.srl\/prodotto\/easyteg\/"},"modified":"2024-10-28T13:02:45","modified_gmt":"2024-10-28T12:02:45","slug":"easyteg","status":"publish","type":"product","link":"https:\/\/www.edilfibro.it\/fr\/prodotto\/easyteg\/","title":{"rendered":"Easyteg"},"content":{"rendered":"<section class=\"l-section wpb_row height_huge color_primary with_img\"><div class=\"l-section-img\" role=\"img\" aria-label=\"Image\" data-img-width=\"600\" data-img-height=\"396\" style=\"background-image: url(https:\/\/www.edilfibro.it\/wp-content\/uploads\/2024\/07\/Teatro-La-Fenice-a-Venezia.webp);background-repeat: no-repeat;\"><\/div><div class=\"l-section-overlay\" style=\"background:rgba(0,0,0,0.65)\"><\/div><div class=\"l-section-h i-cf\"><div class=\"g-cols vc_row via_grid cols_1 laptops-cols_inherit tablets-cols_inherit mobiles-cols_1 valign_top type_default stacking_default\"><div class=\"wpb_column vc_column_container\"><div class=\"vc_column-inner\"><h1 class=\"w-post-elm post_title align_center entry-title color_link_inherit\">Easyteg<\/h1><nav class=\"g-breadcrumbs separator_icon align_center\" itemscope itemtype=\"http:\/\/schema.org\/BreadcrumbList\"><div class=\"g-breadcrumbs-item\" itemscope itemprop=\"itemListElement\" itemtype=\"http:\/\/schema.org\/ListItem\"><a itemprop=\"item\" href=\"https:\/\/www.edilfibro.it\/fr\/\"><span itemprop=\"name\">Accueil<\/span><\/a><meta itemprop=\"position\" content=\"1\"\/><\/div><div class=\"g-breadcrumbs-separator\"><i class=\"far fa-angle-right\"><\/i><\/div><div class=\"g-breadcrumbs-item\">Pages<\/div><\/nav><\/div><\/div><\/div><\/div><\/section><section class=\"l-section wpb_row finto-prod-variabile height_medium\"><div class=\"l-section-h i-cf\"><div class=\"g-cols vc_row via_grid cols_2-3 laptops-cols_inherit tablets-cols_inherit mobiles-cols_1 valign_middle type_default stacking_default\"><div class=\"wpb_column vc_column_container\"><div class=\"vc_column-inner\"><div class=\"w-post-elm product_gallery\"><\/div><\/div><\/div><div class=\"wpb_column vc_column_container\"><div class=\"vc_column-inner\"><div class=\"wpb_text_column\"><div class=\"wpb_wrapper\"><h2 class=\"titolo-la-gamma\"><span class=\"evidenziatore\">Easyteg<\/span><\/h2>\n<\/div><\/div><div class=\"w-separator size_small\"><\/div><div class=\"wpb_text_column us_custom_432d3f53 with_collapsible_content\" data-content-height=\"150px\"><div class=\"wpb_wrapper\"><p>Il s&#8217;agit d&#8217;un syst\u00e8me isolant de support de tuiles unique en son genre, obtenu par l&#8217;assemblage d&#8217;une plaque profil\u00e9e support de tuiles fibres-ciment Tegolit Plus 200, 5 ondes, pas 200\/60 mm, avec un panneau isolant en polystyr\u00e8ne expans\u00e9 (EPS) sur des deux c\u00f4t\u00e9s.<\/p>\n<p><strong>Easyteg\u00ae<\/strong> est le r\u00e9sultat de l&#8217;exp\u00e9rience d&#8217;Edilfibro dans le secteur de la toiture, qui combine les propri\u00e9t\u00e9s exclusives du fibres-ciment avec les caract\u00e9ristiques isolantes du polystyr\u00e8ne expans\u00e9.<\/p>\n<p><strong>Le syst\u00e8me offre les avantages suivants<\/strong>: support de tuiles, r\u00e9sistant aux intemp\u00e9ries, inoxydable, c\u00f4t\u00e9 isolant latt\u00e9 pour \u00e9liminer les ponts thermiques, contribue au bien-\u00eatre hygrothermique de l&#8217;environnement int\u00e9rieur, \u00e9vite la formation de condensation et il est facile et rapide \u00e0 installer.<\/p>\n<p>Le syst\u00e8me de support de tuiles Easyteg\u00ae <strong>est la solution id\u00e9ale<\/strong> dans la cr\u00e9ation et\/ou la r\u00e9novation de toitures civiles, agricoles et dans le cas o\u00f9 une toiture isol\u00e9e combin\u00e9e \u00e0 une finition en tuiles est requise.<\/p>\n<p>Dans le cas d&#8217;une installation sans tuiles, il est possible de demander <strong>Easyteg\u00ae avec une finition lat\u00e9rale inf\u00e9rieure en PVC\/PRFV<\/strong>; cette version donne un <strong>aspect esth\u00e9tique agr\u00e9able<\/strong> et offre la <strong>solution id\u00e9ale dans l&#8217;agriculture<\/strong> et sp\u00e9cialement dans le secteur de l&#8217;\u00e9levage o\u00f9 des atmosph\u00e8res particuli\u00e8rement agressives persistent. En effet, en plus de rendre le panneau Easyteg\u00ae <strong>r\u00e9sistant aux agents chimiques<\/strong>, la finition interne du mat\u00e9riau permet un <strong>nettoyage facile avec des nettoyeurs haute pression<\/strong>, garantissant l&#8217;hygi\u00e8ne de l&#8217;environnement avec un gain de temps consid\u00e9rable.<\/p>\n<p>Une gamme d&#8217;accessoires d\u00e9di\u00e9s compl\u00e8te le syst\u00e8me de toiture. <strong>Disponible dans la teinte standard Rouge Tuile<\/strong>, la finition <strong>Terrechiare ou Terrebrune<\/strong> est disponible sur demande, pour permettre \u00e0 la toiture de s&#8217;int\u00e9grer parfaitement dans des contextes environnementaux civils et agricoles.<\/p>\n<\/div><div class=\"toggle-links align_none\"><button class=\"collapsible-content-more\">Voir plus<\/button><button class=\"collapsible-content-less\">Voir moins<\/button><\/div><\/div><div class=\"w-separator size_small\"><\/div><div class=\"w-post-elm add_to_cart qty-btn-style_0\" style=\"--qty-btn-size:1rem;\">\n<form class=\"variations_form cart\" action=\"https:\/\/www.edilfibro.it\/fr\/prodotto\/easyteg\/\" method=\"post\" enctype='multipart\/form-data' data-product_id=\"5964\" data-product_variations=\"[{&quot;attributes&quot;:{&quot;attribute_pa_prodotto-in-versione-unica&quot;:&quot;versione-unica-fr&quot;},&quot;availability_html&quot;:&quot;&quot;,&quot;backorders_allowed&quot;:false,&quot;dimensions&quot;:{&quot;length&quot;:&quot;&quot;,&quot;width&quot;:&quot;&quot;,&quot;height&quot;:&quot;&quot;},&quot;dimensions_html&quot;:&quot;ND&quot;,&quot;display_price&quot;:1,&quot;display_regular_price&quot;:1,&quot;image&quot;:{&quot;title&quot;:&quot;Easyteg&quot;,&quot;caption&quot;:&quot;&quot;,&quot;url&quot;:&quot;https:\\\/\\\/www.edilfibro.it\\\/wp-content\\\/uploads\\\/2024\\\/07\\\/Easyteg.webp&quot;,&quot;alt&quot;:&quot;Easyteg&quot;,&quot;src&quot;:&quot;https:\\\/\\\/www.edilfibro.it\\\/wp-content\\\/uploads\\\/2024\\\/07\\\/Easyteg.webp&quot;,&quot;srcset&quot;:&quot;https:\\\/\\\/www.edilfibro.it\\\/wp-content\\\/uploads\\\/2024\\\/07\\\/Easyteg.webp 600w, https:\\\/\\\/www.edilfibro.it\\\/wp-content\\\/uploads\\\/2024\\\/07\\\/Easyteg-300x300.webp 300w, https:\\\/\\\/www.edilfibro.it\\\/wp-content\\\/uploads\\\/2024\\\/07\\\/Easyteg-150x150.webp 150w&quot;,&quot;sizes&quot;:&quot;(max-width: 600px) 100vw, 600px&quot;,&quot;full_src&quot;:&quot;https:\\\/\\\/www.edilfibro.it\\\/wp-content\\\/uploads\\\/2024\\\/07\\\/Easyteg.webp&quot;,&quot;full_src_w&quot;:600,&quot;full_src_h&quot;:600,&quot;gallery_thumbnail_src&quot;:&quot;https:\\\/\\\/www.edilfibro.it\\\/wp-content\\\/uploads\\\/2024\\\/07\\\/Easyteg-300x300.webp&quot;,&quot;gallery_thumbnail_src_w&quot;:300,&quot;gallery_thumbnail_src_h&quot;:300,&quot;thumb_src&quot;:&quot;https:\\\/\\\/www.edilfibro.it\\\/wp-content\\\/uploads\\\/2024\\\/07\\\/Easyteg-300x300.webp&quot;,&quot;thumb_src_w&quot;:300,&quot;thumb_src_h&quot;:300,&quot;src_w&quot;:600,&quot;src_h&quot;:600},&quot;image_id&quot;:5966,&quot;is_downloadable&quot;:false,&quot;is_in_stock&quot;:true,&quot;is_purchasable&quot;:true,&quot;is_sold_individually&quot;:&quot;no&quot;,&quot;is_virtual&quot;:false,&quot;max_qty&quot;:&quot;&quot;,&quot;min_qty&quot;:1,&quot;price_html&quot;:&quot;&quot;,&quot;sku&quot;:&quot;&quot;,&quot;variation_description&quot;:&quot;&quot;,&quot;variation_id&quot;:5967,&quot;variation_is_active&quot;:true,&quot;variation_is_visible&quot;:true,&quot;weight&quot;:&quot;&quot;,&quot;weight_html&quot;:&quot;ND&quot;}]\">\n\t\n\t\t\t<table class=\"variations\" cellspacing=\"0\" role=\"presentation\">\n\t\t\t<tbody>\n\t\t\t\t\t\t\t\t\t<tr>\n\t\t\t\t\t\t<th class=\"label\"><label for=\"pa_prodotto-in-versione-unica\">Produit en version unique<\/label><\/th>\n\t\t\t\t\t\t<td class=\"value\">\n\t\t\t\t\t\t\t<div class=\"woocommerce-select\"><select id=\"pa_prodotto-in-versione-unica\" class=\"\" name=\"attribute_pa_prodotto-in-versione-unica\" data-attribute_name=\"attribute_pa_prodotto-in-versione-unica\" data-show_option_none=\"yes\"><option value=\"\">Choisir une option<\/option><option value=\"versione-unica-fr\"  selected='selected'>Version unique<\/option><\/select><\/div><a class=\"reset_variations\" href=\"#\" aria-label=\"Effacer les options\"><\/a>\t\t\t\t\t\t<\/td>\n\t\t\t\t\t<\/tr>\n\t\t\t\t\t\t\t<\/tbody>\n\t\t<\/table>\n\t\t<div class=\"reset_variations_alert screen-reader-text\" role=\"alert\" aria-live=\"polite\" aria-relevant=\"all\"><\/div>\n\t\t\n\t\t<div class=\"single_variation_wrap\">\n\t\t\t<div class=\"woocommerce-variation single_variation\" role=\"alert\" aria-relevant=\"additions\"><\/div><div class=\"woocommerce-variation-add-to-cart variations_button\">\n\t\n\t<div class=\"quantity\">\n\t<input type=\"button\" value=\"-\" class=\"minus\" disabled>\t<label class=\"screen-reader-text\" for=\"quantity_69f5bfa526c9c\">quantit\u00e9 de Easyteg<\/label>\n\t<input\n\t\ttype=\"number\"\n\t\t\t\tid=\"quantity_69f5bfa526c9c\"\n\t\tclass=\"input-text qty text\"\n\t\tname=\"quantity\"\n\t\tvalue=\"1\"\n\t\taria-label=\"Quantit\u00e9 de produits\"\n\t\t\t\tmin=\"1\"\n\t\t\t\t\t\t\tstep=\"1\"\n\t\t\tplaceholder=\"\"\n\t\t\tinputmode=\"numeric\"\n\t\t\tautocomplete=\"off\"\n\t\t\t\/>\n\t<input type=\"button\" value=\"+\" class=\"plus\"><\/div>\n\n\t<button type=\"submit\" class=\"single_add_to_cart_button button alt\">Ajouter au panier<\/button>\n\n\t\n\t<input type=\"hidden\" name=\"add-to-cart\" value=\"5964\" \/>\n\t<input type=\"hidden\" name=\"product_id\" value=\"5964\" \/>\n\t<input type=\"hidden\" name=\"variation_id\" class=\"variation_id\" value=\"0\" \/>\n<\/div>\n\t\t<\/div>\n\t\n\t<\/form>\n\n<div class=\"woocommerce-notices-wrapper\"><\/div><\/div><\/div><\/div><\/div><\/div><\/section><section class=\"l-section wpb_row height_medium\"><div class=\"l-section-overlay\" style=\"background:#f5f5f5\"><\/div><div class=\"l-section-h i-cf\"><div class=\"g-cols vc_row via_grid cols_1 laptops-cols_inherit tablets-cols_inherit mobiles-cols_1 valign_top type_default stacking_default\"><div class=\"wpb_column vc_column_container\"><div class=\"vc_column-inner\"><div class=\"wpb_text_column\"><div class=\"wpb_wrapper\"><h2 style=\"text-align: center;\">Pourquoi choisir <span class=\"evidenziatore\">Easyteg<\/span><\/h2>\n<\/div><\/div><div class=\"w-separator size_medium\"><\/div><div class=\"g-cols wpb_row accordion-perche-lastre-fibrocemento via_grid cols_3 laptops-cols_inherit tablets-cols_inherit mobiles-cols_1 valign_top type_default stacking_default\" style=\"--columns-gap:3rem;\"><div class=\"wpb_column vc_column_container\"><div class=\"vc_column-inner\"><div class=\"w-tabs style_default switch_click accordion type_togglable has_scrolling remove_indents\" style=\"--sections-title-size:inherit\"><div class=\"w-tabs-sections titles-align_none icon_plus cpos_right\"><div class=\"w-tabs-section\" id=\"idf6\"><button class=\"w-tabs-section-header with_icon\" aria-controls=\"content-idf6\" aria-expanded=\"false\"><i class=\"fas fa-fire\"><\/i><div class=\"w-tabs-section-title\">Incombustible<\/div><div class=\"w-tabs-section-control\"><\/div><\/button><div  class=\"w-tabs-section-content\" id=\"content-idf6\"><div class=\"w-tabs-section-content-h i-cf\"><div class=\"wpb_text_column\"><div class=\"wpb_wrapper\"><p>Exigence essentielle concernant le feu venant de l\u2019ext\u00e9rieur, l\u2019incombustibilit\u00e9 est un point fort des plaques profil\u00e9es Edilfibro. <\/p>\n<\/div><\/div><\/div><\/div><\/div><div class=\"w-tabs-section\" id=\"i1a3\"><button class=\"w-tabs-section-header with_icon\" aria-controls=\"content-i1a3\" aria-expanded=\"false\"><i class=\"fas fa-weight-hanging\"><\/i><div class=\"w-tabs-section-title\">Flexible mais indeformable<\/div><div class=\"w-tabs-section-control\"><\/div><\/button><div  class=\"w-tabs-section-content\" id=\"content-i1a3\"><div class=\"w-tabs-section-content-h i-cf\"><div class=\"wpb_text_column\"><div class=\"wpb_wrapper\"><p>Mat\u00e9riau l\u00e9ger (13,5 kg\/m2 environ) mais solide, il est dou\u00e9 d\u2019une excellente aptitude de \u201cflexibilit\u00e9 ferme\u201d. Il est en m\u00eame temps ind\u00e9formable. Ces caracteristiques apportent au fibres-ciment de nouvelle g\u00e9n\u00e9ration une bonne qualit\u00e9 de manutention et montage, ainsi qu\u2019une r\u00e9sistance accrue aux chocs. Les plaques sont \u00e9quip\u00e9es de feuillards de retenue longitudinaux conform\u00e9ment \u00e0 NF EN 15057, 600 joules.<\/p>\n<\/div><\/div><\/div><\/div><\/div><div class=\"w-tabs-section\" id=\"u518\"><button class=\"w-tabs-section-header with_icon\" aria-controls=\"content-u518\" aria-expanded=\"false\"><i class=\"fas fa-water\"><\/i><div class=\"w-tabs-section-title\">Regulateur hygrothermique<\/div><div class=\"w-tabs-section-control\"><\/div><\/button><div  class=\"w-tabs-section-content\" id=\"content-u518\"><div class=\"w-tabs-section-content-h i-cf\"><div class=\"wpb_text_column\"><div class=\"wpb_wrapper\"><p>Gr\u00e2ce \u00e0 sa perm\u00e9ance \u00e0 la vapeur d&#8217;eau et \u00e0 son d\u00e9gr\u00e9 d&#8217;isolation thermique, le fibres-ciment contribue \u00e0 neutraliser la condensation. Une plaque ondul\u00e9e peut absorber jusqu\u2019 \u00e0 25% de son poids en eau.<\/p>\n<\/div><\/div><\/div><\/div><\/div><\/div><\/div><\/div><\/div><div class=\"wpb_column vc_column_container\"><div class=\"vc_column-inner\"><div class=\"w-tabs style_default switch_click accordion type_togglable has_scrolling remove_indents\" style=\"--sections-title-size:inherit\"><div class=\"w-tabs-sections titles-align_none icon_plus cpos_right\"><div class=\"w-tabs-section\" id=\"b380\"><button class=\"w-tabs-section-header with_icon\" aria-controls=\"content-b380\" aria-expanded=\"false\"><i class=\"fas fa-thunderstorm\"><\/i><div class=\"w-tabs-section-title\">Durable<\/div><div class=\"w-tabs-section-control\"><\/div><\/button><div  class=\"w-tabs-section-content\" id=\"content-b380\"><div class=\"w-tabs-section-content-h i-cf\"><div class=\"wpb_text_column\"><div class=\"wpb_wrapper\"><p>Imperm\u00e9able, ing\u00e9lif, test\u00e9 par rapport aux performances physiques et climatiques NF EN 494, le fibres-ciment a fait ses preuves au fil du temps confirmant sa vocation de mat\u00e9riaux de couverture p\u00e9renne.<\/p>\n<\/div><\/div><\/div><\/div><\/div><div class=\"w-tabs-section\" id=\"u787\"><button class=\"w-tabs-section-header with_icon\" aria-controls=\"content-u787\" aria-expanded=\"false\"><i class=\"fas fa-volume-up\"><\/i><div class=\"w-tabs-section-title\">Confort acoustique<\/div><div class=\"w-tabs-section-control\"><\/div><\/button><div  class=\"w-tabs-section-content\" id=\"content-u787\"><div class=\"w-tabs-section-content-h i-cf\"><div class=\"wpb_text_column\"><div class=\"wpb_wrapper\"><p>La remarquable propri\u00e9t\u00e9 d\u2019affaiblissement acoustique reconnue et test\u00e9e du mat\u00e9riau favorise un excellent confort d\u2019utilisation.<\/p>\n<\/div><\/div><\/div><\/div><\/div><div class=\"w-tabs-section\" id=\"eaff\"><button class=\"w-tabs-section-header with_icon\" aria-controls=\"content-eaff\" aria-expanded=\"false\"><i class=\"fas fa-flask\"><\/i><div class=\"w-tabs-section-title\">R\u00e9sistant aux agents agressifs<\/div><div class=\"w-tabs-section-control\"><\/div><\/button><div  class=\"w-tabs-section-content\" id=\"content-eaff\"><div class=\"w-tabs-section-content-h i-cf\"><div class=\"wpb_text_column\"><div class=\"wpb_wrapper\"><p>Le ciment est enrichi en charges min\u00e9rales pour obtenir une r\u00e9sistance accrue aux influences aggressives, selon NF DTU 40.37.<\/p>\n<\/div><\/div><\/div><\/div><\/div><\/div><\/div><\/div><\/div><div class=\"wpb_column vc_column_container\"><div class=\"vc_column-inner\"><div class=\"w-tabs style_default switch_click accordion type_togglable has_scrolling remove_indents\" style=\"--sections-title-size:inherit\"><div class=\"w-tabs-sections titles-align_none icon_plus cpos_right\"><div class=\"w-tabs-section\" id=\"t49c\"><button class=\"w-tabs-section-header with_icon\" aria-controls=\"content-t49c\" aria-expanded=\"false\"><i class=\"fas fa-bolt\"><\/i><div class=\"w-tabs-section-title\">Inoxydable et amagnetique<\/div><div class=\"w-tabs-section-control\"><\/div><\/button><div  class=\"w-tabs-section-content\" id=\"content-t49c\"><div class=\"w-tabs-section-content-h i-cf\"><div class=\"wpb_text_column\"><div class=\"wpb_wrapper\"><p>Le fibres-ciment est insensible aux ph\u00e9nom\u00e8nes d\u2019\u00e9lectrolyse.<\/p>\n<\/div><\/div><\/div><\/div><\/div><div class=\"w-tabs-section\" id=\"c7fc\"><button class=\"w-tabs-section-header with_icon\" aria-controls=\"content-c7fc\" aria-expanded=\"false\"><i class=\"fas fa-virus-slash\"><\/i><div class=\"w-tabs-section-title\">Imputrescible<\/div><div class=\"w-tabs-section-control\"><\/div><\/button><div  class=\"w-tabs-section-content\" id=\"content-c7fc\"><div class=\"w-tabs-section-content-h i-cf\"><div class=\"wpb_text_column\"><div class=\"wpb_wrapper\"><p>Inerte aux processus fermentatifs, il ne craint pas les agents microbiens v\u00e9g\u00e9taux et animaux et il n&#8217;est pas attaqu\u00e9 par insectes et rongeurs.<\/p>\n<\/div><\/div><\/div><\/div><\/div><div class=\"w-tabs-section\" id=\"tb58\"><button class=\"w-tabs-section-header with_icon\" aria-controls=\"content-tb58\" aria-expanded=\"false\"><i class=\"fas fa-leaf\"><\/i><div class=\"w-tabs-section-title\">Respect de l\u2019environnement<\/div><div class=\"w-tabs-section-control\"><\/div><\/button><div  class=\"w-tabs-section-content\" id=\"content-tb58\"><div class=\"w-tabs-section-content-h i-cf\"><div class=\"wpb_text_column\"><div class=\"wpb_wrapper\"><p>Une d\u00e9claration environnementale et sanitaire FDES est \u00a0consultable sur fichier INIES. Le ciment est constitut\u00e9 d\u2019argile et calcaire, tr\u00e8s abondants dans la surface terrestre. Cet aspect associ\u00e9 aux fibres synth\u00e8tiques organiques dans ce mat\u00e9riau en formulation semi-comprim\u00e9e ainsi qu\u2019aux autres composants, inscrit le produit fini dans la notion de d\u00e9veloppement durable. Le ciment absorbe CO2.<\/p>\n<\/div><\/div><\/div><\/div><\/div><\/div><\/div><\/div><\/div><\/div>\n<\/div><\/div><\/div><\/div><\/section><section class=\"l-section wpb_row documentazione-tecnica height_medium\"><div class=\"l-section-h i-cf\"><div class=\"g-cols vc_row via_grid cols_1 laptops-cols_inherit tablets-cols_inherit mobiles-cols_1 valign_top type_default stacking_default\"><div class=\"wpb_column vc_column_container\"><div class=\"vc_column-inner\"><div class=\"wpb_text_column us_custom_eb849559\"><div class=\"wpb_wrapper\"><h2 style=\"text-align: center;\">Description du <span class=\"evidenziatore\">produit<\/span><\/h2>\n<\/div><\/div><div class=\"w-separator size_medium\"><\/div><div class=\"g-cols wpb_row via_grid cols_2 laptops-cols_inherit tablets-cols_inherit mobiles-cols_1 valign_top type_default stacking_default\" style=\"--columns-gap:3.2rem;\"><div class=\"wpb_column vc_column_container\"><div class=\"vc_column-inner\"><div class=\"wpb_text_column us_custom_a833bf3c\"><div class=\"wpb_wrapper\"><p><span style=\"color: #30a544;\"><strong>Caract\u00e9ristiques techniques<\/strong><\/span><\/p>\n<\/div><\/div><div class=\"w-image align_none\"><a ref=\"magnificPopup\" href=\"https:\/\/www.edilfibro.it\/wp-content\/uploads\/2024\/07\/easyteg-caratteristiche.webp\" aria-label=\"easyteg-caratteristiche\" class=\"w-image-h\"><img decoding=\"async\" width=\"1029\" height=\"475\" src=\"https:\/\/www.edilfibro.it\/wp-content\/uploads\/2024\/07\/easyteg-caratteristiche.webp\" class=\"attachment-full size-full\" alt=\"\" loading=\"lazy\" srcset=\"https:\/\/www.edilfibro.it\/wp-content\/uploads\/2024\/07\/easyteg-caratteristiche.webp 1029w, https:\/\/www.edilfibro.it\/wp-content\/uploads\/2024\/07\/easyteg-caratteristiche-300x138.webp 300w, https:\/\/www.edilfibro.it\/wp-content\/uploads\/2024\/07\/easyteg-caratteristiche-1024x473.webp 1024w, https:\/\/www.edilfibro.it\/wp-content\/uploads\/2024\/07\/easyteg-caratteristiche-600x277.webp 600w\" sizes=\"auto, (max-width: 1029px) 100vw, 1029px\" \/><\/a><\/div><div class=\"w-separator size_small\"><\/div><div class=\"wpb_text_column us_custom_a833bf3c\"><div class=\"wpb_wrapper\"><p><span style=\"color: #30a544;\"><strong>Profil<\/strong><\/span><\/p>\n<\/div><\/div><div class=\"w-image align_none\"><a ref=\"magnificPopup\" href=\"https:\/\/www.edilfibro.it\/wp-content\/uploads\/2024\/07\/easyteg-profilo.webp\" aria-label=\"easyteg-profilo\" class=\"w-image-h\"><img decoding=\"async\" width=\"463\" height=\"195\" src=\"https:\/\/www.edilfibro.it\/wp-content\/uploads\/2024\/07\/easyteg-profilo.webp\" class=\"attachment-full size-full\" alt=\"\" loading=\"lazy\" srcset=\"https:\/\/www.edilfibro.it\/wp-content\/uploads\/2024\/07\/easyteg-profilo.webp 463w, https:\/\/www.edilfibro.it\/wp-content\/uploads\/2024\/07\/easyteg-profilo-300x126.webp 300w\" sizes=\"auto, (max-width: 463px) 100vw, 463px\" \/><\/a><\/div><\/div><\/div><div class=\"wpb_column vc_column_container\" id=\"certificazioni-prodotto\"><div class=\"vc_column-inner\"><div class=\"wpb_text_column us_custom_a833bf3c\"><div class=\"wpb_wrapper\"><p><span style=\"color: #30a544;\"><strong>Download<\/strong><\/span><\/p>\n<\/div><\/div><div class=\"w-text us_custom_9b8209a0 hover-sottolineato has_text_color icon_atleft\"><a target=\"_blank\" href=\"\/wp-content\/uploads\/2024\/07\/Catalogo_Edilfibro_Soluz_Coibentate_210x297_low.pdf\" class=\"w-text-h\"><i class=\"fas fa-file-pdf\"><\/i><span class=\"w-text-value\">Catalogue de solutions isol\u00e9es EDILFIBRO<\/span><\/a><\/div><div class=\"w-separator size_medium\"><\/div><div class=\"wpb_text_column us_custom_a833bf3c\"><div class=\"wpb_wrapper\"><p><span style=\"color: #30a544;\"><strong>Palettisation et accessoires<\/strong><\/span><\/p>\n<\/div><\/div><div class=\"w-image us_custom_5c3ff905 align_none\"><a ref=\"magnificPopup\" href=\"https:\/\/www.edilfibro.it\/wp-content\/uploads\/2024\/07\/easyteg-pallett-e-access.webp\" aria-label=\"easyteg-pallett-e-access\" class=\"w-image-h\"><img decoding=\"async\" width=\"683\" height=\"592\" src=\"https:\/\/www.edilfibro.it\/wp-content\/uploads\/2024\/07\/easyteg-pallett-e-access.webp\" class=\"attachment-full size-full\" alt=\"\" loading=\"lazy\" srcset=\"https:\/\/www.edilfibro.it\/wp-content\/uploads\/2024\/07\/easyteg-pallett-e-access.webp 683w, https:\/\/www.edilfibro.it\/wp-content\/uploads\/2024\/07\/easyteg-pallett-e-access-300x260.webp 300w, https:\/\/www.edilfibro.it\/wp-content\/uploads\/2024\/07\/easyteg-pallett-e-access-600x520.webp 600w\" sizes=\"auto, (max-width: 683px) 100vw, 683px\" \/><\/a><\/div><\/div><\/div><\/div><\/div><\/div><\/div><\/div><\/section>\n","protected":false},"excerpt":{"rendered":"EasytegAccueilPagesEasyteg Il s&#8217;agit d&#8217;un syst\u00e8me isolant de support de tuiles unique en son genre, obtenu par l&#8217;assemblage d&#8217;une plaque profil\u00e9e support de tuiles fibres-ciment Tegolit Plus 200, 5 ondes, pas 200\/60 mm, avec un panneau isolant en polystyr\u00e8ne expans\u00e9 (EPS) sur des deux c\u00f4t\u00e9s. Easyteg\u00ae est le r\u00e9sultat de l&#8217;exp\u00e9rience d&#8217;Edilfibro dans le secteur de...","protected":false},"featured_media":5966,"comment_status":"closed","ping_status":"closed","template":"","meta":[],"product_brand":[],"product_cat":[430],"product_tag":[],"class_list":{"0":"post-5964","1":"product","2":"type-product","3":"status-publish","4":"has-post-thumbnail","6":"product_cat-fibres-ciment","7":"pa_colore-rouge-tuile","8":"pa_colore-terrebrune-fr","9":"pa_colore-terrechiare-fr","10":"pa_profilo-fibrocemento-5-onde-fr","12":"first","13":"instock","14":"shipping-taxable","15":"purchasable","16":"product-type-variable","17":"has-default-attributes"},"yoast_head":"<!-- This site is optimized with the Yoast SEO plugin v26.6 - https:\/\/yoast.com\/wordpress\/plugins\/seo\/ -->\n<title>Easyteg - Edilfibro S.p.a.<\/title>\n<meta name=\"robots\" content=\"index, follow, max-snippet:-1, max-image-preview:large, max-video-preview:-1\" \/>\n<link rel=\"canonical\" href=\"https:\/\/www.edilfibro.it\/fr\/prodotto\/easyteg\/\" \/>\n<meta property=\"og:locale\" content=\"fr_FR\" \/>\n<meta property=\"og:type\" content=\"article\" \/>\n<meta property=\"og:title\" content=\"Easyteg - Edilfibro S.p.a.\" \/>\n<meta property=\"og:url\" content=\"https:\/\/www.edilfibro.it\/fr\/prodotto\/easyteg\/\" \/>\n<meta property=\"og:site_name\" content=\"Edilfibro S.p.a.\" \/>\n<meta property=\"article:publisher\" content=\"https:\/\/www.facebook.com\/edilfibro\" \/>\n<meta property=\"article:modified_time\" content=\"2024-10-28T12:02:45+00:00\" \/>\n<meta property=\"og:image\" content=\"https:\/\/www.edilfibro.it\/wp-content\/uploads\/2024\/07\/Easyteg.webp\" \/>\n\t<meta property=\"og:image:width\" content=\"600\" \/>\n\t<meta property=\"og:image:height\" content=\"600\" \/>\n\t<meta property=\"og:image:type\" content=\"image\/webp\" \/>\n<meta name=\"twitter:card\" content=\"summary_large_image\" \/>\n<meta name=\"twitter:label1\" content=\"Dur\u00e9e de lecture estim\u00e9e\" \/>\n\t<meta name=\"twitter:data1\" content=\"4 minutes\" \/>\n<script type=\"application\/ld+json\" class=\"yoast-schema-graph\">{\"@context\":\"https:\/\/schema.org\",\"@graph\":[{\"@type\":\"WebPage\",\"@id\":\"https:\/\/www.edilfibro.it\/fr\/prodotto\/easyteg\/\",\"url\":\"https:\/\/www.edilfibro.it\/fr\/prodotto\/easyteg\/\",\"name\":\"Easyteg - Edilfibro S.p.a.\",\"isPartOf\":{\"@id\":\"https:\/\/www.edilfibro.it\/fr\/#website\"},\"primaryImageOfPage\":{\"@id\":\"https:\/\/www.edilfibro.it\/fr\/prodotto\/easyteg\/#primaryimage\"},\"image\":{\"@id\":\"https:\/\/www.edilfibro.it\/fr\/prodotto\/easyteg\/#primaryimage\"},\"thumbnailUrl\":\"https:\/\/www.edilfibro.it\/wp-content\/uploads\/2024\/07\/Easyteg.webp\",\"datePublished\":\"2024-07-06T12:21:51+00:00\",\"dateModified\":\"2024-10-28T12:02:45+00:00\",\"breadcrumb\":{\"@id\":\"https:\/\/www.edilfibro.it\/fr\/prodotto\/easyteg\/#breadcrumb\"},\"inLanguage\":\"fr-FR\",\"potentialAction\":[{\"@type\":\"ReadAction\",\"target\":[\"https:\/\/www.edilfibro.it\/fr\/prodotto\/easyteg\/\"]}]},{\"@type\":\"ImageObject\",\"inLanguage\":\"fr-FR\",\"@id\":\"https:\/\/www.edilfibro.it\/fr\/prodotto\/easyteg\/#primaryimage\",\"url\":\"https:\/\/www.edilfibro.it\/wp-content\/uploads\/2024\/07\/Easyteg.webp\",\"contentUrl\":\"https:\/\/www.edilfibro.it\/wp-content\/uploads\/2024\/07\/Easyteg.webp\",\"width\":600,\"height\":600},{\"@type\":\"BreadcrumbList\",\"@id\":\"https:\/\/www.edilfibro.it\/fr\/prodotto\/easyteg\/#breadcrumb\",\"itemListElement\":[{\"@type\":\"ListItem\",\"position\":1,\"name\":\"Home\",\"item\":\"https:\/\/www.edilfibro.it\/fr\/\"},{\"@type\":\"ListItem\",\"position\":2,\"name\":\"Produits\",\"item\":\"https:\/\/www.edilfibro.it\/fr\/produits\/\"},{\"@type\":\"ListItem\",\"position\":3,\"name\":\"Easyteg\"}]},{\"@type\":\"WebSite\",\"@id\":\"https:\/\/www.edilfibro.it\/fr\/#website\",\"url\":\"https:\/\/www.edilfibro.it\/fr\/\",\"name\":\"Edilfibro S.p.a.\",\"description\":\"Coperture per tetti, lastre fibrocemento e metallo\",\"publisher\":{\"@id\":\"https:\/\/www.edilfibro.it\/fr\/#organization\"},\"potentialAction\":[{\"@type\":\"SearchAction\",\"target\":{\"@type\":\"EntryPoint\",\"urlTemplate\":\"https:\/\/www.edilfibro.it\/fr\/?s={search_term_string}\"},\"query-input\":{\"@type\":\"PropertyValueSpecification\",\"valueRequired\":true,\"valueName\":\"search_term_string\"}}],\"inLanguage\":\"fr-FR\"},{\"@type\":\"Organization\",\"@id\":\"https:\/\/www.edilfibro.it\/fr\/#organization\",\"name\":\"Edilfibro S.p.a.\",\"url\":\"https:\/\/www.edilfibro.it\/fr\/\",\"logo\":{\"@type\":\"ImageObject\",\"inLanguage\":\"fr-FR\",\"@id\":\"https:\/\/www.edilfibro.it\/fr\/#\/schema\/logo\/image\/\",\"url\":\"https:\/\/www.edilfibro.it\/wp-content\/uploads\/2024\/09\/Logo-Edilfibro-2024-verde.webp\",\"contentUrl\":\"https:\/\/www.edilfibro.it\/wp-content\/uploads\/2024\/09\/Logo-Edilfibro-2024-verde.webp\",\"width\":270,\"height\":105,\"caption\":\"Edilfibro S.p.a.\"},\"image\":{\"@id\":\"https:\/\/www.edilfibro.it\/fr\/#\/schema\/logo\/image\/\"},\"sameAs\":[\"https:\/\/www.facebook.com\/edilfibro\",\"https:\/\/www.linkedin.com\/company\/edilfibrospa\/\",\"https:\/\/www.youtube.com\/channel\/UCfz1PuhFpXa0MFkRDzC_Cgw\"]}]}<\/script>\n<!-- \/ Yoast SEO plugin. -->","yoast_head_json":{"title":"Easyteg - Edilfibro S.p.a.","robots":{"index":"index","follow":"follow","max-snippet":"max-snippet:-1","max-image-preview":"max-image-preview:large","max-video-preview":"max-video-preview:-1"},"canonical":"https:\/\/www.edilfibro.it\/fr\/prodotto\/easyteg\/","og_locale":"fr_FR","og_type":"article","og_title":"Easyteg - Edilfibro S.p.a.","og_url":"https:\/\/www.edilfibro.it\/fr\/prodotto\/easyteg\/","og_site_name":"Edilfibro S.p.a.","article_publisher":"https:\/\/www.facebook.com\/edilfibro","article_modified_time":"2024-10-28T12:02:45+00:00","og_image":[{"width":600,"height":600,"url":"https:\/\/www.edilfibro.it\/wp-content\/uploads\/2024\/07\/Easyteg.webp","type":"image\/webp"}],"twitter_card":"summary_large_image","twitter_misc":{"Dur\u00e9e de lecture estim\u00e9e":"4 minutes"},"schema":{"@context":"https:\/\/schema.org","@graph":[{"@type":"WebPage","@id":"https:\/\/www.edilfibro.it\/fr\/prodotto\/easyteg\/","url":"https:\/\/www.edilfibro.it\/fr\/prodotto\/easyteg\/","name":"Easyteg - Edilfibro S.p.a.","isPartOf":{"@id":"https:\/\/www.edilfibro.it\/fr\/#website"},"primaryImageOfPage":{"@id":"https:\/\/www.edilfibro.it\/fr\/prodotto\/easyteg\/#primaryimage"},"image":{"@id":"https:\/\/www.edilfibro.it\/fr\/prodotto\/easyteg\/#primaryimage"},"thumbnailUrl":"https:\/\/www.edilfibro.it\/wp-content\/uploads\/2024\/07\/Easyteg.webp","datePublished":"2024-07-06T12:21:51+00:00","dateModified":"2024-10-28T12:02:45+00:00","breadcrumb":{"@id":"https:\/\/www.edilfibro.it\/fr\/prodotto\/easyteg\/#breadcrumb"},"inLanguage":"fr-FR","potentialAction":[{"@type":"ReadAction","target":["https:\/\/www.edilfibro.it\/fr\/prodotto\/easyteg\/"]}]},{"@type":"ImageObject","inLanguage":"fr-FR","@id":"https:\/\/www.edilfibro.it\/fr\/prodotto\/easyteg\/#primaryimage","url":"https:\/\/www.edilfibro.it\/wp-content\/uploads\/2024\/07\/Easyteg.webp","contentUrl":"https:\/\/www.edilfibro.it\/wp-content\/uploads\/2024\/07\/Easyteg.webp","width":600,"height":600},{"@type":"BreadcrumbList","@id":"https:\/\/www.edilfibro.it\/fr\/prodotto\/easyteg\/#breadcrumb","itemListElement":[{"@type":"ListItem","position":1,"name":"Home","item":"https:\/\/www.edilfibro.it\/fr\/"},{"@type":"ListItem","position":2,"name":"Produits","item":"https:\/\/www.edilfibro.it\/fr\/produits\/"},{"@type":"ListItem","position":3,"name":"Easyteg"}]},{"@type":"WebSite","@id":"https:\/\/www.edilfibro.it\/fr\/#website","url":"https:\/\/www.edilfibro.it\/fr\/","name":"Edilfibro S.p.a.","description":"Coperture per tetti, lastre fibrocemento e metallo","publisher":{"@id":"https:\/\/www.edilfibro.it\/fr\/#organization"},"potentialAction":[{"@type":"SearchAction","target":{"@type":"EntryPoint","urlTemplate":"https:\/\/www.edilfibro.it\/fr\/?s={search_term_string}"},"query-input":{"@type":"PropertyValueSpecification","valueRequired":true,"valueName":"search_term_string"}}],"inLanguage":"fr-FR"},{"@type":"Organization","@id":"https:\/\/www.edilfibro.it\/fr\/#organization","name":"Edilfibro S.p.a.","url":"https:\/\/www.edilfibro.it\/fr\/","logo":{"@type":"ImageObject","inLanguage":"fr-FR","@id":"https:\/\/www.edilfibro.it\/fr\/#\/schema\/logo\/image\/","url":"https:\/\/www.edilfibro.it\/wp-content\/uploads\/2024\/09\/Logo-Edilfibro-2024-verde.webp","contentUrl":"https:\/\/www.edilfibro.it\/wp-content\/uploads\/2024\/09\/Logo-Edilfibro-2024-verde.webp","width":270,"height":105,"caption":"Edilfibro S.p.a."},"image":{"@id":"https:\/\/www.edilfibro.it\/fr\/#\/schema\/logo\/image\/"},"sameAs":["https:\/\/www.facebook.com\/edilfibro","https:\/\/www.linkedin.com\/company\/edilfibrospa\/","https:\/\/www.youtube.com\/channel\/UCfz1PuhFpXa0MFkRDzC_Cgw"]}]}},"_links":{"self":[{"href":"https:\/\/www.edilfibro.it\/fr\/wp-json\/wp\/v2\/product\/5964","targetHints":{"allow":["GET"]}}],"collection":[{"href":"https:\/\/www.edilfibro.it\/fr\/wp-json\/wp\/v2\/product"}],"about":[{"href":"https:\/\/www.edilfibro.it\/fr\/wp-json\/wp\/v2\/types\/product"}],"replies":[{"embeddable":true,"href":"https:\/\/www.edilfibro.it\/fr\/wp-json\/wp\/v2\/comments?post=5964"}],"wp:featuredmedia":[{"embeddable":true,"href":"https:\/\/www.edilfibro.it\/fr\/wp-json\/wp\/v2\/media\/5966"}],"wp:attachment":[{"href":"https:\/\/www.edilfibro.it\/fr\/wp-json\/wp\/v2\/media?parent=5964"}],"wp:term":[{"taxonomy":"product_brand","embeddable":true,"href":"https:\/\/www.edilfibro.it\/fr\/wp-json\/wp\/v2\/product_brand?post=5964"},{"taxonomy":"product_cat","embeddable":true,"href":"https:\/\/www.edilfibro.it\/fr\/wp-json\/wp\/v2\/product_cat?post=5964"},{"taxonomy":"product_tag","embeddable":true,"href":"https:\/\/www.edilfibro.it\/fr\/wp-json\/wp\/v2\/product_tag?post=5964"}],"curies":[{"name":"wp","href":"https:\/\/api.w.org\/{rel}","templated":true}]}}