{"id":5919,"date":"2024-05-07T11:22:00","date_gmt":"2024-05-07T09:22:00","guid":{"rendered":"https:\/\/edilfibro2.noon.srl\/prodotto\/sistema-tetto\/"},"modified":"2024-10-28T12:46:30","modified_gmt":"2024-10-28T11:46:30","slug":"systeme-de-toit","status":"publish","type":"product","link":"https:\/\/www.edilfibro.it\/fr\/prodotto\/systeme-de-toit\/","title":{"rendered":"Syst\u00e8me de toit"},"content":{"rendered":"<section class=\"l-section wpb_row accessori-universali height_medium\"><div class=\"l-section-h i-cf\"><div class=\"g-cols vc_row via_grid cols_1 laptops-cols_inherit tablets-cols_inherit mobiles-cols_1 valign_middle type_default stacking_default\"><div class=\"wpb_column vc_column_container\"><div class=\"vc_column-inner\"><div class=\"g-cols wpb_row icon-box-accessori via_grid cols_4 laptops-cols_inherit tablets-cols_inherit mobiles-cols_1 valign_middle type_default stacking_default\" style=\"--columns-gap:1.4rem;\"><div class=\"wpb_column vc_column_container us_custom_dcfc9ed4\"><div class=\"vc_column-inner\"><div class=\"w-image us_custom_d673ebcf has_height align_none\"><a ref=\"magnificPopup\" href=\"https:\/\/www.edilfibro.it\/wp-content\/uploads\/2024\/05\/1sx_lucernario-lamiera-zincata-oqinbgxvlbt3ej0ahzw0g3alh3qyya874qvlrw9zty.webp\" aria-label=\"1sx_lucernario-lamiera-zincata-oqinbgxvlbt3ej0ahzw0g3alh3qyya874qvlrw9zty\" class=\"w-image-h\"><img decoding=\"async\" width=\"568\" height=\"376\" src=\"https:\/\/www.edilfibro.it\/wp-content\/uploads\/2024\/05\/1sx_lucernario-lamiera-zincata-oqinbgxvlbt3ej0ahzw0g3alh3qyya874qvlrw9zty.webp\" class=\"attachment-large size-large\" alt=\"\" loading=\"lazy\" srcset=\"https:\/\/www.edilfibro.it\/wp-content\/uploads\/2024\/05\/1sx_lucernario-lamiera-zincata-oqinbgxvlbt3ej0ahzw0g3alh3qyya874qvlrw9zty.webp 568w, https:\/\/www.edilfibro.it\/wp-content\/uploads\/2024\/05\/1sx_lucernario-lamiera-zincata-oqinbgxvlbt3ej0ahzw0g3alh3qyya874qvlrw9zty-300x199.webp 300w\" sizes=\"auto, (max-width: 568px) 100vw, 568px\" \/><\/a><\/div><div class=\"w-separator size_custom\" style=\"height:15px\"><\/div><div class=\"wpb_text_column us_custom_7a79ef8a with_collapsible_content\" data-content-height=\"400px\"><div class=\"wpb_wrapper\"><p style=\"text-align: center;\">Lanterneau en t\u00f4le galvanis\u00e9e &#8220;mod. L20&#8221;, \u00e9quip\u00e9 de verre arm\u00e9, \u00e0 utiliser sur les plaques ch\u00e2ssis en fibres-ciment.<\/p>\n<\/div><div class=\"toggle-links align_none\"><button class=\"collapsible-content-more\">Voir plus<\/button><button class=\"collapsible-content-less\">Voir moins<\/button><\/div><\/div><div class=\"w-separator size_custom\" style=\"height:15px\"><\/div><p class=\"product woocommerce add_to_cart_inline \" style=\"border:4px solid #ccc; padding: 12px;\"><span class=\"woocommerce-Price-amount amount\"><bdi>1,00&nbsp;<span class=\"woocommerce-Price-currencySymbol\">&euro;<\/span><\/bdi><\/span><a href=\"\/fr\/wp-json\/wp\/v2\/product\/5919?add-to-cart=1460\" aria-describedby=\"woocommerce_loop_add_to_cart_link_describedby_1460\" data-quantity=\"1\" class=\"button product_type_simple add_to_cart_button ajax_add_to_cart\" data-product_id=\"1460\" data-product_sku=\"\" aria-label=\"Ajouter au panier\u00a0: &ldquo;Sistema tetto - Lucernario in lamiera zincata mod. L20&rdquo;\" rel=\"nofollow\" data-success_message=\"\u00ab\u00a0Sistema tetto - Lucernario in lamiera zincata mod. L20\u00a0\u00bb a \u00e9t\u00e9 ajout\u00e9 \u00e0 votre panier\" role=\"button\"><i class=\"g-preloader type_1\"><\/i><span class=\"w-btn-label\">Ajouter au panier<\/span><\/a>\t<span id=\"woocommerce_loop_add_to_cart_link_describedby_1460\" class=\"screen-reader-text\">\n\t\t\t<\/span>\n<\/p><\/div><\/div><div class=\"wpb_column vc_column_container us_custom_dcfc9ed4\"><div class=\"vc_column-inner\"><div class=\"w-image us_custom_d673ebcf has_height align_none\"><a ref=\"magnificPopup\" href=\"https:\/\/www.edilfibro.it\/wp-content\/uploads\/2024\/05\/1dx_lucernario-rame-oqinbt5s269tlgijin65ui7l742qqckpifcx0hrvm6.webp\" aria-label=\"1dx_lucernario-rame-oqinbt5s269tlgijin65ui7l742qqckpifcx0hrvm6\" class=\"w-image-h\"><img decoding=\"async\" width=\"544\" height=\"372\" src=\"https:\/\/www.edilfibro.it\/wp-content\/uploads\/2024\/05\/1dx_lucernario-rame-oqinbt5s269tlgijin65ui7l742qqckpifcx0hrvm6.webp\" class=\"attachment-large size-large\" alt=\"\" loading=\"lazy\" srcset=\"https:\/\/www.edilfibro.it\/wp-content\/uploads\/2024\/05\/1dx_lucernario-rame-oqinbt5s269tlgijin65ui7l742qqckpifcx0hrvm6.webp 544w, https:\/\/www.edilfibro.it\/wp-content\/uploads\/2024\/05\/1dx_lucernario-rame-oqinbt5s269tlgijin65ui7l742qqckpifcx0hrvm6-300x205.webp 300w\" sizes=\"auto, (max-width: 544px) 100vw, 544px\" \/><\/a><\/div><div class=\"w-separator size_custom\" style=\"height:15px\"><\/div><div class=\"wpb_text_column us_custom_7a79ef8a\"><div class=\"wpb_wrapper\"><p style=\"text-align: center;\">Puits de lumi\u00e8re en cuivre &#8220;mod. L20&#8221;, \u00e9quip\u00e9 de verre arm\u00e9, \u00e0 appliquer sur plaques \u00a0ch\u00e2ssis en fibres-ciment.<\/p>\n<\/div><\/div><div class=\"w-separator size_custom\" style=\"height:15px\"><\/div><p class=\"product woocommerce add_to_cart_inline \" style=\"border:4px solid #ccc; padding: 12px;\"><span class=\"woocommerce-Price-amount amount\"><bdi>1,00&nbsp;<span class=\"woocommerce-Price-currencySymbol\">&euro;<\/span><\/bdi><\/span><a href=\"\/fr\/wp-json\/wp\/v2\/product\/5919?add-to-cart=1462\" aria-describedby=\"woocommerce_loop_add_to_cart_link_describedby_1462\" data-quantity=\"1\" class=\"button product_type_simple add_to_cart_button ajax_add_to_cart\" data-product_id=\"1462\" data-product_sku=\"\" aria-label=\"Ajouter au panier\u00a0: &ldquo;Sistema tetto - Lucernario in rame mod. L20&rdquo;\" rel=\"nofollow\" data-success_message=\"\u00ab\u00a0Sistema tetto - Lucernario in rame mod. L20\u00a0\u00bb a \u00e9t\u00e9 ajout\u00e9 \u00e0 votre panier\" role=\"button\"><i class=\"g-preloader type_1\"><\/i><span class=\"w-btn-label\">Ajouter au panier<\/span><\/a>\t<span id=\"woocommerce_loop_add_to_cart_link_describedby_1462\" class=\"screen-reader-text\">\n\t\t\t<\/span>\n<\/p><\/div><\/div><div class=\"wpb_column vc_column_container us_custom_dcfc9ed4\"><div class=\"vc_column-inner\"><div class=\"w-image us_custom_d673ebcf has_height align_none\"><a ref=\"magnificPopup\" href=\"https:\/\/www.edilfibro.it\/wp-content\/uploads\/2024\/05\/2sx_striscia-giuntoplasto.webp\" aria-label=\"2sx_striscia-giuntoplasto\" class=\"w-image-h\"><img decoding=\"async\" width=\"473\" height=\"231\" src=\"https:\/\/www.edilfibro.it\/wp-content\/uploads\/2024\/05\/2sx_striscia-giuntoplasto.webp\" class=\"attachment-large size-large\" alt=\"\" loading=\"lazy\" srcset=\"https:\/\/www.edilfibro.it\/wp-content\/uploads\/2024\/05\/2sx_striscia-giuntoplasto.webp 473w, https:\/\/www.edilfibro.it\/wp-content\/uploads\/2024\/05\/2sx_striscia-giuntoplasto-300x147.webp 300w\" sizes=\"auto, (max-width: 473px) 100vw, 473px\" \/><\/a><\/div><div class=\"w-separator size_custom\" style=\"height:15px\"><\/div><div class=\"wpb_text_column us_custom_7a79ef8a\"><div class=\"wpb_wrapper\"><p style=\"text-align: center;\">Section de bande plastique \u00e0 joint adh\u00e9sif.<br \/>\nBande de joint plastique adh\u00e9sive 10x10mm + profil\u00e9 mm 10&#215;20.<br \/>\nBande dans la section de joint en plastique adh\u00e9sif 20x20mm<\/p>\n<\/div><\/div><div class=\"w-separator size_custom\" style=\"height:15px\"><\/div><p class=\"product woocommerce add_to_cart_inline \" style=\"border:4px solid #ccc; padding: 12px;\"><span class=\"woocommerce-Price-amount amount\"><bdi>1,00&nbsp;<span class=\"woocommerce-Price-currencySymbol\">&euro;<\/span><\/bdi><\/span><a href=\"\/fr\/wp-json\/wp\/v2\/product\/5919?add-to-cart=1464\" aria-describedby=\"woocommerce_loop_add_to_cart_link_describedby_1464\" data-quantity=\"1\" class=\"button product_type_simple add_to_cart_button ajax_add_to_cart\" data-product_id=\"1464\" data-product_sku=\"\" aria-label=\"Ajouter au panier\u00a0: &ldquo;Sistema tetto - Striscia in giuntoplasto adesivo&rdquo;\" rel=\"nofollow\" data-success_message=\"\u00ab\u00a0Sistema tetto - Striscia in giuntoplasto adesivo\u00a0\u00bb a \u00e9t\u00e9 ajout\u00e9 \u00e0 votre panier\" role=\"button\"><i class=\"g-preloader type_1\"><\/i><span class=\"w-btn-label\">Ajouter au panier<\/span><\/a>\t<span id=\"woocommerce_loop_add_to_cart_link_describedby_1464\" class=\"screen-reader-text\">\n\t\t\t<\/span>\n<\/p><\/div><\/div><div class=\"wpb_column vc_column_container us_custom_dcfc9ed4\"><div class=\"vc_column-inner\"><div class=\"w-image us_custom_d673ebcf has_height align_none\"><a ref=\"magnificPopup\" href=\"https:\/\/www.edilfibro.it\/wp-content\/uploads\/2024\/05\/2dx_parapassero.webp\" aria-label=\"2dx_parapassero\" class=\"w-image-h\"><img decoding=\"async\" width=\"473\" height=\"280\" src=\"https:\/\/www.edilfibro.it\/wp-content\/uploads\/2024\/05\/2dx_parapassero.webp\" class=\"attachment-large size-large\" alt=\"\" loading=\"lazy\" srcset=\"https:\/\/www.edilfibro.it\/wp-content\/uploads\/2024\/05\/2dx_parapassero.webp 473w, https:\/\/www.edilfibro.it\/wp-content\/uploads\/2024\/05\/2dx_parapassero-300x178.webp 300w\" sizes=\"auto, (max-width: 473px) 100vw, 473px\" \/><\/a><\/div><div class=\"w-separator size_custom\" style=\"height:15px\"><\/div><div class=\"wpb_text_column us_custom_7a79ef8a\"><div class=\"wpb_wrapper\"><p style=\"text-align: center;\">Pare-oiseaux en forme pour fermer l\u2019onde en plastique \u00e0 joint \u00e0 utiliser avec des plaques en fibres-ciment de la s\u00e9rie Plakfort, pas 177\/51<\/p>\n<\/div><\/div><div class=\"w-separator size_custom\" style=\"height:15px\"><\/div><p class=\"product woocommerce add_to_cart_inline \" style=\"border:4px solid #ccc; padding: 12px;\"><span class=\"woocommerce-Price-amount amount\"><bdi>1,00&nbsp;<span class=\"woocommerce-Price-currencySymbol\">&euro;<\/span><\/bdi><\/span><a href=\"\/fr\/wp-json\/wp\/v2\/product\/5919?add-to-cart=1466\" aria-describedby=\"woocommerce_loop_add_to_cart_link_describedby_1466\" data-quantity=\"1\" class=\"button product_type_simple add_to_cart_button ajax_add_to_cart\" data-product_id=\"1466\" data-product_sku=\"\" aria-label=\"Ajouter au panier\u00a0: &ldquo;Sistema tetto - Parapassero sagomato per serie Plakfort passo 177\/51&rdquo;\" rel=\"nofollow\" data-success_message=\"\u00ab\u00a0Sistema tetto - Parapassero sagomato per serie Plakfort passo 177\/51\u00a0\u00bb a \u00e9t\u00e9 ajout\u00e9 \u00e0 votre panier\" role=\"button\"><i class=\"g-preloader type_1\"><\/i><span class=\"w-btn-label\">Ajouter au panier<\/span><\/a>\t<span id=\"woocommerce_loop_add_to_cart_link_describedby_1466\" class=\"screen-reader-text\">\n\t\t\t<\/span>\n<\/p><\/div><\/div><\/div><div class=\"w-separator size_large\"><\/div><div class=\"g-cols wpb_row icon-box-accessori via_grid cols_4 laptops-cols_inherit tablets-cols_inherit mobiles-cols_1 valign_middle type_default stacking_default\" style=\"--columns-gap:1.4rem;\"><div class=\"wpb_column vc_column_container us_custom_dcfc9ed4\"><div class=\"vc_column-inner\"><div class=\"w-image us_custom_d673ebcf has_height align_none\"><a ref=\"magnificPopup\" href=\"https:\/\/www.edilfibro.it\/wp-content\/uploads\/2024\/05\/3sx_parapassero.webp\" aria-label=\"3sx_parapassero\" class=\"w-image-h\"><img decoding=\"async\" width=\"473\" height=\"280\" src=\"https:\/\/www.edilfibro.it\/wp-content\/uploads\/2024\/05\/3sx_parapassero.webp\" class=\"attachment-large size-large\" alt=\"\" loading=\"lazy\" srcset=\"https:\/\/www.edilfibro.it\/wp-content\/uploads\/2024\/05\/3sx_parapassero.webp 473w, https:\/\/www.edilfibro.it\/wp-content\/uploads\/2024\/05\/3sx_parapassero-300x178.webp 300w\" sizes=\"auto, (max-width: 473px) 100vw, 473px\" \/><\/a><\/div><div class=\"w-separator size_custom\" style=\"height:15px\"><\/div><div class=\"wpb_text_column us_custom_7a79ef8a with_collapsible_content\" data-content-height=\"400px\"><div class=\"wpb_wrapper\"><p style=\"text-align: center;\">Pare-oiseaux en forme pour fermer l\u2019onde en plastique \u00e0 joint \u00e0 utiliser avec des plaques en fibres-ciment\u00a0 Tegolit, pas 200\/60<\/p>\n<\/div><div class=\"toggle-links align_none\"><button class=\"collapsible-content-more\">Voir plus<\/button><button class=\"collapsible-content-less\">Voir moins<\/button><\/div><\/div><div class=\"w-separator size_custom\" style=\"height:15px\"><\/div><p class=\"product woocommerce add_to_cart_inline \" style=\"border:4px solid #ccc; padding: 12px;\"><span class=\"woocommerce-Price-amount amount\"><bdi>1,00&nbsp;<span class=\"woocommerce-Price-currencySymbol\">&euro;<\/span><\/bdi><\/span><a href=\"\/fr\/wp-json\/wp\/v2\/product\/5919?add-to-cart=1468\" aria-describedby=\"woocommerce_loop_add_to_cart_link_describedby_1468\" data-quantity=\"1\" class=\"button product_type_simple add_to_cart_button ajax_add_to_cart\" data-product_id=\"1468\" data-product_sku=\"\" aria-label=\"Ajouter au panier\u00a0: &ldquo;Sistema tetto - Parapassero sagomato per serie Plakfort passo 200\/60&rdquo;\" rel=\"nofollow\" data-success_message=\"\u00ab\u00a0Sistema tetto - Parapassero sagomato per serie Plakfort passo 200\/60\u00a0\u00bb a \u00e9t\u00e9 ajout\u00e9 \u00e0 votre panier\" role=\"button\"><i class=\"g-preloader type_1\"><\/i><span class=\"w-btn-label\">Ajouter au panier<\/span><\/a>\t<span id=\"woocommerce_loop_add_to_cart_link_describedby_1468\" class=\"screen-reader-text\">\n\t\t\t<\/span>\n<\/p><\/div><\/div><div class=\"wpb_column vc_column_container us_custom_dcfc9ed4\"><div class=\"vc_column-inner\"><div class=\"w-image us_custom_d673ebcf has_height align_none\"><a ref=\"magnificPopup\" href=\"https:\/\/www.edilfibro.it\/wp-content\/uploads\/2024\/05\/3dx_parapassero-pettine-prpilene.webp\" aria-label=\"3dx_parapassero-pettine-prpilene\" class=\"w-image-h\"><img decoding=\"async\" width=\"532\" height=\"269\" src=\"https:\/\/www.edilfibro.it\/wp-content\/uploads\/2024\/05\/3dx_parapassero-pettine-prpilene.webp\" class=\"attachment-large size-large\" alt=\"\" loading=\"lazy\" srcset=\"https:\/\/www.edilfibro.it\/wp-content\/uploads\/2024\/05\/3dx_parapassero-pettine-prpilene.webp 532w, https:\/\/www.edilfibro.it\/wp-content\/uploads\/2024\/05\/3dx_parapassero-pettine-prpilene-300x152.webp 300w\" sizes=\"auto, (max-width: 532px) 100vw, 532px\" \/><\/a><\/div><div class=\"w-separator size_custom\" style=\"height:15px\"><\/div><div class=\"wpb_text_column us_custom_7a79ef8a\"><div class=\"wpb_wrapper\"><p style=\"text-align: center;\">Grille anti-oiseaux en forme de peigne en polypropyl\u00e8ne, teinte noire, \u00e0 utiliser avec des plaques en fibres-ciment<\/p>\n<\/div><\/div><div class=\"w-separator size_custom\" style=\"height:15px\"><\/div><p class=\"product woocommerce add_to_cart_inline \" style=\"border:4px solid #ccc; padding: 12px;\"><span class=\"woocommerce-Price-amount amount\"><bdi>1,00&nbsp;<span class=\"woocommerce-Price-currencySymbol\">&euro;<\/span><\/bdi><\/span><a href=\"\/fr\/wp-json\/wp\/v2\/product\/5919?add-to-cart=1469\" aria-describedby=\"woocommerce_loop_add_to_cart_link_describedby_1469\" data-quantity=\"1\" class=\"button product_type_simple add_to_cart_button ajax_add_to_cart\" data-product_id=\"1469\" data-product_sku=\"\" aria-label=\"Ajouter au panier\u00a0: &ldquo;Sistema tetto - Parapassero a pettine in polipropilene nero&rdquo;\" rel=\"nofollow\" data-success_message=\"\u00ab\u00a0Sistema tetto - Parapassero a pettine in polipropilene nero\u00a0\u00bb a \u00e9t\u00e9 ajout\u00e9 \u00e0 votre panier\" role=\"button\"><i class=\"g-preloader type_1\"><\/i><span class=\"w-btn-label\">Ajouter au panier<\/span><\/a>\t<span id=\"woocommerce_loop_add_to_cart_link_describedby_1469\" class=\"screen-reader-text\">\n\t\t\t<\/span>\n<\/p><\/div><\/div><div class=\"wpb_column vc_column_container us_custom_dcfc9ed4\"><div class=\"vc_column-inner\"><div class=\"w-image us_custom_d673ebcf has_height align_none\"><a ref=\"magnificPopup\" href=\"https:\/\/www.edilfibro.it\/wp-content\/uploads\/2024\/05\/4sx_parapassero-pettine-oqinccwbur94zm9aodsc5dk92oodu9hokexnpjmyo0.webp\" aria-label=\"4sx_parapassero-pettine-oqinccwbur94zm9aodsc5dk92oodu9hokexnpjmyo0\" class=\"w-image-h\"><img decoding=\"async\" width=\"371\" height=\"301\" src=\"https:\/\/www.edilfibro.it\/wp-content\/uploads\/2024\/05\/4sx_parapassero-pettine-oqinccwbur94zm9aodsc5dk92oodu9hokexnpjmyo0.webp\" class=\"attachment-large size-large\" alt=\"\" loading=\"lazy\" srcset=\"https:\/\/www.edilfibro.it\/wp-content\/uploads\/2024\/05\/4sx_parapassero-pettine-oqinccwbur94zm9aodsc5dk92oodu9hokexnpjmyo0.webp 371w, https:\/\/www.edilfibro.it\/wp-content\/uploads\/2024\/05\/4sx_parapassero-pettine-oqinccwbur94zm9aodsc5dk92oodu9hokexnpjmyo0-300x243.webp 300w\" sizes=\"auto, (max-width: 371px) 100vw, 371px\" \/><\/a><\/div><div class=\"w-separator size_custom\" style=\"height:15px\"><\/div><div class=\"wpb_text_column us_custom_7a79ef8a\"><div class=\"wpb_wrapper\"><p style=\"text-align: center;\">Grille anti-oiseaux en forme de peigne en polypropyl\u00e8ne, de couleur orange \u00e0 utiliser avec des plaques de fibrociment \u00e9cologiques<\/p>\n<\/div><\/div><div class=\"w-separator size_custom\" style=\"height:15px\"><\/div><p class=\"product woocommerce add_to_cart_inline \" style=\"border:4px solid #ccc; padding: 12px;\"><span class=\"woocommerce-Price-amount amount\"><bdi>1,00&nbsp;<span class=\"woocommerce-Price-currencySymbol\">&euro;<\/span><\/bdi><\/span><a href=\"\/fr\/wp-json\/wp\/v2\/product\/5919?add-to-cart=1471\" aria-describedby=\"woocommerce_loop_add_to_cart_link_describedby_1471\" data-quantity=\"1\" class=\"button product_type_simple add_to_cart_button ajax_add_to_cart\" data-product_id=\"1471\" data-product_sku=\"\" aria-label=\"Ajouter au panier\u00a0: &ldquo;Sistema tetto - Parapassero a pettine in polipropilene arancio&rdquo;\" rel=\"nofollow\" data-success_message=\"\u00ab\u00a0Sistema tetto - Parapassero a pettine in polipropilene arancio\u00a0\u00bb a \u00e9t\u00e9 ajout\u00e9 \u00e0 votre panier\" role=\"button\"><i class=\"g-preloader type_1\"><\/i><span class=\"w-btn-label\">Ajouter au panier<\/span><\/a>\t<span id=\"woocommerce_loop_add_to_cart_link_describedby_1471\" class=\"screen-reader-text\">\n\t\t\t<\/span>\n<\/p><\/div><\/div><div class=\"wpb_column vc_column_container us_custom_dcfc9ed4\"><div class=\"vc_column-inner\"><div class=\"w-image us_custom_d673ebcf has_height align_none\"><a ref=\"magnificPopup\" href=\"https:\/\/www.edilfibro.it\/wp-content\/uploads\/2024\/05\/4dx_dissuasori-piccioni-oqina427j06h95ipseuf6xylzjqtgakrlatwfqytj4.webp\" aria-label=\"4dx_dissuasori-piccioni-oqina427j06h95ipseuf6xylzjqtgakrlatwfqytj4\" class=\"w-image-h\"><img decoding=\"async\" width=\"814\" height=\"200\" src=\"https:\/\/www.edilfibro.it\/wp-content\/uploads\/2024\/05\/4dx_dissuasori-piccioni-oqina427j06h95ipseuf6xylzjqtgakrlatwfqytj4.webp\" class=\"attachment-large size-large\" alt=\"\" loading=\"lazy\" srcset=\"https:\/\/www.edilfibro.it\/wp-content\/uploads\/2024\/05\/4dx_dissuasori-piccioni-oqina427j06h95ipseuf6xylzjqtgakrlatwfqytj4.webp 814w, https:\/\/www.edilfibro.it\/wp-content\/uploads\/2024\/05\/4dx_dissuasori-piccioni-oqina427j06h95ipseuf6xylzjqtgakrlatwfqytj4-300x74.webp 300w, https:\/\/www.edilfibro.it\/wp-content\/uploads\/2024\/05\/4dx_dissuasori-piccioni-oqina427j06h95ipseuf6xylzjqtgakrlatwfqytj4-600x147.webp 600w\" sizes=\"auto, (max-width: 814px) 100vw, 814px\" \/><\/a><\/div><div class=\"w-separator size_custom\" style=\"height:15px\"><\/div><div class=\"wpb_text_column us_custom_96919c81 with_collapsible_content\" data-content-height=\"400px\"><div class=\"wpb_wrapper\"><p>R\u00e9pulsif anti-pigeons en acier inoxydable, avec base en polycarbonate, 3 rang\u00e9es et 80 embouts\/ml<\/p>\n<\/div><div class=\"toggle-links align_none\"><button class=\"collapsible-content-more\">Voir plus<\/button><button class=\"collapsible-content-less\">Voir moins<\/button><\/div><\/div><div class=\"w-separator size_custom\" style=\"height:15px\"><\/div><p class=\"product woocommerce add_to_cart_inline \" style=\"border:4px solid #ccc; padding: 12px;\"><span class=\"woocommerce-Price-amount amount\"><bdi>1,00&nbsp;<span class=\"woocommerce-Price-currencySymbol\">&euro;<\/span><\/bdi><\/span><a href=\"\/fr\/wp-json\/wp\/v2\/product\/5919?add-to-cart=1473\" aria-describedby=\"woocommerce_loop_add_to_cart_link_describedby_1473\" data-quantity=\"1\" class=\"button product_type_simple add_to_cart_button ajax_add_to_cart\" data-product_id=\"1473\" data-product_sku=\"\" aria-label=\"Ajouter au panier\u00a0: &ldquo;Sistema tetto - Dissuasore piccioni in acciaio inox&rdquo;\" rel=\"nofollow\" data-success_message=\"\u00ab\u00a0Sistema tetto - Dissuasore piccioni in acciaio inox\u00a0\u00bb a \u00e9t\u00e9 ajout\u00e9 \u00e0 votre panier\" role=\"button\"><i class=\"g-preloader type_1\"><\/i><span class=\"w-btn-label\">Ajouter au panier<\/span><\/a>\t<span id=\"woocommerce_loop_add_to_cart_link_describedby_1473\" class=\"screen-reader-text\">\n\t\t\t<\/span>\n<\/p><\/div><\/div><\/div><div class=\"w-separator size_large\"><\/div><div class=\"g-cols wpb_row icon-box-accessori via_grid cols_4 laptops-cols_inherit tablets-cols_inherit mobiles-cols_1 valign_middle type_default stacking_default\" style=\"--columns-gap:1.4rem;\"><div class=\"wpb_column vc_column_container us_custom_dcfc9ed4\"><div class=\"vc_column-inner\"><div class=\"w-image us_custom_d673ebcf has_height align_none\"><a ref=\"magnificPopup\" href=\"https:\/\/www.edilfibro.it\/wp-content\/uploads\/2024\/05\/5sx_colmo-ventilato.webp\" aria-label=\"5sx_colmo-ventilato\" class=\"w-image-h\"><img decoding=\"async\" width=\"474\" height=\"298\" src=\"https:\/\/www.edilfibro.it\/wp-content\/uploads\/2024\/05\/5sx_colmo-ventilato.webp\" class=\"attachment-large size-large\" alt=\"\" loading=\"lazy\" srcset=\"https:\/\/www.edilfibro.it\/wp-content\/uploads\/2024\/05\/5sx_colmo-ventilato.webp 474w, https:\/\/www.edilfibro.it\/wp-content\/uploads\/2024\/05\/5sx_colmo-ventilato-300x189.webp 300w\" sizes=\"auto, (max-width: 474px) 100vw, 474px\" \/><\/a><\/div><div class=\"w-separator size_custom\" style=\"height:15px\"><\/div><div class=\"wpb_text_column us_custom_96919c81\"><div class=\"wpb_wrapper\"><p>Fa\u00eeti\u00e8re ventil\u00e9e mod. VM 880 avec partie centrale en zinc et ailes pliss\u00e9es en tuile rouge plomb, largeur utile 120 mm<\/p>\n<\/div><\/div><div class=\"w-separator size_custom\" style=\"height:15px\"><\/div><p class=\"product woocommerce add_to_cart_inline \" style=\"border:4px solid #ccc; padding: 12px;\"><span class=\"woocommerce-Price-amount amount\"><bdi>1,00&nbsp;<span class=\"woocommerce-Price-currencySymbol\">&euro;<\/span><\/bdi><\/span><a href=\"\/fr\/wp-json\/wp\/v2\/product\/5919?add-to-cart=1475\" aria-describedby=\"woocommerce_loop_add_to_cart_link_describedby_1475\" data-quantity=\"1\" class=\"button product_type_simple add_to_cart_button ajax_add_to_cart\" data-product_id=\"1475\" data-product_sku=\"\" aria-label=\"Ajouter au panier\u00a0: &ldquo;Sistema tetto - Colmo ventilato mod. VM 880 colore rosso coppo&rdquo;\" rel=\"nofollow\" data-success_message=\"\u00ab\u00a0Sistema tetto - Colmo ventilato mod. VM 880 colore rosso coppo\u00a0\u00bb a \u00e9t\u00e9 ajout\u00e9 \u00e0 votre panier\" role=\"button\"><i class=\"g-preloader type_1\"><\/i><span class=\"w-btn-label\">Ajouter au panier<\/span><\/a>\t<span id=\"woocommerce_loop_add_to_cart_link_describedby_1475\" class=\"screen-reader-text\">\n\t\t\t<\/span>\n<\/p><\/div><\/div><div class=\"wpb_column vc_column_container us_custom_dcfc9ed4\"><div class=\"vc_column-inner\"><div class=\"w-image us_custom_d673ebcf has_height align_none\"><a ref=\"magnificPopup\" href=\"https:\/\/www.edilfibro.it\/wp-content\/uploads\/2024\/05\/5dx_colmo-ventilato-piombo.webp\" aria-label=\"5dx_colmo-ventilato-piombo\" class=\"w-image-h\"><img decoding=\"async\" width=\"474\" height=\"298\" src=\"https:\/\/www.edilfibro.it\/wp-content\/uploads\/2024\/05\/5dx_colmo-ventilato-piombo.webp\" class=\"attachment-large size-large\" alt=\"\" loading=\"lazy\" srcset=\"https:\/\/www.edilfibro.it\/wp-content\/uploads\/2024\/05\/5dx_colmo-ventilato-piombo.webp 474w, https:\/\/www.edilfibro.it\/wp-content\/uploads\/2024\/05\/5dx_colmo-ventilato-piombo-300x189.webp 300w\" sizes=\"auto, (max-width: 474px) 100vw, 474px\" \/><\/a><\/div><div class=\"w-separator size_custom\" style=\"height:15px\"><\/div><div class=\"wpb_text_column us_custom_96919c81\"><div class=\"wpb_wrapper\"><p>Fa\u00eeti\u00e8re ventil\u00e9e VM 880 avec plissage plomb, largeur utile 120 mm<\/p>\n<\/div><\/div><div class=\"w-separator size_custom\" style=\"height:15px\"><\/div><p class=\"product woocommerce add_to_cart_inline \" style=\"border:4px solid #ccc; padding: 12px;\"><span class=\"woocommerce-Price-amount amount\"><bdi>1,00&nbsp;<span class=\"woocommerce-Price-currencySymbol\">&euro;<\/span><\/bdi><\/span><a href=\"\/fr\/wp-json\/wp\/v2\/product\/5919?add-to-cart=1477\" aria-describedby=\"woocommerce_loop_add_to_cart_link_describedby_1477\" data-quantity=\"1\" class=\"button product_type_simple add_to_cart_button ajax_add_to_cart\" data-product_id=\"1477\" data-product_sku=\"\" aria-label=\"Ajouter au panier\u00a0: &ldquo;Sistema tetto - Colmo ventilato mod. VM 880&rdquo;\" rel=\"nofollow\" data-success_message=\"\u00ab\u00a0Sistema tetto - Colmo ventilato mod. VM 880\u00a0\u00bb a \u00e9t\u00e9 ajout\u00e9 \u00e0 votre panier\" role=\"button\"><i class=\"g-preloader type_1\"><\/i><span class=\"w-btn-label\">Ajouter au panier<\/span><\/a>\t<span id=\"woocommerce_loop_add_to_cart_link_describedby_1477\" class=\"screen-reader-text\">\n\t\t\t<\/span>\n<\/p><\/div><\/div><div class=\"wpb_column vc_column_container us_custom_dcfc9ed4\"><div class=\"vc_column-inner\"><div class=\"w-image us_custom_d673ebcf has_height align_none\"><a ref=\"magnificPopup\" href=\"https:\/\/www.edilfibro.it\/wp-content\/uploads\/2024\/05\/6sx_Grappe-fermacoppo-VM_880.webp\" aria-label=\"6sx_Grappe-fermacoppo-VM_880\" class=\"w-image-h\"><img decoding=\"async\" width=\"724\" height=\"243\" src=\"https:\/\/www.edilfibro.it\/wp-content\/uploads\/2024\/05\/6sx_Grappe-fermacoppo-VM_880.webp\" class=\"attachment-large size-large\" alt=\"\" loading=\"lazy\" srcset=\"https:\/\/www.edilfibro.it\/wp-content\/uploads\/2024\/05\/6sx_Grappe-fermacoppo-VM_880.webp 724w, https:\/\/www.edilfibro.it\/wp-content\/uploads\/2024\/05\/6sx_Grappe-fermacoppo-VM_880-300x101.webp 300w, https:\/\/www.edilfibro.it\/wp-content\/uploads\/2024\/05\/6sx_Grappe-fermacoppo-VM_880-600x201.webp 600w\" sizes=\"auto, (max-width: 724px) 100vw, 724px\" \/><\/a><\/div><div class=\"w-separator size_custom\" style=\"height:15px\"><\/div><div class=\"wpb_text_column us_custom_96919c81\"><div class=\"wpb_wrapper\"><p>Pinces \u00e0 carrelage en acier inoxydable pour fa\u00eeti\u00e8res ventil\u00e9es, mod. VM880<\/p>\n<\/div><\/div><div class=\"w-separator size_custom\" style=\"height:15px\"><\/div><p class=\"product woocommerce add_to_cart_inline \" style=\"border:4px solid #ccc; padding: 12px;\"><span class=\"woocommerce-Price-amount amount\"><bdi>1,00&nbsp;<span class=\"woocommerce-Price-currencySymbol\">&euro;<\/span><\/bdi><\/span><a href=\"\/fr\/wp-json\/wp\/v2\/product\/5919?add-to-cart=1479\" aria-describedby=\"woocommerce_loop_add_to_cart_link_describedby_1479\" data-quantity=\"1\" class=\"button product_type_simple add_to_cart_button ajax_add_to_cart\" data-product_id=\"1479\" data-product_sku=\"\" aria-label=\"Ajouter au panier\u00a0: &ldquo;Sistema tetto - Grappe fermacoppo in acciaio inox mod. VM 880&rdquo;\" rel=\"nofollow\" data-success_message=\"\u00ab\u00a0Sistema tetto - Grappe fermacoppo in acciaio inox mod. VM 880\u00a0\u00bb a \u00e9t\u00e9 ajout\u00e9 \u00e0 votre panier\" role=\"button\"><i class=\"g-preloader type_1\"><\/i><span class=\"w-btn-label\">Ajouter au panier<\/span><\/a>\t<span id=\"woocommerce_loop_add_to_cart_link_describedby_1479\" class=\"screen-reader-text\">\n\t\t\t<\/span>\n<\/p><\/div><\/div><div class=\"wpb_column vc_column_container us_custom_dcfc9ed4\"><div class=\"vc_column-inner\"><div class=\"w-image us_custom_d673ebcf has_height align_none\"><a ref=\"magnificPopup\" href=\"https:\/\/www.edilfibro.it\/wp-content\/uploads\/2024\/05\/6dx_portalistello.webp\" aria-label=\"6dx_portalistello\" class=\"w-image-h\"><img decoding=\"async\" width=\"468\" height=\"231\" src=\"https:\/\/www.edilfibro.it\/wp-content\/uploads\/2024\/05\/6dx_portalistello.webp\" class=\"attachment-large size-large\" alt=\"\" loading=\"lazy\" srcset=\"https:\/\/www.edilfibro.it\/wp-content\/uploads\/2024\/05\/6dx_portalistello.webp 468w, https:\/\/www.edilfibro.it\/wp-content\/uploads\/2024\/05\/6dx_portalistello-300x148.webp 300w\" sizes=\"auto, (max-width: 468px) 100vw, 468px\" \/><\/a><\/div><div class=\"w-separator size_custom\" style=\"height:15px\"><\/div><div class=\"wpb_text_column us_custom_96919c81 with_collapsible_content\" data-content-height=\"400px\"><div class=\"wpb_wrapper\"><p>Porte-liste cm. 5 pour ligne de cr\u00eate, ailerons h. 190 millim\u00e8tres<\/p>\n<\/div><div class=\"toggle-links align_none\"><button class=\"collapsible-content-more\">Voir plus<\/button><button class=\"collapsible-content-less\">Voir moins<\/button><\/div><\/div><div class=\"w-separator size_custom\" style=\"height:15px\"><\/div><p class=\"product woocommerce add_to_cart_inline \" style=\"border:4px solid #ccc; padding: 12px;\"><span class=\"woocommerce-Price-amount amount\"><bdi>1,00&nbsp;<span class=\"woocommerce-Price-currencySymbol\">&euro;<\/span><\/bdi><\/span><a href=\"\/fr\/wp-json\/wp\/v2\/product\/5919?add-to-cart=1481\" aria-describedby=\"woocommerce_loop_add_to_cart_link_describedby_1481\" data-quantity=\"1\" class=\"button product_type_simple add_to_cart_button ajax_add_to_cart\" data-product_id=\"1481\" data-product_sku=\"\" aria-label=\"Ajouter au panier\u00a0: &ldquo;Sistema tetto - Portalistello da cm. 5 per linea di colmo&rdquo;\" rel=\"nofollow\" data-success_message=\"\u00ab\u00a0Sistema tetto - Portalistello da cm. 5 per linea di colmo\u00a0\u00bb a \u00e9t\u00e9 ajout\u00e9 \u00e0 votre panier\" role=\"button\"><i class=\"g-preloader type_1\"><\/i><span class=\"w-btn-label\">Ajouter au panier<\/span><\/a>\t<span id=\"woocommerce_loop_add_to_cart_link_describedby_1481\" class=\"screen-reader-text\">\n\t\t\t<\/span>\n<\/p><\/div><\/div><\/div><div class=\"w-separator size_large\"><\/div><div class=\"g-cols wpb_row icon-box-accessori via_grid cols_4 laptops-cols_inherit tablets-cols_inherit mobiles-cols_1 valign_middle type_default stacking_default\" style=\"--columns-gap:1.4rem;\"><div class=\"wpb_column vc_column_container us_custom_dcfc9ed4\"><div class=\"vc_column-inner\"><div class=\"w-image us_custom_d673ebcf has_height align_none\"><a ref=\"magnificPopup\" href=\"https:\/\/www.edilfibro.it\/wp-content\/uploads\/2024\/05\/7sx_Grappe-fermacoppo-A.webp\" aria-label=\"7sx_Grappe-fermacoppo-A\" class=\"w-image-h\"><img decoding=\"async\" width=\"463\" height=\"204\" src=\"https:\/\/www.edilfibro.it\/wp-content\/uploads\/2024\/05\/7sx_Grappe-fermacoppo-A.webp\" class=\"attachment-large size-large\" alt=\"\" loading=\"lazy\" srcset=\"https:\/\/www.edilfibro.it\/wp-content\/uploads\/2024\/05\/7sx_Grappe-fermacoppo-A.webp 463w, https:\/\/www.edilfibro.it\/wp-content\/uploads\/2024\/05\/7sx_Grappe-fermacoppo-A-300x132.webp 300w\" sizes=\"auto, (max-width: 463px) 100vw, 463px\" \/><\/a><\/div><div class=\"w-separator size_custom\" style=\"height:15px\"><\/div><div class=\"wpb_text_column us_custom_96919c81\"><div class=\"wpb_wrapper\"><p>Pinces \u00e0 carrelage en cuivre, \u00e9paisseur 10\/10 mm, type A \u00e0 utiliser avec des carrelages anciens<\/p>\n<\/div><\/div><div class=\"w-separator size_custom\" style=\"height:15px\"><\/div><p class=\"product woocommerce add_to_cart_inline \" style=\"border:4px solid #ccc; padding: 12px;\"><span class=\"woocommerce-Price-amount amount\"><bdi>1,00&nbsp;<span class=\"woocommerce-Price-currencySymbol\">&euro;<\/span><\/bdi><\/span><a href=\"\/fr\/wp-json\/wp\/v2\/product\/5919?add-to-cart=1483\" aria-describedby=\"woocommerce_loop_add_to_cart_link_describedby_1483\" data-quantity=\"1\" class=\"button product_type_simple add_to_cart_button ajax_add_to_cart\" data-product_id=\"1483\" data-product_sku=\"\" aria-label=\"Ajouter au panier\u00a0: &ldquo;Sistema tetto - Grappe fermacoppo in Rame Tipo A&rdquo;\" rel=\"nofollow\" data-success_message=\"\u00ab\u00a0Sistema tetto - Grappe fermacoppo in Rame Tipo A\u00a0\u00bb a \u00e9t\u00e9 ajout\u00e9 \u00e0 votre panier\" role=\"button\"><i class=\"g-preloader type_1\"><\/i><span class=\"w-btn-label\">Ajouter au panier<\/span><\/a>\t<span id=\"woocommerce_loop_add_to_cart_link_describedby_1483\" class=\"screen-reader-text\">\n\t\t\t<\/span>\n<\/p><\/div><\/div><div class=\"wpb_column vc_column_container us_custom_dcfc9ed4\"><div class=\"vc_column-inner\"><div class=\"w-image us_custom_d673ebcf has_height align_none\"><a ref=\"magnificPopup\" href=\"https:\/\/www.edilfibro.it\/wp-content\/uploads\/2024\/05\/7dx_Grappe-fermacoppo-AN.webp\" aria-label=\"7dx_Grappe-fermacoppo-AN\" class=\"w-image-h\"><img decoding=\"async\" width=\"533\" height=\"201\" src=\"https:\/\/www.edilfibro.it\/wp-content\/uploads\/2024\/05\/7dx_Grappe-fermacoppo-AN.webp\" class=\"attachment-large size-large\" alt=\"\" loading=\"lazy\" srcset=\"https:\/\/www.edilfibro.it\/wp-content\/uploads\/2024\/05\/7dx_Grappe-fermacoppo-AN.webp 533w, https:\/\/www.edilfibro.it\/wp-content\/uploads\/2024\/05\/7dx_Grappe-fermacoppo-AN-300x113.webp 300w\" sizes=\"auto, (max-width: 533px) 100vw, 533px\" \/><\/a><\/div><div class=\"w-separator size_custom\" style=\"height:15px\"><\/div><div class=\"wpb_text_column us_custom_96919c81\"><div class=\"wpb_wrapper\"><p>Colliers de serrage pour tuiles en cuivre, \u00e9paisseur 10\/10 mm, type AN pour tuiles neuves<\/p>\n<\/div><\/div><div class=\"w-separator size_custom\" style=\"height:15px\"><\/div><p class=\"product woocommerce add_to_cart_inline \" style=\"border:4px solid #ccc; padding: 12px;\"><span class=\"woocommerce-Price-amount amount\"><bdi>1,00&nbsp;<span class=\"woocommerce-Price-currencySymbol\">&euro;<\/span><\/bdi><\/span><a href=\"\/fr\/wp-json\/wp\/v2\/product\/5919?add-to-cart=1485\" aria-describedby=\"woocommerce_loop_add_to_cart_link_describedby_1485\" data-quantity=\"1\" class=\"button product_type_simple add_to_cart_button ajax_add_to_cart\" data-product_id=\"1485\" data-product_sku=\"\" aria-label=\"Ajouter au panier\u00a0: &ldquo;Sistema tetto - Grappe fermacoppo in Rame Tipo AN&rdquo;\" rel=\"nofollow\" data-success_message=\"\u00ab\u00a0Sistema tetto - Grappe fermacoppo in Rame Tipo AN\u00a0\u00bb a \u00e9t\u00e9 ajout\u00e9 \u00e0 votre panier\" role=\"button\"><i class=\"g-preloader type_1\"><\/i><span class=\"w-btn-label\">Ajouter au panier<\/span><\/a>\t<span id=\"woocommerce_loop_add_to_cart_link_describedby_1485\" class=\"screen-reader-text\">\n\t\t\t<\/span>\n<\/p><\/div><\/div><div class=\"wpb_column vc_column_container us_custom_dcfc9ed4\"><div class=\"vc_column-inner\"><div class=\"w-image us_custom_d673ebcf has_height align_none\"><a ref=\"magnificPopup\" href=\"https:\/\/www.edilfibro.it\/wp-content\/uploads\/2024\/05\/8sx_Grappe-fermacoppo-B.webp\" aria-label=\"8sx_Grappe-fermacoppo-B\" class=\"w-image-h\"><img decoding=\"async\" width=\"863\" height=\"143\" src=\"https:\/\/www.edilfibro.it\/wp-content\/uploads\/2024\/05\/8sx_Grappe-fermacoppo-B.webp\" class=\"attachment-large size-large\" alt=\"\" loading=\"lazy\" srcset=\"https:\/\/www.edilfibro.it\/wp-content\/uploads\/2024\/05\/8sx_Grappe-fermacoppo-B.webp 863w, https:\/\/www.edilfibro.it\/wp-content\/uploads\/2024\/05\/8sx_Grappe-fermacoppo-B-300x50.webp 300w, https:\/\/www.edilfibro.it\/wp-content\/uploads\/2024\/05\/8sx_Grappe-fermacoppo-B-600x99.webp 600w\" sizes=\"auto, (max-width: 863px) 100vw, 863px\" \/><\/a><\/div><div class=\"w-separator size_custom\" style=\"height:15px\"><\/div><div class=\"wpb_text_column us_custom_96919c81\"><div class=\"wpb_wrapper\"><p>Pinces \u00e0 carrelage en cuivre, \u00e9paisseur 10\/10 mm, type B de Gronda<\/p>\n<\/div><\/div><div class=\"w-separator size_custom\" style=\"height:15px\"><\/div><p class=\"product woocommerce add_to_cart_inline \" style=\"border:4px solid #ccc; padding: 12px;\"><span class=\"woocommerce-Price-amount amount\"><bdi>1,00&nbsp;<span class=\"woocommerce-Price-currencySymbol\">&euro;<\/span><\/bdi><\/span><a href=\"\/fr\/wp-json\/wp\/v2\/product\/5919?add-to-cart=1487\" aria-describedby=\"woocommerce_loop_add_to_cart_link_describedby_1487\" data-quantity=\"1\" class=\"button product_type_simple add_to_cart_button ajax_add_to_cart\" data-product_id=\"1487\" data-product_sku=\"\" aria-label=\"Ajouter au panier\u00a0: &ldquo;Sistema tetto - Grappe fermacoppo in Rame Tipo B&rdquo;\" rel=\"nofollow\" data-success_message=\"\u00ab\u00a0Sistema tetto - Grappe fermacoppo in Rame Tipo B\u00a0\u00bb a \u00e9t\u00e9 ajout\u00e9 \u00e0 votre panier\" role=\"button\"><i class=\"g-preloader type_1\"><\/i><span class=\"w-btn-label\">Ajouter au panier<\/span><\/a>\t<span id=\"woocommerce_loop_add_to_cart_link_describedby_1487\" class=\"screen-reader-text\">\n\t\t\t<\/span>\n<\/p><\/div><\/div><div class=\"wpb_column vc_column_container us_custom_dcfc9ed4\"><div class=\"vc_column-inner\"><div class=\"w-image us_custom_d673ebcf has_height align_none\"><a ref=\"magnificPopup\" href=\"https:\/\/www.edilfibro.it\/wp-content\/uploads\/2024\/05\/8dx_Grappe-fermacoppo-C.webp\" aria-label=\"8dx_Grappe-fermacoppo-C\" class=\"w-image-h\"><img decoding=\"async\" width=\"706\" height=\"208\" src=\"https:\/\/www.edilfibro.it\/wp-content\/uploads\/2024\/05\/8dx_Grappe-fermacoppo-C.webp\" class=\"attachment-large size-large\" alt=\"\" loading=\"lazy\" srcset=\"https:\/\/www.edilfibro.it\/wp-content\/uploads\/2024\/05\/8dx_Grappe-fermacoppo-C.webp 706w, https:\/\/www.edilfibro.it\/wp-content\/uploads\/2024\/05\/8dx_Grappe-fermacoppo-C-300x88.webp 300w, https:\/\/www.edilfibro.it\/wp-content\/uploads\/2024\/05\/8dx_Grappe-fermacoppo-C-600x177.webp 600w\" sizes=\"auto, (max-width: 706px) 100vw, 706px\" \/><\/a><\/div><div class=\"w-separator size_custom\" style=\"height:15px\"><\/div><div class=\"wpb_text_column us_custom_96919c81 with_collapsible_content\" data-content-height=\"400px\"><div class=\"wpb_wrapper\"><p>Pinces \u00e0 carrelage en cuivre, \u00e9paisseur 10\/10 mm, interm\u00e9diaire Type C<\/p>\n<\/div><div class=\"toggle-links align_none\"><button class=\"collapsible-content-more\">Voir plus<\/button><button class=\"collapsible-content-less\">Voir moins<\/button><\/div><\/div><div class=\"w-separator size_custom\" style=\"height:15px\"><\/div><p class=\"product woocommerce add_to_cart_inline \" style=\"border:4px solid #ccc; padding: 12px;\"><span class=\"woocommerce-Price-amount amount\"><bdi>1,00&nbsp;<span class=\"woocommerce-Price-currencySymbol\">&euro;<\/span><\/bdi><\/span><a href=\"\/fr\/wp-json\/wp\/v2\/product\/5919?add-to-cart=1489\" aria-describedby=\"woocommerce_loop_add_to_cart_link_describedby_1489\" data-quantity=\"1\" class=\"button product_type_simple add_to_cart_button ajax_add_to_cart\" data-product_id=\"1489\" data-product_sku=\"\" aria-label=\"Ajouter au panier\u00a0: &ldquo;Sistema tetto - Grappe fermacoppo in Rame Tipo C&rdquo;\" rel=\"nofollow\" data-success_message=\"\u00ab\u00a0Sistema tetto - Grappe fermacoppo in Rame Tipo C\u00a0\u00bb a \u00e9t\u00e9 ajout\u00e9 \u00e0 votre panier\" role=\"button\"><i class=\"g-preloader type_1\"><\/i><span class=\"w-btn-label\">Ajouter au panier<\/span><\/a>\t<span id=\"woocommerce_loop_add_to_cart_link_describedby_1489\" class=\"screen-reader-text\">\n\t\t\t<\/span>\n<\/p><\/div><\/div><\/div><div class=\"w-separator size_large\"><\/div><div class=\"g-cols wpb_row icon-box-accessori via_grid cols_4 laptops-cols_inherit tablets-cols_inherit mobiles-cols_1 valign_middle type_default stacking_default\" style=\"--columns-gap:1.4rem;\"><div class=\"wpb_column vc_column_container us_custom_dcfc9ed4\"><div class=\"vc_column-inner\"><div class=\"w-image us_custom_d673ebcf has_height align_none\"><a ref=\"magnificPopup\" href=\"https:\/\/www.edilfibro.it\/wp-content\/uploads\/2024\/05\/9sx_Grappe-fermacoppo-D.webp\" aria-label=\"9sx_Grappe-fermacoppo-D\" class=\"w-image-h\"><img decoding=\"async\" width=\"757\" height=\"292\" src=\"https:\/\/www.edilfibro.it\/wp-content\/uploads\/2024\/05\/9sx_Grappe-fermacoppo-D.webp\" class=\"attachment-large size-large\" alt=\"\" loading=\"lazy\" srcset=\"https:\/\/www.edilfibro.it\/wp-content\/uploads\/2024\/05\/9sx_Grappe-fermacoppo-D.webp 757w, https:\/\/www.edilfibro.it\/wp-content\/uploads\/2024\/05\/9sx_Grappe-fermacoppo-D-300x116.webp 300w, https:\/\/www.edilfibro.it\/wp-content\/uploads\/2024\/05\/9sx_Grappe-fermacoppo-D-600x231.webp 600w\" sizes=\"auto, (max-width: 757px) 100vw, 757px\" \/><\/a><\/div><div class=\"w-separator size_custom\" style=\"height:15px\"><\/div><div class=\"wpb_text_column us_custom_96919c81\"><div class=\"wpb_wrapper\"><p>Pinces de maintien pour carrelage en cuivre, \u00e9paisseur 10\/10 mm, type D interm\u00e9diaire, pour double couche de carrelage<\/p>\n<\/div><\/div><div class=\"w-separator size_custom\" style=\"height:15px\"><\/div><p class=\"product woocommerce add_to_cart_inline \" style=\"border:4px solid #ccc; padding: 12px;\"><span class=\"woocommerce-Price-amount amount\"><bdi>1,00&nbsp;<span class=\"woocommerce-Price-currencySymbol\">&euro;<\/span><\/bdi><\/span><a href=\"\/fr\/wp-json\/wp\/v2\/product\/5919?add-to-cart=1491\" aria-describedby=\"woocommerce_loop_add_to_cart_link_describedby_1491\" data-quantity=\"1\" class=\"button product_type_simple add_to_cart_button ajax_add_to_cart\" data-product_id=\"1491\" data-product_sku=\"\" aria-label=\"Ajouter au panier\u00a0: &ldquo;Sistema tetto - Grappe fermacoppo in Rame Tipo D&rdquo;\" rel=\"nofollow\" data-success_message=\"\u00ab\u00a0Sistema tetto - Grappe fermacoppo in Rame Tipo D\u00a0\u00bb a \u00e9t\u00e9 ajout\u00e9 \u00e0 votre panier\" role=\"button\"><i class=\"g-preloader type_1\"><\/i><span class=\"w-btn-label\">Ajouter au panier<\/span><\/a>\t<span id=\"woocommerce_loop_add_to_cart_link_describedby_1491\" class=\"screen-reader-text\">\n\t\t\t<\/span>\n<\/p><\/div><\/div><div class=\"wpb_column vc_column_container us_custom_dcfc9ed4\"><div class=\"vc_column-inner\"><div class=\"w-image us_custom_d673ebcf has_height align_none\"><a ref=\"magnificPopup\" href=\"https:\/\/www.edilfibro.it\/wp-content\/uploads\/2024\/05\/9dx_rivetto-rame.webp\" aria-label=\"9dx_rivetto-rame\" class=\"w-image-h\"><img decoding=\"async\" width=\"756\" height=\"198\" src=\"https:\/\/www.edilfibro.it\/wp-content\/uploads\/2024\/05\/9dx_rivetto-rame.webp\" class=\"attachment-large size-large\" alt=\"\" loading=\"lazy\" srcset=\"https:\/\/www.edilfibro.it\/wp-content\/uploads\/2024\/05\/9dx_rivetto-rame.webp 756w, https:\/\/www.edilfibro.it\/wp-content\/uploads\/2024\/05\/9dx_rivetto-rame-300x79.webp 300w, https:\/\/www.edilfibro.it\/wp-content\/uploads\/2024\/05\/9dx_rivetto-rame-600x157.webp 600w\" sizes=\"auto, (max-width: 756px) 100vw, 756px\" \/><\/a><\/div><div class=\"w-separator size_custom\" style=\"height:15px\"><\/div><div class=\"wpb_text_column us_custom_96919c81\"><div class=\"wpb_wrapper\"><p>Rivet en cuivre pour pinces de toit<\/p>\n<\/div><\/div><div class=\"w-separator size_custom\" style=\"height:15px\"><\/div><p class=\"product woocommerce add_to_cart_inline \" style=\"border:4px solid #ccc; padding: 12px;\"><span class=\"woocommerce-Price-amount amount\"><bdi>1,00&nbsp;<span class=\"woocommerce-Price-currencySymbol\">&euro;<\/span><\/bdi><\/span><a href=\"\/fr\/wp-json\/wp\/v2\/product\/5919?add-to-cart=1493\" aria-describedby=\"woocommerce_loop_add_to_cart_link_describedby_1493\" data-quantity=\"1\" class=\"button product_type_simple add_to_cart_button ajax_add_to_cart\" data-product_id=\"1493\" data-product_sku=\"\" aria-label=\"Ajouter au panier\u00a0: &ldquo;Sistema tetto - Rivetto in rame per grappe fermacoppi&rdquo;\" rel=\"nofollow\" data-success_message=\"\u00ab\u00a0Sistema tetto - Rivetto in rame per grappe fermacoppi\u00a0\u00bb a \u00e9t\u00e9 ajout\u00e9 \u00e0 votre panier\" role=\"button\"><i class=\"g-preloader type_1\"><\/i><span class=\"w-btn-label\">Ajouter au panier<\/span><\/a>\t<span id=\"woocommerce_loop_add_to_cart_link_describedby_1493\" class=\"screen-reader-text\">\n\t\t\t<\/span>\n<\/p><\/div><\/div><div class=\"wpb_column vc_column_container us_custom_dcfc9ed4\"><div class=\"vc_column-inner\"><div class=\"w-image us_custom_d673ebcf has_height align_none\"><a ref=\"magnificPopup\" href=\"https:\/\/www.edilfibro.it\/wp-content\/uploads\/2024\/05\/10sx_pinza-oqinclcvk9kpw3x0azfz9tfef5iorjf9lkt111af40.webp\" aria-label=\"10sx_pinza-oqinclcvk9kpw3x0azfz9tfef5iorjf9lkt111af40\" class=\"w-image-h\"><img decoding=\"async\" width=\"435\" height=\"346\" src=\"https:\/\/www.edilfibro.it\/wp-content\/uploads\/2024\/05\/10sx_pinza-oqinclcvk9kpw3x0azfz9tfef5iorjf9lkt111af40.webp\" class=\"attachment-large size-large\" alt=\"\" loading=\"lazy\" srcset=\"https:\/\/www.edilfibro.it\/wp-content\/uploads\/2024\/05\/10sx_pinza-oqinclcvk9kpw3x0azfz9tfef5iorjf9lkt111af40.webp 435w, https:\/\/www.edilfibro.it\/wp-content\/uploads\/2024\/05\/10sx_pinza-oqinclcvk9kpw3x0azfz9tfef5iorjf9lkt111af40-300x239.webp 300w\" sizes=\"auto, (max-width: 435px) 100vw, 435px\" \/><\/a><\/div><div class=\"w-separator size_custom\" style=\"height:15px\"><\/div><div class=\"wpb_text_column us_custom_96919c81\"><div class=\"wpb_wrapper\"><p>Pince s\u00e9rie &#8220;Lastrip&#8221; pour retirer le biseau des plaques Tegolit<\/p>\n<\/div><\/div><div class=\"w-separator size_custom\" style=\"height:15px\"><\/div><p class=\"product woocommerce add_to_cart_inline \" style=\"border:4px solid #ccc; padding: 12px;\"><span class=\"woocommerce-Price-amount amount\"><bdi>1,00&nbsp;<span class=\"woocommerce-Price-currencySymbol\">&euro;<\/span><\/bdi><\/span><a href=\"\/fr\/wp-json\/wp\/v2\/product\/5919?add-to-cart=1495\" aria-describedby=\"woocommerce_loop_add_to_cart_link_describedby_1495\" data-quantity=\"1\" class=\"button product_type_simple add_to_cart_button ajax_add_to_cart\" data-product_id=\"1495\" data-product_sku=\"\" aria-label=\"Ajouter au panier\u00a0: &ldquo;Sistema tetto - Pinza serie &quot;Lastrip&quot; per asportazione smusso lastre Tegolit&rdquo;\" rel=\"nofollow\" data-success_message=\"\u00ab\u00a0Sistema tetto - Pinza serie &quot;Lastrip&quot; per asportazione smusso lastre Tegolit\u00a0\u00bb a \u00e9t\u00e9 ajout\u00e9 \u00e0 votre panier\" role=\"button\"><i class=\"g-preloader type_1\"><\/i><span class=\"w-btn-label\">Ajouter au panier<\/span><\/a>\t<span id=\"woocommerce_loop_add_to_cart_link_describedby_1495\" class=\"screen-reader-text\">\n\t\t\t<\/span>\n<\/p><\/div><\/div><div class=\"wpb_column vc_column_container\"><div class=\"vc_column-inner\"><\/div><\/div><\/div><\/div><\/div><\/div><\/div><\/section><section class=\"l-section wpb_row height_medium\"><div class=\"l-section-h i-cf\"><div class=\"g-cols vc_row via_grid cols_1 laptops-cols_inherit tablets-cols_inherit mobiles-cols_1 valign_top type_default stacking_default\"><div class=\"wpb_column vc_column_container\"><div class=\"vc_column-inner\"><div class=\"wpb_text_column\"><div class=\"wpb_wrapper\"><p><em>*Sur demande jusqu&#8217;\u00e0 \u00e9puisement des stocks<\/em><\/p>\n<\/div><\/div><\/div><\/div><\/div><\/div><\/section>\n","protected":false},"excerpt":{"rendered":"Lanterneau en t\u00f4le galvanis\u00e9e &#8220;mod. L20&#8221;, \u00e9quip\u00e9 de verre arm\u00e9, \u00e0 utiliser sur les plaques ch\u00e2ssis en fibres-ciment. Voir plusVoir moins1,00&nbsp;&euro;Ajouter au panier Puits de lumi\u00e8re en cuivre &#8220;mod. L20&#8221;, \u00e9quip\u00e9 de verre arm\u00e9, \u00e0 appliquer sur plaques \u00a0ch\u00e2ssis en fibres-ciment. 1,00&nbsp;&euro;Ajouter au panier Section de bande plastique \u00e0 joint adh\u00e9sif. Bande de joint plastique...","protected":false},"featured_media":5852,"comment_status":"closed","ping_status":"closed","template":"","meta":[],"product_brand":[],"product_cat":[424],"product_tag":[],"class_list":{"0":"post-5919","1":"product","2":"type-product","3":"status-publish","4":"has-post-thumbnail","6":"product_cat-materiel-subsidiaire-fr","7":"pa_profilo-fibrocemento-5-onde-fr","9":"first","10":"instock","11":"shipping-taxable","12":"purchasable","13":"product-type-variable","14":"has-default-attributes"},"yoast_head":"<!-- This site is optimized with the Yoast SEO plugin v26.6 - https:\/\/yoast.com\/wordpress\/plugins\/seo\/ -->\n<title>Syst\u00e8me de toit - Edilfibro S.p.a.<\/title>\n<meta name=\"robots\" content=\"index, follow, max-snippet:-1, max-image-preview:large, max-video-preview:-1\" \/>\n<link rel=\"canonical\" href=\"https:\/\/www.edilfibro.it\/fr\/prodotto\/systeme-de-toit\/\" \/>\n<meta property=\"og:locale\" content=\"fr_FR\" \/>\n<meta property=\"og:type\" content=\"article\" \/>\n<meta property=\"og:title\" content=\"Syst\u00e8me de toit - Edilfibro S.p.a.\" \/>\n<meta property=\"og:url\" content=\"https:\/\/www.edilfibro.it\/fr\/prodotto\/systeme-de-toit\/\" \/>\n<meta property=\"og:site_name\" content=\"Edilfibro S.p.a.\" \/>\n<meta property=\"article:publisher\" content=\"https:\/\/www.facebook.com\/edilfibro\" \/>\n<meta property=\"article:modified_time\" content=\"2024-10-28T11:46:30+00:00\" \/>\n<meta property=\"og:image\" content=\"https:\/\/www.edilfibro.it\/wp-content\/uploads\/2024\/05\/icona-NERA-Sistema-tetto.webp\" \/>\n\t<meta property=\"og:image:width\" content=\"600\" \/>\n\t<meta property=\"og:image:height\" content=\"600\" \/>\n\t<meta property=\"og:image:type\" content=\"image\/webp\" \/>\n<meta name=\"twitter:card\" content=\"summary_large_image\" \/>\n<meta name=\"twitter:label1\" content=\"Dur\u00e9e de lecture estim\u00e9e\" \/>\n\t<meta name=\"twitter:data1\" content=\"13 minutes\" \/>\n<script type=\"application\/ld+json\" class=\"yoast-schema-graph\">{\"@context\":\"https:\/\/schema.org\",\"@graph\":[{\"@type\":\"WebPage\",\"@id\":\"https:\/\/www.edilfibro.it\/fr\/prodotto\/systeme-de-toit\/\",\"url\":\"https:\/\/www.edilfibro.it\/fr\/prodotto\/systeme-de-toit\/\",\"name\":\"Syst\u00e8me de toit - Edilfibro S.p.a.\",\"isPartOf\":{\"@id\":\"https:\/\/www.edilfibro.it\/fr\/#website\"},\"primaryImageOfPage\":{\"@id\":\"https:\/\/www.edilfibro.it\/fr\/prodotto\/systeme-de-toit\/#primaryimage\"},\"image\":{\"@id\":\"https:\/\/www.edilfibro.it\/fr\/prodotto\/systeme-de-toit\/#primaryimage\"},\"thumbnailUrl\":\"https:\/\/www.edilfibro.it\/wp-content\/uploads\/2024\/05\/icona-NERA-Sistema-tetto.webp\",\"datePublished\":\"2024-05-07T09:22:00+00:00\",\"dateModified\":\"2024-10-28T11:46:30+00:00\",\"breadcrumb\":{\"@id\":\"https:\/\/www.edilfibro.it\/fr\/prodotto\/systeme-de-toit\/#breadcrumb\"},\"inLanguage\":\"fr-FR\",\"potentialAction\":[{\"@type\":\"ReadAction\",\"target\":[\"https:\/\/www.edilfibro.it\/fr\/prodotto\/systeme-de-toit\/\"]}]},{\"@type\":\"ImageObject\",\"inLanguage\":\"fr-FR\",\"@id\":\"https:\/\/www.edilfibro.it\/fr\/prodotto\/systeme-de-toit\/#primaryimage\",\"url\":\"https:\/\/www.edilfibro.it\/wp-content\/uploads\/2024\/05\/icona-NERA-Sistema-tetto.webp\",\"contentUrl\":\"https:\/\/www.edilfibro.it\/wp-content\/uploads\/2024\/05\/icona-NERA-Sistema-tetto.webp\",\"width\":600,\"height\":600},{\"@type\":\"BreadcrumbList\",\"@id\":\"https:\/\/www.edilfibro.it\/fr\/prodotto\/systeme-de-toit\/#breadcrumb\",\"itemListElement\":[{\"@type\":\"ListItem\",\"position\":1,\"name\":\"Home\",\"item\":\"https:\/\/www.edilfibro.it\/fr\/\"},{\"@type\":\"ListItem\",\"position\":2,\"name\":\"Produits\",\"item\":\"https:\/\/www.edilfibro.it\/fr\/produits\/\"},{\"@type\":\"ListItem\",\"position\":3,\"name\":\"Syst\u00e8me de toit\"}]},{\"@type\":\"WebSite\",\"@id\":\"https:\/\/www.edilfibro.it\/fr\/#website\",\"url\":\"https:\/\/www.edilfibro.it\/fr\/\",\"name\":\"Edilfibro S.p.a.\",\"description\":\"Coperture per tetti, lastre fibrocemento e metallo\",\"publisher\":{\"@id\":\"https:\/\/www.edilfibro.it\/fr\/#organization\"},\"potentialAction\":[{\"@type\":\"SearchAction\",\"target\":{\"@type\":\"EntryPoint\",\"urlTemplate\":\"https:\/\/www.edilfibro.it\/fr\/?s={search_term_string}\"},\"query-input\":{\"@type\":\"PropertyValueSpecification\",\"valueRequired\":true,\"valueName\":\"search_term_string\"}}],\"inLanguage\":\"fr-FR\"},{\"@type\":\"Organization\",\"@id\":\"https:\/\/www.edilfibro.it\/fr\/#organization\",\"name\":\"Edilfibro S.p.a.\",\"url\":\"https:\/\/www.edilfibro.it\/fr\/\",\"logo\":{\"@type\":\"ImageObject\",\"inLanguage\":\"fr-FR\",\"@id\":\"https:\/\/www.edilfibro.it\/fr\/#\/schema\/logo\/image\/\",\"url\":\"https:\/\/www.edilfibro.it\/wp-content\/uploads\/2024\/09\/Logo-Edilfibro-2024-verde.webp\",\"contentUrl\":\"https:\/\/www.edilfibro.it\/wp-content\/uploads\/2024\/09\/Logo-Edilfibro-2024-verde.webp\",\"width\":270,\"height\":105,\"caption\":\"Edilfibro S.p.a.\"},\"image\":{\"@id\":\"https:\/\/www.edilfibro.it\/fr\/#\/schema\/logo\/image\/\"},\"sameAs\":[\"https:\/\/www.facebook.com\/edilfibro\",\"https:\/\/www.linkedin.com\/company\/edilfibrospa\/\",\"https:\/\/www.youtube.com\/channel\/UCfz1PuhFpXa0MFkRDzC_Cgw\"]}]}<\/script>\n<!-- \/ Yoast SEO plugin. -->","yoast_head_json":{"title":"Syst\u00e8me de toit - Edilfibro S.p.a.","robots":{"index":"index","follow":"follow","max-snippet":"max-snippet:-1","max-image-preview":"max-image-preview:large","max-video-preview":"max-video-preview:-1"},"canonical":"https:\/\/www.edilfibro.it\/fr\/prodotto\/systeme-de-toit\/","og_locale":"fr_FR","og_type":"article","og_title":"Syst\u00e8me de toit - Edilfibro S.p.a.","og_url":"https:\/\/www.edilfibro.it\/fr\/prodotto\/systeme-de-toit\/","og_site_name":"Edilfibro S.p.a.","article_publisher":"https:\/\/www.facebook.com\/edilfibro","article_modified_time":"2024-10-28T11:46:30+00:00","og_image":[{"width":600,"height":600,"url":"https:\/\/www.edilfibro.it\/wp-content\/uploads\/2024\/05\/icona-NERA-Sistema-tetto.webp","type":"image\/webp"}],"twitter_card":"summary_large_image","twitter_misc":{"Dur\u00e9e de lecture estim\u00e9e":"13 minutes"},"schema":{"@context":"https:\/\/schema.org","@graph":[{"@type":"WebPage","@id":"https:\/\/www.edilfibro.it\/fr\/prodotto\/systeme-de-toit\/","url":"https:\/\/www.edilfibro.it\/fr\/prodotto\/systeme-de-toit\/","name":"Syst\u00e8me de toit - Edilfibro S.p.a.","isPartOf":{"@id":"https:\/\/www.edilfibro.it\/fr\/#website"},"primaryImageOfPage":{"@id":"https:\/\/www.edilfibro.it\/fr\/prodotto\/systeme-de-toit\/#primaryimage"},"image":{"@id":"https:\/\/www.edilfibro.it\/fr\/prodotto\/systeme-de-toit\/#primaryimage"},"thumbnailUrl":"https:\/\/www.edilfibro.it\/wp-content\/uploads\/2024\/05\/icona-NERA-Sistema-tetto.webp","datePublished":"2024-05-07T09:22:00+00:00","dateModified":"2024-10-28T11:46:30+00:00","breadcrumb":{"@id":"https:\/\/www.edilfibro.it\/fr\/prodotto\/systeme-de-toit\/#breadcrumb"},"inLanguage":"fr-FR","potentialAction":[{"@type":"ReadAction","target":["https:\/\/www.edilfibro.it\/fr\/prodotto\/systeme-de-toit\/"]}]},{"@type":"ImageObject","inLanguage":"fr-FR","@id":"https:\/\/www.edilfibro.it\/fr\/prodotto\/systeme-de-toit\/#primaryimage","url":"https:\/\/www.edilfibro.it\/wp-content\/uploads\/2024\/05\/icona-NERA-Sistema-tetto.webp","contentUrl":"https:\/\/www.edilfibro.it\/wp-content\/uploads\/2024\/05\/icona-NERA-Sistema-tetto.webp","width":600,"height":600},{"@type":"BreadcrumbList","@id":"https:\/\/www.edilfibro.it\/fr\/prodotto\/systeme-de-toit\/#breadcrumb","itemListElement":[{"@type":"ListItem","position":1,"name":"Home","item":"https:\/\/www.edilfibro.it\/fr\/"},{"@type":"ListItem","position":2,"name":"Produits","item":"https:\/\/www.edilfibro.it\/fr\/produits\/"},{"@type":"ListItem","position":3,"name":"Syst\u00e8me de toit"}]},{"@type":"WebSite","@id":"https:\/\/www.edilfibro.it\/fr\/#website","url":"https:\/\/www.edilfibro.it\/fr\/","name":"Edilfibro S.p.a.","description":"Coperture per tetti, lastre fibrocemento e metallo","publisher":{"@id":"https:\/\/www.edilfibro.it\/fr\/#organization"},"potentialAction":[{"@type":"SearchAction","target":{"@type":"EntryPoint","urlTemplate":"https:\/\/www.edilfibro.it\/fr\/?s={search_term_string}"},"query-input":{"@type":"PropertyValueSpecification","valueRequired":true,"valueName":"search_term_string"}}],"inLanguage":"fr-FR"},{"@type":"Organization","@id":"https:\/\/www.edilfibro.it\/fr\/#organization","name":"Edilfibro S.p.a.","url":"https:\/\/www.edilfibro.it\/fr\/","logo":{"@type":"ImageObject","inLanguage":"fr-FR","@id":"https:\/\/www.edilfibro.it\/fr\/#\/schema\/logo\/image\/","url":"https:\/\/www.edilfibro.it\/wp-content\/uploads\/2024\/09\/Logo-Edilfibro-2024-verde.webp","contentUrl":"https:\/\/www.edilfibro.it\/wp-content\/uploads\/2024\/09\/Logo-Edilfibro-2024-verde.webp","width":270,"height":105,"caption":"Edilfibro S.p.a."},"image":{"@id":"https:\/\/www.edilfibro.it\/fr\/#\/schema\/logo\/image\/"},"sameAs":["https:\/\/www.facebook.com\/edilfibro","https:\/\/www.linkedin.com\/company\/edilfibrospa\/","https:\/\/www.youtube.com\/channel\/UCfz1PuhFpXa0MFkRDzC_Cgw"]}]}},"_links":{"self":[{"href":"https:\/\/www.edilfibro.it\/fr\/wp-json\/wp\/v2\/product\/5919","targetHints":{"allow":["GET"]}}],"collection":[{"href":"https:\/\/www.edilfibro.it\/fr\/wp-json\/wp\/v2\/product"}],"about":[{"href":"https:\/\/www.edilfibro.it\/fr\/wp-json\/wp\/v2\/types\/product"}],"replies":[{"embeddable":true,"href":"https:\/\/www.edilfibro.it\/fr\/wp-json\/wp\/v2\/comments?post=5919"}],"wp:featuredmedia":[{"embeddable":true,"href":"https:\/\/www.edilfibro.it\/fr\/wp-json\/wp\/v2\/media\/5852"}],"wp:attachment":[{"href":"https:\/\/www.edilfibro.it\/fr\/wp-json\/wp\/v2\/media?parent=5919"}],"wp:term":[{"taxonomy":"product_brand","embeddable":true,"href":"https:\/\/www.edilfibro.it\/fr\/wp-json\/wp\/v2\/product_brand?post=5919"},{"taxonomy":"product_cat","embeddable":true,"href":"https:\/\/www.edilfibro.it\/fr\/wp-json\/wp\/v2\/product_cat?post=5919"},{"taxonomy":"product_tag","embeddable":true,"href":"https:\/\/www.edilfibro.it\/fr\/wp-json\/wp\/v2\/product_tag?post=5919"}],"curies":[{"name":"wp","href":"https:\/\/api.w.org\/{rel}","templated":true}]}}