{"id":5783,"date":"2024-03-15T16:40:56","date_gmt":"2024-03-15T15:40:56","guid":{"rendered":"https:\/\/edilfibro2.noon.srl\/prodotto\/gamma-tegolit-235\/"},"modified":"2025-05-07T17:04:51","modified_gmt":"2025-05-07T15:04:51","slug":"tegolit-plus-235","status":"publish","type":"product","link":"https:\/\/www.edilfibro.it\/fr\/prodotto\/tegolit-plus-235\/","title":{"rendered":"Tegolit Plus 235"},"content":{"rendered":"<section class=\"l-section wpb_row height_huge color_primary with_img\"><div class=\"l-section-img\" role=\"img\" aria-label=\"Image\" data-img-width=\"600\" data-img-height=\"396\" style=\"background-image: url(https:\/\/www.edilfibro.it\/wp-content\/uploads\/2024\/07\/Teatro-La-Fenice-a-Venezia.webp);background-repeat: no-repeat;\"><\/div><div class=\"l-section-overlay\" style=\"background:rgba(0,0,0,0.65)\"><\/div><div class=\"l-section-h i-cf\"><div class=\"g-cols vc_row via_grid cols_1 laptops-cols_inherit tablets-cols_inherit mobiles-cols_1 valign_top type_default stacking_default\"><div class=\"wpb_column vc_column_container\"><div class=\"vc_column-inner\"><h1 class=\"w-post-elm post_title align_center entry-title color_link_inherit\">Tegolit Plus 235<\/h1><nav class=\"g-breadcrumbs separator_icon align_center\" itemscope itemtype=\"http:\/\/schema.org\/BreadcrumbList\"><div class=\"g-breadcrumbs-item\" itemscope itemprop=\"itemListElement\" itemtype=\"http:\/\/schema.org\/ListItem\"><a itemprop=\"item\" href=\"https:\/\/www.edilfibro.it\/fr\/\"><span itemprop=\"name\">Accueil<\/span><\/a><meta itemprop=\"position\" content=\"1\"\/><\/div><div class=\"g-breadcrumbs-separator\"><i class=\"far fa-angle-right\"><\/i><\/div><div class=\"g-breadcrumbs-item\">Pages<\/div><\/nav><\/div><\/div><\/div><\/div><\/section><section class=\"l-section wpb_row height_medium\"><div class=\"l-section-h i-cf\"><div class=\"g-cols vc_row via_grid cols_2-3 laptops-cols_inherit tablets-cols_inherit mobiles-cols_1 valign_top type_default stacking_default\"><div class=\"wpb_column vc_column_container\"><div class=\"vc_column-inner\"><div class=\"w-post-elm product_gallery\"><\/div><\/div><\/div><div class=\"wpb_column vc_column_container\"><div class=\"vc_column-inner\"><div class=\"wpb_text_column\"><div class=\"wpb_wrapper\"><h2 class=\"titolo-la-gamma\"><span class=\"evidenziatore\">Tegolit Plus 235<\/span><\/h2>\n<p><span style=\"color: #30a544\">Disponible dans les versions suivantes:<\/span><\/p>\n<\/div><\/div><div class=\"w-post-elm add_to_cart qty-btn-style_0\" style=\"--qty-btn-size:1rem;\">\n<form class=\"variations_form cart\" action=\"https:\/\/www.edilfibro.it\/fr\/prodotto\/tegolit-plus-235\/\" method=\"post\" enctype='multipart\/form-data' data-product_id=\"5783\" data-product_variations=\"[{&quot;attributes&quot;:{&quot;attribute_pa_tegolit-235&quot;:&quot;tegolit-235-plus-fr&quot;},&quot;availability_html&quot;:&quot;&quot;,&quot;backorders_allowed&quot;:false,&quot;dimensions&quot;:{&quot;length&quot;:&quot;&quot;,&quot;width&quot;:&quot;&quot;,&quot;height&quot;:&quot;&quot;},&quot;dimensions_html&quot;:&quot;ND&quot;,&quot;display_price&quot;:1,&quot;display_regular_price&quot;:1,&quot;image&quot;:{&quot;title&quot;:&quot;tegolit-235-plus&quot;,&quot;caption&quot;:&quot;&quot;,&quot;url&quot;:&quot;https:\\\/\\\/www.edilfibro.it\\\/wp-content\\\/uploads\\\/2024\\\/03\\\/tegolit-235-plus.webp&quot;,&quot;alt&quot;:&quot;tegolit-235-plus&quot;,&quot;src&quot;:&quot;https:\\\/\\\/www.edilfibro.it\\\/wp-content\\\/uploads\\\/2024\\\/03\\\/tegolit-235-plus.webp&quot;,&quot;srcset&quot;:&quot;https:\\\/\\\/www.edilfibro.it\\\/wp-content\\\/uploads\\\/2024\\\/03\\\/tegolit-235-plus.webp 600w, https:\\\/\\\/www.edilfibro.it\\\/wp-content\\\/uploads\\\/2024\\\/03\\\/tegolit-235-plus-300x300.webp 300w, https:\\\/\\\/www.edilfibro.it\\\/wp-content\\\/uploads\\\/2024\\\/03\\\/tegolit-235-plus-150x150.webp 150w&quot;,&quot;sizes&quot;:&quot;(max-width: 600px) 100vw, 600px&quot;,&quot;full_src&quot;:&quot;https:\\\/\\\/www.edilfibro.it\\\/wp-content\\\/uploads\\\/2024\\\/03\\\/tegolit-235-plus.webp&quot;,&quot;full_src_w&quot;:600,&quot;full_src_h&quot;:600,&quot;gallery_thumbnail_src&quot;:&quot;https:\\\/\\\/www.edilfibro.it\\\/wp-content\\\/uploads\\\/2024\\\/03\\\/tegolit-235-plus-300x300.webp&quot;,&quot;gallery_thumbnail_src_w&quot;:300,&quot;gallery_thumbnail_src_h&quot;:300,&quot;thumb_src&quot;:&quot;https:\\\/\\\/www.edilfibro.it\\\/wp-content\\\/uploads\\\/2024\\\/03\\\/tegolit-235-plus-300x300.webp&quot;,&quot;thumb_src_w&quot;:300,&quot;thumb_src_h&quot;:300,&quot;src_w&quot;:600,&quot;src_h&quot;:600},&quot;image_id&quot;:5785,&quot;is_downloadable&quot;:false,&quot;is_in_stock&quot;:true,&quot;is_purchasable&quot;:true,&quot;is_sold_individually&quot;:&quot;no&quot;,&quot;is_virtual&quot;:false,&quot;max_qty&quot;:&quot;&quot;,&quot;min_qty&quot;:1,&quot;price_html&quot;:&quot;&quot;,&quot;sku&quot;:&quot;&quot;,&quot;variation_description&quot;:&quot;&lt;p&gt;&lt;strong&gt;Tegolit Plus 235&lt;\\\/strong&gt; est une plaque support de tuile canal pouvant s\\u2019employer avec les tuiles du midi de la France. Elle est r\\u00e9alis\\u00e9e dans le teinte ocre \\u201ctuile\\u201d ou flamm\\u00e9e, obtenues par un processus d\\u2019impr\\u00e9gnation d&amp;#8217;une couche d\\u2019oxydes min\\u00e9raux stables dans la face sup\\u00e9rieure de la masse lors de la production.&lt;br \\\/&gt;\\nL&amp;#8217;utilisation de Tegolit Plus 235 permet d&amp;#8217;int\\u00e9grer la toiture au paysage, r\\u00e9duisant consid\\u00e9rablement le poids sur la structure sous-jacente.  Pose \\u00e0 2 tuiles: pose \\u00e0 l\\u2019envers.  Elle peut s\\u2019employer aussi sans tuiles.&lt;\\\/p&gt;\\n&quot;,&quot;variation_id&quot;:5787,&quot;variation_is_active&quot;:true,&quot;variation_is_visible&quot;:true,&quot;weight&quot;:&quot;&quot;,&quot;weight_html&quot;:&quot;ND&quot;},{&quot;attributes&quot;:{&quot;attribute_pa_tegolit-235&quot;:&quot;tegolit-235-flammee-terrechiare-fr&quot;},&quot;availability_html&quot;:&quot;&quot;,&quot;backorders_allowed&quot;:false,&quot;dimensions&quot;:{&quot;length&quot;:&quot;&quot;,&quot;width&quot;:&quot;&quot;,&quot;height&quot;:&quot;&quot;},&quot;dimensions_html&quot;:&quot;ND&quot;,&quot;display_price&quot;:1,&quot;display_regular_price&quot;:1,&quot;image&quot;:{&quot;title&quot;:&quot;tegolit-235-flammee-terrechiare&quot;,&quot;caption&quot;:&quot;&quot;,&quot;url&quot;:&quot;https:\\\/\\\/www.edilfibro.it\\\/wp-content\\\/uploads\\\/2024\\\/03\\\/tegolit-235-flammee-terrechiare.webp&quot;,&quot;alt&quot;:&quot;tegolit-235-flammee-terrechiare&quot;,&quot;src&quot;:&quot;https:\\\/\\\/www.edilfibro.it\\\/wp-content\\\/uploads\\\/2024\\\/03\\\/tegolit-235-flammee-terrechiare.webp&quot;,&quot;srcset&quot;:&quot;https:\\\/\\\/www.edilfibro.it\\\/wp-content\\\/uploads\\\/2024\\\/03\\\/tegolit-235-flammee-terrechiare.webp 600w, https:\\\/\\\/www.edilfibro.it\\\/wp-content\\\/uploads\\\/2024\\\/03\\\/tegolit-235-flammee-terrechiare-300x300.webp 300w, https:\\\/\\\/www.edilfibro.it\\\/wp-content\\\/uploads\\\/2024\\\/03\\\/tegolit-235-flammee-terrechiare-150x150.webp 150w&quot;,&quot;sizes&quot;:&quot;(max-width: 600px) 100vw, 600px&quot;,&quot;full_src&quot;:&quot;https:\\\/\\\/www.edilfibro.it\\\/wp-content\\\/uploads\\\/2024\\\/03\\\/tegolit-235-flammee-terrechiare.webp&quot;,&quot;full_src_w&quot;:600,&quot;full_src_h&quot;:600,&quot;gallery_thumbnail_src&quot;:&quot;https:\\\/\\\/www.edilfibro.it\\\/wp-content\\\/uploads\\\/2024\\\/03\\\/tegolit-235-flammee-terrechiare-300x300.webp&quot;,&quot;gallery_thumbnail_src_w&quot;:300,&quot;gallery_thumbnail_src_h&quot;:300,&quot;thumb_src&quot;:&quot;https:\\\/\\\/www.edilfibro.it\\\/wp-content\\\/uploads\\\/2024\\\/03\\\/tegolit-235-flammee-terrechiare-300x300.webp&quot;,&quot;thumb_src_w&quot;:300,&quot;thumb_src_h&quot;:300,&quot;src_w&quot;:600,&quot;src_h&quot;:600},&quot;image_id&quot;:5786,&quot;is_downloadable&quot;:false,&quot;is_in_stock&quot;:true,&quot;is_purchasable&quot;:true,&quot;is_sold_individually&quot;:&quot;no&quot;,&quot;is_virtual&quot;:false,&quot;max_qty&quot;:&quot;&quot;,&quot;min_qty&quot;:1,&quot;price_html&quot;:&quot;&quot;,&quot;sku&quot;:&quot;&quot;,&quot;variation_description&quot;:&quot;&lt;p&gt;&lt;strong&gt;Tegolit Plus 235&lt;\\\/strong&gt; est une plaque support de tuile canal pouvant s\\u2019employer avec les tuiles du midi de la France. Elle est r\\u00e9alis\\u00e9e dans le teinte ocre \\u201ctuile\\u201d ou flamm\\u00e9e, obtenues par un processus d\\u2019impr\\u00e9gnation d&amp;#8217;une couche d\\u2019oxydes min\\u00e9raux stables dans la face sup\\u00e9rieure de la masse lors de la production.&lt;br \\\/&gt;\\nL&amp;#8217;utilisation de Tegolit Plus 235 permet d&amp;#8217;int\\u00e9grer la toiture au paysage, r\\u00e9duisant consid\\u00e9rablement le poids sur la structure sous-jacente.  Pose \\u00e0 2 tuiles: pose \\u00e0 l\\u2019envers.  Elle peut s\\u2019employer aussi sans tuiles.&lt;\\\/p&gt;\\n&quot;,&quot;variation_id&quot;:5788,&quot;variation_is_active&quot;:true,&quot;variation_is_visible&quot;:true,&quot;weight&quot;:&quot;&quot;,&quot;weight_html&quot;:&quot;ND&quot;}]\">\n\t\n\t\t\t<table class=\"variations\" cellspacing=\"0\" role=\"presentation\">\n\t\t\t<tbody>\n\t\t\t\t\t\t\t\t\t<tr>\n\t\t\t\t\t\t<th class=\"label\"><label for=\"pa_tegolit-235\">Tegolit 235<\/label><\/th>\n\t\t\t\t\t\t<td class=\"value\">\n\t\t\t\t\t\t\t<div class=\"woocommerce-select\"><select id=\"pa_tegolit-235\" class=\"\" name=\"attribute_pa_tegolit-235\" data-attribute_name=\"attribute_pa_tegolit-235\" data-show_option_none=\"yes\"><option value=\"\">Choisir une option<\/option><option value=\"tegolit-235-plus-fr\"  selected='selected'>T\u00e9golit Plus 235<\/option><option value=\"tegolit-235-flammee-terrechiare-fr\" >Tegolit Plus 235 Flamm\u00e9e Terremidi<\/option><\/select><\/div><a class=\"reset_variations\" href=\"#\" aria-label=\"Effacer les options\"><\/a>\t\t\t\t\t\t<\/td>\n\t\t\t\t\t<\/tr>\n\t\t\t\t\t\t\t<\/tbody>\n\t\t<\/table>\n\t\t<div class=\"reset_variations_alert screen-reader-text\" role=\"alert\" aria-live=\"polite\" aria-relevant=\"all\"><\/div>\n\t\t\n\t\t<div class=\"single_variation_wrap\">\n\t\t\t<div class=\"woocommerce-variation single_variation\" role=\"alert\" aria-relevant=\"additions\"><\/div><div class=\"woocommerce-variation-add-to-cart variations_button\">\n\t\n\t<div class=\"quantity\">\n\t<input type=\"button\" value=\"-\" class=\"minus\" disabled>\t<label class=\"screen-reader-text\" for=\"quantity_69f2ea36860f9\">quantit\u00e9 de Tegolit Plus 235<\/label>\n\t<input\n\t\ttype=\"number\"\n\t\t\t\tid=\"quantity_69f2ea36860f9\"\n\t\tclass=\"input-text qty text\"\n\t\tname=\"quantity\"\n\t\tvalue=\"1\"\n\t\taria-label=\"Quantit\u00e9 de produits\"\n\t\t\t\tmin=\"1\"\n\t\t\t\t\t\t\tstep=\"1\"\n\t\t\tplaceholder=\"\"\n\t\t\tinputmode=\"numeric\"\n\t\t\tautocomplete=\"off\"\n\t\t\t\/>\n\t<input type=\"button\" value=\"+\" class=\"plus\"><\/div>\n\n\t<button type=\"submit\" class=\"single_add_to_cart_button button alt\">Ajouter au panier<\/button>\n\n\t\n\t<input type=\"hidden\" name=\"add-to-cart\" value=\"5783\" \/>\n\t<input type=\"hidden\" name=\"product_id\" value=\"5783\" \/>\n\t<input type=\"hidden\" name=\"variation_id\" class=\"variation_id\" value=\"0\" \/>\n<\/div>\n\t\t<\/div>\n\t\n\t<\/form>\n\n<div class=\"woocommerce-notices-wrapper\"><\/div><\/div><\/div><\/div><\/div><\/div><\/section><section class=\"l-section wpb_row height_medium\"><div class=\"l-section-overlay\" style=\"background:#f5f5f5\"><\/div><div class=\"l-section-h i-cf\"><div class=\"g-cols vc_row via_grid cols_1 laptops-cols_inherit tablets-cols_inherit mobiles-cols_1 valign_top type_default stacking_default\"><div class=\"wpb_column vc_column_container\"><div class=\"vc_column-inner\"><div class=\"wpb_text_column\"><div class=\"wpb_wrapper\"><h2 style=\"text-align: center\">Pourquoi choisir <span class=\"evidenziatore\">Tegolit<\/span><\/h2>\n<\/div><\/div><div class=\"w-separator size_medium\"><\/div><div class=\"g-cols wpb_row accordion-perche-lastre-fibrocemento via_grid cols_3 laptops-cols_inherit tablets-cols_inherit mobiles-cols_1 valign_top type_default stacking_default\" style=\"--columns-gap:3rem;\"><div class=\"wpb_column vc_column_container\"><div class=\"vc_column-inner\"><div class=\"w-tabs style_default switch_click accordion type_togglable has_scrolling remove_indents\" style=\"--sections-title-size:inherit\"><div class=\"w-tabs-sections titles-align_none icon_plus cpos_right\"><div class=\"w-tabs-section\" id=\"ue6a\"><button class=\"w-tabs-section-header with_icon\" aria-controls=\"content-ue6a\" aria-expanded=\"false\"><i class=\"fas fa-fire\"><\/i><div class=\"w-tabs-section-title\">Incombustible<\/div><div class=\"w-tabs-section-control\"><\/div><\/button><div  class=\"w-tabs-section-content\" id=\"content-ue6a\"><div class=\"w-tabs-section-content-h i-cf\"><div class=\"wpb_text_column\"><div class=\"wpb_wrapper\"><p>Exigence essentielle concernant le feu venant de l\u2019ext\u00e9rieur, l\u2019incombustibilit\u00e9 est un point fort des plaques profil\u00e9es Edilfibro. <\/p>\n<\/div><\/div><\/div><\/div><\/div><div class=\"w-tabs-section\" id=\"c207\"><button class=\"w-tabs-section-header with_icon\" aria-controls=\"content-c207\" aria-expanded=\"false\"><i class=\"fas fa-weight-hanging\"><\/i><div class=\"w-tabs-section-title\">Flexible mais indeformable<\/div><div class=\"w-tabs-section-control\"><\/div><\/button><div  class=\"w-tabs-section-content\" id=\"content-c207\"><div class=\"w-tabs-section-content-h i-cf\"><div class=\"wpb_text_column\"><div class=\"wpb_wrapper\"><p>Mat\u00e9riau l\u00e9ger (13,5 kg\/m2 environ) mais solide, il est dou\u00e9 d\u2019une excellente aptitude de \u201cflexibilit\u00e9 ferme\u201d. Il est en m\u00eame temps ind\u00e9formable. Ces caracteristiques apportent au fibres-ciment de nouvelle g\u00e9n\u00e9ration une bonne qualit\u00e9 de manutention et montage, ainsi qu\u2019une r\u00e9sistance accrue aux chocs. Les plaques sont \u00e9quip\u00e9es de feuillards de retenue longitudinaux conform\u00e9ment \u00e0 NF EN 15057, 600 joules.<\/p>\n<\/div><\/div><\/div><\/div><\/div><div class=\"w-tabs-section\" id=\"y586\"><button class=\"w-tabs-section-header with_icon\" aria-controls=\"content-y586\" aria-expanded=\"false\"><i class=\"fas fa-water\"><\/i><div class=\"w-tabs-section-title\">Regulateur hygrothermique<\/div><div class=\"w-tabs-section-control\"><\/div><\/button><div  class=\"w-tabs-section-content\" id=\"content-y586\"><div class=\"w-tabs-section-content-h i-cf\"><div class=\"wpb_text_column\"><div class=\"wpb_wrapper\"><p>Gr\u00e2ce \u00e0 sa perm\u00e9ance \u00e0 la vapeur d&#8217;eau et \u00e0 son d\u00e9gr\u00e9 d&#8217;isolation thermique, le fibres-ciment contribue \u00e0 neutraliser la condensation. Une plaque ondul\u00e9e peut absorber jusqu\u2019 \u00e0 25% de son poids en eau.<\/p>\n<\/div><\/div><\/div><\/div><\/div><\/div><\/div><\/div><\/div><div class=\"wpb_column vc_column_container\"><div class=\"vc_column-inner\"><div class=\"w-tabs style_default switch_click accordion type_togglable has_scrolling remove_indents\" style=\"--sections-title-size:inherit\"><div class=\"w-tabs-sections titles-align_none icon_plus cpos_right\"><div class=\"w-tabs-section\" id=\"g2f8\"><button class=\"w-tabs-section-header with_icon\" aria-controls=\"content-g2f8\" aria-expanded=\"false\"><i class=\"fas fa-thunderstorm\"><\/i><div class=\"w-tabs-section-title\">Durable<\/div><div class=\"w-tabs-section-control\"><\/div><\/button><div  class=\"w-tabs-section-content\" id=\"content-g2f8\"><div class=\"w-tabs-section-content-h i-cf\"><div class=\"wpb_text_column\"><div class=\"wpb_wrapper\"><p>Imperm\u00e9able, ing\u00e9lif, test\u00e9 par rapport aux performances physiques et climatiques NF EN 494, le fibres-ciment a fait ses preuves au fil du temps confirmant sa vocation de mat\u00e9riaux de couverture p\u00e9renne.<\/p>\n<\/div><\/div><\/div><\/div><\/div><div class=\"w-tabs-section\" id=\"x643\"><button class=\"w-tabs-section-header with_icon\" aria-controls=\"content-x643\" aria-expanded=\"false\"><i class=\"fas fa-volume-up\"><\/i><div class=\"w-tabs-section-title\">Confort acoustique<\/div><div class=\"w-tabs-section-control\"><\/div><\/button><div  class=\"w-tabs-section-content\" id=\"content-x643\"><div class=\"w-tabs-section-content-h i-cf\"><div class=\"wpb_text_column\"><div class=\"wpb_wrapper\"><p>La remarquable propri\u00e9t\u00e9 d\u2019affaiblissement acoustique reconnue et test\u00e9e du mat\u00e9riau favorise un excellent confort d\u2019utilisation.<\/p>\n<\/div><\/div><\/div><\/div><\/div><div class=\"w-tabs-section\" id=\"c992\"><button class=\"w-tabs-section-header with_icon\" aria-controls=\"content-c992\" aria-expanded=\"false\"><i class=\"fas fa-flask\"><\/i><div class=\"w-tabs-section-title\">R\u00e9sistant aux agents agressifs<\/div><div class=\"w-tabs-section-control\"><\/div><\/button><div  class=\"w-tabs-section-content\" id=\"content-c992\"><div class=\"w-tabs-section-content-h i-cf\"><div class=\"wpb_text_column\"><div class=\"wpb_wrapper\"><p>Le ciment est enrichi en charges min\u00e9rales pour obtenir une r\u00e9sistance accrue aux influences aggressives, selon NF DTU 40.37.<\/p>\n<\/div><\/div><\/div><\/div><\/div><\/div><\/div><\/div><\/div><div class=\"wpb_column vc_column_container\"><div class=\"vc_column-inner\"><div class=\"w-tabs style_default switch_click accordion type_togglable has_scrolling remove_indents\" style=\"--sections-title-size:inherit\"><div class=\"w-tabs-sections titles-align_none icon_plus cpos_right\"><div class=\"w-tabs-section\" id=\"f298\"><button class=\"w-tabs-section-header with_icon\" aria-controls=\"content-f298\" aria-expanded=\"false\"><i class=\"fas fa-bolt\"><\/i><div class=\"w-tabs-section-title\">Inoxydable et amagnetique<\/div><div class=\"w-tabs-section-control\"><\/div><\/button><div  class=\"w-tabs-section-content\" id=\"content-f298\"><div class=\"w-tabs-section-content-h i-cf\"><div class=\"wpb_text_column\"><div class=\"wpb_wrapper\"><p>Le fibres-ciment est insensible aux ph\u00e9nom\u00e8nes d\u2019\u00e9lectrolyse.<\/p>\n<\/div><\/div><\/div><\/div><\/div><div class=\"w-tabs-section\" id=\"y5ef\"><button class=\"w-tabs-section-header with_icon\" aria-controls=\"content-y5ef\" aria-expanded=\"false\"><i class=\"fas fa-virus-slash\"><\/i><div class=\"w-tabs-section-title\">Imputrescible<\/div><div class=\"w-tabs-section-control\"><\/div><\/button><div  class=\"w-tabs-section-content\" id=\"content-y5ef\"><div class=\"w-tabs-section-content-h i-cf\"><div class=\"wpb_text_column\"><div class=\"wpb_wrapper\"><p>Inerte aux processus fermentatifs, il ne craint pas les agents microbiens v\u00e9g\u00e9taux et animaux et il n&#8217;est pas attaqu\u00e9 par insectes et rongeurs.<\/p>\n<\/div><\/div><\/div><\/div><\/div><div class=\"w-tabs-section\" id=\"s943\"><button class=\"w-tabs-section-header with_icon\" aria-controls=\"content-s943\" aria-expanded=\"false\"><i class=\"fas fa-leaf\"><\/i><div class=\"w-tabs-section-title\">Respect de l\u2019environnement<\/div><div class=\"w-tabs-section-control\"><\/div><\/button><div  class=\"w-tabs-section-content\" id=\"content-s943\"><div class=\"w-tabs-section-content-h i-cf\"><div class=\"wpb_text_column\"><div class=\"wpb_wrapper\"><p>Une d\u00e9claration environnementale et sanitaire FDES est \u00a0consultable sur fichier INIES. Le ciment est constitut\u00e9 d\u2019argile et calcaire, tr\u00e8s abondants dans la surface terrestre. Cet aspect associ\u00e9 aux fibres synth\u00e8tiques organiques dans ce mat\u00e9riau en formulation semi-comprim\u00e9e ainsi qu\u2019aux autres composants, inscrit le produit fini dans la notion de d\u00e9veloppement durable. Le ciment absorbe CO2.<\/p>\n<\/div><\/div><\/div><\/div><\/div><\/div><\/div><\/div><\/div><\/div>\n<\/div><\/div><\/div><\/div><\/section><section class=\"l-section wpb_row documentazione-tecnica height_medium\"><div class=\"l-section-h i-cf\"><div class=\"g-cols vc_row via_grid cols_1 laptops-cols_inherit tablets-cols_inherit mobiles-cols_1 valign_top type_default stacking_default\"><div class=\"wpb_column vc_column_container\"><div class=\"vc_column-inner\"><div class=\"wpb_text_column us_custom_eb849559\"><div class=\"wpb_wrapper\"><h2 style=\"text-align: center\">Description du <span class=\"evidenziatore\">produit<\/span><\/h2>\n<\/div><\/div><div class=\"w-separator size_small\"><\/div><div class=\"wpb_text_column\"><div class=\"wpb_wrapper\"><p style=\"text-align: center\">Plaques profil\u00e9es support de tuiles, 4 ondes, profil 235\/60 mm.<br \/>\nToutes les plaques profil\u00e9es de la gamme Tegolit 235 sont conformes \u00e0 la norme EN 494:2015.<\/p>\n<\/div><\/div><div class=\"w-separator size_medium\"><\/div><div class=\"g-cols wpb_row via_grid cols_2 laptops-cols_inherit tablets-cols_inherit mobiles-cols_1 valign_top type_default stacking_default\" style=\"--columns-gap:3.2rem;\"><div class=\"wpb_column vc_column_container\"><div class=\"vc_column-inner\"><div class=\"wpb_text_column\"><div class=\"wpb_wrapper\"><p><span style=\"color: #30a544\"><strong>Caract\u00e9ristiques techniques<\/strong><\/span><\/p>\n<ul>\n<li>Profil: 4 ondes, 235\/60 mm<\/li>\n<li>Exigences: conformit\u00e9 \u00e0 la norme NF EN 494:2015, NF EN 15057<\/li>\n<li>Attestation: INSTITUT GIORDANO<\/li>\n<li>Installation: Norme DTU 40.37, CPT 3297 &#8211; Manuel d&#8217;installation EDILFIBRO<\/li>\n<li>\u00c9paisseur: 6,5 mm nominal<\/li>\n<li>Poids: 13,5 kg\/m2 environ<\/li>\n<li>R\u00e9action au feu: Euroclasse A1<\/li>\n<li>Largeur: 98 cm \u2013 utile 94 cm<\/li>\n<li>Longueurs: 110-120-165-220*cm (* Hors NF)<\/li>\n<\/ul>\n<p><span style=\"color: #30a544\"><strong>Profil<\/strong><\/span><br \/>\n<img loading=\"lazy\" decoding=\"async\" class=\"alignnone size-full wp-image-1006\" src=\"\/wp-content\/uploads\/2024\/03\/Profilo-Tegolit-235.webp\" alt=\"Profil Tegolit 235\" width=\"400\" height=\"132\" \/><\/p>\n<\/div><\/div><\/div><\/div><div class=\"wpb_column vc_column_container\" id=\"certificazioni-prodotto\"><div class=\"vc_column-inner\"><div class=\"wpb_text_column\"><div class=\"wpb_wrapper\"><p><span style=\"color: #30a544\"><strong>Download<\/strong><\/span><\/p>\n<\/div><\/div><div class=\"w-tabs style_default switch_click accordion has_scrolling\" style=\"--sections-title-size:inherit\"><div class=\"w-tabs-sections titles-align_none icon_chevron cpos_right\"><div class=\"w-tabs-section\" id=\"v409\"><button class=\"w-tabs-section-header with_icon\" aria-controls=\"content-v409\" aria-expanded=\"false\"><i class=\"fas fa-file-pdf\"><\/i><div class=\"w-tabs-section-title\">Documentation g\u00e9n\u00e9rale<\/div><div class=\"w-tabs-section-control\"><\/div><\/button><div  class=\"w-tabs-section-content\" id=\"content-v409\"><div class=\"w-tabs-section-content-h i-cf\"><div class=\"w-text us_custom_9b8209a0 hover-sottolineato has_text_color icon_atleft\"><a href=\"https:\/\/www.edilfibro.it\/wp-content\/uploads\/2024\/12\/2025_Tegolit-235_Caracteristiques-physico-mecaniques.pdf\" class=\"w-text-h\"><i class=\"fas fa-file-pdf\"><\/i><span class=\"w-text-value\">Caract\u00e9ristiques physico-m\u00e9caniques<\/span><\/a><\/div><div class=\"w-text us_custom_9b8209a0 hover-sottolineato has_text_color icon_atleft\"><a href=\"https:\/\/www.edilfibro.it\/wp-content\/uploads\/2024\/12\/2025_Tegolit-235-Fiche-Produit.pdf\" class=\"w-text-h\"><i class=\"fas fa-file-pdf\"><\/i><span class=\"w-text-value\">Fiche technique gamme Tegolit Plus 235<\/span><\/a><\/div><div class=\"w-text us_custom_9b8209a0 hover-sottolineato has_text_color icon_atleft\"><a href=\"\/wp-content\/uploads\/2024\/07\/Conformita-CE-Tegolit-235.pdf\" class=\"w-text-h\"><i class=\"fas fa-file-pdf\"><\/i><span class=\"w-text-value\">Conformit\u00e9 Tegolit Plus 235 CE<\/span><\/a><\/div><div class=\"w-text us_custom_9b8209a0 hover-sottolineato has_text_color icon_atleft\"><a href=\"https:\/\/www.edilfibro.it\/wp-content\/uploads\/2025\/05\/2025-DOP-Tegolit-Plus-235-FRA.pdf\" class=\"w-text-h\"><i class=\"fas fa-file-pdf\"><\/i><span class=\"w-text-value\">Tegolit Plus 235 DOP<\/span><\/a><\/div><\/div><\/div><\/div><\/div><\/div><\/div><\/div><\/div><div class=\"w-separator size_medium\"><\/div><div class=\"w-actionbox cta-accessori color_light controls_right\"><div class=\"w-actionbox-text\"><h3 class=\"w-actionbox-title\">Avez-vous besoin d\u2019accessoires Tegolit 235?<\/h3><\/div><div class=\"w-actionbox-controls\"><a class=\"w-btn us-btn-style_1\" href=\"\/fr\/prodotto\/accessoires-tegolit-235\/\"><span class=\"w-btn-label\">Aller aux accessoires<\/span><\/a><\/div><\/div><\/div><\/div><\/div><\/div><\/section><section class=\"l-section wpb_row height_medium\"><div class=\"l-section-overlay\" style=\"background:#f5f5f5\"><\/div><div class=\"l-section-h i-cf\"><div class=\"g-cols vc_row via_grid cols_1-4-1 laptops-cols_inherit tablets-cols_inherit mobiles-cols_1 valign_top type_default stacking_default\"><div class=\"wpb_column vc_column_container\"><div class=\"vc_column-inner\"><\/div><\/div><div class=\"wpb_column vc_column_container\"><div class=\"vc_column-inner\"><div class=\"wpb_text_column us_custom_eb849559\"><div class=\"wpb_wrapper\"><h2>Produits <span class=\"evidenziatore\">apparent\u00e9s<\/span><\/h2>\n<\/div><\/div><div class=\"w-separator size_small\"><\/div><\/div><\/div><div class=\"wpb_column vc_column_container\"><div class=\"vc_column-inner\"><\/div><\/div><\/div><\/div><\/section>\n","protected":false},"excerpt":{"rendered":"Tegolit Plus 235AccueilPagesTegolit Plus 235 Disponible dans les versions suivantes: Tegolit 235 Choisir une optionT\u00e9golit Plus 235Tegolit Plus 235 Flamm\u00e9e Terremidi quantit\u00e9 de Tegolit Plus 235 Ajouter au panier Pourquoi choisir Tegolit IncombustibleExigence essentielle concernant le feu venant de l\u2019ext\u00e9rieur, l\u2019incombustibilit\u00e9 est un point fort des plaques profil\u00e9es Edilfibro. Flexible mais indeformableMat\u00e9riau l\u00e9ger (13,5 kg\/m2...","protected":false},"featured_media":5785,"comment_status":"open","ping_status":"closed","template":"","meta":[],"product_brand":[],"product_cat":[430],"product_tag":[],"class_list":{"0":"post-5783","1":"product","2":"type-product","3":"status-publish","4":"has-post-thumbnail","6":"product_cat-fibres-ciment","7":"pa_colore-rouge-tuile","8":"pa_colore-terrechiare-fr","9":"pa_profilo-fibrocemento-4-ondes","11":"first","12":"instock","13":"shipping-taxable","14":"purchasable","15":"product-type-variable","16":"has-default-attributes"},"yoast_head":"<!-- This site is optimized with the Yoast SEO plugin v26.6 - https:\/\/yoast.com\/wordpress\/plugins\/seo\/ -->\n<title>Tegolit Plus 235 - Edilfibro S.p.a.<\/title>\n<meta name=\"robots\" content=\"index, follow, max-snippet:-1, max-image-preview:large, max-video-preview:-1\" \/>\n<link rel=\"canonical\" href=\"https:\/\/www.edilfibro.it\/fr\/prodotto\/tegolit-plus-235\/\" \/>\n<meta property=\"og:locale\" content=\"fr_FR\" \/>\n<meta property=\"og:type\" content=\"article\" \/>\n<meta property=\"og:title\" content=\"Tegolit Plus 235 - Edilfibro S.p.a.\" \/>\n<meta property=\"og:url\" content=\"https:\/\/www.edilfibro.it\/fr\/prodotto\/tegolit-plus-235\/\" \/>\n<meta property=\"og:site_name\" content=\"Edilfibro S.p.a.\" \/>\n<meta property=\"article:publisher\" content=\"https:\/\/www.facebook.com\/edilfibro\" \/>\n<meta property=\"article:modified_time\" content=\"2025-05-07T15:04:51+00:00\" \/>\n<meta property=\"og:image\" content=\"https:\/\/www.edilfibro.it\/wp-content\/uploads\/2024\/03\/tegolit-235-plus.webp\" \/>\n\t<meta property=\"og:image:width\" content=\"600\" \/>\n\t<meta property=\"og:image:height\" content=\"600\" \/>\n\t<meta property=\"og:image:type\" content=\"image\/webp\" \/>\n<meta name=\"twitter:card\" content=\"summary_large_image\" \/>\n<meta name=\"twitter:label1\" content=\"Dur\u00e9e de lecture estim\u00e9e\" \/>\n\t<meta name=\"twitter:data1\" content=\"3 minutes\" \/>\n<script type=\"application\/ld+json\" class=\"yoast-schema-graph\">{\"@context\":\"https:\/\/schema.org\",\"@graph\":[{\"@type\":\"WebPage\",\"@id\":\"https:\/\/www.edilfibro.it\/fr\/prodotto\/tegolit-plus-235\/\",\"url\":\"https:\/\/www.edilfibro.it\/fr\/prodotto\/tegolit-plus-235\/\",\"name\":\"Tegolit Plus 235 - Edilfibro S.p.a.\",\"isPartOf\":{\"@id\":\"https:\/\/www.edilfibro.it\/fr\/#website\"},\"primaryImageOfPage\":{\"@id\":\"https:\/\/www.edilfibro.it\/fr\/prodotto\/tegolit-plus-235\/#primaryimage\"},\"image\":{\"@id\":\"https:\/\/www.edilfibro.it\/fr\/prodotto\/tegolit-plus-235\/#primaryimage\"},\"thumbnailUrl\":\"https:\/\/www.edilfibro.it\/wp-content\/uploads\/2024\/03\/tegolit-235-plus.webp\",\"datePublished\":\"2024-03-15T15:40:56+00:00\",\"dateModified\":\"2025-05-07T15:04:51+00:00\",\"breadcrumb\":{\"@id\":\"https:\/\/www.edilfibro.it\/fr\/prodotto\/tegolit-plus-235\/#breadcrumb\"},\"inLanguage\":\"fr-FR\",\"potentialAction\":[{\"@type\":\"ReadAction\",\"target\":[\"https:\/\/www.edilfibro.it\/fr\/prodotto\/tegolit-plus-235\/\"]}]},{\"@type\":\"ImageObject\",\"inLanguage\":\"fr-FR\",\"@id\":\"https:\/\/www.edilfibro.it\/fr\/prodotto\/tegolit-plus-235\/#primaryimage\",\"url\":\"https:\/\/www.edilfibro.it\/wp-content\/uploads\/2024\/03\/tegolit-235-plus.webp\",\"contentUrl\":\"https:\/\/www.edilfibro.it\/wp-content\/uploads\/2024\/03\/tegolit-235-plus.webp\",\"width\":600,\"height\":600},{\"@type\":\"BreadcrumbList\",\"@id\":\"https:\/\/www.edilfibro.it\/fr\/prodotto\/tegolit-plus-235\/#breadcrumb\",\"itemListElement\":[{\"@type\":\"ListItem\",\"position\":1,\"name\":\"Home\",\"item\":\"https:\/\/www.edilfibro.it\/fr\/\"},{\"@type\":\"ListItem\",\"position\":2,\"name\":\"Produits\",\"item\":\"https:\/\/www.edilfibro.it\/fr\/produits\/\"},{\"@type\":\"ListItem\",\"position\":3,\"name\":\"Tegolit Plus 235\"}]},{\"@type\":\"WebSite\",\"@id\":\"https:\/\/www.edilfibro.it\/fr\/#website\",\"url\":\"https:\/\/www.edilfibro.it\/fr\/\",\"name\":\"Edilfibro S.p.a.\",\"description\":\"Coperture per tetti, lastre fibrocemento e metallo\",\"publisher\":{\"@id\":\"https:\/\/www.edilfibro.it\/fr\/#organization\"},\"potentialAction\":[{\"@type\":\"SearchAction\",\"target\":{\"@type\":\"EntryPoint\",\"urlTemplate\":\"https:\/\/www.edilfibro.it\/fr\/?s={search_term_string}\"},\"query-input\":{\"@type\":\"PropertyValueSpecification\",\"valueRequired\":true,\"valueName\":\"search_term_string\"}}],\"inLanguage\":\"fr-FR\"},{\"@type\":\"Organization\",\"@id\":\"https:\/\/www.edilfibro.it\/fr\/#organization\",\"name\":\"Edilfibro S.p.a.\",\"url\":\"https:\/\/www.edilfibro.it\/fr\/\",\"logo\":{\"@type\":\"ImageObject\",\"inLanguage\":\"fr-FR\",\"@id\":\"https:\/\/www.edilfibro.it\/fr\/#\/schema\/logo\/image\/\",\"url\":\"https:\/\/www.edilfibro.it\/wp-content\/uploads\/2024\/09\/Logo-Edilfibro-2024-verde.webp\",\"contentUrl\":\"https:\/\/www.edilfibro.it\/wp-content\/uploads\/2024\/09\/Logo-Edilfibro-2024-verde.webp\",\"width\":270,\"height\":105,\"caption\":\"Edilfibro S.p.a.\"},\"image\":{\"@id\":\"https:\/\/www.edilfibro.it\/fr\/#\/schema\/logo\/image\/\"},\"sameAs\":[\"https:\/\/www.facebook.com\/edilfibro\",\"https:\/\/www.linkedin.com\/company\/edilfibrospa\/\",\"https:\/\/www.youtube.com\/channel\/UCfz1PuhFpXa0MFkRDzC_Cgw\"]}]}<\/script>\n<!-- \/ Yoast SEO plugin. -->","yoast_head_json":{"title":"Tegolit Plus 235 - Edilfibro S.p.a.","robots":{"index":"index","follow":"follow","max-snippet":"max-snippet:-1","max-image-preview":"max-image-preview:large","max-video-preview":"max-video-preview:-1"},"canonical":"https:\/\/www.edilfibro.it\/fr\/prodotto\/tegolit-plus-235\/","og_locale":"fr_FR","og_type":"article","og_title":"Tegolit Plus 235 - Edilfibro S.p.a.","og_url":"https:\/\/www.edilfibro.it\/fr\/prodotto\/tegolit-plus-235\/","og_site_name":"Edilfibro S.p.a.","article_publisher":"https:\/\/www.facebook.com\/edilfibro","article_modified_time":"2025-05-07T15:04:51+00:00","og_image":[{"width":600,"height":600,"url":"https:\/\/www.edilfibro.it\/wp-content\/uploads\/2024\/03\/tegolit-235-plus.webp","type":"image\/webp"}],"twitter_card":"summary_large_image","twitter_misc":{"Dur\u00e9e de lecture estim\u00e9e":"3 minutes"},"schema":{"@context":"https:\/\/schema.org","@graph":[{"@type":"WebPage","@id":"https:\/\/www.edilfibro.it\/fr\/prodotto\/tegolit-plus-235\/","url":"https:\/\/www.edilfibro.it\/fr\/prodotto\/tegolit-plus-235\/","name":"Tegolit Plus 235 - Edilfibro S.p.a.","isPartOf":{"@id":"https:\/\/www.edilfibro.it\/fr\/#website"},"primaryImageOfPage":{"@id":"https:\/\/www.edilfibro.it\/fr\/prodotto\/tegolit-plus-235\/#primaryimage"},"image":{"@id":"https:\/\/www.edilfibro.it\/fr\/prodotto\/tegolit-plus-235\/#primaryimage"},"thumbnailUrl":"https:\/\/www.edilfibro.it\/wp-content\/uploads\/2024\/03\/tegolit-235-plus.webp","datePublished":"2024-03-15T15:40:56+00:00","dateModified":"2025-05-07T15:04:51+00:00","breadcrumb":{"@id":"https:\/\/www.edilfibro.it\/fr\/prodotto\/tegolit-plus-235\/#breadcrumb"},"inLanguage":"fr-FR","potentialAction":[{"@type":"ReadAction","target":["https:\/\/www.edilfibro.it\/fr\/prodotto\/tegolit-plus-235\/"]}]},{"@type":"ImageObject","inLanguage":"fr-FR","@id":"https:\/\/www.edilfibro.it\/fr\/prodotto\/tegolit-plus-235\/#primaryimage","url":"https:\/\/www.edilfibro.it\/wp-content\/uploads\/2024\/03\/tegolit-235-plus.webp","contentUrl":"https:\/\/www.edilfibro.it\/wp-content\/uploads\/2024\/03\/tegolit-235-plus.webp","width":600,"height":600},{"@type":"BreadcrumbList","@id":"https:\/\/www.edilfibro.it\/fr\/prodotto\/tegolit-plus-235\/#breadcrumb","itemListElement":[{"@type":"ListItem","position":1,"name":"Home","item":"https:\/\/www.edilfibro.it\/fr\/"},{"@type":"ListItem","position":2,"name":"Produits","item":"https:\/\/www.edilfibro.it\/fr\/produits\/"},{"@type":"ListItem","position":3,"name":"Tegolit Plus 235"}]},{"@type":"WebSite","@id":"https:\/\/www.edilfibro.it\/fr\/#website","url":"https:\/\/www.edilfibro.it\/fr\/","name":"Edilfibro S.p.a.","description":"Coperture per tetti, lastre fibrocemento e metallo","publisher":{"@id":"https:\/\/www.edilfibro.it\/fr\/#organization"},"potentialAction":[{"@type":"SearchAction","target":{"@type":"EntryPoint","urlTemplate":"https:\/\/www.edilfibro.it\/fr\/?s={search_term_string}"},"query-input":{"@type":"PropertyValueSpecification","valueRequired":true,"valueName":"search_term_string"}}],"inLanguage":"fr-FR"},{"@type":"Organization","@id":"https:\/\/www.edilfibro.it\/fr\/#organization","name":"Edilfibro S.p.a.","url":"https:\/\/www.edilfibro.it\/fr\/","logo":{"@type":"ImageObject","inLanguage":"fr-FR","@id":"https:\/\/www.edilfibro.it\/fr\/#\/schema\/logo\/image\/","url":"https:\/\/www.edilfibro.it\/wp-content\/uploads\/2024\/09\/Logo-Edilfibro-2024-verde.webp","contentUrl":"https:\/\/www.edilfibro.it\/wp-content\/uploads\/2024\/09\/Logo-Edilfibro-2024-verde.webp","width":270,"height":105,"caption":"Edilfibro S.p.a."},"image":{"@id":"https:\/\/www.edilfibro.it\/fr\/#\/schema\/logo\/image\/"},"sameAs":["https:\/\/www.facebook.com\/edilfibro","https:\/\/www.linkedin.com\/company\/edilfibrospa\/","https:\/\/www.youtube.com\/channel\/UCfz1PuhFpXa0MFkRDzC_Cgw"]}]}},"_links":{"self":[{"href":"https:\/\/www.edilfibro.it\/fr\/wp-json\/wp\/v2\/product\/5783","targetHints":{"allow":["GET"]}}],"collection":[{"href":"https:\/\/www.edilfibro.it\/fr\/wp-json\/wp\/v2\/product"}],"about":[{"href":"https:\/\/www.edilfibro.it\/fr\/wp-json\/wp\/v2\/types\/product"}],"replies":[{"embeddable":true,"href":"https:\/\/www.edilfibro.it\/fr\/wp-json\/wp\/v2\/comments?post=5783"}],"wp:featuredmedia":[{"embeddable":true,"href":"https:\/\/www.edilfibro.it\/fr\/wp-json\/wp\/v2\/media\/5785"}],"wp:attachment":[{"href":"https:\/\/www.edilfibro.it\/fr\/wp-json\/wp\/v2\/media?parent=5783"}],"wp:term":[{"taxonomy":"product_brand","embeddable":true,"href":"https:\/\/www.edilfibro.it\/fr\/wp-json\/wp\/v2\/product_brand?post=5783"},{"taxonomy":"product_cat","embeddable":true,"href":"https:\/\/www.edilfibro.it\/fr\/wp-json\/wp\/v2\/product_cat?post=5783"},{"taxonomy":"product_tag","embeddable":true,"href":"https:\/\/www.edilfibro.it\/fr\/wp-json\/wp\/v2\/product_tag?post=5783"}],"curies":[{"name":"wp","href":"https:\/\/api.w.org\/{rel}","templated":true}]}}