{"version":"1.0","provider_name":"Edilfibro S.p.a.","provider_url":"https:\/\/www.edilfibro.it\/fr\/","author_name":"Fabiola","author_url":"https:\/\/www.edilfibro.it\/fr\/author\/fabiola\/","title":"SOMMET DE L\u2019\u00c9LEVAGE 2025 - Edilfibro S.p.a.","type":"rich","width":600,"height":338,"html":"<blockquote class=\"wp-embedded-content\" data-secret=\"fFokESGKpI\"><a href=\"https:\/\/www.edilfibro.it\/fr\/sommet-de-lelevage-2025\/\">SOMMET DE L\u2019\u00c9LEVAGE 2025<\/a><\/blockquote><iframe sandbox=\"allow-scripts\" security=\"restricted\" src=\"https:\/\/www.edilfibro.it\/fr\/sommet-de-lelevage-2025\/embed\/#?secret=fFokESGKpI\" width=\"600\" height=\"338\" title=\"\u00ab\u00a0SOMMET DE L\u2019\u00c9LEVAGE 2025\u00a0\u00bb &#8212; Edilfibro S.p.a.\" data-secret=\"fFokESGKpI\" frameborder=\"0\" marginwidth=\"0\" marginheight=\"0\" scrolling=\"no\" class=\"wp-embedded-content\"><\/iframe><script>\n\/*! This file is auto-generated *\/\n!function(d,l){\"use strict\";l.querySelector&&d.addEventListener&&\"undefined\"!=typeof URL&&(d.wp=d.wp||{},d.wp.receiveEmbedMessage||(d.wp.receiveEmbedMessage=function(e){var t=e.data;if((t||t.secret||t.message||t.value)&&!\/[^a-zA-Z0-9]\/.test(t.secret)){for(var s,r,n,a=l.querySelectorAll('iframe[data-secret=\"'+t.secret+'\"]'),o=l.querySelectorAll('blockquote[data-secret=\"'+t.secret+'\"]'),c=new RegExp(\"^https?:$\",\"i\"),i=0;i<o.length;i++)o[i].style.display=\"none\";for(i=0;i<a.length;i++)s=a[i],e.source===s.contentWindow&&(s.removeAttribute(\"style\"),\"height\"===t.message?(1e3<(r=parseInt(t.value,10))?r=1e3:~~r<200&&(r=200),s.height=r):\"link\"===t.message&&(r=new URL(s.getAttribute(\"src\")),n=new URL(t.value),c.test(n.protocol))&&n.host===r.host&&l.activeElement===s&&(d.top.location.href=t.value))}},d.addEventListener(\"message\",d.wp.receiveEmbedMessage,!1),l.addEventListener(\"DOMContentLoaded\",function(){for(var e,t,s=l.querySelectorAll(\"iframe.wp-embedded-content\"),r=0;r<s.length;r++)(t=(e=s[r]).getAttribute(\"data-secret\"))||(t=Math.random().toString(36).substring(2,12),e.src+=\"#?secret=\"+t,e.setAttribute(\"data-secret\",t)),e.contentWindow.postMessage({message:\"ready\",secret:t},\"*\")},!1)))}(window,document);\n\/\/# sourceURL=https:\/\/www.edilfibro.it\/wp-includes\/js\/wp-embed.min.js\n<\/script>\n","thumbnail_url":"https:\/\/www.edilfibro.it\/wp-content\/uploads\/2026\/01\/sommet_de_l_elevage_2025.jpg","thumbnail_width":1200,"thumbnail_height":1072,"description":"Rendez-vous au SOMMET DE L\u2019\u00c9LEVAGE ! Du 7 au 10 octobre, nous serons pr\u00e9sents au Sommet de l\u2019\u00c9levage, le rendez-vous europ\u00e9en de r\u00e9f\u00e9rence d\u00e9di\u00e9 \u00e0 l\u2019\u00e9levage durable et \u00e0 l\u2019innovation agricole. Un \u00e9v\u00e9nement incontournable pour les professionnels du secteur, plac\u00e9 sous le signe de l\u2019innovation, des \u00e9changes et de la valorisation des meilleures pratiques de..."}