{"id":7007,"date":"2025-05-12T17:03:29","date_gmt":"2025-05-12T15:03:29","guid":{"rendered":"https:\/\/www.edilfibro.it\/?post_type=product&#038;p=7007"},"modified":"2025-05-28T11:01:54","modified_gmt":"2025-05-28T09:01:54","slug":"metaclik-475","status":"publish","type":"product","link":"https:\/\/www.edilfibro.it\/es\/prodotto\/metaclik-475\/","title":{"rendered":"Metaclik 475"},"content":{"rendered":"<section class=\"l-section wpb_row height_huge color_primary with_img\"><div class=\"l-section-img\" role=\"img\" aria-label=\"Imagen\" data-img-width=\"2000\" data-img-height=\"1040\" style=\"background-image: url(https:\/\/www.edilfibro.it\/wp-content\/uploads\/2025\/05\/Metaclik-Edilfibro_Heading.webp);background-repeat: no-repeat;\"><\/div><div class=\"l-section-overlay\" style=\"background:rgba(0,0,0,0.65)\"><\/div><div class=\"l-section-h i-cf\"><div class=\"g-cols vc_row via_grid cols_1 laptops-cols_inherit tablets-cols_inherit mobiles-cols_1 valign_top type_default stacking_default\"><div class=\"wpb_column vc_column_container\"><div class=\"vc_column-inner\"><h1 class=\"w-post-elm post_title align_center entry-title color_link_inherit\">Metaclik 475<\/h1><nav class=\"g-breadcrumbs separator_icon align_center\" itemscope itemtype=\"http:\/\/schema.org\/BreadcrumbList\"><div class=\"g-breadcrumbs-item\" itemscope itemprop=\"itemListElement\" itemtype=\"http:\/\/schema.org\/ListItem\"><a itemprop=\"item\" href=\"https:\/\/www.edilfibro.it\/es\/\"><span itemprop=\"name\">Inicio<\/span><\/a><meta itemprop=\"position\" content=\"1\"\/><\/div><div class=\"g-breadcrumbs-separator\"><i class=\"far fa-angle-right\"><\/i><\/div><div class=\"g-breadcrumbs-item\">P\u00e1ginas<\/div><\/nav><\/div><\/div><\/div><\/div><\/section><section class=\"l-section wpb_row finto-prod-variabile height_medium\"><div class=\"l-section-h i-cf\"><div class=\"g-cols vc_row via_grid cols_2-3 laptops-cols_inherit tablets-cols_inherit mobiles-cols_1 valign_top type_default stacking_default\"><div class=\"wpb_column vc_column_container\"><div class=\"vc_column-inner\"><div class=\"w-post-elm product_gallery\"><\/div><\/div><\/div><div class=\"wpb_column vc_column_container\"><div class=\"vc_column-inner\"><div class=\"wpb_text_column\"><div class=\"wpb_wrapper\"><h2 class=\"titolo-la-gamma\"><span class=\"evidenziatore\">Metaclik 475<\/span><\/h2>\n<\/div><\/div><div class=\"w-separator size_small\"><\/div><div class=\"w-post-elm add_to_cart qty-btn-style_0\" style=\"--qty-btn-size:1rem;\">\n<form class=\"variations_form cart\" action=\"https:\/\/www.edilfibro.it\/es\/prodotto\/metaclik-475\/\" method=\"post\" enctype='multipart\/form-data' data-product_id=\"7007\" data-product_variations=\"[{&quot;attributes&quot;:{&quot;attribute_pa_prodotto-in-versione-unica&quot;:&quot;versione-unica-es&quot;},&quot;availability_html&quot;:&quot;&quot;,&quot;backorders_allowed&quot;:false,&quot;dimensions&quot;:{&quot;length&quot;:&quot;&quot;,&quot;width&quot;:&quot;&quot;,&quot;height&quot;:&quot;&quot;},&quot;dimensions_html&quot;:&quot;N\\\/D&quot;,&quot;display_price&quot;:1,&quot;display_regular_price&quot;:1,&quot;image&quot;:{&quot;title&quot;:&quot;FOTO COPERTINA&quot;,&quot;caption&quot;:&quot;&quot;,&quot;url&quot;:&quot;https:\\\/\\\/www.edilfibro.it\\\/wp-content\\\/uploads\\\/2025\\\/05\\\/FOTO-COPERTINA.webp&quot;,&quot;alt&quot;:&quot;FOTO COPERTINA&quot;,&quot;src&quot;:&quot;https:\\\/\\\/www.edilfibro.it\\\/wp-content\\\/uploads\\\/2025\\\/05\\\/FOTO-COPERTINA.webp&quot;,&quot;srcset&quot;:&quot;https:\\\/\\\/www.edilfibro.it\\\/wp-content\\\/uploads\\\/2025\\\/05\\\/FOTO-COPERTINA.webp 600w, https:\\\/\\\/www.edilfibro.it\\\/wp-content\\\/uploads\\\/2025\\\/05\\\/FOTO-COPERTINA-300x300.webp 300w, https:\\\/\\\/www.edilfibro.it\\\/wp-content\\\/uploads\\\/2025\\\/05\\\/FOTO-COPERTINA-150x150.webp 150w&quot;,&quot;sizes&quot;:&quot;(max-width: 600px) 100vw, 600px&quot;,&quot;full_src&quot;:&quot;https:\\\/\\\/www.edilfibro.it\\\/wp-content\\\/uploads\\\/2025\\\/05\\\/FOTO-COPERTINA.webp&quot;,&quot;full_src_w&quot;:600,&quot;full_src_h&quot;:600,&quot;gallery_thumbnail_src&quot;:&quot;https:\\\/\\\/www.edilfibro.it\\\/wp-content\\\/uploads\\\/2025\\\/05\\\/FOTO-COPERTINA-300x300.webp&quot;,&quot;gallery_thumbnail_src_w&quot;:300,&quot;gallery_thumbnail_src_h&quot;:300,&quot;thumb_src&quot;:&quot;https:\\\/\\\/www.edilfibro.it\\\/wp-content\\\/uploads\\\/2025\\\/05\\\/FOTO-COPERTINA-300x300.webp&quot;,&quot;thumb_src_w&quot;:300,&quot;thumb_src_h&quot;:300,&quot;src_w&quot;:600,&quot;src_h&quot;:600},&quot;image_id&quot;:7103,&quot;is_downloadable&quot;:false,&quot;is_in_stock&quot;:true,&quot;is_purchasable&quot;:true,&quot;is_sold_individually&quot;:&quot;no&quot;,&quot;is_virtual&quot;:false,&quot;max_qty&quot;:&quot;&quot;,&quot;min_qty&quot;:1,&quot;price_html&quot;:&quot;&quot;,&quot;sku&quot;:&quot;&quot;,&quot;variation_description&quot;:&quot;&lt;p&gt;Metaclik es un sistema de cubierta met\\u00e1lica continua con junta de drenaje para pendientes bajas, sin perforaciones, juntas ni solapes en cabecera.&lt;br \\\/&gt;\\nEl sistema est\\u00e1 compuesto por placas de aleaci\\u00f3n de aluminio 5754 H18 (acabado natural o prelacado) con un espesor de 0,7 \\\/ 0,8 \\\/ 1,0 mm, o de acero galvanizado prelacado con espesor de 0,6 mm, con acanalado transversal de refuerzo (no disponible bajo pedido).&lt;\\\/p&gt;\\n&lt;p&gt;Las placas se perfilan seg\\u00fan la longitud del fald\\u00f3n y se fijan a la subestructura mediante grapas (de aluminio anodizado o poliamida) con dos orificios, manteniendo una distancia de 5 \\\/ 7 mm entre el intrad\\u00f3s de la placa y la estructura inferior.&lt;\\\/p&gt;\\n&lt;p&gt;La fijaci\\u00f3n por encaje de la placa en las grapas garantiza resistencia a las cargas ascendentes y permite el desplazamiento por dilataci\\u00f3n t\\u00e9rmica.&lt;br \\\/&gt;\\nLa ausencia de perforaciones, el canal de drenaje y los cortes en los extremos para el rebordeado en cumbrera y en alero garantizan la estanqueidad incluso en pendientes bajas.&lt;\\\/p&gt;\\n&lt;p&gt;&lt;strong&gt;Nota&lt;\\\/strong&gt;: El perfil 475 est\\u00e1 disponible solo bajo pedido.&lt;\\\/p&gt;\\n&quot;,&quot;variation_id&quot;:7012,&quot;variation_is_active&quot;:true,&quot;variation_is_visible&quot;:true,&quot;weight&quot;:&quot;&quot;,&quot;weight_html&quot;:&quot;N\\\/D&quot;}]\">\n\t\n\t\t\t<table class=\"variations\" cellspacing=\"0\" role=\"presentation\">\n\t\t\t<tbody>\n\t\t\t\t\t\t\t\t\t<tr>\n\t\t\t\t\t\t<th class=\"label\"><label for=\"pa_prodotto-in-versione-unica\">Producto en versi&oacute;n &uacute;nica<\/label><\/th>\n\t\t\t\t\t\t<td class=\"value\">\n\t\t\t\t\t\t\t<div class=\"woocommerce-select\"><select id=\"pa_prodotto-in-versione-unica\" class=\"\" name=\"attribute_pa_prodotto-in-versione-unica\" data-attribute_name=\"attribute_pa_prodotto-in-versione-unica\" data-show_option_none=\"yes\"><option value=\"\">Elige una opci\u00f3n<\/option><option value=\"versione-unica-es\"  selected='selected'>Versi\u00f3n \u00fanica<\/option><\/select><\/div><a class=\"reset_variations\" href=\"#\" aria-label=\"Vaciar opciones\"><\/a>\t\t\t\t\t\t<\/td>\n\t\t\t\t\t<\/tr>\n\t\t\t\t\t\t\t<\/tbody>\n\t\t<\/table>\n\t\t<div class=\"reset_variations_alert screen-reader-text\" role=\"alert\" aria-live=\"polite\" aria-relevant=\"all\"><\/div>\n\t\t\n\t\t<div class=\"single_variation_wrap\">\n\t\t\t<div class=\"woocommerce-variation single_variation\" role=\"alert\" aria-relevant=\"additions\"><\/div><div class=\"woocommerce-variation-add-to-cart variations_button\">\n\t\n\t<div class=\"quantity\">\n\t<input type=\"button\" value=\"-\" class=\"minus\" disabled>\t<label class=\"screen-reader-text\" for=\"quantity_69f3edebe905d\">Metaclik 475 cantidad<\/label>\n\t<input\n\t\ttype=\"number\"\n\t\t\t\tid=\"quantity_69f3edebe905d\"\n\t\tclass=\"input-text qty text\"\n\t\tname=\"quantity\"\n\t\tvalue=\"1\"\n\t\taria-label=\"Cantidad de productos\"\n\t\t\t\tmin=\"1\"\n\t\t\t\t\t\t\tstep=\"1\"\n\t\t\tplaceholder=\"\"\n\t\t\tinputmode=\"numeric\"\n\t\t\tautocomplete=\"off\"\n\t\t\t\/>\n\t<input type=\"button\" value=\"+\" class=\"plus\"><\/div>\n\n\t<button type=\"submit\" class=\"single_add_to_cart_button button alt\">A\u00f1adir al carrito<\/button>\n\n\t\n\t<input type=\"hidden\" name=\"add-to-cart\" value=\"7007\" \/>\n\t<input type=\"hidden\" name=\"product_id\" value=\"7007\" \/>\n\t<input type=\"hidden\" name=\"variation_id\" class=\"variation_id\" value=\"0\" \/>\n<\/div>\n\t\t<\/div>\n\t\n\t<\/form>\n\n<div class=\"woocommerce-notices-wrapper\"><\/div><\/div><\/div><\/div><\/div><\/div><\/section><section class=\"l-section wpb_row documentazione-tecnica height_medium\"><div class=\"l-section-h i-cf\"><div class=\"g-cols vc_row via_grid cols_1 laptops-cols_inherit tablets-cols_inherit mobiles-cols_1 valign_top type_default stacking_default\"><div class=\"wpb_column vc_column_container\"><div class=\"vc_column-inner\"><div class=\"wpb_text_column us_custom_eb849559\"><div class=\"wpb_wrapper\"><h2>Descripci\u00f3n del <span class=\"evidenziatore\">producto<\/span><\/h2>\n<\/div><\/div><div class=\"w-separator size_medium\"><\/div><div class=\"g-cols wpb_row via_grid cols_2 laptops-cols_inherit tablets-cols_inherit mobiles-cols_1 valign_top type_default stacking_default\" style=\"--columns-gap:3.2rem;\"><div class=\"wpb_column vc_column_container\"><div class=\"vc_column-inner\"><div class=\"wpb_text_column us_custom_a833bf3c\"><div class=\"wpb_wrapper\"><p><span style=\"color: #1b9119;\"><strong>Caracter\u00edsticas t\u00e9cnicas acero<\/strong><\/span><\/p>\n<div style=\"overflow-x: auto;\">\n<table id=\"metal-profile-table\" class=\"lattonerie tabella\">\n<tbody>\n<tr>\n<th><strong>s (mm)<\/strong><\/th>\n<th><strong>J (cm4\/m)<\/strong><\/th>\n<th><strong>W+ (cm3\/m)<\/strong><\/th>\n<th><strong>W- (cm3\/m)<\/strong><\/th>\n<\/tr>\n<tr>\n<td>0,6<\/td>\n<td>12,48<\/td>\n<td>3,75<\/td>\n<td>3,27<\/td>\n<\/tr>\n<tr>\n<td>0,8<\/td>\n<td>16,69<\/td>\n<td>5,03<\/td>\n<td>4,88<\/td>\n<\/tr>\n<\/tbody>\n<\/table>\n<\/div>\n<\/div><\/div><div class=\"w-separator size_small\"><\/div><div class=\"wpb_text_column us_custom_a833bf3c\"><div class=\"wpb_wrapper\"><p><span style=\"color: #1b9119;\"><strong>Caracter\u00edsticas t\u00e9cnicas aluminio<\/strong><\/span><\/p>\n<div style=\"overflow-x: auto;\">\n<table id=\"metal-profile-table\" class=\"lattonerie tabella\">\n<tbody>\n<tr>\n<th><strong>s (mm)<\/strong><\/th>\n<th><strong>J (cm4\/m)<\/strong><\/th>\n<th><strong>W+ (cm3\/m)<\/strong><\/th>\n<th><strong>W- (cm3\/m)<\/strong><\/th>\n<\/tr>\n<tr>\n<td>0,7<\/td>\n<td>14,58<\/td>\n<td>4,39<\/td>\n<td>4,00<\/td>\n<\/tr>\n<tr>\n<td>0,8<\/td>\n<td>16,70<\/td>\n<td>5,03<\/td>\n<td>4,88<\/td>\n<\/tr>\n<tr>\n<td>1,0<\/td>\n<td>20,94<\/td>\n<td>6,33<\/td>\n<td>6,75<\/td>\n<\/tr>\n<\/tbody>\n<\/table>\n<\/div>\n<\/div><\/div><div class=\"wpb_text_column us_custom_a833bf3c\"><div class=\"wpb_wrapper\"><div class=\"page\">\n<div class=\"section\"><strong>LEYENDA<\/strong>:<br \/>\ns = espesor de la chapa; J = momento de inercia; W+ = m\u00f3dulo de resistencia a<br \/>\nflexi\u00f3n; W- = m\u00f3dulo de resistencia a flexi\u00f3n<\/div>\n<\/div>\n<\/div><\/div><\/div><\/div><div class=\"wpb_column vc_column_container\" id=\"certificazioni-prodotto\"><div class=\"vc_column-inner\"><div class=\"wpb_text_column\"><div class=\"wpb_wrapper\"><p><span style=\"color: #1b9119;\"><strong>Download<\/strong><\/span><\/p>\n<\/div><\/div><div class=\"w-separator size_small\"><\/div><div class=\"w-tabs style_default switch_click accordion type_togglable has_scrolling remove_indents\" style=\"--sections-title-size:inherit\"><div class=\"w-tabs-sections titles-align_none icon_plus cpos_right\"><div class=\"w-tabs-section\" id=\"scba\"><button class=\"w-tabs-section-header with_icon\" aria-controls=\"content-scba\" aria-expanded=\"false\"><i class=\"fas fa-file-pdf\"><\/i><div class=\"w-tabs-section-title\">Documentaci\u00f3n t\u00e9cnica<\/div><div class=\"w-tabs-section-control\"><\/div><\/button><div  class=\"w-tabs-section-content\" id=\"content-scba\"><div class=\"w-tabs-section-content-h i-cf\"><div class=\"w-iconbox us_custom_9b8209a0 hover-sottolineato has_text_color iconpos_left style_default color_primary align_left no_text\"><a target=\"_blank\" href=\"\/wp-content\/uploads\/2025\/05\/ES-2025-SCHEDA-TECNICA_METACLIK-475-ACERO.pdf\" class=\"w-iconbox-link\" aria-label=\"Ficha t\u00e9cnica Metaclik 475 &#8211; Acero\"><div class=\"w-iconbox-icon\" style=\"font-size:1.1rem;\"><i class=\"fas fa-file-pdf\"><\/i><\/div><\/a><div class=\"w-iconbox-meta\"><span class=\"w-iconbox-title\"><a target=\"_blank\" href=\"\/wp-content\/uploads\/2025\/05\/ES-2025-SCHEDA-TECNICA_METACLIK-475-ACERO.pdf\" class=\"w-iconbox-link\" aria-label=\"Ficha t\u00e9cnica Metaclik 475 &#8211; Acero\">Ficha t\u00e9cnica Metaclik 475 &#8211; Acero<\/a><\/span><\/div><\/div><div class=\"w-iconbox us_custom_9b8209a0 hover-sottolineato has_text_color iconpos_left style_default color_primary align_left no_text\"><a target=\"_blank\" href=\"\/wp-content\/uploads\/2025\/05\/ES-2025-SCHEDA-TECNICA_METACLIK-475-ALUMINIO.pdf\" class=\"w-iconbox-link\" aria-label=\"Ficha t\u00e9cnica Metaclik 475 &#8211; Aluminio\"><div class=\"w-iconbox-icon\" style=\"font-size:1.1rem;\"><i class=\"fas fa-file-pdf\"><\/i><\/div><\/a><div class=\"w-iconbox-meta\"><span class=\"w-iconbox-title\"><a target=\"_blank\" href=\"\/wp-content\/uploads\/2025\/05\/ES-2025-SCHEDA-TECNICA_METACLIK-475-ALUMINIO.pdf\" class=\"w-iconbox-link\" aria-label=\"Ficha t\u00e9cnica Metaclik 475 &#8211; Aluminio\">Ficha t\u00e9cnica Metaclik 475 &#8211; Aluminio<\/a><\/span><\/div><\/div><\/div><\/div><\/div><div class=\"w-tabs-section\" id=\"u34d\"><button class=\"w-tabs-section-header with_icon\" aria-controls=\"content-u34d\" aria-expanded=\"false\"><i class=\"fas fa-file-pdf\"><\/i><div class=\"w-tabs-section-title\">Art\u00edculos de especificaci\u00f3n<\/div><div class=\"w-tabs-section-control\"><\/div><\/button><div  class=\"w-tabs-section-content\" id=\"content-u34d\"><div class=\"w-tabs-section-content-h i-cf\"><div class=\"w-iconbox us_custom_9b8209a0 hover-sottolineato has_text_color iconpos_left style_default color_primary align_left no_text\"><a target=\"_blank\" href=\"\/wp-content\/uploads\/2025\/05\/ES_VOCI-DI-CAPITOLATO-METACLIK-475-ACERO.pdf\" class=\"w-iconbox-link\" aria-label=\"Art\u00edculos de especificaci\u00f3n &#8211; Acero\"><div class=\"w-iconbox-icon\" style=\"font-size:1.1rem;\"><i class=\"fas fa-file-pdf\"><\/i><\/div><\/a><div class=\"w-iconbox-meta\"><span class=\"w-iconbox-title\"><a target=\"_blank\" href=\"\/wp-content\/uploads\/2025\/05\/ES_VOCI-DI-CAPITOLATO-METACLIK-475-ACERO.pdf\" class=\"w-iconbox-link\" aria-label=\"Art\u00edculos de especificaci\u00f3n &#8211; Acero\">Art\u00edculos de especificaci\u00f3n &#8211; Acero<\/a><\/span><\/div><\/div><div class=\"w-iconbox us_custom_9b8209a0 hover-sottolineato has_text_color iconpos_left style_default color_primary align_left no_text\"><a target=\"_blank\" href=\"\/wp-content\/uploads\/2025\/05\/ES_VOCI-DI-CAPITOLATO-METACLIK-475-ALUMINIO.pdf\" class=\"w-iconbox-link\" aria-label=\"Art\u00edculos de especificaci\u00f3n &#8211; Aluminio\"><div class=\"w-iconbox-icon\" style=\"font-size:1.1rem;\"><i class=\"fas fa-file-pdf\"><\/i><\/div><\/a><div class=\"w-iconbox-meta\"><span class=\"w-iconbox-title\"><a target=\"_blank\" href=\"\/wp-content\/uploads\/2025\/05\/ES_VOCI-DI-CAPITOLATO-METACLIK-475-ALUMINIO.pdf\" class=\"w-iconbox-link\" aria-label=\"Art\u00edculos de especificaci\u00f3n &#8211; Aluminio\">Art\u00edculos de especificaci\u00f3n &#8211; Aluminio<\/a><\/span><\/div><\/div><\/div><\/div><\/div><\/div><\/div><\/div><\/div><\/div><div class=\"w-separator size_medium\"><\/div><div class=\"g-cols wpb_row via_grid cols_1 laptops-cols_inherit tablets-cols_inherit mobiles-cols_1 valign_top type_default stacking_default\" style=\"--columns-gap:3rem;\"><div class=\"wpb_column vc_column_container\"><div class=\"vc_column-inner\"><div class=\"wpb_text_column us_custom_7c5f6a71\"><div class=\"wpb_wrapper\"><p><span style=\"color: #1b9119;\"><strong>Datos f\u00edsicos<\/strong><\/span><\/p>\n<\/div><\/div><div class=\"wpb_text_column us_custom_a833bf3c\"><div class=\"wpb_wrapper\"><div style=\"overflow-x: auto;\">\n<table id=\"metal-profile-table\" class=\"lattonerie tabella\">\n<tbody>\n<tr>\n<th><strong>Material<\/strong><\/th>\n<th><strong>Aleaci\u00f3n<\/strong><\/th>\n<th><strong>Peso espec\u00edfico (kg\/dm3)<\/strong><\/th>\n<th><strong>L\u00edmite el\u00e1stico (Mpa min.)<\/strong><\/th>\n<\/tr>\n<tr>\n<td>Acero<\/td>\n<td>S250GD<\/td>\n<td>7,85<\/td>\n<td>250<\/td>\n<\/tr>\n<tr>\n<td>Aluminio<\/td>\n<td>Al 5754 H18<\/td>\n<td>2,70<\/td>\n<td>250<\/td>\n<\/tr>\n<\/tbody>\n<\/table>\n<\/div>\n<\/div><\/div><\/div><\/div><\/div><div class=\"w-separator size_large\"><\/div><div class=\"g-cols wpb_row via_grid cols_1 laptops-cols_inherit tablets-cols_inherit mobiles-cols_1 valign_top type_default stacking_default\" style=\"--columns-gap:3rem;\"><div class=\"wpb_column vc_column_container\"><div class=\"vc_column-inner\"><div class=\"wpb_text_column us_custom_c19506bf\"><div class=\"wpb_wrapper\"><p><span style=\"color: #1b9119;\"><strong>Tabla de capacidad para vanos m\u00faltiples <\/strong><\/span><\/p>\n<\/div><\/div><div class=\"w-image align_center\"><div class=\"w-image-h\"><img decoding=\"async\" width=\"1023\" height=\"149\" src=\"https:\/\/www.edilfibro.it\/wp-content\/uploads\/2025\/05\/Tabella-di-portata-per-campate-multiple.webp\" class=\"attachment-full size-full\" alt=\"\" loading=\"lazy\" srcset=\"https:\/\/www.edilfibro.it\/wp-content\/uploads\/2025\/05\/Tabella-di-portata-per-campate-multiple.webp 1023w, https:\/\/www.edilfibro.it\/wp-content\/uploads\/2025\/05\/Tabella-di-portata-per-campate-multiple-300x44.webp 300w, https:\/\/www.edilfibro.it\/wp-content\/uploads\/2025\/05\/Tabella-di-portata-per-campate-multiple-600x87.webp 600w\" sizes=\"auto, (max-width: 1023px) 100vw, 1023px\" \/><\/div><\/div><div class=\"w-separator size_small\"><\/div><div class=\"wpb_text_column us_custom_a833bf3c\"><div class=\"wpb_wrapper\"><p><span style=\"color: #1b9119;\"><strong>ACERO<\/strong><\/span><\/p>\n<div style=\"overflow-x: auto;\">\n<table id=\"metal-profile-table\" class=\"lattonerie tabella\">\n<tbody>\n<tr>\n<th><strong>Distancia entre ejes L (mm)<\/strong><\/th>\n<th><strong>0,80<\/strong><\/th>\n<th><strong>1,00<\/strong><\/th>\n<th><strong>1,20<\/strong><\/th>\n<th><strong>1,40<\/strong><\/th>\n<th><strong>1,60<\/strong><\/th>\n<th><strong>1,80<\/strong><\/th>\n<\/tr>\n<tr>\n<td>Espesor(mm)<\/td>\n<td colspan=\"7\">carga uniformemente distribuida q (kN\/m2)<\/td>\n<\/tr>\n<tr>\n<td>0,6<\/td>\n<td>6,29<\/td>\n<td>4,03<\/td>\n<td>2,80<\/td>\n<td>2,05<\/td>\n<td>1,57<\/td>\n<td>1,24<\/td>\n<\/tr>\n<tr>\n<td>0,8<\/td>\n<td>8,36<\/td>\n<td>5,48<\/td>\n<td>3,80<\/td>\n<td>2,80<\/td>\n<td>2,10<\/td>\n<td>1,68<\/td>\n<\/tr>\n<\/tbody>\n<\/table>\n<\/div>\n<\/div><\/div><div class=\"w-separator size_small\"><\/div><div class=\"wpb_text_column us_custom_a833bf3c\"><div class=\"wpb_wrapper\"><p><span style=\"color: #1b9119;\"><strong>ALUMINIO<\/strong><\/span><\/p>\n<div style=\"overflow-x: auto;\">\n<table id=\"metal-profile-table\" class=\"lattonerie tabella\">\n<tbody>\n<tr>\n<th><strong>Distancia entre ejes L (mm)<\/strong><\/th>\n<th><strong>0,80<\/strong><\/th>\n<th><strong>1,00<\/strong><\/th>\n<th><strong>1,20<\/strong><\/th>\n<th><strong>1,40<\/strong><\/th>\n<th><strong>1,60<\/strong><\/th>\n<th><strong>1,80<\/strong><\/th>\n<\/tr>\n<tr>\n<td>Espesor(mm)<\/td>\n<td colspan=\"6\">carga uniformemente distribuida q (kN\/m2)<\/td>\n<\/tr>\n<tr>\n<td>0,7<\/td>\n<td>7,40<\/td>\n<td>4,74<\/td>\n<td>3,29<\/td>\n<td>2,42<\/td>\n<td>1,85<\/td>\n<td>1,36<\/td>\n<\/tr>\n<tr>\n<td>0,8<\/td>\n<td>8,68<\/td>\n<td>5,56<\/td>\n<td>3,86<\/td>\n<td>2,84<\/td>\n<td>2,17<\/td>\n<td>1,55<\/td>\n<\/tr>\n<tr>\n<td>1,0<\/td>\n<td>11,18<\/td>\n<td>7,15<\/td>\n<td>4,97<\/td>\n<td>3,65<\/td>\n<td>2,77<\/td>\n<td>1,95<\/td>\n<\/tr>\n<\/tbody>\n<\/table>\n<\/div>\n<\/div><\/div><\/div><\/div><\/div><div class=\"w-separator size_medium\"><\/div><div class=\"g-cols wpb_row via_grid cols_1 laptops-cols_inherit tablets-cols_inherit mobiles-cols_1 valign_top type_default stacking_default\" style=\"--columns-gap:3rem;\"><div class=\"wpb_column vc_column_container\"><div class=\"vc_column-inner\"><div class=\"wpb_text_column us_custom_7c5f6a71\"><div class=\"wpb_wrapper\"><p><span style=\"color: #1b9119;\"><strong>Perfile<\/strong><\/span><\/p>\n<\/div><\/div><div class=\"w-image align_center\"><div class=\"w-image-h\"><img decoding=\"async\" width=\"811\" height=\"285\" src=\"https:\/\/www.edilfibro.it\/wp-content\/uploads\/2025\/05\/Profilo-Metaclik-475.webp\" class=\"attachment-full size-full\" alt=\"\" loading=\"lazy\" srcset=\"https:\/\/www.edilfibro.it\/wp-content\/uploads\/2025\/05\/Profilo-Metaclik-475.webp 811w, https:\/\/www.edilfibro.it\/wp-content\/uploads\/2025\/05\/Profilo-Metaclik-475-300x105.webp 300w, https:\/\/www.edilfibro.it\/wp-content\/uploads\/2025\/05\/Profilo-Metaclik-475-600x211.webp 600w\" sizes=\"auto, (max-width: 811px) 100vw, 811px\" \/><\/div><\/div><\/div><\/div><\/div><div class=\"w-separator size_medium\"><\/div><div class=\"g-cols wpb_row via_grid cols_2 laptops-cols_inherit tablets-cols_inherit mobiles-cols_1 valign_top type_default stacking_default\" style=\"--columns-gap:3rem;\" id=\"colorazioni-metaplak\"><div class=\"wpb_column vc_column_container\"><div class=\"vc_column-inner\"><div class=\"wpb_text_column us_custom_a833bf3c\"><div class=\"wpb_wrapper\"><p><span style=\"color: #1b9119;\"><strong>Colores Acero<\/strong><\/span><\/p>\n<\/div><\/div><div class=\"w-gallery angoli-tondi fit_cover type_masonry with_isotope ratio_auto count_8\" style=\"--columns:2;--items-gap:10px;\"><div class=\"w-gallery-list\"><div class=\"w-gallery-item\"><div class=\"w-gallery-item-img\"><img loading=\"lazy\" decoding=\"async\" width=\"414\" height=\"40\" src=\"https:\/\/www.edilfibro.it\/wp-content\/uploads\/2024\/07\/Acciaio_Color-Simil-Bianco-Grigio-RAL-9002-ES.webp\" class=\"attachment-large size-large\" alt=\"\" srcset=\"https:\/\/www.edilfibro.it\/wp-content\/uploads\/2024\/07\/Acciaio_Color-Simil-Bianco-Grigio-RAL-9002-ES.webp 414w, https:\/\/www.edilfibro.it\/wp-content\/uploads\/2024\/07\/Acciaio_Color-Simil-Bianco-Grigio-RAL-9002-ES-300x29.webp 300w\" sizes=\"auto, (max-width: 414px) 100vw, 414px\" \/><\/div><\/div><div class=\"w-gallery-item\"><div class=\"w-gallery-item-img\"><img loading=\"lazy\" decoding=\"async\" width=\"414\" height=\"40\" src=\"https:\/\/www.edilfibro.it\/wp-content\/uploads\/2024\/07\/Acciaio_Color-Simil-Rosso-Siena-RAL-3009-ES.webp\" class=\"attachment-large size-large\" alt=\"\" srcset=\"https:\/\/www.edilfibro.it\/wp-content\/uploads\/2024\/07\/Acciaio_Color-Simil-Rosso-Siena-RAL-3009-ES.webp 414w, https:\/\/www.edilfibro.it\/wp-content\/uploads\/2024\/07\/Acciaio_Color-Simil-Rosso-Siena-RAL-3009-ES-300x29.webp 300w\" sizes=\"auto, (max-width: 414px) 100vw, 414px\" \/><\/div><\/div><div class=\"w-gallery-item\"><div class=\"w-gallery-item-img\"><img loading=\"lazy\" decoding=\"async\" width=\"414\" height=\"40\" src=\"https:\/\/www.edilfibro.it\/wp-content\/uploads\/2024\/07\/Acciaio_Color-Simil-Testa-di-Moro-RAL-8019-ES.webp\" class=\"attachment-large size-large\" alt=\"\" srcset=\"https:\/\/www.edilfibro.it\/wp-content\/uploads\/2024\/07\/Acciaio_Color-Simil-Testa-di-Moro-RAL-8019-ES.webp 414w, https:\/\/www.edilfibro.it\/wp-content\/uploads\/2024\/07\/Acciaio_Color-Simil-Testa-di-Moro-RAL-8019-ES-300x29.webp 300w\" sizes=\"auto, (max-width: 414px) 100vw, 414px\" \/><\/div><\/div><div class=\"w-gallery-item\"><div class=\"w-gallery-item-img\"><img loading=\"lazy\" decoding=\"async\" width=\"414\" height=\"40\" src=\"https:\/\/www.edilfibro.it\/wp-content\/uploads\/2024\/07\/Acciaio-e-Alluminio_Simil-Silver-RAL-9006-ES.webp\" class=\"attachment-large size-large\" alt=\"\" srcset=\"https:\/\/www.edilfibro.it\/wp-content\/uploads\/2024\/07\/Acciaio-e-Alluminio_Simil-Silver-RAL-9006-ES.webp 414w, https:\/\/www.edilfibro.it\/wp-content\/uploads\/2024\/07\/Acciaio-e-Alluminio_Simil-Silver-RAL-9006-ES-300x29.webp 300w\" sizes=\"auto, (max-width: 414px) 100vw, 414px\" \/><\/div><\/div><div class=\"w-gallery-item\"><div class=\"w-gallery-item-img\"><img loading=\"lazy\" decoding=\"async\" width=\"414\" height=\"40\" src=\"https:\/\/www.edilfibro.it\/wp-content\/uploads\/2024\/07\/Acciaio_Color-Simil-Bianco-Puro-RAL-9010-ES-1.webp\" class=\"attachment-large size-large\" alt=\"\" srcset=\"https:\/\/www.edilfibro.it\/wp-content\/uploads\/2024\/07\/Acciaio_Color-Simil-Bianco-Puro-RAL-9010-ES-1.webp 414w, https:\/\/www.edilfibro.it\/wp-content\/uploads\/2024\/07\/Acciaio_Color-Simil-Bianco-Puro-RAL-9010-ES-1-300x29.webp 300w\" sizes=\"auto, (max-width: 414px) 100vw, 414px\" \/><\/div><\/div><div class=\"w-gallery-item\"><div class=\"w-gallery-item-img\"><img loading=\"lazy\" decoding=\"async\" width=\"414\" height=\"40\" src=\"https:\/\/www.edilfibro.it\/wp-content\/uploads\/2024\/07\/Acciaio_Color-Simil-Verde-RAL-6005-ES.webp\" class=\"attachment-large size-large\" alt=\"\" srcset=\"https:\/\/www.edilfibro.it\/wp-content\/uploads\/2024\/07\/Acciaio_Color-Simil-Verde-RAL-6005-ES.webp 414w, https:\/\/www.edilfibro.it\/wp-content\/uploads\/2024\/07\/Acciaio_Color-Simil-Verde-RAL-6005-ES-300x29.webp 300w\" sizes=\"auto, (max-width: 414px) 100vw, 414px\" \/><\/div><\/div><div class=\"w-gallery-item\"><div class=\"w-gallery-item-img\"><img loading=\"lazy\" decoding=\"async\" width=\"414\" height=\"40\" src=\"https:\/\/www.edilfibro.it\/wp-content\/uploads\/2024\/07\/Acciaio_Color-Simil-Antracite-RAL-7016-ES.webp\" class=\"attachment-large size-large\" alt=\"\" srcset=\"https:\/\/www.edilfibro.it\/wp-content\/uploads\/2024\/07\/Acciaio_Color-Simil-Antracite-RAL-7016-ES.webp 414w, https:\/\/www.edilfibro.it\/wp-content\/uploads\/2024\/07\/Acciaio_Color-Simil-Antracite-RAL-7016-ES-300x29.webp 300w\" sizes=\"auto, (max-width: 414px) 100vw, 414px\" \/><\/div><\/div><div class=\"w-gallery-item\"><div class=\"w-gallery-item-img\"><img loading=\"lazy\" decoding=\"async\" width=\"414\" height=\"40\" src=\"https:\/\/www.edilfibro.it\/wp-content\/uploads\/2024\/07\/Acciaio_Color-Simil-Rosso-Coppo-RAL-8004-ES.webp\" class=\"attachment-large size-large\" alt=\"\" srcset=\"https:\/\/www.edilfibro.it\/wp-content\/uploads\/2024\/07\/Acciaio_Color-Simil-Rosso-Coppo-RAL-8004-ES.webp 414w, https:\/\/www.edilfibro.it\/wp-content\/uploads\/2024\/07\/Acciaio_Color-Simil-Rosso-Coppo-RAL-8004-ES-300x29.webp 300w\" sizes=\"auto, (max-width: 414px) 100vw, 414px\" \/><\/div><\/div><\/div><\/div><\/div><\/div><div class=\"wpb_column vc_column_container\"><div class=\"vc_column-inner\"><div class=\"wpb_text_column us_custom_a833bf3c\"><div class=\"wpb_wrapper\"><p><span style=\"color: #1b9119;\"><strong>Colores Aluminio<\/strong><\/span><\/p>\n<\/div><\/div><div class=\"w-gallery angoli-tondi fit_cover type_masonry with_isotope ratio_auto count_5\" style=\"--columns:2;--items-gap:10px;\"><div class=\"w-gallery-list\"><div class=\"w-gallery-item\"><div class=\"w-gallery-item-img\"><img loading=\"lazy\" decoding=\"async\" width=\"414\" height=\"40\" src=\"https:\/\/www.edilfibro.it\/wp-content\/uploads\/2024\/07\/Alluminio_Alluminio-Naturale-Hydro-ES.webp\" class=\"attachment-large size-large\" alt=\"\" srcset=\"https:\/\/www.edilfibro.it\/wp-content\/uploads\/2024\/07\/Alluminio_Alluminio-Naturale-Hydro-ES.webp 414w, https:\/\/www.edilfibro.it\/wp-content\/uploads\/2024\/07\/Alluminio_Alluminio-Naturale-Hydro-ES-300x29.webp 300w\" sizes=\"auto, (max-width: 414px) 100vw, 414px\" \/><\/div><\/div><div class=\"w-gallery-item\"><div class=\"w-gallery-item-img\"><img loading=\"lazy\" decoding=\"async\" width=\"414\" height=\"40\" src=\"https:\/\/www.edilfibro.it\/wp-content\/uploads\/2024\/07\/Acciaio_Color-Simil-Bianco-Grigio-RAL-9002-ES.webp\" class=\"attachment-large size-large\" alt=\"\" srcset=\"https:\/\/www.edilfibro.it\/wp-content\/uploads\/2024\/07\/Acciaio_Color-Simil-Bianco-Grigio-RAL-9002-ES.webp 414w, https:\/\/www.edilfibro.it\/wp-content\/uploads\/2024\/07\/Acciaio_Color-Simil-Bianco-Grigio-RAL-9002-ES-300x29.webp 300w\" sizes=\"auto, (max-width: 414px) 100vw, 414px\" \/><\/div><\/div><div class=\"w-gallery-item\"><div class=\"w-gallery-item-img\"><img loading=\"lazy\" decoding=\"async\" width=\"414\" height=\"40\" src=\"https:\/\/www.edilfibro.it\/wp-content\/uploads\/2024\/07\/Acciaio_Color-Simil-Rosso-Siena-RAL-3009-ES.webp\" class=\"attachment-large size-large\" alt=\"\" srcset=\"https:\/\/www.edilfibro.it\/wp-content\/uploads\/2024\/07\/Acciaio_Color-Simil-Rosso-Siena-RAL-3009-ES.webp 414w, https:\/\/www.edilfibro.it\/wp-content\/uploads\/2024\/07\/Acciaio_Color-Simil-Rosso-Siena-RAL-3009-ES-300x29.webp 300w\" sizes=\"auto, (max-width: 414px) 100vw, 414px\" \/><\/div><\/div><div class=\"w-gallery-item\"><div class=\"w-gallery-item-img\"><img loading=\"lazy\" decoding=\"async\" width=\"414\" height=\"40\" src=\"https:\/\/www.edilfibro.it\/wp-content\/uploads\/2024\/07\/Acciaio_Color-Simil-Testa-di-Moro-RAL-8019-ES.webp\" class=\"attachment-large size-large\" alt=\"\" srcset=\"https:\/\/www.edilfibro.it\/wp-content\/uploads\/2024\/07\/Acciaio_Color-Simil-Testa-di-Moro-RAL-8019-ES.webp 414w, https:\/\/www.edilfibro.it\/wp-content\/uploads\/2024\/07\/Acciaio_Color-Simil-Testa-di-Moro-RAL-8019-ES-300x29.webp 300w\" sizes=\"auto, (max-width: 414px) 100vw, 414px\" \/><\/div><\/div><div class=\"w-gallery-item\"><div class=\"w-gallery-item-img\"><img loading=\"lazy\" decoding=\"async\" width=\"414\" height=\"40\" src=\"https:\/\/www.edilfibro.it\/wp-content\/uploads\/2024\/07\/Acciaio-e-Alluminio_Simil-Silver-RAL-9006-ES.webp\" class=\"attachment-large size-large\" alt=\"\" srcset=\"https:\/\/www.edilfibro.it\/wp-content\/uploads\/2024\/07\/Acciaio-e-Alluminio_Simil-Silver-RAL-9006-ES.webp 414w, https:\/\/www.edilfibro.it\/wp-content\/uploads\/2024\/07\/Acciaio-e-Alluminio_Simil-Silver-RAL-9006-ES-300x29.webp 300w\" sizes=\"auto, (max-width: 414px) 100vw, 414px\" \/><\/div><\/div><\/div><\/div><\/div><\/div><\/div><\/div><\/div><\/div><\/div><\/section><section class=\"l-section wpb_row componenti height_medium\"><div class=\"l-section-h i-cf\"><div class=\"g-cols vc_row via_grid cols_1 laptops-cols_inherit tablets-cols_inherit mobiles-cols_1 valign_top type_default stacking_default\"><div class=\"wpb_column vc_column_container\"><div class=\"vc_column-inner\"><div class=\"wpb_text_column us_custom_84a0a82a\"><div class=\"wpb_wrapper\"><p><span style=\"color: #1b9119;\"><strong>Componentes<\/strong><\/span><\/p>\n<\/div><\/div><div class=\"g-cols wpb_row via_grid cols_2 laptops-cols_inherit tablets-cols_inherit mobiles-cols_1 valign_top type_default stacking_default\" style=\"--columns-gap:3rem;\"><div class=\"wpb_column vc_column_container\"><div class=\"vc_column-inner\"><div class=\"w-image align_none\"><div class=\"w-image-h\"><img decoding=\"async\" width=\"543\" height=\"210\" src=\"https:\/\/www.edilfibro.it\/wp-content\/uploads\/2025\/05\/MetaBlok.webp\" class=\"attachment-large size-large\" alt=\"\" loading=\"lazy\" srcset=\"https:\/\/www.edilfibro.it\/wp-content\/uploads\/2025\/05\/MetaBlok.webp 543w, https:\/\/www.edilfibro.it\/wp-content\/uploads\/2025\/05\/MetaBlok-300x116.webp 300w\" sizes=\"auto, (max-width: 543px) 100vw, 543px\" \/><\/div><\/div><div class=\"wpb_text_column us_custom_eb849559\"><div class=\"wpb_wrapper\"><p><strong>MetaBlok<\/strong><br \/>\nDisponible en aluminio extruido o poliamida PA66 reforzada.<br \/>\nSoporte inferior, completo con 2 tornillos M8, para la fijaci\u00f3n del sistema Metaclik a la estructura (madera o metal).<\/p>\n<\/div><\/div><\/div><\/div><div class=\"wpb_column vc_column_container\"><div class=\"vc_column-inner\"><div class=\"w-image align_none\"><div class=\"w-image-h\"><img decoding=\"async\" width=\"543\" height=\"210\" src=\"https:\/\/www.edilfibro.it\/wp-content\/uploads\/2025\/05\/MetaStart.webp\" class=\"attachment-large size-large\" alt=\"\" loading=\"lazy\" srcset=\"https:\/\/www.edilfibro.it\/wp-content\/uploads\/2025\/05\/MetaStart.webp 543w, https:\/\/www.edilfibro.it\/wp-content\/uploads\/2025\/05\/MetaStart-300x116.webp 300w\" sizes=\"auto, (max-width: 543px) 100vw, 543px\" \/><\/div><\/div><div class=\"wpb_text_column us_custom_eb849559\"><div class=\"wpb_wrapper\"><p><strong>MetaStart<\/strong><br \/>\nEs el soporte utilizado en la primera placa de inicio.<br \/>\nLa fijaci\u00f3n se realiza simult\u00e1neamente con el soporte MetaBlok.<\/p>\n<\/div><\/div><\/div><\/div><\/div><div class=\"w-separator size_small\"><\/div><div class=\"g-cols wpb_row via_grid cols_2 laptops-cols_inherit tablets-cols_inherit mobiles-cols_1 valign_top type_default stacking_default\" style=\"--columns-gap:3rem;\"><div class=\"wpb_column vc_column_container\"><div class=\"vc_column-inner\"><div class=\"w-image align_none\"><div class=\"w-image-h\"><img decoding=\"async\" width=\"543\" height=\"210\" src=\"https:\/\/www.edilfibro.it\/wp-content\/uploads\/2025\/05\/MetaTop.webp\" class=\"attachment-large size-large\" alt=\"\" loading=\"lazy\" srcset=\"https:\/\/www.edilfibro.it\/wp-content\/uploads\/2025\/05\/MetaTop.webp 543w, https:\/\/www.edilfibro.it\/wp-content\/uploads\/2025\/05\/MetaTop-300x116.webp 300w\" sizes=\"auto, (max-width: 543px) 100vw, 543px\" \/><\/div><\/div><div class=\"wpb_text_column us_custom_eb849559\"><div class=\"wpb_wrapper\"><p><strong>MetaTop<\/strong><br \/>\nDisponible en aluminio extruido o poliamida PA66 reforzada.<br \/>\nSoporte superior, completo con 1 tornillo de acero inoxidable M8 para fijar el soporte en la greca de solape, destinado a la colocaci\u00f3n de accesorios de cubierta: l\u00edneas de vida, rompe-nieves, pasarelas, paneles fotovoltaicos, etc.<\/p>\n<\/div><\/div><\/div><\/div><div class=\"wpb_column vc_column_container\"><div class=\"vc_column-inner\"><div class=\"w-slider style_none fit_scaledown nav_none count_2\"><div class=\"w-slider-h\"><div class=\"royalSlider\"><div class=\"rsContent\"><a class=\"rsImg\" data-rsw=\"543\" data-rsh=\"210\" href=\"https:\/\/www.edilfibro.it\/wp-content\/uploads\/2025\/05\/Metafix_1.webp\"><span data-alt=\"\"><\/span><\/a><\/div><div class=\"rsContent\"><a class=\"rsImg\" data-rsw=\"543\" data-rsh=\"210\" href=\"https:\/\/www.edilfibro.it\/wp-content\/uploads\/2025\/05\/Metafix_2.webp\"><span data-alt=\"\"><\/span><\/a><\/div><\/div><img decoding=\"async\" src=\"https:\/\/www.edilfibro.it\/wp-content\/uploads\/2025\/05\/Metafix_1.webp\" width=\"543\" height=\"210\" alt loading=\"lazy\"><\/div><div class=\"w-slider-json\" onclick='return {&quot;autoScaleSlider&quot;:true,&quot;addActiveClass&quot;:true,&quot;loop&quot;:true,&quot;fadeInLoadedSlide&quot;:false,&quot;slidesSpacing&quot;:0,&quot;imageScalePadding&quot;:0,&quot;numImagesToPreload&quot;:2,&quot;arrowsNav&quot;:true,&quot;arrowsNavAutoHide&quot;:false,&quot;transitionType&quot;:&quot;move&quot;,&quot;transitionSpeed&quot;:250,&quot;block&quot;:{&quot;moveEffect&quot;:&quot;none&quot;,&quot;speed&quot;:300},&quot;thumbs&quot;:{&quot;fitInViewport&quot;:false,&quot;firstMargin&quot;:false,&quot;spacing&quot;:4},&quot;controlNavigation&quot;:&quot;none&quot;,&quot;autoScaleSliderWidth&quot;:543,&quot;autoScaleSliderHeight&quot;:210}'><\/div><\/div><div class=\"wpb_text_column us_custom_eb849559\"><div class=\"wpb_wrapper\"><p><strong>MetaFix<\/strong><br \/>\nEs el soporte antideslizante de las placas Metaclik en condiciones de gran pendiente o en cubiertas planas con l\u00e1minas de m\u00e1s de 30 m de longitud.<br \/>\nLa fijaci\u00f3n se realiza simult\u00e1neamente con el soporte MetaBlok.<br \/>\nDisponible en acero inoxidable de 1,0 mm.<\/p>\n<\/div><\/div><\/div><\/div><\/div><\/div><\/div><\/div><\/div><\/section><section class=\"l-section wpb_row height_medium\"><div class=\"l-section-overlay\" style=\"background:#f5f5f5\"><\/div><div class=\"l-section-h i-cf\"><div class=\"g-cols vc_row via_grid cols_1 laptops-cols_inherit tablets-cols_inherit mobiles-cols_1 valign_top type_default stacking_default\"><div class=\"wpb_column vc_column_container\"><div class=\"vc_column-inner\"><div class=\"wpb_text_column us_custom_84a0a82a\"><div class=\"wpb_wrapper\"><h2>Sistema <span class=\"evidenziatore\">\u201cControl Drop\u201d<\/span><\/h2>\n<\/div><\/div><div class=\"w-image align_center\"><div class=\"w-image-h\"><img decoding=\"async\" width=\"2560\" height=\"559\" src=\"https:\/\/www.edilfibro.it\/wp-content\/uploads\/2025\/05\/Sistema-anticondensa-Metaclik-590_orizzontale_2-scaled.webp\" class=\"attachment-full size-full\" alt=\"\" loading=\"lazy\" srcset=\"https:\/\/www.edilfibro.it\/wp-content\/uploads\/2025\/05\/Sistema-anticondensa-Metaclik-590_orizzontale_2-scaled.webp 2560w, https:\/\/www.edilfibro.it\/wp-content\/uploads\/2025\/05\/Sistema-anticondensa-Metaclik-590_orizzontale_2-300x66.webp 300w, https:\/\/www.edilfibro.it\/wp-content\/uploads\/2025\/05\/Sistema-anticondensa-Metaclik-590_orizzontale_2-1024x224.webp 1024w, https:\/\/www.edilfibro.it\/wp-content\/uploads\/2025\/05\/Sistema-anticondensa-Metaclik-590_orizzontale_2-600x131.webp 600w\" sizes=\"auto, (max-width: 2560px) 100vw, 2560px\" \/><\/div><\/div><div class=\"w-separator size_small\"><\/div><div class=\"wpb_text_column us_custom_eb849559\"><div class=\"wpb_wrapper\"><p>En las placas con junta drenante Metaclik \u201cControl Drop\u201d, el tejido se aplica en la parte inferior de las placas para respetar las t\u00e9cnicas est\u00e1ndar de instalaci\u00f3n de cubiertas met\u00e1licas.<br \/>\nSin embargo, durante la ejecuci\u00f3n de la cubierta, es necesario tomar ciertas precauciones para evitar el ascenso de humedad por capilaridad.<br \/>\nPara permitir el encaje de las placas, el tejido se aplica en la parte plana del intrad\u00f3s de la placa, garantizando el correcto funcionamiento de las partes encargadas del solape por encaje.<\/p>\n<\/div><\/div><\/div><\/div><\/div><\/div><\/section><section class=\"l-section wpb_row height_medium\"><div class=\"l-section-h i-cf\"><div class=\"g-cols vc_row via_grid cols_1-4-1 laptops-cols_inherit tablets-cols_inherit mobiles-cols_1 valign_top type_default stacking_default\"><div class=\"wpb_column vc_column_container\"><div class=\"vc_column-inner\"><\/div><\/div><div class=\"wpb_column vc_column_container\"><div class=\"vc_column-inner\"><div class=\"wpb_text_column us_custom_eb849559\"><div class=\"wpb_wrapper\"><h2>Productos <span class=\"evidenziatore\">relacionados<\/span><\/h2>\n<\/div><\/div><div class=\"w-separator size_small\"><\/div><\/div><\/div><div class=\"wpb_column vc_column_container\"><div class=\"vc_column-inner\"><\/div><\/div><\/div><\/div><\/section>\n","protected":false},"excerpt":{"rendered":"Metaclik 475InicioP\u00e1ginasMetaclik 475 Producto en versi&oacute;n &uacute;nica Elige una opci\u00f3nVersi\u00f3n \u00fanica Metaclik 475 cantidad A\u00f1adir al carrito Descripci\u00f3n del producto Caracter\u00edsticas t\u00e9cnicas acero s (mm) J (cm4\/m) W+ (cm3\/m) W- (cm3\/m) 0,6 12,48 3,75 3,27 0,8 16,69 5,03 4,88 Caracter\u00edsticas t\u00e9cnicas aluminio s (mm) J (cm4\/m) W+ (cm3\/m) W- (cm3\/m) 0,7 14,58 4,39 4,00 0,8...","protected":false},"featured_media":7103,"comment_status":"closed","ping_status":"closed","template":"","meta":[],"product_brand":[],"product_cat":[287],"product_tag":[],"class_list":{"0":"post-7007","1":"product","2":"type-product","3":"status-publish","4":"has-post-thumbnail","6":"product_cat-metal-es","8":"first","9":"instock","10":"shipping-taxable","11":"purchasable","12":"product-type-variable","13":"has-default-attributes"},"yoast_head":"<!-- This site is optimized with the Yoast SEO plugin v26.6 - https:\/\/yoast.com\/wordpress\/plugins\/seo\/ -->\n<title>Metaclik 475 - Edilfibro S.p.a.<\/title>\n<meta name=\"robots\" content=\"index, follow, max-snippet:-1, max-image-preview:large, max-video-preview:-1\" \/>\n<link rel=\"canonical\" href=\"https:\/\/www.edilfibro.it\/es\/prodotto\/metaclik-475\/\" \/>\n<meta property=\"og:locale\" content=\"es_ES\" \/>\n<meta property=\"og:type\" content=\"article\" \/>\n<meta property=\"og:title\" content=\"Metaclik 475 - Edilfibro S.p.a.\" \/>\n<meta property=\"og:url\" content=\"https:\/\/www.edilfibro.it\/es\/prodotto\/metaclik-475\/\" \/>\n<meta property=\"og:site_name\" content=\"Edilfibro S.p.a.\" \/>\n<meta property=\"article:publisher\" content=\"https:\/\/www.facebook.com\/edilfibro\" \/>\n<meta property=\"article:modified_time\" content=\"2025-05-28T09:01:54+00:00\" \/>\n<meta property=\"og:image\" content=\"https:\/\/www.edilfibro.it\/wp-content\/uploads\/2025\/05\/FOTO-COPERTINA.webp\" \/>\n\t<meta property=\"og:image:width\" content=\"600\" \/>\n\t<meta property=\"og:image:height\" content=\"600\" \/>\n\t<meta property=\"og:image:type\" content=\"image\/webp\" \/>\n<meta name=\"twitter:card\" content=\"summary_large_image\" \/>\n<meta name=\"twitter:label1\" content=\"Tiempo de lectura\" \/>\n\t<meta name=\"twitter:data1\" content=\"4 minutos\" \/>\n<script type=\"application\/ld+json\" class=\"yoast-schema-graph\">{\"@context\":\"https:\/\/schema.org\",\"@graph\":[{\"@type\":\"WebPage\",\"@id\":\"https:\/\/www.edilfibro.it\/es\/prodotto\/metaclik-475\/\",\"url\":\"https:\/\/www.edilfibro.it\/es\/prodotto\/metaclik-475\/\",\"name\":\"Metaclik 475 - Edilfibro S.p.a.\",\"isPartOf\":{\"@id\":\"https:\/\/www.edilfibro.it\/es\/#website\"},\"primaryImageOfPage\":{\"@id\":\"https:\/\/www.edilfibro.it\/es\/prodotto\/metaclik-475\/#primaryimage\"},\"image\":{\"@id\":\"https:\/\/www.edilfibro.it\/es\/prodotto\/metaclik-475\/#primaryimage\"},\"thumbnailUrl\":\"https:\/\/www.edilfibro.it\/wp-content\/uploads\/2025\/05\/FOTO-COPERTINA.webp\",\"datePublished\":\"2025-05-12T15:03:29+00:00\",\"dateModified\":\"2025-05-28T09:01:54+00:00\",\"breadcrumb\":{\"@id\":\"https:\/\/www.edilfibro.it\/es\/prodotto\/metaclik-475\/#breadcrumb\"},\"inLanguage\":\"es\",\"potentialAction\":[{\"@type\":\"ReadAction\",\"target\":[\"https:\/\/www.edilfibro.it\/es\/prodotto\/metaclik-475\/\"]}]},{\"@type\":\"ImageObject\",\"inLanguage\":\"es\",\"@id\":\"https:\/\/www.edilfibro.it\/es\/prodotto\/metaclik-475\/#primaryimage\",\"url\":\"https:\/\/www.edilfibro.it\/wp-content\/uploads\/2025\/05\/FOTO-COPERTINA.webp\",\"contentUrl\":\"https:\/\/www.edilfibro.it\/wp-content\/uploads\/2025\/05\/FOTO-COPERTINA.webp\",\"width\":600,\"height\":600},{\"@type\":\"BreadcrumbList\",\"@id\":\"https:\/\/www.edilfibro.it\/es\/prodotto\/metaclik-475\/#breadcrumb\",\"itemListElement\":[{\"@type\":\"ListItem\",\"position\":1,\"name\":\"Home\",\"item\":\"https:\/\/www.edilfibro.it\/es\/\"},{\"@type\":\"ListItem\",\"position\":2,\"name\":\"Productos\",\"item\":\"https:\/\/www.edilfibro.it\/es\/productos\/\"},{\"@type\":\"ListItem\",\"position\":3,\"name\":\"Metaclik 475\"}]},{\"@type\":\"WebSite\",\"@id\":\"https:\/\/www.edilfibro.it\/es\/#website\",\"url\":\"https:\/\/www.edilfibro.it\/es\/\",\"name\":\"Edilfibro S.p.a.\",\"description\":\"Coperture per tetti, lastre fibrocemento e metallo\",\"publisher\":{\"@id\":\"https:\/\/www.edilfibro.it\/es\/#organization\"},\"potentialAction\":[{\"@type\":\"SearchAction\",\"target\":{\"@type\":\"EntryPoint\",\"urlTemplate\":\"https:\/\/www.edilfibro.it\/es\/?s={search_term_string}\"},\"query-input\":{\"@type\":\"PropertyValueSpecification\",\"valueRequired\":true,\"valueName\":\"search_term_string\"}}],\"inLanguage\":\"es\"},{\"@type\":\"Organization\",\"@id\":\"https:\/\/www.edilfibro.it\/es\/#organization\",\"name\":\"Edilfibro S.p.a.\",\"url\":\"https:\/\/www.edilfibro.it\/es\/\",\"logo\":{\"@type\":\"ImageObject\",\"inLanguage\":\"es\",\"@id\":\"https:\/\/www.edilfibro.it\/es\/#\/schema\/logo\/image\/\",\"url\":\"https:\/\/www.edilfibro.it\/wp-content\/uploads\/2024\/09\/Logo-Edilfibro-2024-verde.webp\",\"contentUrl\":\"https:\/\/www.edilfibro.it\/wp-content\/uploads\/2024\/09\/Logo-Edilfibro-2024-verde.webp\",\"width\":270,\"height\":105,\"caption\":\"Edilfibro S.p.a.\"},\"image\":{\"@id\":\"https:\/\/www.edilfibro.it\/es\/#\/schema\/logo\/image\/\"},\"sameAs\":[\"https:\/\/www.facebook.com\/edilfibro\",\"https:\/\/www.linkedin.com\/company\/edilfibrospa\/\",\"https:\/\/www.youtube.com\/channel\/UCfz1PuhFpXa0MFkRDzC_Cgw\"]}]}<\/script>\n<!-- \/ Yoast SEO plugin. -->","yoast_head_json":{"title":"Metaclik 475 - Edilfibro S.p.a.","robots":{"index":"index","follow":"follow","max-snippet":"max-snippet:-1","max-image-preview":"max-image-preview:large","max-video-preview":"max-video-preview:-1"},"canonical":"https:\/\/www.edilfibro.it\/es\/prodotto\/metaclik-475\/","og_locale":"es_ES","og_type":"article","og_title":"Metaclik 475 - Edilfibro S.p.a.","og_url":"https:\/\/www.edilfibro.it\/es\/prodotto\/metaclik-475\/","og_site_name":"Edilfibro S.p.a.","article_publisher":"https:\/\/www.facebook.com\/edilfibro","article_modified_time":"2025-05-28T09:01:54+00:00","og_image":[{"width":600,"height":600,"url":"https:\/\/www.edilfibro.it\/wp-content\/uploads\/2025\/05\/FOTO-COPERTINA.webp","type":"image\/webp"}],"twitter_card":"summary_large_image","twitter_misc":{"Tiempo de lectura":"4 minutos"},"schema":{"@context":"https:\/\/schema.org","@graph":[{"@type":"WebPage","@id":"https:\/\/www.edilfibro.it\/es\/prodotto\/metaclik-475\/","url":"https:\/\/www.edilfibro.it\/es\/prodotto\/metaclik-475\/","name":"Metaclik 475 - Edilfibro S.p.a.","isPartOf":{"@id":"https:\/\/www.edilfibro.it\/es\/#website"},"primaryImageOfPage":{"@id":"https:\/\/www.edilfibro.it\/es\/prodotto\/metaclik-475\/#primaryimage"},"image":{"@id":"https:\/\/www.edilfibro.it\/es\/prodotto\/metaclik-475\/#primaryimage"},"thumbnailUrl":"https:\/\/www.edilfibro.it\/wp-content\/uploads\/2025\/05\/FOTO-COPERTINA.webp","datePublished":"2025-05-12T15:03:29+00:00","dateModified":"2025-05-28T09:01:54+00:00","breadcrumb":{"@id":"https:\/\/www.edilfibro.it\/es\/prodotto\/metaclik-475\/#breadcrumb"},"inLanguage":"es","potentialAction":[{"@type":"ReadAction","target":["https:\/\/www.edilfibro.it\/es\/prodotto\/metaclik-475\/"]}]},{"@type":"ImageObject","inLanguage":"es","@id":"https:\/\/www.edilfibro.it\/es\/prodotto\/metaclik-475\/#primaryimage","url":"https:\/\/www.edilfibro.it\/wp-content\/uploads\/2025\/05\/FOTO-COPERTINA.webp","contentUrl":"https:\/\/www.edilfibro.it\/wp-content\/uploads\/2025\/05\/FOTO-COPERTINA.webp","width":600,"height":600},{"@type":"BreadcrumbList","@id":"https:\/\/www.edilfibro.it\/es\/prodotto\/metaclik-475\/#breadcrumb","itemListElement":[{"@type":"ListItem","position":1,"name":"Home","item":"https:\/\/www.edilfibro.it\/es\/"},{"@type":"ListItem","position":2,"name":"Productos","item":"https:\/\/www.edilfibro.it\/es\/productos\/"},{"@type":"ListItem","position":3,"name":"Metaclik 475"}]},{"@type":"WebSite","@id":"https:\/\/www.edilfibro.it\/es\/#website","url":"https:\/\/www.edilfibro.it\/es\/","name":"Edilfibro S.p.a.","description":"Coperture per tetti, lastre fibrocemento e metallo","publisher":{"@id":"https:\/\/www.edilfibro.it\/es\/#organization"},"potentialAction":[{"@type":"SearchAction","target":{"@type":"EntryPoint","urlTemplate":"https:\/\/www.edilfibro.it\/es\/?s={search_term_string}"},"query-input":{"@type":"PropertyValueSpecification","valueRequired":true,"valueName":"search_term_string"}}],"inLanguage":"es"},{"@type":"Organization","@id":"https:\/\/www.edilfibro.it\/es\/#organization","name":"Edilfibro S.p.a.","url":"https:\/\/www.edilfibro.it\/es\/","logo":{"@type":"ImageObject","inLanguage":"es","@id":"https:\/\/www.edilfibro.it\/es\/#\/schema\/logo\/image\/","url":"https:\/\/www.edilfibro.it\/wp-content\/uploads\/2024\/09\/Logo-Edilfibro-2024-verde.webp","contentUrl":"https:\/\/www.edilfibro.it\/wp-content\/uploads\/2024\/09\/Logo-Edilfibro-2024-verde.webp","width":270,"height":105,"caption":"Edilfibro S.p.a."},"image":{"@id":"https:\/\/www.edilfibro.it\/es\/#\/schema\/logo\/image\/"},"sameAs":["https:\/\/www.facebook.com\/edilfibro","https:\/\/www.linkedin.com\/company\/edilfibrospa\/","https:\/\/www.youtube.com\/channel\/UCfz1PuhFpXa0MFkRDzC_Cgw"]}]}},"_links":{"self":[{"href":"https:\/\/www.edilfibro.it\/es\/wp-json\/wp\/v2\/product\/7007","targetHints":{"allow":["GET"]}}],"collection":[{"href":"https:\/\/www.edilfibro.it\/es\/wp-json\/wp\/v2\/product"}],"about":[{"href":"https:\/\/www.edilfibro.it\/es\/wp-json\/wp\/v2\/types\/product"}],"replies":[{"embeddable":true,"href":"https:\/\/www.edilfibro.it\/es\/wp-json\/wp\/v2\/comments?post=7007"}],"wp:featuredmedia":[{"embeddable":true,"href":"https:\/\/www.edilfibro.it\/es\/wp-json\/wp\/v2\/media\/7103"}],"wp:attachment":[{"href":"https:\/\/www.edilfibro.it\/es\/wp-json\/wp\/v2\/media?parent=7007"}],"wp:term":[{"taxonomy":"product_brand","embeddable":true,"href":"https:\/\/www.edilfibro.it\/es\/wp-json\/wp\/v2\/product_brand?post=7007"},{"taxonomy":"product_cat","embeddable":true,"href":"https:\/\/www.edilfibro.it\/es\/wp-json\/wp\/v2\/product_cat?post=7007"},{"taxonomy":"product_tag","embeddable":true,"href":"https:\/\/www.edilfibro.it\/es\/wp-json\/wp\/v2\/product_tag?post=7007"}],"curies":[{"name":"wp","href":"https:\/\/api.w.org\/{rel}","templated":true}]}}