{"id":5072,"date":"2024-05-07T11:15:30","date_gmt":"2024-05-07T09:15:30","guid":{"rendered":"https:\/\/edilfibro2.noon.srl\/prodotto\/materiale-sussidiario\/"},"modified":"2024-10-07T15:44:51","modified_gmt":"2024-10-07T13:44:51","slug":"material-subsidiario","status":"publish","type":"product","link":"https:\/\/www.edilfibro.it\/es\/prodotto\/material-subsidiario\/","title":{"rendered":"Material subsidiario"},"content":{"rendered":"<section class=\"l-section wpb_row height_medium\"><div class=\"l-section-h i-cf\"><div class=\"g-cols vc_row via_grid cols_1 laptops-cols_inherit tablets-cols_inherit mobiles-cols_1 valign_top type_default stacking_default\"><div class=\"wpb_column vc_column_container\"><div class=\"vc_column-inner\"><div class=\"wpb_text_column\"><div class=\"wpb_wrapper\"><h2 style=\"text-align: center;\">Sistemas de <span class=\"evidenziatore\">fijaci\u00f3n<\/span><\/h2>\n<\/div><\/div><div class=\"w-separator size_medium\"><\/div><div class=\"wpb_text_column\"><div class=\"wpb_wrapper\"><div style=\"overflow-x: auto;\">\n<table class=\"materiale-sussidiario tabella\">\n<tbody>\n<tr>\n<th><\/th>\n<th><strong>Descripci\u00f3n<\/strong><\/th>\n<th><strong>Metaplak 20<\/strong><br \/>\nAluminio natural y prepintado<\/th>\n<th><strong>Metaplak 28<\/strong><br \/>\nAluminio natural y prepintado<\/th>\n<th><strong>Metaplak 40<\/strong><br \/>\nAluminio natural y prepintado<\/th>\n<th><strong>Metaplak 20<\/strong><br \/>\nAluzinc y acero prepintado<\/th>\n<th><strong>Metaplak 28<\/strong><br \/>\nAluzinc y acero prepintado<\/th>\n<th><strong>Metaplak 40<\/strong><br \/>\nAluzinc y acero prepintado<\/th>\n<\/tr>\n<tr>\n<td><img loading=\"lazy\" decoding=\"async\" class=\"alignnone size-full wp-image-1340\" src=\"\/wp-content\/uploads\/2024\/05\/Accessori-Metallo-Materiale-Sussidiario_Sistemi-di-fissaggio-Vite-1.webp\" alt=\"Accessori Metallo Materiale Sussidiario_Sistemi di fissaggio Vite 1\" width=\"100\" height=\"100\" \/><\/td>\n<td>Tornillo autoperforante paso 2,54, galvanizado blanco + BAZ \u00f8 25 + arandela de ACERO INOXIDABLE<\/td>\n<td><\/td>\n<td><\/td>\n<td><\/td>\n<td class=\"legno\"><strong>fijaci\u00f3n a madera<\/strong><br \/>\nmedidas \u00f8 6,5 x 64 mm<\/td>\n<td class=\"legno\"><strong>fijaci\u00f3n a madera<\/strong><br \/>\nmedidas \u00f8 6,5 x 72 mm<\/td>\n<td class=\"legno\"><strong>fijaci\u00f3n a madera<\/strong><br \/>\nmedidas \u00f8 6,5 x 80 mm<\/td>\n<\/tr>\n<tr>\n<td><img loading=\"lazy\" decoding=\"async\" class=\"alignnone size-full wp-image-1341\" src=\"\/wp-content\/uploads\/2024\/05\/Accessori-Metallo-Materiale-Sussidiario_Sistemi-di-fissaggio-Vite-2.webp\" alt=\"Accessori Metallo Materiale Sussidiario_Sistemi di fissaggio Vite 2\" width=\"100\" height=\"100\" \/><\/td>\n<td>Tornillo autoperforante A2 INOX paso tornillo 2,60 + BAZ \u00f8 25 + arandela INOX<\/td>\n<td class=\"legno\"><strong>fijaci\u00f3n a madera<\/strong><br \/>\nmedidas \u00f8 6,5 x 60 mm<\/td>\n<td class=\"legno\"><strong>fijaci\u00f3n a madera<\/strong><br \/>\nmedidas \u00f8 6,5 x 70 mm<\/td>\n<td class=\"legno\"><strong>fijaci\u00f3n a madera<\/strong><br \/>\nmedidas \u00f8 6,5 x 80 mm<\/td>\n<td><\/td>\n<td><\/td>\n<td><\/td>\n<\/tr>\n<tr>\n<td><img loading=\"lazy\" decoding=\"async\" class=\"alignnone size-full wp-image-1341\" src=\"\/wp-content\/uploads\/2024\/08\/Accessori-Metallo-Materiale-Sussidiario_Sistemi-di-fissaggio-Vite-3.webp\" alt=\"Accessori Metallo Materiale Sussidiario_Sistemi di fissaggio Vite 3\" width=\"100\" height=\"100\" \/><\/td>\n<td>Tornillo autoperforante paso 2,54 galvanizado blanco + BAZ \u00f8 25 + arandela de ACERO INOXIDABLE<\/td>\n<td><\/td>\n<td><\/td>\n<td><\/td>\n<td class=\"ferro\"><strong>fijaci\u00f3n de hierro<\/strong><br \/>\nespesor 0,80 \u00f7 1,25 mm medida \u00f8 6,5 x 64 mm<\/td>\n<td class=\"ferro\"><strong>fijaci\u00f3n de hierro<\/strong><br \/>\nespesor 0,80 \u00f7 1,25 mm medida \u00f8 6,5 x 72 mm<\/td>\n<td><\/td>\n<\/tr>\n<tr>\n<td><img loading=\"lazy\" decoding=\"async\" class=\"alignnone size-full wp-image-1341\" src=\"\/wp-content\/uploads\/2024\/08\/Accessori-Metallo-Materiale-Sussidiario_Sistemi-di-fissaggio-Vite-4.webp\" alt=\"Accessori Metallo Materiale Sussidiario_Sistemi di fissaggio Vite 4\" width=\"100\" height=\"100\" \/><\/td>\n<td>Tornillo autoperforante EST\u00c1NDAR paso 1.81 galvanizado blanco + BAZ \u00f8 25 + arandela ACERO INOXIDABLE<\/td>\n<td><\/td>\n<td><\/td>\n<td><\/td>\n<td class=\"ferro\"><strong>fijaci\u00f3n de hierro<\/strong><br \/>\nespesor 1,50 \u00f7 6,00 mm medida \u00f8 6,3 x 60 mm<\/td>\n<td class=\"ferro\"><strong>fijaci\u00f3n de hierro<\/strong><br \/>\nespesor 1,50 \u00f7 6,00 mm medida \u00f8 6,3 x 70 mm<\/td>\n<td class=\"ferro\"><strong>fijaci\u00f3n de hierro<\/strong><br \/>\nespesor 1,50 \u00f7 6,00 mm medida \u00f8 6,3 x 80 mm<\/td>\n<\/tr>\n<tr>\n<td><img loading=\"lazy\" decoding=\"async\" class=\"alignnone size-full wp-image-1341\" src=\"\/wp-content\/uploads\/2024\/08\/Accessori-Metallo-Materiale-Sussidiario_Sistemi-di-fissaggio-Vite-5.webp\" alt=\"Accessori Metallo Materiale Sussidiario_Sistemi di fissaggio Vite 5\" width=\"100\" height=\"100\" \/><\/td>\n<td>Tornillo autorroscante ACERO INOXIDABLE A2 paso 2,54 BN + tratamiento BAZ \u00f8 25 + arandela ACERO INOXIDABLE<\/td>\n<td class=\"ferro\"><strong>fijaci\u00f3n de hierro<\/strong><br \/>\nespesor 0,80 \u00f7 3,00 mm medida \u00f8 6,3 x 60 mm<\/td>\n<td class=\"ferro\"><strong>fijaci\u00f3n de hierro<\/strong><br \/>\nespesor 0,80 \u00f7 3,00 mm medida \u00f8 6,3 x 70 mm<\/td>\n<td class=\"ferro\"><strong>fijaci\u00f3n de hierro<\/strong><br \/>\nespesor 0,80 \u00f7 3,00 mm medida \u00f8 6,3 x 80 mm<\/td>\n<td><\/td>\n<td><\/td>\n<td><\/td>\n<\/tr>\n<tr>\n<td><img loading=\"lazy\" decoding=\"async\" class=\"alignnone size-full wp-image-1341\" src=\"\/wp-content\/uploads\/2024\/08\/Accessori-Metallo-Materiale-Sussidiario_Sistemi-di-fissaggio-Vite-6.webp\" alt=\"Accessori Metallo Materiale Sussidiario_Sistemi di fissaggio Vite 6\" width=\"100\" height=\"100\" \/><\/td>\n<td>Tornillo autorroscante A2 INOX paso 1,81, tratamiento BN + BAZ \u00f8 25 + arandela INOX<\/td>\n<td class=\"ferro\"><strong>fijaci\u00f3n de hierro<\/strong><br \/>\nespesor 2,00 \u00f7 10,00 mm medida \u00f8 6,3 x 60 mm<\/td>\n<td class=\"ferro\"><strong>fijaci\u00f3n de hierro<\/strong><br \/>\nespesor 2,00 \u00f7 10,00 mm medida \u00f8 6,3 x 70 mm<\/td>\n<td class=\"ferro\"><strong>fijaci\u00f3n de hierro<\/strong><br \/>\nespesor 2,00 \u00f710,00mm medida \u00f8 6,3 x 80 mm<\/td>\n<td><\/td>\n<td><\/td>\n<td><\/td>\n<\/tr>\n<tr>\n<td><img loading=\"lazy\" decoding=\"async\" class=\"alignnone size-full wp-image-1341\" src=\"\/wp-content\/uploads\/2024\/08\/Accessori-Metallo-Materiale-Sussidiario_Sistemi-di-fissaggio-Vite-7.webp\" alt=\"Accessori Metallo Materiale Sussidiario_Sistemi di fissaggio Vite 7\" width=\"100\" height=\"100\" \/><\/td>\n<td>Tornillo autorroscante HI-LO galvanizado blanco + BAZ \u00f8 25 + arandela ACERO INOXIDABLE<\/td>\n<td><\/td>\n<td><\/td>\n<td><\/td>\n<td class=\"ferro\"><strong>fijaci\u00f3n al hormig\u00f3n<\/strong><br \/>\nprofundidad m\u00ednima 30mm tama\u00f1o \u00f8 6.6x60mm pretaladrado \u00f8 5mm<\/td>\n<td class=\"ferro\"><strong>fijaci\u00f3n al hormig\u00f3n<\/strong><br \/>\nprofundidad m\u00ednima 30 mm medida \u00f8 6,6 x 70 mm pretaladrado \u00f8 5 mm<\/td>\n<td><\/td>\n<\/tr>\n<\/tbody>\n<\/table>\n<\/div>\n<p>Otras dimensiones disponibles bajo petici\u00f3n.<\/p>\n<\/div><\/div><div class=\"g-cols wpb_row us_custom_eb849559 via_grid cols_1 laptops-cols_inherit tablets-cols_inherit mobiles-cols_1 valign_top type_default stacking_default\" style=\"--columns-gap:3rem;\"><div class=\"wpb_column vc_column_container\"><div class=\"vc_column-inner\"><div class=\"w-separator size_medium\"><\/div><div class=\"wpb_text_column us_custom_eb849559\"><div class=\"wpb_wrapper\"><p>\u00bfDesea m\u00e1s informaci\u00f3n sobre nuestros sistemas de fijaci\u00f3n?<\/p>\n<\/div><\/div><p class=\"product woocommerce add_to_cart_inline \" style=\"border:4px solid #ccc; padding: 12px;\"><span class=\"woocommerce-Price-amount amount\"><bdi>1,00&nbsp;<span class=\"woocommerce-Price-currencySymbol\">&euro;<\/span><\/bdi><\/span><a href=\"\/es\/wp-json\/wp\/v2\/product\/5072?add-to-cart=1585\" aria-describedby=\"woocommerce_loop_add_to_cart_link_describedby_1585\" data-quantity=\"1\" class=\"button product_type_simple add_to_cart_button ajax_add_to_cart\" data-product_id=\"1585\" data-product_sku=\"\" aria-label=\"A\u00f1adir al carrito: &ldquo;Materiale sussidiario Metallo - Sistemi di fissaggio&rdquo;\" rel=\"nofollow\" data-success_message=\"\u00abMateriale sussidiario Metallo - Sistemi di fissaggio\u00bb se ha a\u00f1adido a tu carrito\" role=\"button\"><i class=\"g-preloader type_1\"><\/i><span class=\"w-btn-label\">A\u00f1adir al carrito<\/span><\/a>\t<span id=\"woocommerce_loop_add_to_cart_link_describedby_1585\" class=\"screen-reader-text\">\n\t\t\t<\/span>\n<\/p><\/div><\/div><\/div><\/div><\/div><\/div><\/div><\/section><section class=\"l-section wpb_row us_custom_0d15be52 elementi-translucidi height_medium\"><div class=\"l-section-h i-cf\"><div class=\"g-cols vc_row via_grid cols_1 laptops-cols_inherit tablets-cols_inherit mobiles-cols_1 valign_top type_default stacking_default\"><div class=\"wpb_column vc_column_container\"><div class=\"vc_column-inner\"><div class=\"wpb_text_column\"><div class=\"wpb_wrapper\"><h2 style=\"text-align: center;\">Elementos <span class=\"evidenziatore\">transl\u00facidos<\/span><\/h2>\n<\/div><\/div><div class=\"w-separator size_small\"><\/div><div class=\"g-cols wpb_row via_grid cols_1-3 laptops-cols_inherit tablets-cols_inherit mobiles-cols_1 valign_middle type_default stacking_default\" style=\"--columns-gap:3rem;\"><div class=\"wpb_column vc_column_container\"><div class=\"vc_column-inner\"><div class=\"w-image align_none\"><div class=\"w-image-h\"><img decoding=\"async\" width=\"313\" height=\"250\" src=\"https:\/\/www.edilfibro.it\/wp-content\/uploads\/2024\/05\/Metallo-Materiale-sussidiario-Elementi-translucidi.webp\" class=\"attachment-large size-large\" alt=\"\" loading=\"lazy\" srcset=\"https:\/\/www.edilfibro.it\/wp-content\/uploads\/2024\/05\/Metallo-Materiale-sussidiario-Elementi-translucidi.webp 313w, https:\/\/www.edilfibro.it\/wp-content\/uploads\/2024\/05\/Metallo-Materiale-sussidiario-Elementi-translucidi-300x240.webp 300w\" sizes=\"auto, (max-width: 313px) 100vw, 313px\" \/><\/div><\/div><\/div><\/div><div class=\"wpb_column vc_column_container\"><div class=\"vc_column-inner\"><div class=\"wpb_text_column\"><div class=\"wpb_wrapper\"><p>Las l\u00e1minas onduladas Metaplak se pueden acoplar de forma r\u00e1pida y segura con l\u00e1minas transl\u00facidas del mismo perfil ondulado para la realizaci\u00f3n de lucernarios, disponibles en GRP (fibra de vidrio) tanto en versi\u00f3n recta como curva, en policarbonato compacto y alveolar.<\/p>\n<\/div><\/div><\/div><\/div><\/div><div class=\"w-separator size_medium\"><\/div><div class=\"g-cols wpb_row via_grid cols_4 laptops-cols_inherit tablets-cols_inherit mobiles-cols_1 valign_top type_default stacking_default\" style=\"--columns-gap:1rem;\"><div class=\"wpb_column vc_column_container us_custom_e3d07235 has_bg_color\"><div class=\"vc_column-inner\"><div class=\"wpb_text_column\"><div class=\"wpb_wrapper\"><p><span style=\"color: #329d32;\"><strong>Ondulado recto transl\u00facido en PRFV<\/strong><\/span><\/p>\n<\/div><\/div><div class=\"w-separator size_small\"><\/div><div class=\"wpb_text_column with_collapsible_content\" data-content-height=\"70px\"><div class=\"wpb_wrapper\"><p><strong>Peso m\u00ednimo:<\/strong> 1,800 kg\/m2<br \/>\n* conforme a la normativa<br \/>\n+ tratamiento anti-UV \u201cMelinex\u201d o \u201cGelcoat\u201d<\/p>\n<\/div><div class=\"toggle-links align_none\"><button class=\"collapsible-content-more\">Mostrar m\u00e1s<\/button><button class=\"collapsible-content-less\">Mostrar menos<\/button><\/div><\/div><div class=\"w-separator size_small\"><\/div><p class=\"product woocommerce add_to_cart_inline \" style=\"border:4px solid #ccc; padding: 12px;\"><span class=\"woocommerce-Price-amount amount\"><bdi>1,00&nbsp;<span class=\"woocommerce-Price-currencySymbol\">&euro;<\/span><\/bdi><\/span><a href=\"\/es\/wp-json\/wp\/v2\/product\/5072?add-to-cart=1587\" aria-describedby=\"woocommerce_loop_add_to_cart_link_describedby_1587\" data-quantity=\"1\" class=\"button product_type_simple add_to_cart_button ajax_add_to_cart\" data-product_id=\"1587\" data-product_sku=\"\" aria-label=\"A\u00f1adir al carrito: &ldquo;Materiale sussidiario Metallo - Traslucidi grecati retti in PRFV&rdquo;\" rel=\"nofollow\" data-success_message=\"\u00abMateriale sussidiario Metallo - Traslucidi grecati retti in PRFV\u00bb se ha a\u00f1adido a tu carrito\" role=\"button\"><i class=\"g-preloader type_1\"><\/i><span class=\"w-btn-label\">A\u00f1adir al carrito<\/span><\/a>\t<span id=\"woocommerce_loop_add_to_cart_link_describedby_1587\" class=\"screen-reader-text\">\n\t\t\t<\/span>\n<\/p><\/div><\/div><div class=\"wpb_column vc_column_container us_custom_e3d07235 has_bg_color\"><div class=\"vc_column-inner\"><div class=\"wpb_text_column\"><div class=\"wpb_wrapper\"><p><span style=\"color: #329d32;\"><strong>Recta ondulada transl\u00facida<\/strong><\/span><\/p>\n<\/div><\/div><div class=\"w-separator size_small\"><\/div><div class=\"wpb_text_column with_collapsible_content\" data-content-height=\"70px\"><div class=\"wpb_wrapper\"><p>en policarbonato Alveolar<br \/>\n<strong>Peso:<\/strong> 1,500 kg\/m2<br \/>\n<strong>Espesor:<\/strong> 2 mm<\/p>\n<\/div><div class=\"toggle-links align_none\"><button class=\"collapsible-content-more\">Mostrar m\u00e1s<\/button><button class=\"collapsible-content-less\">Mostrar menos<\/button><\/div><\/div><div class=\"w-separator size_small\"><\/div><p class=\"product woocommerce add_to_cart_inline \" style=\"border:4px solid #ccc; padding: 12px;\"><span class=\"woocommerce-Price-amount amount\"><bdi>1,00&nbsp;<span class=\"woocommerce-Price-currencySymbol\">&euro;<\/span><\/bdi><\/span><a href=\"\/es\/wp-json\/wp\/v2\/product\/5072?add-to-cart=1589\" aria-describedby=\"woocommerce_loop_add_to_cart_link_describedby_1589\" data-quantity=\"1\" class=\"button product_type_simple add_to_cart_button ajax_add_to_cart\" data-product_id=\"1589\" data-product_sku=\"\" aria-label=\"A\u00f1adir al carrito: &ldquo;Materiale sussidiario Metallo - Traslucidi grecati retti in policarbonato Alveolare&rdquo;\" rel=\"nofollow\" data-success_message=\"\u00abMateriale sussidiario Metallo - Traslucidi grecati retti in policarbonato Alveolare\u00bb se ha a\u00f1adido a tu carrito\" role=\"button\"><i class=\"g-preloader type_1\"><\/i><span class=\"w-btn-label\">A\u00f1adir al carrito<\/span><\/a>\t<span id=\"woocommerce_loop_add_to_cart_link_describedby_1589\" class=\"screen-reader-text\">\n\t\t\t<\/span>\n<\/p><\/div><\/div><div class=\"wpb_column vc_column_container us_custom_e3d07235 has_bg_color\"><div class=\"vc_column-inner\"><div class=\"wpb_text_column\"><div class=\"wpb_wrapper\"><p><span style=\"color: #329d32;\"><strong>PRFV curvo ondulado transl\u00facido<\/strong><\/span><\/p>\n<\/div><\/div><div class=\"w-separator size_small\"><\/div><div class=\"wpb_text_column with_collapsible_content\" data-content-height=\"70px\"><div class=\"wpb_wrapper\"><p><strong>Peso:<\/strong> 2,100kg\/m2<br \/>\n<strong>Radios de curvatura: <\/strong>est\u00e1ndar de 3 a 6 m otros radios bajo pedido<br \/>\n+ tratamiento anti-UV \u201cMelinex\u201d o \u201cGelcoat\u201d<\/p>\n<\/div><div class=\"toggle-links align_none\"><button class=\"collapsible-content-more\">Mostrar m\u00e1s<\/button><button class=\"collapsible-content-less\">Mostrar menos<\/button><\/div><\/div><div class=\"w-separator size_small\"><\/div><p class=\"product woocommerce add_to_cart_inline \" style=\"border:4px solid #ccc; padding: 12px;\"><span class=\"woocommerce-Price-amount amount\"><bdi>1,00&nbsp;<span class=\"woocommerce-Price-currencySymbol\">&euro;<\/span><\/bdi><\/span><a href=\"\/es\/wp-json\/wp\/v2\/product\/5072?add-to-cart=1590\" aria-describedby=\"woocommerce_loop_add_to_cart_link_describedby_1590\" data-quantity=\"1\" class=\"button product_type_simple add_to_cart_button ajax_add_to_cart\" data-product_id=\"1590\" data-product_sku=\"\" aria-label=\"A\u00f1adir al carrito: &ldquo;Materiale sussidiario Metallo - Traslucidi grecati curvi in PRFV&rdquo;\" rel=\"nofollow\" data-success_message=\"\u00abMateriale sussidiario Metallo - Traslucidi grecati curvi in PRFV\u00bb se ha a\u00f1adido a tu carrito\" role=\"button\"><i class=\"g-preloader type_1\"><\/i><span class=\"w-btn-label\">A\u00f1adir al carrito<\/span><\/a>\t<span id=\"woocommerce_loop_add_to_cart_link_describedby_1590\" class=\"screen-reader-text\">\n\t\t\t<\/span>\n<\/p><\/div><\/div><div class=\"wpb_column vc_column_container us_custom_e3d07235 has_bg_color\"><div class=\"vc_column-inner\"><div class=\"wpb_text_column\"><div class=\"wpb_wrapper\"><p><span style=\"color: #329d32;\"><strong>Hojas rectas modulares planas<\/strong><\/span><\/p>\n<\/div><\/div><div class=\"w-separator size_small\"><\/div><div class=\"wpb_text_column with_collapsible_content\" data-content-height=\"70px\"><div class=\"wpb_wrapper\"><p>en policarbonato alveolar para cortinas<br \/>\n<strong>Espesor m\u00ednimo:<\/strong> 10 mm<br \/>\n<strong>Paso: <\/strong>590 mm<br \/>\n<strong>Largo personalizado<\/strong> (a especificar)<br \/>\n<strong>Termosellado en los extremos<\/strong><br \/>\n<strong>Peso:<\/strong> 1,500 kg\/m2<br \/>\n<strong>Colore:<\/strong> neutro &#8211; Otros colores bajo pedido<\/p>\n<\/div><div class=\"toggle-links align_none\"><button class=\"collapsible-content-more\">Mostrar m\u00e1s<\/button><button class=\"collapsible-content-less\">Mostrar menos<\/button><\/div><\/div><div class=\"w-separator size_small\"><\/div><p class=\"product woocommerce add_to_cart_inline \" style=\"border:4px solid #ccc; padding: 12px;\"><span class=\"woocommerce-Price-amount amount\"><bdi>1,00&nbsp;<span class=\"woocommerce-Price-currencySymbol\">&euro;<\/span><\/bdi><\/span><a href=\"\/es\/wp-json\/wp\/v2\/product\/5072?add-to-cart=1591\" aria-describedby=\"woocommerce_loop_add_to_cart_link_describedby_1591\" data-quantity=\"1\" class=\"button product_type_simple add_to_cart_button ajax_add_to_cart\" data-product_id=\"1591\" data-product_sku=\"\" aria-label=\"A\u00f1adir al carrito: &ldquo;Materiale sussidiario Metallo - Lastrine rette modulari piane&rdquo;\" rel=\"nofollow\" data-success_message=\"\u00abMateriale sussidiario Metallo - Lastrine rette modulari piane\u00bb se ha a\u00f1adido a tu carrito\" role=\"button\"><i class=\"g-preloader type_1\"><\/i><span class=\"w-btn-label\">A\u00f1adir al carrito<\/span><\/a>\t<span id=\"woocommerce_loop_add_to_cart_link_describedby_1591\" class=\"screen-reader-text\">\n\t\t\t<\/span>\n<\/p><\/div><\/div><\/div><div class=\"w-separator size_medium\"><\/div><\/div><\/div><\/div><\/div><\/section><section class=\"l-section wpb_row prod-complementari-pva-cemento height_medium\"><div class=\"l-section-h i-cf\"><div class=\"g-cols vc_row via_grid cols_1 laptops-cols_inherit tablets-cols_inherit mobiles-cols_1 valign_top type_default stacking_default\"><div class=\"wpb_column vc_column_container\"><div class=\"vc_column-inner\"><div class=\"wpb_text_column\"><div class=\"wpb_wrapper\"><h2 style=\"text-align: center;\">Materiales <span class=\"evidenziatore\">complementarios<\/span><\/h2>\n<\/div><\/div><div class=\"w-separator size_medium\"><\/div><div class=\"g-cols wpb_row via_grid cols_3 laptops-cols_inherit tablets-cols_inherit mobiles-cols_1 valign_top type_default stacking_default\" style=\"--columns-gap:1.4rem;\"><div class=\"wpb_column vc_column_container us_custom_e3d07235 has_bg_color\"><div class=\"vc_column-inner\"><div class=\"wpb_text_column with_collapsible_content\" data-content-height=\"300px\"><div class=\"wpb_wrapper\"><h3><strong>Junta de cierre griega<\/strong><\/h3>\n<\/div><div class=\"toggle-links align_none\"><button class=\"collapsible-content-more\">Mostrar m\u00e1s<\/button><button class=\"collapsible-content-less\">Mostrar menos<\/button><\/div><\/div><div class=\"w-separator size_small\"><\/div><div class=\"w-image align_none\"><a ref=\"magnificPopup\" href=\"https:\/\/www.edilfibro.it\/wp-content\/uploads\/2024\/05\/Materiali-complementari_Guarnizione-chiudi-greca.webp\" aria-label=\"Materiali complementari_Guarnizione chiudi greca\" class=\"w-image-h\"><img decoding=\"async\" width=\"366\" height=\"271\" src=\"https:\/\/www.edilfibro.it\/wp-content\/uploads\/2024\/05\/Materiali-complementari_Guarnizione-chiudi-greca.webp\" class=\"attachment-large size-large\" alt=\"\" loading=\"lazy\" srcset=\"https:\/\/www.edilfibro.it\/wp-content\/uploads\/2024\/05\/Materiali-complementari_Guarnizione-chiudi-greca.webp 366w, https:\/\/www.edilfibro.it\/wp-content\/uploads\/2024\/05\/Materiali-complementari_Guarnizione-chiudi-greca-300x222.webp 300w\" sizes=\"auto, (max-width: 366px) 100vw, 366px\" \/><\/a><\/div><div class=\"w-separator size_small\"><\/div><div class=\"wpb_text_column with_collapsible_content\" data-content-height=\"70px\"><div class=\"wpb_wrapper\"><p>Junta expansolene para perfiles H20, H28 y H40 con espesor de base 25 x h 8 mm m\u00ednimo Disponible en piezas de 2 metros lineales en color blanco y negro.<\/p>\n<\/div><div class=\"toggle-links align_none\"><button class=\"collapsible-content-more\">Mostrar m\u00e1s<\/button><button class=\"collapsible-content-less\">Mostrar menos<\/button><\/div><\/div><div class=\"w-separator size_small\"><\/div><p class=\"product woocommerce add_to_cart_inline \" style=\"border:4px solid #ccc; padding: 12px;\"><span class=\"woocommerce-Price-amount amount\"><bdi>1,00&nbsp;<span class=\"woocommerce-Price-currencySymbol\">&euro;<\/span><\/bdi><\/span><a href=\"\/es\/wp-json\/wp\/v2\/product\/5072?add-to-cart=1592\" aria-describedby=\"woocommerce_loop_add_to_cart_link_describedby_1592\" data-quantity=\"1\" class=\"button product_type_simple add_to_cart_button ajax_add_to_cart\" data-product_id=\"1592\" data-product_sku=\"\" aria-label=\"A\u00f1adir al carrito: &ldquo;Materiale sussidiario Metallo - Guarnizione chiudi greca&rdquo;\" rel=\"nofollow\" data-success_message=\"\u00abMateriale sussidiario Metallo - Guarnizione chiudi greca\u00bb se ha a\u00f1adido a tu carrito\" role=\"button\"><i class=\"g-preloader type_1\"><\/i><span class=\"w-btn-label\">A\u00f1adir al carrito<\/span><\/a>\t<span id=\"woocommerce_loop_add_to_cart_link_describedby_1592\" class=\"screen-reader-text\">\n\t\t\t<\/span>\n<\/p><\/div><\/div><div class=\"wpb_column vc_column_container us_custom_e3d07235 has_bg_color\"><div class=\"vc_column-inner\"><div class=\"wpb_text_column with_collapsible_content\" data-content-height=\"300px\"><div class=\"wpb_wrapper\"><h3><strong>Hoja de barrera de vapor<\/strong><\/h3>\n<\/div><div class=\"toggle-links align_none\"><button class=\"collapsible-content-more\">Mostrar m\u00e1s<\/button><button class=\"collapsible-content-less\">Mostrar menos<\/button><\/div><\/div><div class=\"w-separator size_small\"><\/div><div class=\"w-image align_none\"><a ref=\"magnificPopup\" href=\"https:\/\/www.edilfibro.it\/wp-content\/uploads\/2024\/05\/Materiali-complementari_Telo-per-freno-vapore.webp\" aria-label=\"Materiali complementari_Telo per freno vapore\" class=\"w-image-h\"><img decoding=\"async\" width=\"366\" height=\"271\" src=\"https:\/\/www.edilfibro.it\/wp-content\/uploads\/2024\/05\/Materiali-complementari_Telo-per-freno-vapore.webp\" class=\"attachment-large size-large\" alt=\"\" loading=\"lazy\" srcset=\"https:\/\/www.edilfibro.it\/wp-content\/uploads\/2024\/05\/Materiali-complementari_Telo-per-freno-vapore.webp 366w, https:\/\/www.edilfibro.it\/wp-content\/uploads\/2024\/05\/Materiali-complementari_Telo-per-freno-vapore-300x222.webp 300w\" sizes=\"auto, (max-width: 366px) 100vw, 366px\" \/><\/a><\/div><div class=\"w-separator size_small\"><\/div><div class=\"wpb_text_column with_collapsible_content\" data-content-height=\"70px\"><div class=\"wpb_wrapper\"><p>L\u00e1mina de polietileno de 300 micras de espesor \u2013 285 g\/m2. Disponible en las siguientes dimensiones:<br \/>\nh 100 mm h 125 mm h 150 mm h 175 mm<\/p>\n<\/div><div class=\"toggle-links align_none\"><button class=\"collapsible-content-more\">Mostrar m\u00e1s<\/button><button class=\"collapsible-content-less\">Mostrar menos<\/button><\/div><\/div><div class=\"w-separator size_small\"><\/div><p class=\"product woocommerce add_to_cart_inline \" style=\"border:4px solid #ccc; padding: 12px;\"><span class=\"woocommerce-Price-amount amount\"><bdi>1,00&nbsp;<span class=\"woocommerce-Price-currencySymbol\">&euro;<\/span><\/bdi><\/span><a href=\"\/es\/wp-json\/wp\/v2\/product\/5072?add-to-cart=1594\" aria-describedby=\"woocommerce_loop_add_to_cart_link_describedby_1594\" data-quantity=\"1\" class=\"button product_type_simple add_to_cart_button ajax_add_to_cart\" data-product_id=\"1594\" data-product_sku=\"\" aria-label=\"A\u00f1adir al carrito: &ldquo;Materiale sussidiario Metallo - Telo per freno vapore&rdquo;\" rel=\"nofollow\" data-success_message=\"\u00abMateriale sussidiario Metallo - Telo per freno vapore\u00bb se ha a\u00f1adido a tu carrito\" role=\"button\"><i class=\"g-preloader type_1\"><\/i><span class=\"w-btn-label\">A\u00f1adir al carrito<\/span><\/a>\t<span id=\"woocommerce_loop_add_to_cart_link_describedby_1594\" class=\"screen-reader-text\">\n\t\t\t<\/span>\n<\/p><\/div><\/div><div class=\"wpb_column vc_column_container us_custom_e3d07235 has_bg_color\"><div class=\"vc_column-inner\"><div class=\"wpb_text_column with_collapsible_content\" data-content-height=\"300px\"><div class=\"wpb_wrapper\"><h3><strong>Casquillos<\/strong><\/h3>\n<\/div><div class=\"toggle-links align_none\"><button class=\"collapsible-content-more\">Mostrar m\u00e1s<\/button><button class=\"collapsible-content-less\">Mostrar menos<\/button><\/div><\/div><div class=\"w-separator size_small\"><\/div><div class=\"w-image align_none\"><a ref=\"magnificPopup\" href=\"https:\/\/www.edilfibro.it\/wp-content\/uploads\/2024\/05\/Materiali-complementari_Cappellotti.webp\" aria-label=\"Materiali complementari_Cappellotti\" class=\"w-image-h\"><img decoding=\"async\" width=\"366\" height=\"271\" src=\"https:\/\/www.edilfibro.it\/wp-content\/uploads\/2024\/05\/Materiali-complementari_Cappellotti.webp\" class=\"attachment-large size-large\" alt=\"\" loading=\"lazy\" srcset=\"https:\/\/www.edilfibro.it\/wp-content\/uploads\/2024\/05\/Materiali-complementari_Cappellotti.webp 366w, https:\/\/www.edilfibro.it\/wp-content\/uploads\/2024\/05\/Materiali-complementari_Cappellotti-300x222.webp 300w\" sizes=\"auto, (max-width: 366px) 100vw, 366px\" \/><\/a><\/div><div class=\"w-separator size_small\"><\/div><div class=\"wpb_text_column with_collapsible_content\" data-content-height=\"70px\"><div class=\"wpb_wrapper\"><p>Tapas para chapa ondulada con perfiles H20, H28 y H40 para uso con tornillo y junta.<\/p>\n<\/div><div class=\"toggle-links align_none\"><button class=\"collapsible-content-more\">Mostrar m\u00e1s<\/button><button class=\"collapsible-content-less\">Mostrar menos<\/button><\/div><\/div><div class=\"w-separator size_small\"><\/div><p class=\"product woocommerce add_to_cart_inline \" style=\"border:4px solid #ccc; padding: 12px;\"><span class=\"woocommerce-Price-amount amount\"><bdi>1,00&nbsp;<span class=\"woocommerce-Price-currencySymbol\">&euro;<\/span><\/bdi><\/span><a href=\"\/es\/wp-json\/wp\/v2\/product\/5072?add-to-cart=1596\" aria-describedby=\"woocommerce_loop_add_to_cart_link_describedby_1596\" data-quantity=\"1\" class=\"button product_type_simple add_to_cart_button ajax_add_to_cart\" data-product_id=\"1596\" data-product_sku=\"\" aria-label=\"A\u00f1adir al carrito: &ldquo;Materiale sussidiario Metallo - Cappellotti&rdquo;\" rel=\"nofollow\" data-success_message=\"\u00abMateriale sussidiario Metallo - Cappellotti\u00bb se ha a\u00f1adido a tu carrito\" role=\"button\"><i class=\"g-preloader type_1\"><\/i><span class=\"w-btn-label\">A\u00f1adir al carrito<\/span><\/a>\t<span id=\"woocommerce_loop_add_to_cart_link_describedby_1596\" class=\"screen-reader-text\">\n\t\t\t<\/span>\n<\/p><\/div><\/div><\/div><div class=\"w-separator size_large\"><\/div><div class=\"g-cols wpb_row via_grid cols_3 laptops-cols_inherit tablets-cols_inherit mobiles-cols_1 valign_top type_default stacking_default\" style=\"--columns-gap:1.4rem;\"><div class=\"wpb_column vc_column_container us_custom_e3d07235 has_bg_color\"><div class=\"vc_column-inner\"><div class=\"wpb_text_column with_collapsible_content\" data-content-height=\"300px\"><div class=\"wpb_wrapper\"><h3><strong>Tira diel\u00e9ctrica<\/strong><\/h3>\n<\/div><div class=\"toggle-links align_none\"><button class=\"collapsible-content-more\">Mostrar m\u00e1s<\/button><button class=\"collapsible-content-less\">Mostrar menos<\/button><\/div><\/div><div class=\"w-separator size_small\"><\/div><div class=\"w-image align_none\"><a ref=\"magnificPopup\" href=\"https:\/\/www.edilfibro.it\/wp-content\/uploads\/2024\/05\/Materiali-complementari_Bandella-dielettrica.webp\" aria-label=\"Materiali complementari_Bandella dielettrica\" class=\"w-image-h\"><img decoding=\"async\" width=\"366\" height=\"271\" src=\"https:\/\/www.edilfibro.it\/wp-content\/uploads\/2024\/05\/Materiali-complementari_Bandella-dielettrica.webp\" class=\"attachment-large size-large\" alt=\"\" loading=\"lazy\" srcset=\"https:\/\/www.edilfibro.it\/wp-content\/uploads\/2024\/05\/Materiali-complementari_Bandella-dielettrica.webp 366w, https:\/\/www.edilfibro.it\/wp-content\/uploads\/2024\/05\/Materiali-complementari_Bandella-dielettrica-300x222.webp 300w\" sizes=\"auto, (max-width: 366px) 100vw, 366px\" \/><\/a><\/div><div class=\"w-separator size_small\"><\/div><div class=\"wpb_text_column with_collapsible_content\" data-content-height=\"70px\"><div class=\"wpb_wrapper\"><p>Banda diel\u00e9ctrica expandida para colocar entre tapas de aluminio y soportes met\u00e1licos de hierro y en el resto de casos para evitar efectos de corrosi\u00f3n galv\u00e1nica. Disponible con 3 mm de espesor y 20 m de longitud.<\/p>\n<\/div><div class=\"toggle-links align_none\"><button class=\"collapsible-content-more\">Mostrar m\u00e1s<\/button><button class=\"collapsible-content-less\">Mostrar menos<\/button><\/div><\/div><div class=\"w-separator size_small\"><\/div><p class=\"product woocommerce add_to_cart_inline \" style=\"border:4px solid #ccc; padding: 12px;\"><span class=\"woocommerce-Price-amount amount\"><bdi>1,00&nbsp;<span class=\"woocommerce-Price-currencySymbol\">&euro;<\/span><\/bdi><\/span><a href=\"\/es\/wp-json\/wp\/v2\/product\/5072?add-to-cart=1598\" aria-describedby=\"woocommerce_loop_add_to_cart_link_describedby_1598\" data-quantity=\"1\" class=\"button product_type_simple add_to_cart_button ajax_add_to_cart\" data-product_id=\"1598\" data-product_sku=\"\" aria-label=\"A\u00f1adir al carrito: &ldquo;Materiale sussidiario Metallo - Bandella Dielettrica&rdquo;\" rel=\"nofollow\" data-success_message=\"\u00abMateriale sussidiario Metallo - Bandella Dielettrica\u00bb se ha a\u00f1adido a tu carrito\" role=\"button\"><i class=\"g-preloader type_1\"><\/i><span class=\"w-btn-label\">A\u00f1adir al carrito<\/span><\/a>\t<span id=\"woocommerce_loop_add_to_cart_link_describedby_1598\" class=\"screen-reader-text\">\n\t\t\t<\/span>\n<\/p><\/div><\/div><div class=\"wpb_column vc_column_container us_custom_e3d07235 has_bg_color\"><div class=\"vc_column-inner\"><div class=\"wpb_text_column with_collapsible_content\" data-content-height=\"300px\"><div class=\"wpb_wrapper\"><h3><strong>Malla met\u00e1lica para lucernarios<\/strong><\/h3>\n<\/div><div class=\"toggle-links align_none\"><button class=\"collapsible-content-more\">Mostrar m\u00e1s<\/button><button class=\"collapsible-content-less\">Mostrar menos<\/button><\/div><\/div><div class=\"w-separator size_small\"><\/div><div class=\"w-image align_none\"><a ref=\"magnificPopup\" href=\"https:\/\/www.edilfibro.it\/wp-content\/uploads\/2024\/05\/Materiali-complementari_Rete-metallica-per-lucernari.webp\" aria-label=\"Materiali complementari_Rete metallica per lucernari\" class=\"w-image-h\"><img decoding=\"async\" width=\"366\" height=\"271\" src=\"https:\/\/www.edilfibro.it\/wp-content\/uploads\/2024\/05\/Materiali-complementari_Rete-metallica-per-lucernari.webp\" class=\"attachment-large size-large\" alt=\"\" loading=\"lazy\" srcset=\"https:\/\/www.edilfibro.it\/wp-content\/uploads\/2024\/05\/Materiali-complementari_Rete-metallica-per-lucernari.webp 366w, https:\/\/www.edilfibro.it\/wp-content\/uploads\/2024\/05\/Materiali-complementari_Rete-metallica-per-lucernari-300x222.webp 300w\" sizes=\"auto, (max-width: 366px) 100vw, 366px\" \/><\/a><\/div><div class=\"w-separator size_small\"><\/div><div class=\"wpb_text_column with_collapsible_content\" data-content-height=\"70px\"><div class=\"wpb_wrapper\"><p>Malla met\u00e1lica electrosoldada para lucernarios disponible en las siguientes dimensiones:<br \/>\nAltos est\u00e1ndar m 1,02 \u2013 1,22 \u2013 1,52 \u2013 1,83 \u2013 2,03<br \/>\n2,23 (bajo pedido)<br \/>\nVersi\u00f3n galvanizada y plastificada<br \/>\nDi\u00e1metro exterior del alambre: 2,4 mm \/ interior aprox.<br \/>\nVersi\u00f3n galvanizada \u00f8 cable externo: 2 mm aprox.<\/p>\n<\/div><div class=\"toggle-links align_none\"><button class=\"collapsible-content-more\">Mostrar m\u00e1s<\/button><button class=\"collapsible-content-less\">Mostrar menos<\/button><\/div><\/div><div class=\"w-separator size_small\"><\/div><p class=\"product woocommerce add_to_cart_inline \" style=\"border:4px solid #ccc; padding: 12px;\"><span class=\"woocommerce-Price-amount amount\"><bdi>1,00&nbsp;<span class=\"woocommerce-Price-currencySymbol\">&euro;<\/span><\/bdi><\/span><a href=\"\/es\/wp-json\/wp\/v2\/product\/5072?add-to-cart=1600\" aria-describedby=\"woocommerce_loop_add_to_cart_link_describedby_1600\" data-quantity=\"1\" class=\"button product_type_simple add_to_cart_button ajax_add_to_cart\" data-product_id=\"1600\" data-product_sku=\"\" aria-label=\"A\u00f1adir al carrito: &ldquo;Materiale sussidiario Metallo - Rete metallica per lucernari&rdquo;\" rel=\"nofollow\" data-success_message=\"\u00abMateriale sussidiario Metallo - Rete metallica per lucernari\u00bb se ha a\u00f1adido a tu carrito\" role=\"button\"><i class=\"g-preloader type_1\"><\/i><span class=\"w-btn-label\">A\u00f1adir al carrito<\/span><\/a>\t<span id=\"woocommerce_loop_add_to_cart_link_describedby_1600\" class=\"screen-reader-text\">\n\t\t\t<\/span>\n<\/p><\/div><\/div><div class=\"wpb_column vc_column_container us_custom_e3d07235 has_bg_color\"><div class=\"vc_column-inner\"><div class=\"wpb_text_column with_collapsible_content\" data-content-height=\"300px\"><div class=\"wpb_wrapper\"><h3><strong>Soporte moldeado<\/strong><\/h3>\n<\/div><div class=\"toggle-links align_none\"><button class=\"collapsible-content-more\">Mostrar m\u00e1s<\/button><button class=\"collapsible-content-less\">Mostrar menos<\/button><\/div><\/div><div class=\"w-separator size_small\"><\/div><div class=\"w-image align_none\"><a ref=\"magnificPopup\" href=\"https:\/\/www.edilfibro.it\/wp-content\/uploads\/2024\/05\/Materiali-complementari_Staffa-sagomata.webp\" aria-label=\"Materiali complementari_Staffa sagomata\" class=\"w-image-h\"><img decoding=\"async\" width=\"366\" height=\"271\" src=\"https:\/\/www.edilfibro.it\/wp-content\/uploads\/2024\/05\/Materiali-complementari_Staffa-sagomata.webp\" class=\"attachment-large size-large\" alt=\"\" loading=\"lazy\" srcset=\"https:\/\/www.edilfibro.it\/wp-content\/uploads\/2024\/05\/Materiali-complementari_Staffa-sagomata.webp 366w, https:\/\/www.edilfibro.it\/wp-content\/uploads\/2024\/05\/Materiali-complementari_Staffa-sagomata-300x222.webp 300w\" sizes=\"auto, (max-width: 366px) 100vw, 366px\" \/><\/a><\/div><div class=\"w-separator size_small\"><\/div><div class=\"wpb_text_column with_collapsible_content\" data-content-height=\"70px\"><div class=\"wpb_wrapper\"><p>Soporte porta listones met\u00e1licos para sobre cubiertas completo de tornillos antideslizamiento. Normalmente se utiliza para crear nuevos techos con l\u00e1minas de metal ondulado, sobre tejados existentes. Material: acero galvanizado.<\/p>\n<\/div><div class=\"toggle-links align_none\"><button class=\"collapsible-content-more\">Mostrar m\u00e1s<\/button><button class=\"collapsible-content-less\">Mostrar menos<\/button><\/div><\/div><div class=\"w-separator size_small\"><\/div><p class=\"product woocommerce add_to_cart_inline \" style=\"border:4px solid #ccc; padding: 12px;\"><span class=\"woocommerce-Price-amount amount\"><bdi>1,00&nbsp;<span class=\"woocommerce-Price-currencySymbol\">&euro;<\/span><\/bdi><\/span><a href=\"\/es\/wp-json\/wp\/v2\/product\/5072?add-to-cart=1602\" aria-describedby=\"woocommerce_loop_add_to_cart_link_describedby_1602\" data-quantity=\"1\" class=\"button product_type_simple add_to_cart_button ajax_add_to_cart\" data-product_id=\"1602\" data-product_sku=\"\" aria-label=\"A\u00f1adir al carrito: &ldquo;Materiale sussidiario Metallo - Staffa sagomata&rdquo;\" rel=\"nofollow\" data-success_message=\"\u00abMateriale sussidiario Metallo - Staffa sagomata\u00bb se ha a\u00f1adido a tu carrito\" role=\"button\"><i class=\"g-preloader type_1\"><\/i><span class=\"w-btn-label\">A\u00f1adir al carrito<\/span><\/a>\t<span id=\"woocommerce_loop_add_to_cart_link_describedby_1602\" class=\"screen-reader-text\">\n\t\t\t<\/span>\n<\/p><\/div><\/div><\/div><\/div><\/div><\/div><\/div><\/section>\n","protected":false},"excerpt":{"rendered":"Sistemas de fijaci\u00f3n Descripci\u00f3n Metaplak 20 Aluminio natural y prepintado Metaplak 28 Aluminio natural y prepintado Metaplak 40 Aluminio natural y prepintado Metaplak 20 Aluzinc y acero prepintado Metaplak 28 Aluzinc y acero prepintado Metaplak 40 Aluzinc y acero prepintado Tornillo autoperforante paso 2,54, galvanizado blanco + BAZ \u00f8 25 + arandela de ACERO INOXIDABLE...","protected":false},"featured_media":3158,"comment_status":"closed","ping_status":"closed","template":"","meta":[],"product_brand":[],"product_cat":[290],"product_tag":[],"class_list":{"0":"post-5072","1":"product","2":"type-product","3":"status-publish","4":"has-post-thumbnail","6":"product_cat-accesorios-metal","7":"pa_profilo-fibrocemento-5-onde-es","9":"first","10":"instock","11":"shipping-taxable","12":"purchasable","13":"product-type-variable","14":"has-default-attributes"},"yoast_head":"<!-- This site is optimized with the Yoast SEO plugin v26.6 - https:\/\/yoast.com\/wordpress\/plugins\/seo\/ -->\n<title>Material subsidiario - Edilfibro S.p.a.<\/title>\n<meta name=\"robots\" content=\"index, follow, max-snippet:-1, max-image-preview:large, max-video-preview:-1\" \/>\n<link rel=\"canonical\" href=\"https:\/\/www.edilfibro.it\/es\/prodotto\/material-subsidiario\/\" \/>\n<meta property=\"og:locale\" content=\"es_ES\" \/>\n<meta property=\"og:type\" content=\"article\" \/>\n<meta property=\"og:title\" content=\"Material subsidiario - Edilfibro S.p.a.\" \/>\n<meta property=\"og:url\" content=\"https:\/\/www.edilfibro.it\/es\/prodotto\/material-subsidiario\/\" \/>\n<meta property=\"og:site_name\" content=\"Edilfibro S.p.a.\" \/>\n<meta property=\"article:publisher\" content=\"https:\/\/www.facebook.com\/edilfibro\" \/>\n<meta property=\"article:modified_time\" content=\"2024-10-07T13:44:51+00:00\" \/>\n<meta property=\"og:image\" content=\"https:\/\/www.edilfibro.it\/wp-content\/uploads\/2024\/05\/Icona-NERA-Materiali-sussidiari.webp\" \/>\n\t<meta property=\"og:image:width\" content=\"600\" \/>\n\t<meta property=\"og:image:height\" content=\"600\" \/>\n\t<meta property=\"og:image:type\" content=\"image\/webp\" \/>\n<meta name=\"twitter:card\" content=\"summary_large_image\" \/>\n<meta name=\"twitter:label1\" content=\"Tiempo de lectura\" \/>\n\t<meta name=\"twitter:data1\" content=\"9 minutos\" \/>\n<script type=\"application\/ld+json\" class=\"yoast-schema-graph\">{\"@context\":\"https:\/\/schema.org\",\"@graph\":[{\"@type\":\"WebPage\",\"@id\":\"https:\/\/www.edilfibro.it\/es\/prodotto\/material-subsidiario\/\",\"url\":\"https:\/\/www.edilfibro.it\/es\/prodotto\/material-subsidiario\/\",\"name\":\"Material subsidiario - Edilfibro S.p.a.\",\"isPartOf\":{\"@id\":\"https:\/\/www.edilfibro.it\/es\/#website\"},\"primaryImageOfPage\":{\"@id\":\"https:\/\/www.edilfibro.it\/es\/prodotto\/material-subsidiario\/#primaryimage\"},\"image\":{\"@id\":\"https:\/\/www.edilfibro.it\/es\/prodotto\/material-subsidiario\/#primaryimage\"},\"thumbnailUrl\":\"https:\/\/www.edilfibro.it\/wp-content\/uploads\/2024\/05\/Icona-NERA-Materiali-sussidiari.webp\",\"datePublished\":\"2024-05-07T09:15:30+00:00\",\"dateModified\":\"2024-10-07T13:44:51+00:00\",\"breadcrumb\":{\"@id\":\"https:\/\/www.edilfibro.it\/es\/prodotto\/material-subsidiario\/#breadcrumb\"},\"inLanguage\":\"es\",\"potentialAction\":[{\"@type\":\"ReadAction\",\"target\":[\"https:\/\/www.edilfibro.it\/es\/prodotto\/material-subsidiario\/\"]}]},{\"@type\":\"ImageObject\",\"inLanguage\":\"es\",\"@id\":\"https:\/\/www.edilfibro.it\/es\/prodotto\/material-subsidiario\/#primaryimage\",\"url\":\"https:\/\/www.edilfibro.it\/wp-content\/uploads\/2024\/05\/Icona-NERA-Materiali-sussidiari.webp\",\"contentUrl\":\"https:\/\/www.edilfibro.it\/wp-content\/uploads\/2024\/05\/Icona-NERA-Materiali-sussidiari.webp\",\"width\":600,\"height\":600},{\"@type\":\"BreadcrumbList\",\"@id\":\"https:\/\/www.edilfibro.it\/es\/prodotto\/material-subsidiario\/#breadcrumb\",\"itemListElement\":[{\"@type\":\"ListItem\",\"position\":1,\"name\":\"Home\",\"item\":\"https:\/\/www.edilfibro.it\/es\/\"},{\"@type\":\"ListItem\",\"position\":2,\"name\":\"Productos\",\"item\":\"https:\/\/www.edilfibro.it\/es\/productos\/\"},{\"@type\":\"ListItem\",\"position\":3,\"name\":\"Material subsidiario\"}]},{\"@type\":\"WebSite\",\"@id\":\"https:\/\/www.edilfibro.it\/es\/#website\",\"url\":\"https:\/\/www.edilfibro.it\/es\/\",\"name\":\"Edilfibro S.p.a.\",\"description\":\"Coperture per tetti, lastre fibrocemento e metallo\",\"publisher\":{\"@id\":\"https:\/\/www.edilfibro.it\/es\/#organization\"},\"potentialAction\":[{\"@type\":\"SearchAction\",\"target\":{\"@type\":\"EntryPoint\",\"urlTemplate\":\"https:\/\/www.edilfibro.it\/es\/?s={search_term_string}\"},\"query-input\":{\"@type\":\"PropertyValueSpecification\",\"valueRequired\":true,\"valueName\":\"search_term_string\"}}],\"inLanguage\":\"es\"},{\"@type\":\"Organization\",\"@id\":\"https:\/\/www.edilfibro.it\/es\/#organization\",\"name\":\"Edilfibro S.p.a.\",\"url\":\"https:\/\/www.edilfibro.it\/es\/\",\"logo\":{\"@type\":\"ImageObject\",\"inLanguage\":\"es\",\"@id\":\"https:\/\/www.edilfibro.it\/es\/#\/schema\/logo\/image\/\",\"url\":\"https:\/\/www.edilfibro.it\/wp-content\/uploads\/2024\/09\/Logo-Edilfibro-2024-verde.webp\",\"contentUrl\":\"https:\/\/www.edilfibro.it\/wp-content\/uploads\/2024\/09\/Logo-Edilfibro-2024-verde.webp\",\"width\":270,\"height\":105,\"caption\":\"Edilfibro S.p.a.\"},\"image\":{\"@id\":\"https:\/\/www.edilfibro.it\/es\/#\/schema\/logo\/image\/\"},\"sameAs\":[\"https:\/\/www.facebook.com\/edilfibro\",\"https:\/\/www.linkedin.com\/company\/edilfibrospa\/\",\"https:\/\/www.youtube.com\/channel\/UCfz1PuhFpXa0MFkRDzC_Cgw\"]}]}<\/script>\n<!-- \/ Yoast SEO plugin. -->","yoast_head_json":{"title":"Material subsidiario - Edilfibro S.p.a.","robots":{"index":"index","follow":"follow","max-snippet":"max-snippet:-1","max-image-preview":"max-image-preview:large","max-video-preview":"max-video-preview:-1"},"canonical":"https:\/\/www.edilfibro.it\/es\/prodotto\/material-subsidiario\/","og_locale":"es_ES","og_type":"article","og_title":"Material subsidiario - Edilfibro S.p.a.","og_url":"https:\/\/www.edilfibro.it\/es\/prodotto\/material-subsidiario\/","og_site_name":"Edilfibro S.p.a.","article_publisher":"https:\/\/www.facebook.com\/edilfibro","article_modified_time":"2024-10-07T13:44:51+00:00","og_image":[{"width":600,"height":600,"url":"https:\/\/www.edilfibro.it\/wp-content\/uploads\/2024\/05\/Icona-NERA-Materiali-sussidiari.webp","type":"image\/webp"}],"twitter_card":"summary_large_image","twitter_misc":{"Tiempo de lectura":"9 minutos"},"schema":{"@context":"https:\/\/schema.org","@graph":[{"@type":"WebPage","@id":"https:\/\/www.edilfibro.it\/es\/prodotto\/material-subsidiario\/","url":"https:\/\/www.edilfibro.it\/es\/prodotto\/material-subsidiario\/","name":"Material subsidiario - Edilfibro S.p.a.","isPartOf":{"@id":"https:\/\/www.edilfibro.it\/es\/#website"},"primaryImageOfPage":{"@id":"https:\/\/www.edilfibro.it\/es\/prodotto\/material-subsidiario\/#primaryimage"},"image":{"@id":"https:\/\/www.edilfibro.it\/es\/prodotto\/material-subsidiario\/#primaryimage"},"thumbnailUrl":"https:\/\/www.edilfibro.it\/wp-content\/uploads\/2024\/05\/Icona-NERA-Materiali-sussidiari.webp","datePublished":"2024-05-07T09:15:30+00:00","dateModified":"2024-10-07T13:44:51+00:00","breadcrumb":{"@id":"https:\/\/www.edilfibro.it\/es\/prodotto\/material-subsidiario\/#breadcrumb"},"inLanguage":"es","potentialAction":[{"@type":"ReadAction","target":["https:\/\/www.edilfibro.it\/es\/prodotto\/material-subsidiario\/"]}]},{"@type":"ImageObject","inLanguage":"es","@id":"https:\/\/www.edilfibro.it\/es\/prodotto\/material-subsidiario\/#primaryimage","url":"https:\/\/www.edilfibro.it\/wp-content\/uploads\/2024\/05\/Icona-NERA-Materiali-sussidiari.webp","contentUrl":"https:\/\/www.edilfibro.it\/wp-content\/uploads\/2024\/05\/Icona-NERA-Materiali-sussidiari.webp","width":600,"height":600},{"@type":"BreadcrumbList","@id":"https:\/\/www.edilfibro.it\/es\/prodotto\/material-subsidiario\/#breadcrumb","itemListElement":[{"@type":"ListItem","position":1,"name":"Home","item":"https:\/\/www.edilfibro.it\/es\/"},{"@type":"ListItem","position":2,"name":"Productos","item":"https:\/\/www.edilfibro.it\/es\/productos\/"},{"@type":"ListItem","position":3,"name":"Material subsidiario"}]},{"@type":"WebSite","@id":"https:\/\/www.edilfibro.it\/es\/#website","url":"https:\/\/www.edilfibro.it\/es\/","name":"Edilfibro S.p.a.","description":"Coperture per tetti, lastre fibrocemento e metallo","publisher":{"@id":"https:\/\/www.edilfibro.it\/es\/#organization"},"potentialAction":[{"@type":"SearchAction","target":{"@type":"EntryPoint","urlTemplate":"https:\/\/www.edilfibro.it\/es\/?s={search_term_string}"},"query-input":{"@type":"PropertyValueSpecification","valueRequired":true,"valueName":"search_term_string"}}],"inLanguage":"es"},{"@type":"Organization","@id":"https:\/\/www.edilfibro.it\/es\/#organization","name":"Edilfibro S.p.a.","url":"https:\/\/www.edilfibro.it\/es\/","logo":{"@type":"ImageObject","inLanguage":"es","@id":"https:\/\/www.edilfibro.it\/es\/#\/schema\/logo\/image\/","url":"https:\/\/www.edilfibro.it\/wp-content\/uploads\/2024\/09\/Logo-Edilfibro-2024-verde.webp","contentUrl":"https:\/\/www.edilfibro.it\/wp-content\/uploads\/2024\/09\/Logo-Edilfibro-2024-verde.webp","width":270,"height":105,"caption":"Edilfibro S.p.a."},"image":{"@id":"https:\/\/www.edilfibro.it\/es\/#\/schema\/logo\/image\/"},"sameAs":["https:\/\/www.facebook.com\/edilfibro","https:\/\/www.linkedin.com\/company\/edilfibrospa\/","https:\/\/www.youtube.com\/channel\/UCfz1PuhFpXa0MFkRDzC_Cgw"]}]}},"_links":{"self":[{"href":"https:\/\/www.edilfibro.it\/es\/wp-json\/wp\/v2\/product\/5072","targetHints":{"allow":["GET"]}}],"collection":[{"href":"https:\/\/www.edilfibro.it\/es\/wp-json\/wp\/v2\/product"}],"about":[{"href":"https:\/\/www.edilfibro.it\/es\/wp-json\/wp\/v2\/types\/product"}],"replies":[{"embeddable":true,"href":"https:\/\/www.edilfibro.it\/es\/wp-json\/wp\/v2\/comments?post=5072"}],"wp:featuredmedia":[{"embeddable":true,"href":"https:\/\/www.edilfibro.it\/es\/wp-json\/wp\/v2\/media\/3158"}],"wp:attachment":[{"href":"https:\/\/www.edilfibro.it\/es\/wp-json\/wp\/v2\/media?parent=5072"}],"wp:term":[{"taxonomy":"product_brand","embeddable":true,"href":"https:\/\/www.edilfibro.it\/es\/wp-json\/wp\/v2\/product_brand?post=5072"},{"taxonomy":"product_cat","embeddable":true,"href":"https:\/\/www.edilfibro.it\/es\/wp-json\/wp\/v2\/product_cat?post=5072"},{"taxonomy":"product_tag","embeddable":true,"href":"https:\/\/www.edilfibro.it\/es\/wp-json\/wp\/v2\/product_tag?post=5072"}],"curies":[{"name":"wp","href":"https:\/\/api.w.org\/{rel}","templated":true}]}}