{"id":5020,"date":"2024-05-07T11:22:41","date_gmt":"2024-05-07T09:22:41","guid":{"rendered":"https:\/\/edilfibro2.noon.srl\/prodotto\/materiali-traslucidi\/"},"modified":"2024-10-07T15:55:33","modified_gmt":"2024-10-07T13:55:33","slug":"materiales-translucidos","status":"publish","type":"product","link":"https:\/\/www.edilfibro.it\/es\/prodotto\/materiales-translucidos\/","title":{"rendered":"Materiales translucidos"},"content":{"rendered":"<section class=\"l-section wpb_row materiali-traslucidi height_medium\"><div class=\"l-section-h i-cf\"><div class=\"g-cols vc_row via_grid cols_1 laptops-cols_inherit tablets-cols_inherit mobiles-cols_1 valign_top type_default stacking_default\"><div class=\"wpb_column vc_column_container\"><div class=\"vc_column-inner\"><div class=\"g-cols wpb_row via_grid cols_1 laptops-cols_inherit tablets-cols_inherit mobiles-cols_1 valign_top type_default stacking_default\" style=\"--columns-gap:3rem;\"><div class=\"wpb_column vc_column_container\"><div class=\"vc_column-inner\"><div class=\"wpb_text_column us_custom_eb849559\"><div class=\"wpb_wrapper\"><h2><span class=\"evidenziatore\">Materiales transl\u00facidos de GRP <\/span> para la formaci\u00f3n de lucernarios<\/h2>\n<\/div><\/div><\/div><\/div><\/div><div class=\"w-separator size_medium\"><\/div><div class=\"g-cols wpb_row via_grid cols_3 laptops-cols_inherit tablets-cols_inherit mobiles-cols_1 valign_top type_default stacking_default\" style=\"--columns-gap:1.4rem;\"><div class=\"wpb_column vc_column_container us_custom_297e3fb7\"><div class=\"vc_column-inner\"><div class=\"wpb_text_column us_custom_5d4d0315 with_collapsible_content\" data-content-height=\"400px\"><div class=\"wpb_wrapper\"><h3>Para placas de fibrocemento ecol\u00f3gico serie TEGOLIT<\/h3>\n<\/div><div class=\"toggle-links align_none\"><button class=\"collapsible-content-more\">Mostrar m\u00e1s<\/button><button class=\"collapsible-content-less\">Mostrar menos<\/button><\/div><\/div><div class=\"w-separator size_custom\" style=\"height:15px\"><\/div><div class=\"w-image us_custom_4b7c0ab9 has_height align_none\"><a ref=\"magnificPopup\" href=\"https:\/\/www.edilfibro.it\/wp-content\/uploads\/2024\/05\/Per-lastre-in-fibrocemento-ecologico-portacoppo-serie-TEGOLIT.webp\" aria-label=\"Per lastre in fibrocemento ecologico portacoppo serie TEGOLIT\" class=\"w-image-h\"><img decoding=\"async\" width=\"550\" height=\"320\" src=\"https:\/\/www.edilfibro.it\/wp-content\/uploads\/2024\/05\/Per-lastre-in-fibrocemento-ecologico-portacoppo-serie-TEGOLIT.webp\" class=\"attachment-large size-large\" alt=\"\" loading=\"lazy\" srcset=\"https:\/\/www.edilfibro.it\/wp-content\/uploads\/2024\/05\/Per-lastre-in-fibrocemento-ecologico-portacoppo-serie-TEGOLIT.webp 550w, https:\/\/www.edilfibro.it\/wp-content\/uploads\/2024\/05\/Per-lastre-in-fibrocemento-ecologico-portacoppo-serie-TEGOLIT-300x175.webp 300w\" sizes=\"auto, (max-width: 550px) 100vw, 550px\" \/><\/a><\/div><div class=\"w-separator size_custom\" style=\"height:15px\"><\/div><div class=\"wpb_text_column us_custom_96919c81 with_collapsible_content\" data-content-height=\"80px\"><div class=\"wpb_wrapper\"><p>L\u00e1minas onduladas rectas GRP paso 200 \/ 60; ancho 105cm; peso 2.300 Kg\/m2, color neutro, con protecci\u00f3n UV Melinex<\/p>\n<p>L\u00e1minas onduladas rectas GRP paso 235 \/ 60; ancho 98cm; peso 2.300 Kg\/m2, color neutro, con protecci\u00f3n UV Melinex.<\/p>\n<\/div><div class=\"toggle-links align_none\"><button class=\"collapsible-content-more\">Mostrar m\u00e1s<\/button><button class=\"collapsible-content-less\">Mostrar menos<\/button><\/div><\/div><div class=\"w-separator size_custom\" style=\"height:15px\"><\/div><p class=\"product woocommerce add_to_cart_inline \" style=\"border:4px solid #ccc; padding: 12px;\"><span class=\"woocommerce-Price-amount amount\"><bdi>1,00&nbsp;<span class=\"woocommerce-Price-currencySymbol\">&euro;<\/span><\/bdi><\/span><a href=\"\/es\/wp-json\/wp\/v2\/product\/5020?add-to-cart=1514\" aria-describedby=\"woocommerce_loop_add_to_cart_link_describedby_1514\" data-quantity=\"1\" class=\"button product_type_simple add_to_cart_button ajax_add_to_cart\" data-product_id=\"1514\" data-product_sku=\"\" aria-label=\"A\u00f1adir al carrito: &ldquo;Materiali traslucidi in PRFV per formazione di lucernari per serie TEGOLIT&rdquo;\" rel=\"nofollow\" data-success_message=\"\u00abMateriali traslucidi in PRFV per formazione di lucernari per serie TEGOLIT\u00bb se ha a\u00f1adido a tu carrito\" role=\"button\"><i class=\"g-preloader type_1\"><\/i><span class=\"w-btn-label\">A\u00f1adir al carrito<\/span><\/a>\t<span id=\"woocommerce_loop_add_to_cart_link_describedby_1514\" class=\"screen-reader-text\">\n\t\t\t<\/span>\n<\/p><\/div><\/div><div class=\"wpb_column vc_column_container us_custom_297e3fb7\"><div class=\"vc_column-inner\"><div class=\"wpb_text_column us_custom_5d4d0315 with_collapsible_content\" data-content-height=\"400px\"><div class=\"wpb_wrapper\"><h3>Para placas de fibrocemento ecol\u00f3gico serie PLAKFORT 6<\/h3>\n<\/div><div class=\"toggle-links align_none\"><button class=\"collapsible-content-more\">Mostrar m\u00e1s<\/button><button class=\"collapsible-content-less\">Mostrar menos<\/button><\/div><\/div><div class=\"w-separator size_custom\" style=\"height:15px\"><\/div><div class=\"w-image us_custom_4b7c0ab9 has_height align_none\"><a ref=\"magnificPopup\" href=\"https:\/\/www.edilfibro.it\/wp-content\/uploads\/2024\/05\/Per-lastre-in-fibrocemento-ecologico-portacoppo-serie-PLAKFORT-6.webp\" aria-label=\"Per lastre in fibrocemento ecologico portacoppo serie PLAKFORT 6\" class=\"w-image-h\"><img decoding=\"async\" width=\"550\" height=\"320\" src=\"https:\/\/www.edilfibro.it\/wp-content\/uploads\/2024\/05\/Per-lastre-in-fibrocemento-ecologico-portacoppo-serie-PLAKFORT-6.webp\" class=\"attachment-large size-large\" alt=\"\" loading=\"lazy\" srcset=\"https:\/\/www.edilfibro.it\/wp-content\/uploads\/2024\/05\/Per-lastre-in-fibrocemento-ecologico-portacoppo-serie-PLAKFORT-6.webp 550w, https:\/\/www.edilfibro.it\/wp-content\/uploads\/2024\/05\/Per-lastre-in-fibrocemento-ecologico-portacoppo-serie-PLAKFORT-6-300x175.webp 300w\" sizes=\"auto, (max-width: 550px) 100vw, 550px\" \/><\/a><\/div><div class=\"w-separator size_custom\" style=\"height:15px\"><\/div><div class=\"wpb_text_column us_custom_7a79ef8a with_collapsible_content\" data-content-height=\"80px\"><div class=\"wpb_wrapper\"><p>L\u00e1minas onduladas rectas GRP paso 177\/51; ancho 110cm; peso 1.600 kg\/m2; color neutro, con protecci\u00f3n UV Melinex<\/p>\n<p>L\u00e1minas onduladas rectas GRP paso 177\/51; ancho 110cm; peso 1.800 kg\/m2; color neutro, con protecci\u00f3n UV Melinex<\/p>\n<p>L\u00e1minas onduladas rectas GRP paso 177\/51; ancho 110cm; peso 2.100 kg\/m2; color neutro, con protecci\u00f3n UV Melinex<\/p>\n<p>L\u00e1minas onduladas rectas GRP paso 177\/51; ancho 110cm; peso 2.300 kg\/m2; color neutro, con protecci\u00f3n UV Melinex<\/p>\n<\/div><div class=\"toggle-links align_none\"><button class=\"collapsible-content-more\">Mostrar m\u00e1s<\/button><button class=\"collapsible-content-less\">Mostrar menos<\/button><\/div><\/div><div class=\"w-separator size_custom\" style=\"height:15px\"><\/div><p class=\"product woocommerce add_to_cart_inline \" style=\"border:4px solid #ccc; padding: 12px;\"><span class=\"woocommerce-Price-amount amount\"><bdi>1,00&nbsp;<span class=\"woocommerce-Price-currencySymbol\">&euro;<\/span><\/bdi><\/span><a href=\"\/es\/wp-json\/wp\/v2\/product\/5020?add-to-cart=1516\" aria-describedby=\"woocommerce_loop_add_to_cart_link_describedby_1516\" data-quantity=\"1\" class=\"button product_type_simple add_to_cart_button ajax_add_to_cart\" data-product_id=\"1516\" data-product_sku=\"\" aria-label=\"A\u00f1adir al carrito: &ldquo;Materiali traslucidi in PRFV per formazione di lucernari per serie PLAKFORT 6&rdquo;\" rel=\"nofollow\" data-success_message=\"\u00abMateriali traslucidi in PRFV per formazione di lucernari per serie PLAKFORT 6\u00bb se ha a\u00f1adido a tu carrito\" role=\"button\"><i class=\"g-preloader type_1\"><\/i><span class=\"w-btn-label\">A\u00f1adir al carrito<\/span><\/a>\t<span id=\"woocommerce_loop_add_to_cart_link_describedby_1516\" class=\"screen-reader-text\">\n\t\t\t<\/span>\n<\/p><\/div><\/div><div class=\"wpb_column vc_column_container us_custom_297e3fb7\"><div class=\"vc_column-inner\"><div class=\"wpb_text_column us_custom_5d4d0315 with_collapsible_content\" data-content-height=\"400px\"><div class=\"wpb_wrapper\"><h3>Para placas curvadas de fibrocemento ecol\u00f3gico serie IPSILONDA<\/h3>\n<\/div><div class=\"toggle-links align_none\"><button class=\"collapsible-content-more\">Mostrar m\u00e1s<\/button><button class=\"collapsible-content-less\">Mostrar menos<\/button><\/div><\/div><div class=\"w-separator size_custom\" style=\"height:15px\"><\/div><div class=\"w-image us_custom_4b7c0ab9 has_height align_none\"><a ref=\"magnificPopup\" href=\"https:\/\/www.edilfibro.it\/wp-content\/uploads\/2024\/05\/Per-lastre-in-fibrocemento-ecologico-serie-IPSILONDA.webp\" aria-label=\"Per lastre in fibrocemento ecologico serie IPSILONDA\" class=\"w-image-h\"><img decoding=\"async\" width=\"550\" height=\"320\" src=\"https:\/\/www.edilfibro.it\/wp-content\/uploads\/2024\/05\/Per-lastre-in-fibrocemento-ecologico-serie-IPSILONDA.webp\" class=\"attachment-large size-large\" alt=\"\" loading=\"lazy\" srcset=\"https:\/\/www.edilfibro.it\/wp-content\/uploads\/2024\/05\/Per-lastre-in-fibrocemento-ecologico-serie-IPSILONDA.webp 550w, https:\/\/www.edilfibro.it\/wp-content\/uploads\/2024\/05\/Per-lastre-in-fibrocemento-ecologico-serie-IPSILONDA-300x175.webp 300w\" sizes=\"auto, (max-width: 550px) 100vw, 550px\" \/><\/a><\/div><div class=\"w-separator size_custom\" style=\"height:15px\"><\/div><div class=\"wpb_text_column with_collapsible_content\" data-content-height=\"80px\"><div class=\"wpb_wrapper\"><p>L\u00e1minas onduladas curvadas en GRP paso 177\/51; ancho 118cm; radio 3 m; peso 2.100 kg\/m2; color neutro, con protecci\u00f3n UV Melinex<\/p>\n<p>L\u00e1minas onduladas curvadas en GRP paso 177\/51; ancho 110cm; radio universal; peso 1.800 kg\/m2; color neutro, con protecci\u00f3n UV Melinex<\/p>\n<\/div><div class=\"toggle-links align_none\"><button class=\"collapsible-content-more\">Mostrar m\u00e1s<\/button><button class=\"collapsible-content-less\">Mostrar menos<\/button><\/div><\/div><div class=\"w-separator size_medium\"><\/div><p class=\"product woocommerce add_to_cart_inline \" style=\"border:4px solid #ccc; padding: 12px;\"><span class=\"woocommerce-Price-amount amount\"><bdi>1,00&nbsp;<span class=\"woocommerce-Price-currencySymbol\">&euro;<\/span><\/bdi><\/span><a href=\"\/es\/wp-json\/wp\/v2\/product\/5020?add-to-cart=1518\" aria-describedby=\"woocommerce_loop_add_to_cart_link_describedby_1518\" data-quantity=\"1\" class=\"button product_type_simple add_to_cart_button ajax_add_to_cart\" data-product_id=\"1518\" data-product_sku=\"\" aria-label=\"A\u00f1adir al carrito: &ldquo;Materiali traslucidi in PRFV per formazione di lucernari per serie IPSILONDA&rdquo;\" rel=\"nofollow\" data-success_message=\"\u00abMateriali traslucidi in PRFV per formazione di lucernari per serie IPSILONDA\u00bb se ha a\u00f1adido a tu carrito\" role=\"button\"><i class=\"g-preloader type_1\"><\/i><span class=\"w-btn-label\">A\u00f1adir al carrito<\/span><\/a>\t<span id=\"woocommerce_loop_add_to_cart_link_describedby_1518\" class=\"screen-reader-text\">\n\t\t\t<\/span>\n<\/p><\/div><\/div><\/div><div class=\"w-separator size_large\"><\/div><div class=\"g-cols wpb_row via_grid cols_3 laptops-cols_inherit tablets-cols_inherit mobiles-cols_1 valign_top type_default stacking_default\" style=\"--columns-gap:1.4rem;\"><div class=\"wpb_column vc_column_container us_custom_297e3fb7\"><div class=\"vc_column-inner\"><div class=\"wpb_text_column us_custom_5d4d0315 with_collapsible_content\" data-content-height=\"400px\"><div class=\"wpb_wrapper\"><h3>Para paneles rectos de fibrocemento ecol\u00f3gico para techos, serie DOLMEN<\/h3>\n<\/div><div class=\"toggle-links align_none\"><button class=\"collapsible-content-more\">Mostrar m\u00e1s<\/button><button class=\"collapsible-content-less\">Mostrar menos<\/button><\/div><\/div><div class=\"w-separator size_custom\" style=\"height:15px\"><\/div><div class=\"w-image us_custom_4b7c0ab9 has_height align_center\"><a ref=\"magnificPopup\" href=\"https:\/\/www.edilfibro.it\/wp-content\/uploads\/2024\/05\/Per-lastre-Rette-in-Fibrocemento-ecologico-da-Soffittatura-serie-DOLMEN.webp\" aria-label=\"Per lastre Rette in Fibrocemento ecologico da Soffittatura serie DOLMEN\" class=\"w-image-h\"><img decoding=\"async\" width=\"305\" height=\"320\" src=\"https:\/\/www.edilfibro.it\/wp-content\/uploads\/2024\/05\/Per-lastre-Rette-in-Fibrocemento-ecologico-da-Soffittatura-serie-DOLMEN.webp\" class=\"attachment-large size-large\" alt=\"\" loading=\"lazy\" srcset=\"https:\/\/www.edilfibro.it\/wp-content\/uploads\/2024\/05\/Per-lastre-Rette-in-Fibrocemento-ecologico-da-Soffittatura-serie-DOLMEN.webp 305w, https:\/\/www.edilfibro.it\/wp-content\/uploads\/2024\/05\/Per-lastre-Rette-in-Fibrocemento-ecologico-da-Soffittatura-serie-DOLMEN-286x300.webp 286w\" sizes=\"auto, (max-width: 305px) 100vw, 305px\" \/><\/a><\/div><div class=\"w-separator size_custom\" style=\"height:15px\"><\/div><div class=\"wpb_text_column with_collapsible_content\" data-content-height=\"80px\"><div class=\"wpb_wrapper\"><p>L\u00e1minas onduladas rectas GRP paso 335\/64; ancho 114cm; peso 1.600 kg\/m2; color neutro, con protecci\u00f3n UV Melinex<\/p>\n<p>L\u00e1minas onduladas rectas GRP paso 335\/64; ancho 114cm; peso 1.800 kg\/m2; color neutro, con protecci\u00f3n UV Melinex<\/p>\n<\/div><div class=\"toggle-links align_none\"><button class=\"collapsible-content-more\">Mostrar m\u00e1s<\/button><button class=\"collapsible-content-less\">Mostrar menos<\/button><\/div><\/div><div class=\"w-separator size_custom\" style=\"height:15px\"><\/div><p class=\"product woocommerce add_to_cart_inline \" style=\"border:4px solid #ccc; padding: 12px;\"><span class=\"woocommerce-Price-amount amount\"><bdi>1,00&nbsp;<span class=\"woocommerce-Price-currencySymbol\">&euro;<\/span><\/bdi><\/span><a href=\"\/es\/wp-json\/wp\/v2\/product\/5020?add-to-cart=1520\" aria-describedby=\"woocommerce_loop_add_to_cart_link_describedby_1520\" data-quantity=\"1\" class=\"button product_type_simple add_to_cart_button ajax_add_to_cart\" data-product_id=\"1520\" data-product_sku=\"\" aria-label=\"A\u00f1adir al carrito: &ldquo;Materiali traslucidi in PRFV per formazione di lucernari per serie DOLMEN&rdquo;\" rel=\"nofollow\" data-success_message=\"\u00abMateriali traslucidi in PRFV per formazione di lucernari per serie DOLMEN\u00bb se ha a\u00f1adido a tu carrito\" role=\"button\"><i class=\"g-preloader type_1\"><\/i><span class=\"w-btn-label\">A\u00f1adir al carrito<\/span><\/a>\t<span id=\"woocommerce_loop_add_to_cart_link_describedby_1520\" class=\"screen-reader-text\">\n\t\t\t<\/span>\n<\/p><\/div><\/div><div class=\"wpb_column vc_column_container us_custom_297e3fb7\"><div class=\"vc_column-inner\"><div class=\"w-separator size_custom\" style=\"height:15px\"><\/div><div class=\"wpb_text_column us_custom_5d4d0315 with_collapsible_content\" data-content-height=\"400px\"><div class=\"wpb_wrapper\"><h3>Por la formaci\u00f3n de Velari<\/h3>\n<\/div><div class=\"toggle-links align_none\"><button class=\"collapsible-content-more\">Mostrar m\u00e1s<\/button><button class=\"collapsible-content-less\">Mostrar menos<\/button><\/div><\/div><div class=\"w-separator size_custom\" style=\"height:15px\"><\/div><div class=\"w-image us_custom_4b7c0ab9 has_height align_none\"><a ref=\"magnificPopup\" href=\"https:\/\/www.edilfibro.it\/wp-content\/uploads\/2024\/05\/Per-formazione-di-Velari.webp\" aria-label=\"Per formazione di Velari\" class=\"w-image-h\"><img decoding=\"async\" width=\"550\" height=\"320\" src=\"https:\/\/www.edilfibro.it\/wp-content\/uploads\/2024\/05\/Per-formazione-di-Velari.webp\" class=\"attachment-large size-large\" alt=\"\" loading=\"lazy\" srcset=\"https:\/\/www.edilfibro.it\/wp-content\/uploads\/2024\/05\/Per-formazione-di-Velari.webp 550w, https:\/\/www.edilfibro.it\/wp-content\/uploads\/2024\/05\/Per-formazione-di-Velari-300x175.webp 300w\" sizes=\"auto, (max-width: 550px) 100vw, 550px\" \/><\/a><\/div><div class=\"w-separator size_custom\" style=\"height:15px\"><\/div><div class=\"wpb_text_column with_collapsible_content\" data-content-height=\"370px\"><div class=\"wpb_wrapper\"><p>L\u00e1mina ondulada de PRFV peso 1.000 kg\/m2 color neutro, rollos de 40 ml.<\/p>\n<\/div><div class=\"toggle-links align_none\"><button class=\"collapsible-content-more\">Mostrar m\u00e1s<\/button><button class=\"collapsible-content-less\">Mostrar menos<\/button><\/div><\/div><div class=\"w-separator size_medium\"><\/div><p class=\"product woocommerce add_to_cart_inline \" style=\"border:4px solid #ccc; padding: 12px;\"><span class=\"woocommerce-Price-amount amount\"><bdi>1,00&nbsp;<span class=\"woocommerce-Price-currencySymbol\">&euro;<\/span><\/bdi><\/span><a href=\"\/es\/wp-json\/wp\/v2\/product\/5020?add-to-cart=1522\" aria-describedby=\"woocommerce_loop_add_to_cart_link_describedby_1522\" data-quantity=\"1\" class=\"button product_type_simple add_to_cart_button ajax_add_to_cart\" data-product_id=\"1522\" data-product_sku=\"\" aria-label=\"A\u00f1adir al carrito: &ldquo;Materiali traslucidi in PRFV per formazione di Velari&rdquo;\" rel=\"nofollow\" data-success_message=\"\u00abMateriali traslucidi in PRFV per formazione di Velari\u00bb se ha a\u00f1adido a tu carrito\" role=\"button\"><i class=\"g-preloader type_1\"><\/i><span class=\"w-btn-label\">A\u00f1adir al carrito<\/span><\/a>\t<span id=\"woocommerce_loop_add_to_cart_link_describedby_1522\" class=\"screen-reader-text\">\n\t\t\t<\/span>\n<\/p><\/div><\/div><\/div><div class=\"g-cols wpb_row via_grid cols_1 laptops-cols_inherit tablets-cols_inherit mobiles-cols_1 valign_top type_default stacking_default\" style=\"--columns-gap:3rem;\"><div class=\"wpb_column vc_column_container\"><div class=\"vc_column-inner\"><div class=\"w-separator size_large\"><\/div><div class=\"wpb_text_column us_custom_eb849559\"><div class=\"wpb_wrapper\"><p>Es posible que algunos productos no est\u00e9n disponibles en stock. Otros materiales con diferentes tama\u00f1os, colores y caracter\u00edsticas bajo petici\u00f3n.<\/p>\n<\/div><\/div><\/div><\/div><\/div><\/div><\/div><\/div><\/div><\/section><section class=\"l-section wpb_row us_custom_0d15be52 materiali-traslucidi height_medium\"><div class=\"l-section-h i-cf\"><div class=\"g-cols vc_row via_grid cols_1 laptops-cols_inherit tablets-cols_inherit mobiles-cols_1 valign_top type_default stacking_default\"><div class=\"wpb_column vc_column_container\"><div class=\"vc_column-inner\"><div class=\"g-cols wpb_row via_grid cols_1 laptops-cols_inherit tablets-cols_inherit mobiles-cols_1 valign_top type_default stacking_default\" style=\"--columns-gap:3rem;\"><div class=\"wpb_column vc_column_container\"><div class=\"vc_column-inner\"><div class=\"wpb_text_column us_custom_eb849559\"><div class=\"wpb_wrapper\"><h2 style=\"font-size: 35px;\"><span class=\"evidenziatore\">Materiales de policarbonato transl\u00facido <\/span>para la formaci\u00f3n de lucernarios<\/h2>\n<\/div><\/div><\/div><\/div><\/div><div class=\"w-separator size_medium\"><\/div><div class=\"g-cols wpb_row via_grid cols_2 laptops-cols_inherit tablets-cols_inherit mobiles-cols_1 valign_top type_default stacking_default\" style=\"--columns-gap:1.4rem;\"><div class=\"wpb_column vc_column_container us_custom_e3d07235 has_bg_color\"><div class=\"vc_column-inner\"><div class=\"wpb_text_column us_custom_5d4d0315 with_collapsible_content\" data-content-height=\"400px\"><div class=\"wpb_wrapper\"><h3>Para placas de fibrocemento ecol\u00f3gico serie PLAKFORT 6<\/h3>\n<\/div><div class=\"toggle-links align_none\"><button class=\"collapsible-content-more\">Mostrar m\u00e1s<\/button><button class=\"collapsible-content-less\">Mostrar menos<\/button><\/div><\/div><div class=\"w-separator size_small\"><\/div><div class=\"w-image align_none\"><a ref=\"magnificPopup\" href=\"https:\/\/www.edilfibro.it\/wp-content\/uploads\/2024\/05\/Per-lastre-in-fibrocemento-ecologico-portacoppo-serie-PLAKFORT-6-2.webp\" aria-label=\"Per lastre in fibrocemento ecologico portacoppo serie PLAKFORT 6-2\" class=\"w-image-h\"><img decoding=\"async\" width=\"550\" height=\"320\" src=\"https:\/\/www.edilfibro.it\/wp-content\/uploads\/2024\/05\/Per-lastre-in-fibrocemento-ecologico-portacoppo-serie-PLAKFORT-6-2.webp\" class=\"attachment-large size-large\" alt=\"\" loading=\"lazy\" srcset=\"https:\/\/www.edilfibro.it\/wp-content\/uploads\/2024\/05\/Per-lastre-in-fibrocemento-ecologico-portacoppo-serie-PLAKFORT-6-2.webp 550w, https:\/\/www.edilfibro.it\/wp-content\/uploads\/2024\/05\/Per-lastre-in-fibrocemento-ecologico-portacoppo-serie-PLAKFORT-6-2-300x175.webp 300w\" sizes=\"auto, (max-width: 550px) 100vw, 550px\" \/><\/a><\/div><div class=\"w-separator size_small\"><\/div><div class=\"wpb_text_column with_collapsible_content\" data-content-height=\"80px\"><div class=\"wpb_wrapper\"><p>L\u00e1minas onduladas rectas de policarbonato alveolar de doble c\u00e1mara, con extremos termosoldados, paso 177\/51; ancho 110cm; con protecci\u00f3n UV; espesor 4 mm; color neutro.<\/p>\n<p>L\u00e1minas onduladas rectas de policarbonato alveolar de doble c\u00e1mara, con extremos termosoldados, paso 177\/51; ancho 110cm; con protecci\u00f3n UV; espesor 6 mm; color neutro<\/p>\n<\/div><div class=\"toggle-links align_none\"><button class=\"collapsible-content-more\">Mostrar m\u00e1s<\/button><button class=\"collapsible-content-less\">Mostrar menos<\/button><\/div><\/div><div class=\"w-separator size_small\"><\/div><p class=\"product woocommerce add_to_cart_inline \" style=\"border:4px solid #ccc; padding: 12px;\"><span class=\"woocommerce-Price-amount amount\"><bdi>1,00&nbsp;<span class=\"woocommerce-Price-currencySymbol\">&euro;<\/span><\/bdi><\/span><a href=\"\/es\/wp-json\/wp\/v2\/product\/5020?add-to-cart=1524\" aria-describedby=\"woocommerce_loop_add_to_cart_link_describedby_1524\" data-quantity=\"1\" class=\"button product_type_simple add_to_cart_button ajax_add_to_cart\" data-product_id=\"1524\" data-product_sku=\"\" aria-label=\"A\u00f1adir al carrito: &ldquo;Materiali traslucidi in policarbonato per formazione di lucernari per serie PLAKFORT 6&rdquo;\" rel=\"nofollow\" data-success_message=\"\u00abMateriali traslucidi in policarbonato per formazione di lucernari per serie PLAKFORT 6\u00bb se ha a\u00f1adido a tu carrito\" role=\"button\"><i class=\"g-preloader type_1\"><\/i><span class=\"w-btn-label\">A\u00f1adir al carrito<\/span><\/a>\t<span id=\"woocommerce_loop_add_to_cart_link_describedby_1524\" class=\"screen-reader-text\">\n\t\t\t<\/span>\n<\/p><\/div><\/div><div class=\"wpb_column vc_column_container us_custom_e3d07235 has_bg_color\"><div class=\"vc_column-inner\"><div class=\"wpb_text_column us_custom_5d4d0315 with_collapsible_content\" data-content-height=\"400px\"><div class=\"wpb_wrapper\"><h3>Por la formaci\u00f3n de Velari<\/h3>\n<\/div><div class=\"toggle-links align_none\"><button class=\"collapsible-content-more\">Mostrar m\u00e1s<\/button><button class=\"collapsible-content-less\">Mostrar menos<\/button><\/div><\/div><div class=\"w-separator size_small\"><\/div><div class=\"w-image align_none\"><a ref=\"magnificPopup\" href=\"https:\/\/www.edilfibro.it\/wp-content\/uploads\/2024\/05\/per-formazione-di-velari-1.webp\" aria-label=\"per formazione di velari\" class=\"w-image-h\"><img decoding=\"async\" width=\"550\" height=\"320\" src=\"https:\/\/www.edilfibro.it\/wp-content\/uploads\/2024\/05\/per-formazione-di-velari-1.webp\" class=\"attachment-large size-large\" alt=\"\" loading=\"lazy\" srcset=\"https:\/\/www.edilfibro.it\/wp-content\/uploads\/2024\/05\/per-formazione-di-velari-1.webp 550w, https:\/\/www.edilfibro.it\/wp-content\/uploads\/2024\/05\/per-formazione-di-velari-1-300x175.webp 300w\" sizes=\"auto, (max-width: 550px) 100vw, 550px\" \/><\/a><\/div><div class=\"w-separator size_small\"><\/div><div class=\"wpb_text_column with_collapsible_content\" data-content-height=\"80px\"><div class=\"wpb_wrapper\"><p>L\u00e1minas planas de policarbonato alveolar de 10 mm de espesor; paso 600 mm, longitud. fabricados a medida, con extremos termosoldados; no protegido contra rayos UV.<\/p>\n<p>L\u00e1minas planas de policarbonato alveolar de 16 mm de espesor; paso 500 mm, longitud. fabricados a medida, con extremos termosoldados; no protegido contra rayos UV.<\/p>\n<p>L\u00e1minas planas de policarbonato alveolar de 20 mm de espesor; paso 500 mm, longitud. fabricados a medida, con extremos termosoldados; no protegido contra rayos UV.<\/p>\n<p>L\u00e1minas planas de policarbonato alveolar de 25 mm de espesor; paso 500 mm, longitud. fabricados a medida, con extremos termosoldados; no protegido contra rayos UV.<\/p>\n<\/div><div class=\"toggle-links align_none\"><button class=\"collapsible-content-more\">Mostrar m\u00e1s<\/button><button class=\"collapsible-content-less\">Mostrar menos<\/button><\/div><\/div><div class=\"w-separator size_small\"><\/div><p class=\"product woocommerce add_to_cart_inline \" style=\"border:4px solid #ccc; padding: 12px;\"><span class=\"woocommerce-Price-amount amount\"><bdi>1,00&nbsp;<span class=\"woocommerce-Price-currencySymbol\">&euro;<\/span><\/bdi><\/span><a href=\"\/es\/wp-json\/wp\/v2\/product\/5020?add-to-cart=1526\" aria-describedby=\"woocommerce_loop_add_to_cart_link_describedby_1526\" data-quantity=\"1\" class=\"button product_type_simple add_to_cart_button ajax_add_to_cart\" data-product_id=\"1526\" data-product_sku=\"\" aria-label=\"A\u00f1adir al carrito: &ldquo;Materiali traslucidi in policarbonato per formazione di Velari&rdquo;\" rel=\"nofollow\" data-success_message=\"\u00abMateriali traslucidi in policarbonato per formazione di Velari\u00bb se ha a\u00f1adido a tu carrito\" role=\"button\"><i class=\"g-preloader type_1\"><\/i><span class=\"w-btn-label\">A\u00f1adir al carrito<\/span><\/a>\t<span id=\"woocommerce_loop_add_to_cart_link_describedby_1526\" class=\"screen-reader-text\">\n\t\t\t<\/span>\n<\/p><\/div><\/div><\/div><\/div><\/div><\/div><\/div><\/section><section class=\"l-section wpb_row height_medium\"><div class=\"l-section-h i-cf\"><div class=\"g-cols vc_row via_grid cols_1-4-1 laptops-cols_inherit tablets-cols_inherit mobiles-cols_1 valign_top type_default stacking_default\"><div class=\"wpb_column vc_column_container\"><div class=\"vc_column-inner\"><\/div><\/div><div class=\"wpb_column vc_column_container\"><div class=\"vc_column-inner\"><div class=\"wpb_text_column us_custom_eb849559\"><div class=\"wpb_wrapper\"><h2>Productos <span class=\"evidenziatore\">relacionados<\/span><\/h2>\n<\/div><\/div><div class=\"w-separator size_medium\"><\/div><\/div><\/div><div class=\"wpb_column vc_column_container\"><div class=\"vc_column-inner\"><\/div><\/div><\/div><\/div><\/section>\n","protected":false},"excerpt":{"rendered":"Materiales transl\u00facidos de GRP para la formaci\u00f3n de lucernarios Para placas de fibrocemento ecol\u00f3gico serie TEGOLIT Mostrar m\u00e1sMostrar menosL\u00e1minas onduladas rectas GRP paso 200 \/ 60; ancho 105cm; peso 2.300 Kg\/m2, color neutro, con protecci\u00f3n UV Melinex L\u00e1minas onduladas rectas GRP paso 235 \/ 60; ancho 98cm; peso 2.300 Kg\/m2, color neutro, con protecci\u00f3n UV...","protected":false},"featured_media":3160,"comment_status":"closed","ping_status":"closed","template":"","meta":[],"product_brand":[],"product_cat":[300],"product_tag":[],"class_list":{"0":"post-5020","1":"product","2":"type-product","3":"status-publish","4":"has-post-thumbnail","6":"product_cat-material-subsidiario-es","7":"pa_profilo-fibrocemento-5-onde-es","9":"first","10":"instock","11":"shipping-taxable","12":"purchasable","13":"product-type-variable","14":"has-default-attributes"},"yoast_head":"<!-- This site is optimized with the Yoast SEO plugin v26.6 - https:\/\/yoast.com\/wordpress\/plugins\/seo\/ -->\n<title>Materiales translucidos - Edilfibro S.p.a.<\/title>\n<meta name=\"robots\" content=\"index, follow, max-snippet:-1, max-image-preview:large, max-video-preview:-1\" \/>\n<link rel=\"canonical\" href=\"https:\/\/www.edilfibro.it\/es\/prodotto\/materiales-translucidos\/\" \/>\n<meta property=\"og:locale\" content=\"es_ES\" \/>\n<meta property=\"og:type\" content=\"article\" \/>\n<meta property=\"og:title\" content=\"Materiales translucidos - Edilfibro S.p.a.\" \/>\n<meta property=\"og:url\" content=\"https:\/\/www.edilfibro.it\/es\/prodotto\/materiales-translucidos\/\" \/>\n<meta property=\"og:site_name\" content=\"Edilfibro S.p.a.\" \/>\n<meta property=\"article:publisher\" content=\"https:\/\/www.facebook.com\/edilfibro\" \/>\n<meta property=\"article:modified_time\" content=\"2024-10-07T13:55:33+00:00\" \/>\n<meta property=\"og:image\" content=\"https:\/\/www.edilfibro.it\/wp-content\/uploads\/2024\/05\/icona-NERA-Materiali-traslucidi.webp\" \/>\n\t<meta property=\"og:image:width\" content=\"600\" \/>\n\t<meta property=\"og:image:height\" content=\"600\" \/>\n\t<meta property=\"og:image:type\" content=\"image\/webp\" \/>\n<meta name=\"twitter:card\" content=\"summary_large_image\" \/>\n<meta name=\"twitter:label1\" content=\"Tiempo de lectura\" \/>\n\t<meta name=\"twitter:data1\" content=\"8 minutos\" \/>\n<script type=\"application\/ld+json\" class=\"yoast-schema-graph\">{\"@context\":\"https:\/\/schema.org\",\"@graph\":[{\"@type\":\"WebPage\",\"@id\":\"https:\/\/www.edilfibro.it\/es\/prodotto\/materiales-translucidos\/\",\"url\":\"https:\/\/www.edilfibro.it\/es\/prodotto\/materiales-translucidos\/\",\"name\":\"Materiales translucidos - Edilfibro S.p.a.\",\"isPartOf\":{\"@id\":\"https:\/\/www.edilfibro.it\/es\/#website\"},\"primaryImageOfPage\":{\"@id\":\"https:\/\/www.edilfibro.it\/es\/prodotto\/materiales-translucidos\/#primaryimage\"},\"image\":{\"@id\":\"https:\/\/www.edilfibro.it\/es\/prodotto\/materiales-translucidos\/#primaryimage\"},\"thumbnailUrl\":\"https:\/\/www.edilfibro.it\/wp-content\/uploads\/2024\/05\/icona-NERA-Materiali-traslucidi.webp\",\"datePublished\":\"2024-05-07T09:22:41+00:00\",\"dateModified\":\"2024-10-07T13:55:33+00:00\",\"breadcrumb\":{\"@id\":\"https:\/\/www.edilfibro.it\/es\/prodotto\/materiales-translucidos\/#breadcrumb\"},\"inLanguage\":\"es\",\"potentialAction\":[{\"@type\":\"ReadAction\",\"target\":[\"https:\/\/www.edilfibro.it\/es\/prodotto\/materiales-translucidos\/\"]}]},{\"@type\":\"ImageObject\",\"inLanguage\":\"es\",\"@id\":\"https:\/\/www.edilfibro.it\/es\/prodotto\/materiales-translucidos\/#primaryimage\",\"url\":\"https:\/\/www.edilfibro.it\/wp-content\/uploads\/2024\/05\/icona-NERA-Materiali-traslucidi.webp\",\"contentUrl\":\"https:\/\/www.edilfibro.it\/wp-content\/uploads\/2024\/05\/icona-NERA-Materiali-traslucidi.webp\",\"width\":600,\"height\":600},{\"@type\":\"BreadcrumbList\",\"@id\":\"https:\/\/www.edilfibro.it\/es\/prodotto\/materiales-translucidos\/#breadcrumb\",\"itemListElement\":[{\"@type\":\"ListItem\",\"position\":1,\"name\":\"Home\",\"item\":\"https:\/\/www.edilfibro.it\/es\/\"},{\"@type\":\"ListItem\",\"position\":2,\"name\":\"Productos\",\"item\":\"https:\/\/www.edilfibro.it\/es\/productos\/\"},{\"@type\":\"ListItem\",\"position\":3,\"name\":\"Materiales translucidos\"}]},{\"@type\":\"WebSite\",\"@id\":\"https:\/\/www.edilfibro.it\/es\/#website\",\"url\":\"https:\/\/www.edilfibro.it\/es\/\",\"name\":\"Edilfibro S.p.a.\",\"description\":\"Coperture per tetti, lastre fibrocemento e metallo\",\"publisher\":{\"@id\":\"https:\/\/www.edilfibro.it\/es\/#organization\"},\"potentialAction\":[{\"@type\":\"SearchAction\",\"target\":{\"@type\":\"EntryPoint\",\"urlTemplate\":\"https:\/\/www.edilfibro.it\/es\/?s={search_term_string}\"},\"query-input\":{\"@type\":\"PropertyValueSpecification\",\"valueRequired\":true,\"valueName\":\"search_term_string\"}}],\"inLanguage\":\"es\"},{\"@type\":\"Organization\",\"@id\":\"https:\/\/www.edilfibro.it\/es\/#organization\",\"name\":\"Edilfibro S.p.a.\",\"url\":\"https:\/\/www.edilfibro.it\/es\/\",\"logo\":{\"@type\":\"ImageObject\",\"inLanguage\":\"es\",\"@id\":\"https:\/\/www.edilfibro.it\/es\/#\/schema\/logo\/image\/\",\"url\":\"https:\/\/www.edilfibro.it\/wp-content\/uploads\/2024\/09\/Logo-Edilfibro-2024-verde.webp\",\"contentUrl\":\"https:\/\/www.edilfibro.it\/wp-content\/uploads\/2024\/09\/Logo-Edilfibro-2024-verde.webp\",\"width\":270,\"height\":105,\"caption\":\"Edilfibro S.p.a.\"},\"image\":{\"@id\":\"https:\/\/www.edilfibro.it\/es\/#\/schema\/logo\/image\/\"},\"sameAs\":[\"https:\/\/www.facebook.com\/edilfibro\",\"https:\/\/www.linkedin.com\/company\/edilfibrospa\/\",\"https:\/\/www.youtube.com\/channel\/UCfz1PuhFpXa0MFkRDzC_Cgw\"]}]}<\/script>\n<!-- \/ Yoast SEO plugin. -->","yoast_head_json":{"title":"Materiales translucidos - Edilfibro S.p.a.","robots":{"index":"index","follow":"follow","max-snippet":"max-snippet:-1","max-image-preview":"max-image-preview:large","max-video-preview":"max-video-preview:-1"},"canonical":"https:\/\/www.edilfibro.it\/es\/prodotto\/materiales-translucidos\/","og_locale":"es_ES","og_type":"article","og_title":"Materiales translucidos - Edilfibro S.p.a.","og_url":"https:\/\/www.edilfibro.it\/es\/prodotto\/materiales-translucidos\/","og_site_name":"Edilfibro S.p.a.","article_publisher":"https:\/\/www.facebook.com\/edilfibro","article_modified_time":"2024-10-07T13:55:33+00:00","og_image":[{"width":600,"height":600,"url":"https:\/\/www.edilfibro.it\/wp-content\/uploads\/2024\/05\/icona-NERA-Materiali-traslucidi.webp","type":"image\/webp"}],"twitter_card":"summary_large_image","twitter_misc":{"Tiempo de lectura":"8 minutos"},"schema":{"@context":"https:\/\/schema.org","@graph":[{"@type":"WebPage","@id":"https:\/\/www.edilfibro.it\/es\/prodotto\/materiales-translucidos\/","url":"https:\/\/www.edilfibro.it\/es\/prodotto\/materiales-translucidos\/","name":"Materiales translucidos - Edilfibro S.p.a.","isPartOf":{"@id":"https:\/\/www.edilfibro.it\/es\/#website"},"primaryImageOfPage":{"@id":"https:\/\/www.edilfibro.it\/es\/prodotto\/materiales-translucidos\/#primaryimage"},"image":{"@id":"https:\/\/www.edilfibro.it\/es\/prodotto\/materiales-translucidos\/#primaryimage"},"thumbnailUrl":"https:\/\/www.edilfibro.it\/wp-content\/uploads\/2024\/05\/icona-NERA-Materiali-traslucidi.webp","datePublished":"2024-05-07T09:22:41+00:00","dateModified":"2024-10-07T13:55:33+00:00","breadcrumb":{"@id":"https:\/\/www.edilfibro.it\/es\/prodotto\/materiales-translucidos\/#breadcrumb"},"inLanguage":"es","potentialAction":[{"@type":"ReadAction","target":["https:\/\/www.edilfibro.it\/es\/prodotto\/materiales-translucidos\/"]}]},{"@type":"ImageObject","inLanguage":"es","@id":"https:\/\/www.edilfibro.it\/es\/prodotto\/materiales-translucidos\/#primaryimage","url":"https:\/\/www.edilfibro.it\/wp-content\/uploads\/2024\/05\/icona-NERA-Materiali-traslucidi.webp","contentUrl":"https:\/\/www.edilfibro.it\/wp-content\/uploads\/2024\/05\/icona-NERA-Materiali-traslucidi.webp","width":600,"height":600},{"@type":"BreadcrumbList","@id":"https:\/\/www.edilfibro.it\/es\/prodotto\/materiales-translucidos\/#breadcrumb","itemListElement":[{"@type":"ListItem","position":1,"name":"Home","item":"https:\/\/www.edilfibro.it\/es\/"},{"@type":"ListItem","position":2,"name":"Productos","item":"https:\/\/www.edilfibro.it\/es\/productos\/"},{"@type":"ListItem","position":3,"name":"Materiales translucidos"}]},{"@type":"WebSite","@id":"https:\/\/www.edilfibro.it\/es\/#website","url":"https:\/\/www.edilfibro.it\/es\/","name":"Edilfibro S.p.a.","description":"Coperture per tetti, lastre fibrocemento e metallo","publisher":{"@id":"https:\/\/www.edilfibro.it\/es\/#organization"},"potentialAction":[{"@type":"SearchAction","target":{"@type":"EntryPoint","urlTemplate":"https:\/\/www.edilfibro.it\/es\/?s={search_term_string}"},"query-input":{"@type":"PropertyValueSpecification","valueRequired":true,"valueName":"search_term_string"}}],"inLanguage":"es"},{"@type":"Organization","@id":"https:\/\/www.edilfibro.it\/es\/#organization","name":"Edilfibro S.p.a.","url":"https:\/\/www.edilfibro.it\/es\/","logo":{"@type":"ImageObject","inLanguage":"es","@id":"https:\/\/www.edilfibro.it\/es\/#\/schema\/logo\/image\/","url":"https:\/\/www.edilfibro.it\/wp-content\/uploads\/2024\/09\/Logo-Edilfibro-2024-verde.webp","contentUrl":"https:\/\/www.edilfibro.it\/wp-content\/uploads\/2024\/09\/Logo-Edilfibro-2024-verde.webp","width":270,"height":105,"caption":"Edilfibro S.p.a."},"image":{"@id":"https:\/\/www.edilfibro.it\/es\/#\/schema\/logo\/image\/"},"sameAs":["https:\/\/www.facebook.com\/edilfibro","https:\/\/www.linkedin.com\/company\/edilfibrospa\/","https:\/\/www.youtube.com\/channel\/UCfz1PuhFpXa0MFkRDzC_Cgw"]}]}},"_links":{"self":[{"href":"https:\/\/www.edilfibro.it\/es\/wp-json\/wp\/v2\/product\/5020","targetHints":{"allow":["GET"]}}],"collection":[{"href":"https:\/\/www.edilfibro.it\/es\/wp-json\/wp\/v2\/product"}],"about":[{"href":"https:\/\/www.edilfibro.it\/es\/wp-json\/wp\/v2\/types\/product"}],"replies":[{"embeddable":true,"href":"https:\/\/www.edilfibro.it\/es\/wp-json\/wp\/v2\/comments?post=5020"}],"wp:featuredmedia":[{"embeddable":true,"href":"https:\/\/www.edilfibro.it\/es\/wp-json\/wp\/v2\/media\/3160"}],"wp:attachment":[{"href":"https:\/\/www.edilfibro.it\/es\/wp-json\/wp\/v2\/media?parent=5020"}],"wp:term":[{"taxonomy":"product_brand","embeddable":true,"href":"https:\/\/www.edilfibro.it\/es\/wp-json\/wp\/v2\/product_brand?post=5020"},{"taxonomy":"product_cat","embeddable":true,"href":"https:\/\/www.edilfibro.it\/es\/wp-json\/wp\/v2\/product_cat?post=5020"},{"taxonomy":"product_tag","embeddable":true,"href":"https:\/\/www.edilfibro.it\/es\/wp-json\/wp\/v2\/product_tag?post=5020"}],"curies":[{"name":"wp","href":"https:\/\/api.w.org\/{rel}","templated":true}]}}