{"id":5000,"date":"2024-05-07T11:23:17","date_gmt":"2024-05-07T09:23:17","guid":{"rendered":"https:\/\/edilfibro2.noon.srl\/prodotto\/prodotti-complementari-pva-cemento\/"},"modified":"2024-10-07T12:57:14","modified_gmt":"2024-10-07T10:57:14","slug":"productos-complementarios-cemento-pva","status":"publish","type":"product","link":"https:\/\/www.edilfibro.it\/es\/prodotto\/productos-complementarios-cemento-pva\/","title":{"rendered":"Productos complementarios"},"content":{"rendered":"<section class=\"l-section wpb_row prodotti-complementari height_medium\"><div class=\"l-section-h i-cf\"><div class=\"g-cols vc_row via_grid cols_1 laptops-cols_inherit tablets-cols_inherit mobiles-cols_1 valign_top type_default stacking_default\"><div class=\"wpb_column vc_column_container\"><div class=\"vc_column-inner\"><div class=\"g-cols wpb_row via_grid cols_3 laptops-cols_inherit tablets-cols_inherit mobiles-cols_1 valign_top type_default stacking_default\" style=\"--columns-gap:1.4rem;\"><div class=\"wpb_column vc_column_container us_custom_297e3fb7\"><div class=\"vc_column-inner\"><div class=\"wpb_text_column us_custom_5d4d0315 with_collapsible_content\" data-content-height=\"400px\"><div class=\"wpb_wrapper\"><h3>Pinturas<\/h3>\n<\/div><div class=\"toggle-links align_none\"><button class=\"collapsible-content-more\">Mostrar m\u00e1s<\/button><button class=\"collapsible-content-less\">Mostrar menos<\/button><\/div><\/div><div class=\"w-separator size_custom\" style=\"height:15px\"><\/div><div class=\"w-image align_none\"><a ref=\"magnificPopup\" href=\"https:\/\/www.edilfibro.it\/wp-content\/uploads\/2024\/05\/Prodotti-complementari-Vernici.webp\" aria-label=\"Prodotti complementari - Vernici\" class=\"w-image-h\"><img decoding=\"async\" width=\"230\" height=\"162\" src=\"https:\/\/www.edilfibro.it\/wp-content\/uploads\/2024\/05\/Prodotti-complementari-Vernici.webp\" class=\"attachment-large size-large\" alt=\"\" loading=\"lazy\" \/><\/a><\/div><div class=\"w-separator size_custom\" style=\"height:15px\"><\/div><div class=\"wpb_text_column with_collapsible_content\" data-content-height=\"60px\"><div class=\"wpb_wrapper\"><p><strong>\u00b7<\/strong> Color Rojo Teja tipo Tegolit Plus<br \/>\n<strong>\u00b7<\/strong> Color rojo antiguo<br \/>\n<strong>\u00b7<\/strong> Color marr\u00f3n oscuro<br \/>\n<strong>\u00b7<\/strong> Color verde oliva<br \/>\n<strong>\u00b7<\/strong> Color blanco (para tejados)<\/p>\n<\/div><div class=\"toggle-links align_none\"><button class=\"collapsible-content-more\">Mostrar m\u00e1s<\/button><button class=\"collapsible-content-less\">Mostrar menos<\/button><\/div><\/div><div class=\"w-separator size_custom\" style=\"height:15px\"><\/div><p class=\"product woocommerce add_to_cart_inline \" style=\"border:4px solid #ccc; padding: 12px;\"><span class=\"woocommerce-Price-amount amount\"><bdi>1,00&nbsp;<span class=\"woocommerce-Price-currencySymbol\">&euro;<\/span><\/bdi><\/span><a href=\"\/es\/wp-json\/wp\/v2\/product\/5000?add-to-cart=1531\" aria-describedby=\"woocommerce_loop_add_to_cart_link_describedby_1531\" data-quantity=\"1\" class=\"button product_type_simple add_to_cart_button ajax_add_to_cart\" data-product_id=\"1531\" data-product_sku=\"\" aria-label=\"A\u00f1adir al carrito: &ldquo;Prodotti complementari PVA Cemento - Vernici&rdquo;\" rel=\"nofollow\" data-success_message=\"\u00abProdotti complementari PVA Cemento - Vernici\u00bb se ha a\u00f1adido a tu carrito\" role=\"button\"><i class=\"g-preloader type_1\"><\/i><span class=\"w-btn-label\">A\u00f1adir al carrito<\/span><\/a>\t<span id=\"woocommerce_loop_add_to_cart_link_describedby_1531\" class=\"screen-reader-text\">\n\t\t\t<\/span>\n<\/p><\/div><\/div><div class=\"wpb_column vc_column_container us_custom_297e3fb7\"><div class=\"vc_column-inner\"><div class=\"wpb_text_column us_custom_5d4d0315 with_collapsible_content\" data-content-height=\"400px\"><div class=\"wpb_wrapper\"><h3>Soporte met\u00e1lico<\/h3>\n<\/div><div class=\"toggle-links align_none\"><button class=\"collapsible-content-more\">Mostrar m\u00e1s<\/button><button class=\"collapsible-content-less\">Mostrar menos<\/button><\/div><\/div><div class=\"w-separator size_custom\" style=\"height:15px\"><\/div><div class=\"w-image align_none\"><a ref=\"magnificPopup\" href=\"https:\/\/www.edilfibro.it\/wp-content\/uploads\/2024\/05\/Prodotti-complementari-Metallerie-1.webp\" aria-label=\"Prodotti complementari - Metallerie 1\" class=\"w-image-h\"><img decoding=\"async\" width=\"230\" height=\"162\" src=\"https:\/\/www.edilfibro.it\/wp-content\/uploads\/2024\/05\/Prodotti-complementari-Metallerie-1.webp\" class=\"attachment-large size-large\" alt=\"\" loading=\"lazy\" \/><\/a><\/div><div class=\"w-separator size_custom\" style=\"height:15px\"><\/div><div class=\"wpb_text_column with_collapsible_content\" data-content-height=\"60px\"><div class=\"wpb_wrapper\"><p>Soporte met\u00e1lico perfilado para tejado, completo de 2 tornillos antideslizamiento para lamas de madera<\/p>\n<\/div><div class=\"toggle-links align_none\"><button class=\"collapsible-content-more\">Mostrar m\u00e1s<\/button><button class=\"collapsible-content-less\">Mostrar menos<\/button><\/div><\/div><div class=\"w-separator size_custom\" style=\"height:15px\"><\/div><p class=\"product woocommerce add_to_cart_inline \" style=\"border:4px solid #ccc; padding: 12px;\"><span class=\"woocommerce-Price-amount amount\"><bdi>1,00&nbsp;<span class=\"woocommerce-Price-currencySymbol\">&euro;<\/span><\/bdi><\/span><a href=\"\/es\/wp-json\/wp\/v2\/product\/5000?add-to-cart=1533\" aria-describedby=\"woocommerce_loop_add_to_cart_link_describedby_1533\" data-quantity=\"1\" class=\"button product_type_simple add_to_cart_button ajax_add_to_cart\" data-product_id=\"1533\" data-product_sku=\"\" aria-label=\"A\u00f1adir al carrito: &ldquo;Prodotti complementari - Staffa metallica&rdquo;\" rel=\"nofollow\" data-success_message=\"\u00abProdotti complementari - Staffa metallica\u00bb se ha a\u00f1adido a tu carrito\" role=\"button\"><i class=\"g-preloader type_1\"><\/i><span class=\"w-btn-label\">A\u00f1adir al carrito<\/span><\/a>\t<span id=\"woocommerce_loop_add_to_cart_link_describedby_1533\" class=\"screen-reader-text\">\n\t\t\t<\/span>\n<\/p><\/div><\/div><div class=\"wpb_column vc_column_container us_custom_297e3fb7\"><div class=\"vc_column-inner\"><div class=\"wpb_text_column us_custom_5d4d0315 with_collapsible_content\" data-content-height=\"400px\"><div class=\"wpb_wrapper\"><h3>Taco de fijaci\u00f3n de nailon<\/h3>\n<\/div><div class=\"toggle-links align_none\"><button class=\"collapsible-content-more\">Mostrar m\u00e1s<\/button><button class=\"collapsible-content-less\">Mostrar menos<\/button><\/div><\/div><div class=\"w-separator size_custom\" style=\"height:15px\"><\/div><div class=\"w-image align_none\"><a ref=\"magnificPopup\" href=\"https:\/\/www.edilfibro.it\/wp-content\/uploads\/2024\/05\/Prodotti-complementari-Metallerie-2.webp\" aria-label=\"Prodotti complementari - Metallerie 2\" class=\"w-image-h\"><img decoding=\"async\" width=\"230\" height=\"162\" src=\"https:\/\/www.edilfibro.it\/wp-content\/uploads\/2024\/05\/Prodotti-complementari-Metallerie-2.webp\" class=\"attachment-large size-large\" alt=\"\" loading=\"lazy\" \/><\/a><\/div><div class=\"w-separator size_custom\" style=\"height:15px\"><\/div><div class=\"wpb_text_column with_collapsible_content\" data-content-height=\"60px\"><div class=\"wpb_wrapper\"><p><span>Taco de fijaci\u00f3n de nailon di\u00e1metro 8 x 80 mm<\/span><\/p>\n<\/div><div class=\"toggle-links align_none\"><button class=\"collapsible-content-more\">Mostrar m\u00e1s<\/button><button class=\"collapsible-content-less\">Mostrar menos<\/button><\/div><\/div><div class=\"w-separator size_medium\"><\/div><p class=\"product woocommerce add_to_cart_inline \" style=\"border:4px solid #ccc; padding: 12px;\"><span class=\"woocommerce-Price-amount amount\"><bdi>1,00&nbsp;<span class=\"woocommerce-Price-currencySymbol\">&euro;<\/span><\/bdi><\/span><a href=\"\/es\/wp-json\/wp\/v2\/product\/5000?add-to-cart=1535\" aria-describedby=\"woocommerce_loop_add_to_cart_link_describedby_1535\" data-quantity=\"1\" class=\"button product_type_simple add_to_cart_button ajax_add_to_cart\" data-product_id=\"1535\" data-product_sku=\"\" aria-label=\"A\u00f1adir al carrito: &ldquo;Prodotti complementari - Tassello in nylon&rdquo;\" rel=\"nofollow\" data-success_message=\"\u00abProdotti complementari - Tassello in nylon\u00bb se ha a\u00f1adido a tu carrito\" role=\"button\"><i class=\"g-preloader type_1\"><\/i><span class=\"w-btn-label\">A\u00f1adir al carrito<\/span><\/a>\t<span id=\"woocommerce_loop_add_to_cart_link_describedby_1535\" class=\"screen-reader-text\">\n\t\t\t<\/span>\n<\/p><\/div><\/div><\/div><div class=\"w-separator size_medium\"><\/div><div class=\"g-cols wpb_row prodotti-complementari via_grid cols_3 laptops-cols_inherit tablets-cols_inherit mobiles-cols_1 valign_top type_default stacking_default\" style=\"--columns-gap:1.4rem;\"><div class=\"wpb_column vc_column_container us_custom_297e3fb7\"><div class=\"vc_column-inner\"><div class=\"wpb_text_column us_custom_5d4d0315 with_collapsible_content\" data-content-height=\"400px\"><div class=\"wpb_wrapper\"><h3>Anclaje FASER<\/h3>\n<\/div><div class=\"toggle-links align_none\"><button class=\"collapsible-content-more\">Mostrar m\u00e1s<\/button><button class=\"collapsible-content-less\">Mostrar menos<\/button><\/div><\/div><div class=\"w-separator size_custom\" style=\"height:15px\"><\/div><div class=\"w-image align_none\"><a ref=\"magnificPopup\" href=\"https:\/\/www.edilfibro.it\/wp-content\/uploads\/2024\/05\/Prodotti-complementari-Metallerie-3.webp\" aria-label=\"Prodotti complementari - Metallerie 3\" class=\"w-image-h\"><img decoding=\"async\" width=\"230\" height=\"162\" src=\"https:\/\/www.edilfibro.it\/wp-content\/uploads\/2024\/05\/Prodotti-complementari-Metallerie-3.webp\" class=\"attachment-large size-large\" alt=\"\" loading=\"lazy\" \/><\/a><\/div><div class=\"w-separator size_custom\" style=\"height:15px\"><\/div><div class=\"wpb_text_column with_collapsible_content\" data-content-height=\"60px\"><div class=\"wpb_wrapper\"><p>Anclaje FASER para soportes de hormig\u00f3n, di\u00e1metro 5,5, longitud. 80mm<\/p>\n<p>Anclaje FASER para soportes de hormig\u00f3n, di\u00e1metro 5,5, longitud. 100 mil\u00edmetros<\/p>\n<\/div><div class=\"toggle-links align_none\"><button class=\"collapsible-content-more\">Mostrar m\u00e1s<\/button><button class=\"collapsible-content-less\">Mostrar menos<\/button><\/div><\/div><div class=\"w-separator size_custom\" style=\"height:15px\"><\/div><p class=\"product woocommerce add_to_cart_inline \" style=\"border:4px solid #ccc; padding: 12px;\"><span class=\"woocommerce-Price-amount amount\"><bdi>1,00&nbsp;<span class=\"woocommerce-Price-currencySymbol\">&euro;<\/span><\/bdi><\/span><a href=\"\/es\/wp-json\/wp\/v2\/product\/5000?add-to-cart=1537\" aria-describedby=\"woocommerce_loop_add_to_cart_link_describedby_1537\" data-quantity=\"1\" class=\"button product_type_simple add_to_cart_button ajax_add_to_cart\" data-product_id=\"1537\" data-product_sku=\"\" aria-label=\"A\u00f1adir al carrito: &ldquo;Prodotti complementari - Tassello FASER&rdquo;\" rel=\"nofollow\" data-success_message=\"\u00abProdotti complementari - Tassello FASER\u00bb se ha a\u00f1adido a tu carrito\" role=\"button\"><i class=\"g-preloader type_1\"><\/i><span class=\"w-btn-label\">A\u00f1adir al carrito<\/span><\/a>\t<span id=\"woocommerce_loop_add_to_cart_link_describedby_1537\" class=\"screen-reader-text\">\n\t\t\t<\/span>\n<\/p><\/div><\/div><div class=\"wpb_column vc_column_container us_custom_297e3fb7\"><div class=\"vc_column-inner\"><div class=\"wpb_text_column us_custom_5d4d0315 with_collapsible_content\" data-content-height=\"400px\"><div class=\"wpb_wrapper\"><h3>Lamas de madera de abeto<\/h3>\n<\/div><div class=\"toggle-links align_none\"><button class=\"collapsible-content-more\">Mostrar m\u00e1s<\/button><button class=\"collapsible-content-less\">Mostrar menos<\/button><\/div><\/div><div class=\"w-separator size_custom\" style=\"height:15px\"><\/div><div class=\"w-image align_none\"><a ref=\"magnificPopup\" href=\"https:\/\/www.edilfibro.it\/wp-content\/uploads\/2024\/05\/Prodotti-complementari-Listelli-in-legno-abete.webp\" aria-label=\"Prodotti complementari - Listelli in legno abete\" class=\"w-image-h\"><img decoding=\"async\" width=\"230\" height=\"162\" src=\"https:\/\/www.edilfibro.it\/wp-content\/uploads\/2024\/05\/Prodotti-complementari-Listelli-in-legno-abete.webp\" class=\"attachment-large size-large\" alt=\"\" loading=\"lazy\" \/><\/a><\/div><div class=\"w-separator size_custom\" style=\"height:15px\"><\/div><div class=\"wpb_text_column with_collapsible_content\" data-content-height=\"60px\"><div class=\"wpb_wrapper\"><p><strong>\u00b7<\/strong> Secci\u00f3n listel 2,5 x 5 cm nominal<br \/>\n<strong>\u00b7<\/strong> Listel secci\u00f3n nominal 2,4 x 4 cm<br \/>\n<strong>\u00b7<\/strong> Listel secci\u00f3n nominal 2,4 x 5 cm<br \/>\n<strong>\u00b7<\/strong> Secci\u00f3n listel 2,5 x 5 cm nominal<br \/>\n<strong>\u00b7<\/strong> Listel secci\u00f3n nominal 2,4 x 6 cm<br \/>\n<strong>\u00b7<\/strong> Secci\u00f3n de listel 2,6 x 8 cm nominal<\/p>\n<\/div><div class=\"toggle-links align_none\"><button class=\"collapsible-content-more\">Mostrar m\u00e1s<\/button><button class=\"collapsible-content-less\">Mostrar menos<\/button><\/div><\/div><div class=\"w-separator size_custom\" style=\"height:15px\"><\/div><p class=\"product woocommerce add_to_cart_inline \" style=\"border:4px solid #ccc; padding: 12px;\"><span class=\"woocommerce-Price-amount amount\"><bdi>1,00&nbsp;<span class=\"woocommerce-Price-currencySymbol\">&euro;<\/span><\/bdi><\/span><a href=\"\/es\/wp-json\/wp\/v2\/product\/5000?add-to-cart=1539\" aria-describedby=\"woocommerce_loop_add_to_cart_link_describedby_1539\" data-quantity=\"1\" class=\"button product_type_simple add_to_cart_button ajax_add_to_cart\" data-product_id=\"1539\" data-product_sku=\"\" aria-label=\"A\u00f1adir al carrito: &ldquo;Prodotti complementari - Listelli in legno abete&rdquo;\" rel=\"nofollow\" data-success_message=\"\u00abProdotti complementari - Listelli in legno abete\u00bb se ha a\u00f1adido a tu carrito\" role=\"button\"><i class=\"g-preloader type_1\"><\/i><span class=\"w-btn-label\">A\u00f1adir al carrito<\/span><\/a>\t<span id=\"woocommerce_loop_add_to_cart_link_describedby_1539\" class=\"screen-reader-text\">\n\t\t\t<\/span>\n<\/p><\/div><\/div><div class=\"wpb_column vc_column_container us_custom_297e3fb7\"><div class=\"vc_column-inner\"><div class=\"wpb_text_column us_custom_5d4d0315 with_collapsible_content\" data-content-height=\"400px\"><div class=\"wpb_wrapper\"><h3>Fieltro de lana de vidrio<\/h3>\n<\/div><div class=\"toggle-links align_none\"><button class=\"collapsible-content-more\">Mostrar m\u00e1s<\/button><button class=\"collapsible-content-less\">Mostrar menos<\/button><\/div><\/div><div class=\"w-separator size_custom\" style=\"height:15px\"><\/div><div class=\"w-image align_none\"><a ref=\"magnificPopup\" href=\"https:\/\/www.edilfibro.it\/wp-content\/uploads\/2024\/05\/Prodotti-complementari-Materiali-isolanti-Lana-di-vetro-in-feltro.webp\" aria-label=\"Prodotti complementari - Materiali isolanti - Lana di vetro in feltro\" class=\"w-image-h\"><img decoding=\"async\" width=\"230\" height=\"162\" src=\"https:\/\/www.edilfibro.it\/wp-content\/uploads\/2024\/05\/Prodotti-complementari-Materiali-isolanti-Lana-di-vetro-in-feltro.webp\" class=\"attachment-large size-large\" alt=\"\" loading=\"lazy\" \/><\/a><\/div><div class=\"w-separator size_custom\" style=\"height:15px\"><\/div><div class=\"wpb_text_column with_collapsible_content\" data-content-height=\"60px\"><div class=\"wpb_wrapper\"><p>Rollo de lana de vidrio, espesor 50 mm, con revestimiento de papel kraft, conductividad t\u00e9rmica = 0,044<\/p>\n<p>Rollo de lana de vidrio, espesor 50 mm, sin recubrimiento, conductividad t\u00e9rmica = 0,044<\/p>\n<\/div><div class=\"toggle-links align_none\"><button class=\"collapsible-content-more\">Mostrar m\u00e1s<\/button><button class=\"collapsible-content-less\">Mostrar menos<\/button><\/div><\/div><div class=\"w-separator size_custom\" style=\"height:15px\"><\/div><p class=\"product woocommerce add_to_cart_inline \" style=\"border:4px solid #ccc; padding: 12px;\"><span class=\"woocommerce-Price-amount amount\"><bdi>1,00&nbsp;<span class=\"woocommerce-Price-currencySymbol\">&euro;<\/span><\/bdi><\/span><a href=\"\/es\/wp-json\/wp\/v2\/product\/5000?add-to-cart=1541\" aria-describedby=\"woocommerce_loop_add_to_cart_link_describedby_1541\" data-quantity=\"1\" class=\"button product_type_simple add_to_cart_button ajax_add_to_cart\" data-product_id=\"1541\" data-product_sku=\"\" aria-label=\"A\u00f1adir al carrito: &ldquo;Prodotti complementari - Lana di vetro in feltro&rdquo;\" rel=\"nofollow\" data-success_message=\"\u00abProdotti complementari - Lana di vetro in feltro\u00bb se ha a\u00f1adido a tu carrito\" role=\"button\"><i class=\"g-preloader type_1\"><\/i><span class=\"w-btn-label\">A\u00f1adir al carrito<\/span><\/a>\t<span id=\"woocommerce_loop_add_to_cart_link_describedby_1541\" class=\"screen-reader-text\">\n\t\t\t<\/span>\n<\/p><\/div><\/div><\/div><div class=\"w-separator size_large\"><\/div><div class=\"wpb_text_column us_custom_eb849559\"><div class=\"wpb_wrapper\"><h2>Redes para protecci\u00f3n de <span class=\"evidenziatore\">lucernarios &#8211; Velario<\/span><\/h2>\n<\/div><\/div><div class=\"w-separator size_medium\"><\/div><div class=\"g-cols wpb_row via_grid cols_2 laptops-cols_inherit tablets-cols_inherit mobiles-cols_1 valign_top type_default stacking_default\" style=\"--columns-gap:1.4rem;\"><div class=\"wpb_column vc_column_container us_custom_e3d07235 has_bg_color\"><div class=\"vc_column-inner\"><div class=\"wpb_text_column with_collapsible_content\" data-content-height=\"200px\"><div class=\"wpb_wrapper\"><h3>Malla de alambre galvanizado electrosoldado<\/h3>\n<\/div><div class=\"toggle-links align_none\"><button class=\"collapsible-content-more\">Mostrar m\u00e1s<\/button><button class=\"collapsible-content-less\">Mostrar menos<\/button><\/div><\/div><div class=\"w-separator size_small\"><\/div><div class=\"w-image align_none\"><a ref=\"magnificPopup\" href=\"https:\/\/www.edilfibro.it\/wp-content\/uploads\/2024\/05\/Prodotti-complementari-Reti-di-protezione-per-lucernari-1.webp\" aria-label=\"Prodotti complementari - Reti di protezione per lucernari 1\" class=\"w-image-h\"><img decoding=\"async\" width=\"230\" height=\"162\" src=\"https:\/\/www.edilfibro.it\/wp-content\/uploads\/2024\/05\/Prodotti-complementari-Reti-di-protezione-per-lucernari-1.webp\" class=\"attachment-large size-large\" alt=\"\" loading=\"lazy\" \/><\/a><\/div><div class=\"w-separator size_small\"><\/div><div class=\"wpb_text_column with_collapsible_content\" data-content-height=\"200px\"><div class=\"wpb_wrapper\"><p>Malla de alambre galvanizado electrosoldado; Cables d. 2,0 mm aprox.<\/p>\n<\/div><div class=\"toggle-links align_none\"><button class=\"collapsible-content-more\">Mostrar m\u00e1s<\/button><button class=\"collapsible-content-less\">Mostrar menos<\/button><\/div><\/div><div class=\"w-separator size_small\"><\/div><p class=\"product woocommerce add_to_cart_inline \" style=\"border:4px solid #ccc; padding: 12px;\"><span class=\"woocommerce-Price-amount amount\"><bdi>1,00&nbsp;<span class=\"woocommerce-Price-currencySymbol\">&euro;<\/span><\/bdi><\/span><a href=\"\/es\/wp-json\/wp\/v2\/product\/5000?add-to-cart=1543\" aria-describedby=\"woocommerce_loop_add_to_cart_link_describedby_1543\" data-quantity=\"1\" class=\"button product_type_simple add_to_cart_button ajax_add_to_cart\" data-product_id=\"1543\" data-product_sku=\"\" aria-label=\"A\u00f1adir al carrito: &ldquo;Prodotti complementari - Rete zincata&rdquo;\" rel=\"nofollow\" data-success_message=\"\u00abProdotti complementari - Rete zincata\u00bb se ha a\u00f1adido a tu carrito\" role=\"button\"><i class=\"g-preloader type_1\"><\/i><span class=\"w-btn-label\">A\u00f1adir al carrito<\/span><\/a>\t<span id=\"woocommerce_loop_add_to_cart_link_describedby_1543\" class=\"screen-reader-text\">\n\t\t\t<\/span>\n<\/p><\/div><\/div><div class=\"wpb_column vc_column_container us_custom_e3d07235 has_bg_color\"><div class=\"vc_column-inner\"><div class=\"wpb_text_column with_collapsible_content\" data-content-height=\"200px\"><div class=\"wpb_wrapper\"><h3>Mallas electrosoldadas galvanizadas y plastificadas<\/h3>\n<\/div><div class=\"toggle-links align_none\"><button class=\"collapsible-content-more\">Mostrar m\u00e1s<\/button><button class=\"collapsible-content-less\">Mostrar menos<\/button><\/div><\/div><div class=\"w-separator size_small\"><\/div><div class=\"w-image align_none\"><a ref=\"magnificPopup\" href=\"https:\/\/www.edilfibro.it\/wp-content\/uploads\/2024\/05\/Prodotti-complementari-Reti-di-protezione-per-lucernari-2.webp\" aria-label=\"Prodotti complementari - Reti di protezione per lucernari 2\" class=\"w-image-h\"><img decoding=\"async\" width=\"230\" height=\"162\" src=\"https:\/\/www.edilfibro.it\/wp-content\/uploads\/2024\/05\/Prodotti-complementari-Reti-di-protezione-per-lucernari-2.webp\" class=\"attachment-large size-large\" alt=\"\" loading=\"lazy\" \/><\/a><\/div><div class=\"w-separator size_small\"><\/div><div class=\"wpb_text_column with_collapsible_content\" data-content-height=\"200px\"><div class=\"wpb_wrapper\"><p>Mallas electrosoldadas galvanizadas y plastificadas; Rosca ext. 2,4 mm-d.int.2,0 mm<\/p>\n<\/div><div class=\"toggle-links align_none\"><button class=\"collapsible-content-more\">Mostrar m\u00e1s<\/button><button class=\"collapsible-content-less\">Mostrar menos<\/button><\/div><\/div><div class=\"w-separator size_small\"><\/div><p class=\"product woocommerce add_to_cart_inline \" style=\"border:4px solid #ccc; padding: 12px;\"><span class=\"woocommerce-Price-amount amount\"><bdi>1,00&nbsp;<span class=\"woocommerce-Price-currencySymbol\">&euro;<\/span><\/bdi><\/span><a href=\"\/es\/wp-json\/wp\/v2\/product\/5000?add-to-cart=1545\" aria-describedby=\"woocommerce_loop_add_to_cart_link_describedby_1545\" data-quantity=\"1\" class=\"button product_type_simple add_to_cart_button ajax_add_to_cart\" data-product_id=\"1545\" data-product_sku=\"\" aria-label=\"A\u00f1adir al carrito: &ldquo;Prodotti complementari - Rete zincata e plasticata&rdquo;\" rel=\"nofollow\" data-success_message=\"\u00abProdotti complementari - Rete zincata e plasticata\u00bb se ha a\u00f1adido a tu carrito\" role=\"button\"><i class=\"g-preloader type_1\"><\/i><span class=\"w-btn-label\">A\u00f1adir al carrito<\/span><\/a>\t<span id=\"woocommerce_loop_add_to_cart_link_describedby_1545\" class=\"screen-reader-text\">\n\t\t\t<\/span>\n<\/p><\/div><\/div><\/div><div class=\"g-cols wpb_row via_grid cols_1 laptops-cols_inherit tablets-cols_inherit mobiles-cols_1 valign_top type_default stacking_default\" style=\"--columns-gap:3rem;\"><div class=\"wpb_column vc_column_container\"><div class=\"vc_column-inner\"><div class=\"w-separator size_medium\"><\/div><div class=\"wpb_text_column us_custom_eb849559\"><div class=\"wpb_wrapper\"><p>Otros materiales con diferentes espesores y caracter\u00edsticas est\u00e1n disponibles bajo petici\u00f3n.<\/p>\n<\/div><\/div><\/div><\/div><\/div><\/div><\/div><\/div><\/div><\/section><section class=\"l-section wpb_row us_custom_0d15be52 height_medium\"><div class=\"l-section-h i-cf\"><div class=\"g-cols vc_row via_grid cols_1-4-1 laptops-cols_inherit tablets-cols_inherit mobiles-cols_1 valign_top type_default stacking_default\"><div class=\"wpb_column vc_column_container\"><div class=\"vc_column-inner\"><\/div><\/div><div class=\"wpb_column vc_column_container\"><div class=\"vc_column-inner\"><div class=\"wpb_text_column us_custom_eb849559\"><div class=\"wpb_wrapper\"><h2>Productos <span class=\"evidenziatore\">relacionados<\/span><\/h2>\n<\/div><\/div><div class=\"w-separator size_small\"><\/div><\/div><\/div><div class=\"wpb_column vc_column_container\"><div class=\"vc_column-inner\"><\/div><\/div><\/div><\/div><\/section>\n","protected":false},"excerpt":{"rendered":"Pinturas Mostrar m\u00e1sMostrar menos\u00b7 Color Rojo Teja tipo Tegolit Plus \u00b7 Color rojo antiguo \u00b7 Color marr\u00f3n oscuro \u00b7 Color verde oliva \u00b7 Color blanco (para tejados) Mostrar m\u00e1sMostrar menos1,00&nbsp;&euro;A\u00f1adir al carrito Soporte met\u00e1lico Mostrar m\u00e1sMostrar menosSoporte met\u00e1lico perfilado para tejado, completo de 2 tornillos antideslizamiento para lamas de madera Mostrar m\u00e1sMostrar menos1,00&nbsp;&euro;A\u00f1adir al carrito...","protected":false},"featured_media":3164,"comment_status":"closed","ping_status":"closed","template":"","meta":[],"product_brand":[],"product_cat":[300],"product_tag":[],"class_list":{"0":"post-5000","1":"product","2":"type-product","3":"status-publish","4":"has-post-thumbnail","6":"product_cat-material-subsidiario-es","7":"pa_profilo-fibrocemento-5-onde-es","9":"first","10":"instock","11":"shipping-taxable","12":"purchasable","13":"product-type-variable","14":"has-default-attributes"},"yoast_head":"<!-- This site is optimized with the Yoast SEO plugin v26.6 - https:\/\/yoast.com\/wordpress\/plugins\/seo\/ -->\n<title>Productos complementarios - Edilfibro S.p.a.<\/title>\n<meta name=\"robots\" content=\"index, follow, max-snippet:-1, max-image-preview:large, max-video-preview:-1\" \/>\n<link rel=\"canonical\" href=\"https:\/\/www.edilfibro.it\/es\/prodotto\/productos-complementarios-cemento-pva\/\" \/>\n<meta property=\"og:locale\" content=\"es_ES\" \/>\n<meta property=\"og:type\" content=\"article\" \/>\n<meta property=\"og:title\" content=\"Productos complementarios - Edilfibro S.p.a.\" \/>\n<meta property=\"og:url\" content=\"https:\/\/www.edilfibro.it\/es\/prodotto\/productos-complementarios-cemento-pva\/\" \/>\n<meta property=\"og:site_name\" content=\"Edilfibro S.p.a.\" \/>\n<meta property=\"article:publisher\" content=\"https:\/\/www.facebook.com\/edilfibro\" \/>\n<meta property=\"article:modified_time\" content=\"2024-10-07T10:57:14+00:00\" \/>\n<meta property=\"og:image\" content=\"https:\/\/www.edilfibro.it\/wp-content\/uploads\/2024\/05\/icona-NERA-Prodotti-complementari.webp\" \/>\n\t<meta property=\"og:image:width\" content=\"600\" \/>\n\t<meta property=\"og:image:height\" content=\"600\" \/>\n\t<meta property=\"og:image:type\" content=\"image\/webp\" \/>\n<meta name=\"twitter:card\" content=\"summary_large_image\" \/>\n<meta name=\"twitter:label1\" content=\"Tiempo de lectura\" \/>\n\t<meta name=\"twitter:data1\" content=\"7 minutos\" \/>\n<script type=\"application\/ld+json\" class=\"yoast-schema-graph\">{\"@context\":\"https:\/\/schema.org\",\"@graph\":[{\"@type\":\"WebPage\",\"@id\":\"https:\/\/www.edilfibro.it\/es\/prodotto\/productos-complementarios-cemento-pva\/\",\"url\":\"https:\/\/www.edilfibro.it\/es\/prodotto\/productos-complementarios-cemento-pva\/\",\"name\":\"Productos complementarios - Edilfibro S.p.a.\",\"isPartOf\":{\"@id\":\"https:\/\/www.edilfibro.it\/es\/#website\"},\"primaryImageOfPage\":{\"@id\":\"https:\/\/www.edilfibro.it\/es\/prodotto\/productos-complementarios-cemento-pva\/#primaryimage\"},\"image\":{\"@id\":\"https:\/\/www.edilfibro.it\/es\/prodotto\/productos-complementarios-cemento-pva\/#primaryimage\"},\"thumbnailUrl\":\"https:\/\/www.edilfibro.it\/wp-content\/uploads\/2024\/05\/icona-NERA-Prodotti-complementari.webp\",\"datePublished\":\"2024-05-07T09:23:17+00:00\",\"dateModified\":\"2024-10-07T10:57:14+00:00\",\"breadcrumb\":{\"@id\":\"https:\/\/www.edilfibro.it\/es\/prodotto\/productos-complementarios-cemento-pva\/#breadcrumb\"},\"inLanguage\":\"es\",\"potentialAction\":[{\"@type\":\"ReadAction\",\"target\":[\"https:\/\/www.edilfibro.it\/es\/prodotto\/productos-complementarios-cemento-pva\/\"]}]},{\"@type\":\"ImageObject\",\"inLanguage\":\"es\",\"@id\":\"https:\/\/www.edilfibro.it\/es\/prodotto\/productos-complementarios-cemento-pva\/#primaryimage\",\"url\":\"https:\/\/www.edilfibro.it\/wp-content\/uploads\/2024\/05\/icona-NERA-Prodotti-complementari.webp\",\"contentUrl\":\"https:\/\/www.edilfibro.it\/wp-content\/uploads\/2024\/05\/icona-NERA-Prodotti-complementari.webp\",\"width\":600,\"height\":600},{\"@type\":\"BreadcrumbList\",\"@id\":\"https:\/\/www.edilfibro.it\/es\/prodotto\/productos-complementarios-cemento-pva\/#breadcrumb\",\"itemListElement\":[{\"@type\":\"ListItem\",\"position\":1,\"name\":\"Home\",\"item\":\"https:\/\/www.edilfibro.it\/es\/\"},{\"@type\":\"ListItem\",\"position\":2,\"name\":\"Productos\",\"item\":\"https:\/\/www.edilfibro.it\/es\/productos\/\"},{\"@type\":\"ListItem\",\"position\":3,\"name\":\"Productos complementarios\"}]},{\"@type\":\"WebSite\",\"@id\":\"https:\/\/www.edilfibro.it\/es\/#website\",\"url\":\"https:\/\/www.edilfibro.it\/es\/\",\"name\":\"Edilfibro S.p.a.\",\"description\":\"Coperture per tetti, lastre fibrocemento e metallo\",\"publisher\":{\"@id\":\"https:\/\/www.edilfibro.it\/es\/#organization\"},\"potentialAction\":[{\"@type\":\"SearchAction\",\"target\":{\"@type\":\"EntryPoint\",\"urlTemplate\":\"https:\/\/www.edilfibro.it\/es\/?s={search_term_string}\"},\"query-input\":{\"@type\":\"PropertyValueSpecification\",\"valueRequired\":true,\"valueName\":\"search_term_string\"}}],\"inLanguage\":\"es\"},{\"@type\":\"Organization\",\"@id\":\"https:\/\/www.edilfibro.it\/es\/#organization\",\"name\":\"Edilfibro S.p.a.\",\"url\":\"https:\/\/www.edilfibro.it\/es\/\",\"logo\":{\"@type\":\"ImageObject\",\"inLanguage\":\"es\",\"@id\":\"https:\/\/www.edilfibro.it\/es\/#\/schema\/logo\/image\/\",\"url\":\"https:\/\/www.edilfibro.it\/wp-content\/uploads\/2024\/09\/Logo-Edilfibro-2024-verde.webp\",\"contentUrl\":\"https:\/\/www.edilfibro.it\/wp-content\/uploads\/2024\/09\/Logo-Edilfibro-2024-verde.webp\",\"width\":270,\"height\":105,\"caption\":\"Edilfibro S.p.a.\"},\"image\":{\"@id\":\"https:\/\/www.edilfibro.it\/es\/#\/schema\/logo\/image\/\"},\"sameAs\":[\"https:\/\/www.facebook.com\/edilfibro\",\"https:\/\/www.linkedin.com\/company\/edilfibrospa\/\",\"https:\/\/www.youtube.com\/channel\/UCfz1PuhFpXa0MFkRDzC_Cgw\"]}]}<\/script>\n<!-- \/ Yoast SEO plugin. -->","yoast_head_json":{"title":"Productos complementarios - Edilfibro S.p.a.","robots":{"index":"index","follow":"follow","max-snippet":"max-snippet:-1","max-image-preview":"max-image-preview:large","max-video-preview":"max-video-preview:-1"},"canonical":"https:\/\/www.edilfibro.it\/es\/prodotto\/productos-complementarios-cemento-pva\/","og_locale":"es_ES","og_type":"article","og_title":"Productos complementarios - Edilfibro S.p.a.","og_url":"https:\/\/www.edilfibro.it\/es\/prodotto\/productos-complementarios-cemento-pva\/","og_site_name":"Edilfibro S.p.a.","article_publisher":"https:\/\/www.facebook.com\/edilfibro","article_modified_time":"2024-10-07T10:57:14+00:00","og_image":[{"width":600,"height":600,"url":"https:\/\/www.edilfibro.it\/wp-content\/uploads\/2024\/05\/icona-NERA-Prodotti-complementari.webp","type":"image\/webp"}],"twitter_card":"summary_large_image","twitter_misc":{"Tiempo de lectura":"7 minutos"},"schema":{"@context":"https:\/\/schema.org","@graph":[{"@type":"WebPage","@id":"https:\/\/www.edilfibro.it\/es\/prodotto\/productos-complementarios-cemento-pva\/","url":"https:\/\/www.edilfibro.it\/es\/prodotto\/productos-complementarios-cemento-pva\/","name":"Productos complementarios - Edilfibro S.p.a.","isPartOf":{"@id":"https:\/\/www.edilfibro.it\/es\/#website"},"primaryImageOfPage":{"@id":"https:\/\/www.edilfibro.it\/es\/prodotto\/productos-complementarios-cemento-pva\/#primaryimage"},"image":{"@id":"https:\/\/www.edilfibro.it\/es\/prodotto\/productos-complementarios-cemento-pva\/#primaryimage"},"thumbnailUrl":"https:\/\/www.edilfibro.it\/wp-content\/uploads\/2024\/05\/icona-NERA-Prodotti-complementari.webp","datePublished":"2024-05-07T09:23:17+00:00","dateModified":"2024-10-07T10:57:14+00:00","breadcrumb":{"@id":"https:\/\/www.edilfibro.it\/es\/prodotto\/productos-complementarios-cemento-pva\/#breadcrumb"},"inLanguage":"es","potentialAction":[{"@type":"ReadAction","target":["https:\/\/www.edilfibro.it\/es\/prodotto\/productos-complementarios-cemento-pva\/"]}]},{"@type":"ImageObject","inLanguage":"es","@id":"https:\/\/www.edilfibro.it\/es\/prodotto\/productos-complementarios-cemento-pva\/#primaryimage","url":"https:\/\/www.edilfibro.it\/wp-content\/uploads\/2024\/05\/icona-NERA-Prodotti-complementari.webp","contentUrl":"https:\/\/www.edilfibro.it\/wp-content\/uploads\/2024\/05\/icona-NERA-Prodotti-complementari.webp","width":600,"height":600},{"@type":"BreadcrumbList","@id":"https:\/\/www.edilfibro.it\/es\/prodotto\/productos-complementarios-cemento-pva\/#breadcrumb","itemListElement":[{"@type":"ListItem","position":1,"name":"Home","item":"https:\/\/www.edilfibro.it\/es\/"},{"@type":"ListItem","position":2,"name":"Productos","item":"https:\/\/www.edilfibro.it\/es\/productos\/"},{"@type":"ListItem","position":3,"name":"Productos complementarios"}]},{"@type":"WebSite","@id":"https:\/\/www.edilfibro.it\/es\/#website","url":"https:\/\/www.edilfibro.it\/es\/","name":"Edilfibro S.p.a.","description":"Coperture per tetti, lastre fibrocemento e metallo","publisher":{"@id":"https:\/\/www.edilfibro.it\/es\/#organization"},"potentialAction":[{"@type":"SearchAction","target":{"@type":"EntryPoint","urlTemplate":"https:\/\/www.edilfibro.it\/es\/?s={search_term_string}"},"query-input":{"@type":"PropertyValueSpecification","valueRequired":true,"valueName":"search_term_string"}}],"inLanguage":"es"},{"@type":"Organization","@id":"https:\/\/www.edilfibro.it\/es\/#organization","name":"Edilfibro S.p.a.","url":"https:\/\/www.edilfibro.it\/es\/","logo":{"@type":"ImageObject","inLanguage":"es","@id":"https:\/\/www.edilfibro.it\/es\/#\/schema\/logo\/image\/","url":"https:\/\/www.edilfibro.it\/wp-content\/uploads\/2024\/09\/Logo-Edilfibro-2024-verde.webp","contentUrl":"https:\/\/www.edilfibro.it\/wp-content\/uploads\/2024\/09\/Logo-Edilfibro-2024-verde.webp","width":270,"height":105,"caption":"Edilfibro S.p.a."},"image":{"@id":"https:\/\/www.edilfibro.it\/es\/#\/schema\/logo\/image\/"},"sameAs":["https:\/\/www.facebook.com\/edilfibro","https:\/\/www.linkedin.com\/company\/edilfibrospa\/","https:\/\/www.youtube.com\/channel\/UCfz1PuhFpXa0MFkRDzC_Cgw"]}]}},"_links":{"self":[{"href":"https:\/\/www.edilfibro.it\/es\/wp-json\/wp\/v2\/product\/5000","targetHints":{"allow":["GET"]}}],"collection":[{"href":"https:\/\/www.edilfibro.it\/es\/wp-json\/wp\/v2\/product"}],"about":[{"href":"https:\/\/www.edilfibro.it\/es\/wp-json\/wp\/v2\/types\/product"}],"replies":[{"embeddable":true,"href":"https:\/\/www.edilfibro.it\/es\/wp-json\/wp\/v2\/comments?post=5000"}],"wp:featuredmedia":[{"embeddable":true,"href":"https:\/\/www.edilfibro.it\/es\/wp-json\/wp\/v2\/media\/3164"}],"wp:attachment":[{"href":"https:\/\/www.edilfibro.it\/es\/wp-json\/wp\/v2\/media?parent=5000"}],"wp:term":[{"taxonomy":"product_brand","embeddable":true,"href":"https:\/\/www.edilfibro.it\/es\/wp-json\/wp\/v2\/product_brand?post=5000"},{"taxonomy":"product_cat","embeddable":true,"href":"https:\/\/www.edilfibro.it\/es\/wp-json\/wp\/v2\/product_cat?post=5000"},{"taxonomy":"product_tag","embeddable":true,"href":"https:\/\/www.edilfibro.it\/es\/wp-json\/wp\/v2\/product_tag?post=5000"}],"curies":[{"name":"wp","href":"https:\/\/api.w.org\/{rel}","templated":true}]}}