{"id":4980,"date":"2024-05-07T11:22:00","date_gmt":"2024-05-07T09:22:00","guid":{"rendered":"https:\/\/edilfibro2.noon.srl\/prodotto\/sistema-tetto\/"},"modified":"2024-10-07T12:48:35","modified_gmt":"2024-10-07T10:48:35","slug":"sistema-de-techo","status":"publish","type":"product","link":"https:\/\/www.edilfibro.it\/es\/prodotto\/sistema-de-techo\/","title":{"rendered":"Sistema de techo"},"content":{"rendered":"<section class=\"l-section wpb_row accessori-universali height_medium\"><div class=\"l-section-h i-cf\"><div class=\"g-cols vc_row via_grid cols_1 laptops-cols_inherit tablets-cols_inherit mobiles-cols_1 valign_middle type_default stacking_default\"><div class=\"wpb_column vc_column_container\"><div class=\"vc_column-inner\"><div class=\"g-cols wpb_row icon-box-accessori via_grid cols_4 laptops-cols_inherit tablets-cols_inherit mobiles-cols_1 valign_middle type_default stacking_default\" style=\"--columns-gap:1.4rem;\"><div class=\"wpb_column vc_column_container us_custom_dcfc9ed4\"><div class=\"vc_column-inner\"><div class=\"w-image us_custom_d673ebcf has_height align_none\"><a ref=\"magnificPopup\" href=\"https:\/\/www.edilfibro.it\/wp-content\/uploads\/2024\/05\/1sx_lucernario-lamiera-zincata-oqinbgxvlbt3ej0ahzw0g3alh3qyya874qvlrw9zty.webp\" aria-label=\"1sx_lucernario-lamiera-zincata-oqinbgxvlbt3ej0ahzw0g3alh3qyya874qvlrw9zty\" class=\"w-image-h\"><img decoding=\"async\" width=\"568\" height=\"376\" src=\"https:\/\/www.edilfibro.it\/wp-content\/uploads\/2024\/05\/1sx_lucernario-lamiera-zincata-oqinbgxvlbt3ej0ahzw0g3alh3qyya874qvlrw9zty.webp\" class=\"attachment-large size-large\" alt=\"\" loading=\"lazy\" srcset=\"https:\/\/www.edilfibro.it\/wp-content\/uploads\/2024\/05\/1sx_lucernario-lamiera-zincata-oqinbgxvlbt3ej0ahzw0g3alh3qyya874qvlrw9zty.webp 568w, https:\/\/www.edilfibro.it\/wp-content\/uploads\/2024\/05\/1sx_lucernario-lamiera-zincata-oqinbgxvlbt3ej0ahzw0g3alh3qyya874qvlrw9zty-300x199.webp 300w\" sizes=\"auto, (max-width: 568px) 100vw, 568px\" \/><\/a><\/div><div class=\"w-separator size_custom\" style=\"height:15px\"><\/div><div class=\"wpb_text_column us_custom_7a79ef8a with_collapsible_content\" data-content-height=\"400px\"><div class=\"wpb_wrapper\"><p style=\"text-align: center;\">Claraboya en chapa galvanizada &#8220;mod. L20&#8221;, equipado con vidrio armado, para utilizar sobre l\u00e1minas de fibrocemento ecol\u00f3gico de la serie Calraboya.<\/p>\n<\/div><div class=\"toggle-links align_none\"><button class=\"collapsible-content-more\">Mostrar m\u00e1s<\/button><button class=\"collapsible-content-less\">Mostrar menos<\/button><\/div><\/div><div class=\"w-separator size_custom\" style=\"height:15px\"><\/div><p class=\"product woocommerce add_to_cart_inline \" style=\"border:4px solid #ccc; padding: 12px;\"><span class=\"woocommerce-Price-amount amount\"><bdi>1,00&nbsp;<span class=\"woocommerce-Price-currencySymbol\">&euro;<\/span><\/bdi><\/span><a href=\"\/es\/wp-json\/wp\/v2\/product\/4980?add-to-cart=1460\" aria-describedby=\"woocommerce_loop_add_to_cart_link_describedby_1460\" data-quantity=\"1\" class=\"button product_type_simple add_to_cart_button ajax_add_to_cart\" data-product_id=\"1460\" data-product_sku=\"\" aria-label=\"A\u00f1adir al carrito: &ldquo;Sistema tetto - Lucernario in lamiera zincata mod. L20&rdquo;\" rel=\"nofollow\" data-success_message=\"\u00abSistema tetto - Lucernario in lamiera zincata mod. L20\u00bb se ha a\u00f1adido a tu carrito\" role=\"button\"><i class=\"g-preloader type_1\"><\/i><span class=\"w-btn-label\">A\u00f1adir al carrito<\/span><\/a>\t<span id=\"woocommerce_loop_add_to_cart_link_describedby_1460\" class=\"screen-reader-text\">\n\t\t\t<\/span>\n<\/p><\/div><\/div><div class=\"wpb_column vc_column_container us_custom_dcfc9ed4\"><div class=\"vc_column-inner\"><div class=\"w-image us_custom_d673ebcf has_height align_none\"><a ref=\"magnificPopup\" href=\"https:\/\/www.edilfibro.it\/wp-content\/uploads\/2024\/05\/1dx_lucernario-rame-oqinbt5s269tlgijin65ui7l742qqckpifcx0hrvm6.webp\" aria-label=\"1dx_lucernario-rame-oqinbt5s269tlgijin65ui7l742qqckpifcx0hrvm6\" class=\"w-image-h\"><img decoding=\"async\" width=\"544\" height=\"372\" src=\"https:\/\/www.edilfibro.it\/wp-content\/uploads\/2024\/05\/1dx_lucernario-rame-oqinbt5s269tlgijin65ui7l742qqckpifcx0hrvm6.webp\" class=\"attachment-large size-large\" alt=\"\" loading=\"lazy\" srcset=\"https:\/\/www.edilfibro.it\/wp-content\/uploads\/2024\/05\/1dx_lucernario-rame-oqinbt5s269tlgijin65ui7l742qqckpifcx0hrvm6.webp 544w, https:\/\/www.edilfibro.it\/wp-content\/uploads\/2024\/05\/1dx_lucernario-rame-oqinbt5s269tlgijin65ui7l742qqckpifcx0hrvm6-300x205.webp 300w\" sizes=\"auto, (max-width: 544px) 100vw, 544px\" \/><\/a><\/div><div class=\"w-separator size_custom\" style=\"height:15px\"><\/div><div class=\"wpb_text_column us_custom_7a79ef8a\"><div class=\"wpb_wrapper\"><p style=\"text-align: center;\">Claraboya de cobre &#8220;mod. L20&#8221;, equipada con vidrio armado, para aplicar sobre l\u00e1minas de fibrocemento ecol\u00f3gico de la serie Claraboya<\/p>\n<\/div><\/div><div class=\"w-separator size_custom\" style=\"height:15px\"><\/div><p class=\"product woocommerce add_to_cart_inline \" style=\"border:4px solid #ccc; padding: 12px;\"><span class=\"woocommerce-Price-amount amount\"><bdi>1,00&nbsp;<span class=\"woocommerce-Price-currencySymbol\">&euro;<\/span><\/bdi><\/span><a href=\"\/es\/wp-json\/wp\/v2\/product\/4980?add-to-cart=1462\" aria-describedby=\"woocommerce_loop_add_to_cart_link_describedby_1462\" data-quantity=\"1\" class=\"button product_type_simple add_to_cart_button ajax_add_to_cart\" data-product_id=\"1462\" data-product_sku=\"\" aria-label=\"A\u00f1adir al carrito: &ldquo;Sistema tetto - Lucernario in rame mod. L20&rdquo;\" rel=\"nofollow\" data-success_message=\"\u00abSistema tetto - Lucernario in rame mod. L20\u00bb se ha a\u00f1adido a tu carrito\" role=\"button\"><i class=\"g-preloader type_1\"><\/i><span class=\"w-btn-label\">A\u00f1adir al carrito<\/span><\/a>\t<span id=\"woocommerce_loop_add_to_cart_link_describedby_1462\" class=\"screen-reader-text\">\n\t\t\t<\/span>\n<\/p><\/div><\/div><div class=\"wpb_column vc_column_container us_custom_dcfc9ed4\"><div class=\"vc_column-inner\"><div class=\"w-image us_custom_d673ebcf has_height align_none\"><a ref=\"magnificPopup\" href=\"https:\/\/www.edilfibro.it\/wp-content\/uploads\/2024\/05\/2sx_striscia-giuntoplasto.webp\" aria-label=\"2sx_striscia-giuntoplasto\" class=\"w-image-h\"><img decoding=\"async\" width=\"473\" height=\"231\" src=\"https:\/\/www.edilfibro.it\/wp-content\/uploads\/2024\/05\/2sx_striscia-giuntoplasto.webp\" class=\"attachment-large size-large\" alt=\"\" loading=\"lazy\" srcset=\"https:\/\/www.edilfibro.it\/wp-content\/uploads\/2024\/05\/2sx_striscia-giuntoplasto.webp 473w, https:\/\/www.edilfibro.it\/wp-content\/uploads\/2024\/05\/2sx_striscia-giuntoplasto-300x147.webp 300w\" sizes=\"auto, (max-width: 473px) 100vw, 473px\" \/><\/a><\/div><div class=\"w-separator size_custom\" style=\"height:15px\"><\/div><div class=\"wpb_text_column us_custom_7a79ef8a\"><div class=\"wpb_wrapper\"><p style=\"text-align: center;\">Secci\u00f3n de tira pl\u00e1stica de uni\u00f3n adhesiva.<br \/>\nTira junta plastico adhesivo 10x10mm + tramo mm 10&#215;20<br \/>\nTira en tramo de junta pl\u00e1stica adhesiva. 20x20mm<\/p>\n<\/div><\/div><div class=\"w-separator size_custom\" style=\"height:15px\"><\/div><p class=\"product woocommerce add_to_cart_inline \" style=\"border:4px solid #ccc; padding: 12px;\"><span class=\"woocommerce-Price-amount amount\"><bdi>1,00&nbsp;<span class=\"woocommerce-Price-currencySymbol\">&euro;<\/span><\/bdi><\/span><a href=\"\/es\/wp-json\/wp\/v2\/product\/4980?add-to-cart=1464\" aria-describedby=\"woocommerce_loop_add_to_cart_link_describedby_1464\" data-quantity=\"1\" class=\"button product_type_simple add_to_cart_button ajax_add_to_cart\" data-product_id=\"1464\" data-product_sku=\"\" aria-label=\"A\u00f1adir al carrito: &ldquo;Sistema tetto - Striscia in giuntoplasto adesivo&rdquo;\" rel=\"nofollow\" data-success_message=\"\u00abSistema tetto - Striscia in giuntoplasto adesivo\u00bb se ha a\u00f1adido a tu carrito\" role=\"button\"><i class=\"g-preloader type_1\"><\/i><span class=\"w-btn-label\">A\u00f1adir al carrito<\/span><\/a>\t<span id=\"woocommerce_loop_add_to_cart_link_describedby_1464\" class=\"screen-reader-text\">\n\t\t\t<\/span>\n<\/p><\/div><\/div><div class=\"wpb_column vc_column_container us_custom_dcfc9ed4\"><div class=\"vc_column-inner\"><div class=\"w-image us_custom_d673ebcf has_height align_none\"><a ref=\"magnificPopup\" href=\"https:\/\/www.edilfibro.it\/wp-content\/uploads\/2024\/05\/2dx_parapassero.webp\" aria-label=\"2dx_parapassero\" class=\"w-image-h\"><img decoding=\"async\" width=\"473\" height=\"280\" src=\"https:\/\/www.edilfibro.it\/wp-content\/uploads\/2024\/05\/2dx_parapassero.webp\" class=\"attachment-large size-large\" alt=\"\" loading=\"lazy\" srcset=\"https:\/\/www.edilfibro.it\/wp-content\/uploads\/2024\/05\/2dx_parapassero.webp 473w, https:\/\/www.edilfibro.it\/wp-content\/uploads\/2024\/05\/2dx_parapassero-300x178.webp 300w\" sizes=\"auto, (max-width: 473px) 100vw, 473px\" \/><\/a><\/div><div class=\"w-separator size_custom\" style=\"height:15px\"><\/div><div class=\"wpb_text_column us_custom_7a79ef8a\"><div class=\"wpb_wrapper\"><p style=\"text-align: center;\">Cierra ondas perfilado en pl\u00e1stico para utilizar con placas de fibrocemento ecol\u00f3gico de la serie Plakfort, paso 177\/51<\/p>\n<\/div><\/div><div class=\"w-separator size_custom\" style=\"height:15px\"><\/div><p class=\"product woocommerce add_to_cart_inline \" style=\"border:4px solid #ccc; padding: 12px;\"><span class=\"woocommerce-Price-amount amount\"><bdi>1,00&nbsp;<span class=\"woocommerce-Price-currencySymbol\">&euro;<\/span><\/bdi><\/span><a href=\"\/es\/wp-json\/wp\/v2\/product\/4980?add-to-cart=1466\" aria-describedby=\"woocommerce_loop_add_to_cart_link_describedby_1466\" data-quantity=\"1\" class=\"button product_type_simple add_to_cart_button ajax_add_to_cart\" data-product_id=\"1466\" data-product_sku=\"\" aria-label=\"A\u00f1adir al carrito: &ldquo;Sistema tetto - Parapassero sagomato per serie Plakfort passo 177\/51&rdquo;\" rel=\"nofollow\" data-success_message=\"\u00abSistema tetto - Parapassero sagomato per serie Plakfort passo 177\/51\u00bb se ha a\u00f1adido a tu carrito\" role=\"button\"><i class=\"g-preloader type_1\"><\/i><span class=\"w-btn-label\">A\u00f1adir al carrito<\/span><\/a>\t<span id=\"woocommerce_loop_add_to_cart_link_describedby_1466\" class=\"screen-reader-text\">\n\t\t\t<\/span>\n<\/p><\/div><\/div><\/div><div class=\"w-separator size_large\"><\/div><div class=\"g-cols wpb_row icon-box-accessori via_grid cols_4 laptops-cols_inherit tablets-cols_inherit mobiles-cols_1 valign_middle type_default stacking_default\" style=\"--columns-gap:1.4rem;\"><div class=\"wpb_column vc_column_container us_custom_dcfc9ed4\"><div class=\"vc_column-inner\"><div class=\"w-image us_custom_d673ebcf has_height align_none\"><a ref=\"magnificPopup\" href=\"https:\/\/www.edilfibro.it\/wp-content\/uploads\/2024\/05\/3sx_parapassero.webp\" aria-label=\"3sx_parapassero\" class=\"w-image-h\"><img decoding=\"async\" width=\"473\" height=\"280\" src=\"https:\/\/www.edilfibro.it\/wp-content\/uploads\/2024\/05\/3sx_parapassero.webp\" class=\"attachment-large size-large\" alt=\"\" loading=\"lazy\" srcset=\"https:\/\/www.edilfibro.it\/wp-content\/uploads\/2024\/05\/3sx_parapassero.webp 473w, https:\/\/www.edilfibro.it\/wp-content\/uploads\/2024\/05\/3sx_parapassero-300x178.webp 300w\" sizes=\"auto, (max-width: 473px) 100vw, 473px\" \/><\/a><\/div><div class=\"w-separator size_custom\" style=\"height:15px\"><\/div><div class=\"wpb_text_column us_custom_7a79ef8a with_collapsible_content\" data-content-height=\"400px\"><div class=\"wpb_wrapper\"><p style=\"text-align: center;\">Cierra ondas perfilado en pl\u00e1stico de juntas para utilizar con placas de fibrocemento ecol\u00f3gico de la serie Plakfort, paso 200\/60<\/p>\n<\/div><div class=\"toggle-links align_none\"><button class=\"collapsible-content-more\">Mostrar m\u00e1s<\/button><button class=\"collapsible-content-less\">Mostrar menos<\/button><\/div><\/div><div class=\"w-separator size_custom\" style=\"height:15px\"><\/div><p class=\"product woocommerce add_to_cart_inline \" style=\"border:4px solid #ccc; padding: 12px;\"><span class=\"woocommerce-Price-amount amount\"><bdi>1,00&nbsp;<span class=\"woocommerce-Price-currencySymbol\">&euro;<\/span><\/bdi><\/span><a href=\"\/es\/wp-json\/wp\/v2\/product\/4980?add-to-cart=1468\" aria-describedby=\"woocommerce_loop_add_to_cart_link_describedby_1468\" data-quantity=\"1\" class=\"button product_type_simple add_to_cart_button ajax_add_to_cart\" data-product_id=\"1468\" data-product_sku=\"\" aria-label=\"A\u00f1adir al carrito: &ldquo;Sistema tetto - Parapassero sagomato per serie Plakfort passo 200\/60&rdquo;\" rel=\"nofollow\" data-success_message=\"\u00abSistema tetto - Parapassero sagomato per serie Plakfort passo 200\/60\u00bb se ha a\u00f1adido a tu carrito\" role=\"button\"><i class=\"g-preloader type_1\"><\/i><span class=\"w-btn-label\">A\u00f1adir al carrito<\/span><\/a>\t<span id=\"woocommerce_loop_add_to_cart_link_describedby_1468\" class=\"screen-reader-text\">\n\t\t\t<\/span>\n<\/p><\/div><\/div><div class=\"wpb_column vc_column_container us_custom_dcfc9ed4\"><div class=\"vc_column-inner\"><div class=\"w-image us_custom_d673ebcf has_height align_none\"><a ref=\"magnificPopup\" href=\"https:\/\/www.edilfibro.it\/wp-content\/uploads\/2024\/05\/3dx_parapassero-pettine-prpilene.webp\" aria-label=\"3dx_parapassero-pettine-prpilene\" class=\"w-image-h\"><img decoding=\"async\" width=\"532\" height=\"269\" src=\"https:\/\/www.edilfibro.it\/wp-content\/uploads\/2024\/05\/3dx_parapassero-pettine-prpilene.webp\" class=\"attachment-large size-large\" alt=\"\" loading=\"lazy\" srcset=\"https:\/\/www.edilfibro.it\/wp-content\/uploads\/2024\/05\/3dx_parapassero-pettine-prpilene.webp 532w, https:\/\/www.edilfibro.it\/wp-content\/uploads\/2024\/05\/3dx_parapassero-pettine-prpilene-300x152.webp 300w\" sizes=\"auto, (max-width: 532px) 100vw, 532px\" \/><\/a><\/div><div class=\"w-separator size_custom\" style=\"height:15px\"><\/div><div class=\"wpb_text_column us_custom_7a79ef8a\"><div class=\"wpb_wrapper\"><p style=\"text-align: center;\">Reja p\u00e1jaros en forma de peine en polipropileno, en color negro, para utilizar con placas de fibrocemento ecol\u00f3gico<\/p>\n<\/div><\/div><div class=\"w-separator size_custom\" style=\"height:15px\"><\/div><p class=\"product woocommerce add_to_cart_inline \" style=\"border:4px solid #ccc; padding: 12px;\"><span class=\"woocommerce-Price-amount amount\"><bdi>1,00&nbsp;<span class=\"woocommerce-Price-currencySymbol\">&euro;<\/span><\/bdi><\/span><a href=\"\/es\/wp-json\/wp\/v2\/product\/4980?add-to-cart=1469\" aria-describedby=\"woocommerce_loop_add_to_cart_link_describedby_1469\" data-quantity=\"1\" class=\"button product_type_simple add_to_cart_button ajax_add_to_cart\" data-product_id=\"1469\" data-product_sku=\"\" aria-label=\"A\u00f1adir al carrito: &ldquo;Sistema tetto - Parapassero a pettine in polipropilene nero&rdquo;\" rel=\"nofollow\" data-success_message=\"\u00abSistema tetto - Parapassero a pettine in polipropilene nero\u00bb se ha a\u00f1adido a tu carrito\" role=\"button\"><i class=\"g-preloader type_1\"><\/i><span class=\"w-btn-label\">A\u00f1adir al carrito<\/span><\/a>\t<span id=\"woocommerce_loop_add_to_cart_link_describedby_1469\" class=\"screen-reader-text\">\n\t\t\t<\/span>\n<\/p><\/div><\/div><div class=\"wpb_column vc_column_container us_custom_dcfc9ed4\"><div class=\"vc_column-inner\"><div class=\"w-image us_custom_d673ebcf has_height align_none\"><a ref=\"magnificPopup\" href=\"https:\/\/www.edilfibro.it\/wp-content\/uploads\/2024\/05\/4sx_parapassero-pettine-oqinccwbur94zm9aodsc5dk92oodu9hokexnpjmyo0.webp\" aria-label=\"4sx_parapassero-pettine-oqinccwbur94zm9aodsc5dk92oodu9hokexnpjmyo0\" class=\"w-image-h\"><img decoding=\"async\" width=\"371\" height=\"301\" src=\"https:\/\/www.edilfibro.it\/wp-content\/uploads\/2024\/05\/4sx_parapassero-pettine-oqinccwbur94zm9aodsc5dk92oodu9hokexnpjmyo0.webp\" class=\"attachment-large size-large\" alt=\"\" loading=\"lazy\" srcset=\"https:\/\/www.edilfibro.it\/wp-content\/uploads\/2024\/05\/4sx_parapassero-pettine-oqinccwbur94zm9aodsc5dk92oodu9hokexnpjmyo0.webp 371w, https:\/\/www.edilfibro.it\/wp-content\/uploads\/2024\/05\/4sx_parapassero-pettine-oqinccwbur94zm9aodsc5dk92oodu9hokexnpjmyo0-300x243.webp 300w\" sizes=\"auto, (max-width: 371px) 100vw, 371px\" \/><\/a><\/div><div class=\"w-separator size_custom\" style=\"height:15px\"><\/div><div class=\"wpb_text_column us_custom_7a79ef8a\"><div class=\"wpb_wrapper\"><p style=\"text-align: center;\">Reja p\u00e1jaros en forma de peine en polipropileno, en color naranja para usar con placas de fibrocemento ecol\u00f3gico<\/p>\n<\/div><\/div><div class=\"w-separator size_custom\" style=\"height:15px\"><\/div><p class=\"product woocommerce add_to_cart_inline \" style=\"border:4px solid #ccc; padding: 12px;\"><span class=\"woocommerce-Price-amount amount\"><bdi>1,00&nbsp;<span class=\"woocommerce-Price-currencySymbol\">&euro;<\/span><\/bdi><\/span><a href=\"\/es\/wp-json\/wp\/v2\/product\/4980?add-to-cart=1471\" aria-describedby=\"woocommerce_loop_add_to_cart_link_describedby_1471\" data-quantity=\"1\" class=\"button product_type_simple add_to_cart_button ajax_add_to_cart\" data-product_id=\"1471\" data-product_sku=\"\" aria-label=\"A\u00f1adir al carrito: &ldquo;Sistema tetto - Parapassero a pettine in polipropilene arancio&rdquo;\" rel=\"nofollow\" data-success_message=\"\u00abSistema tetto - Parapassero a pettine in polipropilene arancio\u00bb se ha a\u00f1adido a tu carrito\" role=\"button\"><i class=\"g-preloader type_1\"><\/i><span class=\"w-btn-label\">A\u00f1adir al carrito<\/span><\/a>\t<span id=\"woocommerce_loop_add_to_cart_link_describedby_1471\" class=\"screen-reader-text\">\n\t\t\t<\/span>\n<\/p><\/div><\/div><div class=\"wpb_column vc_column_container us_custom_dcfc9ed4\"><div class=\"vc_column-inner\"><div class=\"w-image us_custom_d673ebcf has_height align_none\"><a ref=\"magnificPopup\" href=\"https:\/\/www.edilfibro.it\/wp-content\/uploads\/2024\/05\/4dx_dissuasori-piccioni-oqina427j06h95ipseuf6xylzjqtgakrlatwfqytj4.webp\" aria-label=\"4dx_dissuasori-piccioni-oqina427j06h95ipseuf6xylzjqtgakrlatwfqytj4\" class=\"w-image-h\"><img decoding=\"async\" width=\"814\" height=\"200\" src=\"https:\/\/www.edilfibro.it\/wp-content\/uploads\/2024\/05\/4dx_dissuasori-piccioni-oqina427j06h95ipseuf6xylzjqtgakrlatwfqytj4.webp\" class=\"attachment-large size-large\" alt=\"\" loading=\"lazy\" srcset=\"https:\/\/www.edilfibro.it\/wp-content\/uploads\/2024\/05\/4dx_dissuasori-piccioni-oqina427j06h95ipseuf6xylzjqtgakrlatwfqytj4.webp 814w, https:\/\/www.edilfibro.it\/wp-content\/uploads\/2024\/05\/4dx_dissuasori-piccioni-oqina427j06h95ipseuf6xylzjqtgakrlatwfqytj4-300x74.webp 300w, https:\/\/www.edilfibro.it\/wp-content\/uploads\/2024\/05\/4dx_dissuasori-piccioni-oqina427j06h95ipseuf6xylzjqtgakrlatwfqytj4-600x147.webp 600w\" sizes=\"auto, (max-width: 814px) 100vw, 814px\" \/><\/a><\/div><div class=\"w-separator size_custom\" style=\"height:15px\"><\/div><div class=\"wpb_text_column us_custom_96919c81 with_collapsible_content\" data-content-height=\"400px\"><div class=\"wpb_wrapper\"><p>Ahuyentador de palomas de acero inoxidable, con base de policarbonato, 3 filas y 80 puntas\/ml<\/p>\n<\/div><div class=\"toggle-links align_none\"><button class=\"collapsible-content-more\">Mostrar m\u00e1s<\/button><button class=\"collapsible-content-less\">Mostrar menos<\/button><\/div><\/div><div class=\"w-separator size_custom\" style=\"height:15px\"><\/div><p class=\"product woocommerce add_to_cart_inline \" style=\"border:4px solid #ccc; padding: 12px;\"><span class=\"woocommerce-Price-amount amount\"><bdi>1,00&nbsp;<span class=\"woocommerce-Price-currencySymbol\">&euro;<\/span><\/bdi><\/span><a href=\"\/es\/wp-json\/wp\/v2\/product\/4980?add-to-cart=1473\" aria-describedby=\"woocommerce_loop_add_to_cart_link_describedby_1473\" data-quantity=\"1\" class=\"button product_type_simple add_to_cart_button ajax_add_to_cart\" data-product_id=\"1473\" data-product_sku=\"\" aria-label=\"A\u00f1adir al carrito: &ldquo;Sistema tetto - Dissuasore piccioni in acciaio inox&rdquo;\" rel=\"nofollow\" data-success_message=\"\u00abSistema tetto - Dissuasore piccioni in acciaio inox\u00bb se ha a\u00f1adido a tu carrito\" role=\"button\"><i class=\"g-preloader type_1\"><\/i><span class=\"w-btn-label\">A\u00f1adir al carrito<\/span><\/a>\t<span id=\"woocommerce_loop_add_to_cart_link_describedby_1473\" class=\"screen-reader-text\">\n\t\t\t<\/span>\n<\/p><\/div><\/div><\/div><div class=\"w-separator size_large\"><\/div><div class=\"g-cols wpb_row icon-box-accessori via_grid cols_4 laptops-cols_inherit tablets-cols_inherit mobiles-cols_1 valign_middle type_default stacking_default\" style=\"--columns-gap:1.4rem;\"><div class=\"wpb_column vc_column_container us_custom_dcfc9ed4\"><div class=\"vc_column-inner\"><div class=\"w-image us_custom_d673ebcf has_height align_none\"><a ref=\"magnificPopup\" href=\"https:\/\/www.edilfibro.it\/wp-content\/uploads\/2024\/05\/5sx_colmo-ventilato.webp\" aria-label=\"5sx_colmo-ventilato\" class=\"w-image-h\"><img decoding=\"async\" width=\"474\" height=\"298\" src=\"https:\/\/www.edilfibro.it\/wp-content\/uploads\/2024\/05\/5sx_colmo-ventilato.webp\" class=\"attachment-large size-large\" alt=\"\" loading=\"lazy\" srcset=\"https:\/\/www.edilfibro.it\/wp-content\/uploads\/2024\/05\/5sx_colmo-ventilato.webp 474w, https:\/\/www.edilfibro.it\/wp-content\/uploads\/2024\/05\/5sx_colmo-ventilato-300x189.webp 300w\" sizes=\"auto, (max-width: 474px) 100vw, 474px\" \/><\/a><\/div><div class=\"w-separator size_custom\" style=\"height:15px\"><\/div><div class=\"wpb_text_column us_custom_96919c81\"><div class=\"wpb_wrapper\"><p>Caballete ventilado mod. VM 880 con parte central en zinc y alas plisadas en rojo plomo, ancho \u00fatil 120 mm<\/p>\n<\/div><\/div><div class=\"w-separator size_custom\" style=\"height:15px\"><\/div><p class=\"product woocommerce add_to_cart_inline \" style=\"border:4px solid #ccc; padding: 12px;\"><span class=\"woocommerce-Price-amount amount\"><bdi>1,00&nbsp;<span class=\"woocommerce-Price-currencySymbol\">&euro;<\/span><\/bdi><\/span><a href=\"\/es\/wp-json\/wp\/v2\/product\/4980?add-to-cart=1475\" aria-describedby=\"woocommerce_loop_add_to_cart_link_describedby_1475\" data-quantity=\"1\" class=\"button product_type_simple add_to_cart_button ajax_add_to_cart\" data-product_id=\"1475\" data-product_sku=\"\" aria-label=\"A\u00f1adir al carrito: &ldquo;Sistema tetto - Colmo ventilato mod. VM 880 colore rosso coppo&rdquo;\" rel=\"nofollow\" data-success_message=\"\u00abSistema tetto - Colmo ventilato mod. VM 880 colore rosso coppo\u00bb se ha a\u00f1adido a tu carrito\" role=\"button\"><i class=\"g-preloader type_1\"><\/i><span class=\"w-btn-label\">A\u00f1adir al carrito<\/span><\/a>\t<span id=\"woocommerce_loop_add_to_cart_link_describedby_1475\" class=\"screen-reader-text\">\n\t\t\t<\/span>\n<\/p><\/div><\/div><div class=\"wpb_column vc_column_container us_custom_dcfc9ed4\"><div class=\"vc_column-inner\"><div class=\"w-image us_custom_d673ebcf has_height align_none\"><a ref=\"magnificPopup\" href=\"https:\/\/www.edilfibro.it\/wp-content\/uploads\/2024\/05\/5dx_colmo-ventilato-piombo.webp\" aria-label=\"5dx_colmo-ventilato-piombo\" class=\"w-image-h\"><img decoding=\"async\" width=\"474\" height=\"298\" src=\"https:\/\/www.edilfibro.it\/wp-content\/uploads\/2024\/05\/5dx_colmo-ventilato-piombo.webp\" class=\"attachment-large size-large\" alt=\"\" loading=\"lazy\" srcset=\"https:\/\/www.edilfibro.it\/wp-content\/uploads\/2024\/05\/5dx_colmo-ventilato-piombo.webp 474w, https:\/\/www.edilfibro.it\/wp-content\/uploads\/2024\/05\/5dx_colmo-ventilato-piombo-300x189.webp 300w\" sizes=\"auto, (max-width: 474px) 100vw, 474px\" \/><\/a><\/div><div class=\"w-separator size_custom\" style=\"height:15px\"><\/div><div class=\"wpb_text_column us_custom_96919c81\"><div class=\"wpb_wrapper\"><p>Caballete ventilado VM 880 con pliegue de plomo, ancho \u00fatil 120 mm<\/p>\n<\/div><\/div><div class=\"w-separator size_custom\" style=\"height:15px\"><\/div><p class=\"product woocommerce add_to_cart_inline \" style=\"border:4px solid #ccc; padding: 12px;\"><span class=\"woocommerce-Price-amount amount\"><bdi>1,00&nbsp;<span class=\"woocommerce-Price-currencySymbol\">&euro;<\/span><\/bdi><\/span><a href=\"\/es\/wp-json\/wp\/v2\/product\/4980?add-to-cart=1477\" aria-describedby=\"woocommerce_loop_add_to_cart_link_describedby_1477\" data-quantity=\"1\" class=\"button product_type_simple add_to_cart_button ajax_add_to_cart\" data-product_id=\"1477\" data-product_sku=\"\" aria-label=\"A\u00f1adir al carrito: &ldquo;Sistema tetto - Colmo ventilato mod. VM 880&rdquo;\" rel=\"nofollow\" data-success_message=\"\u00abSistema tetto - Colmo ventilato mod. VM 880\u00bb se ha a\u00f1adido a tu carrito\" role=\"button\"><i class=\"g-preloader type_1\"><\/i><span class=\"w-btn-label\">A\u00f1adir al carrito<\/span><\/a>\t<span id=\"woocommerce_loop_add_to_cart_link_describedby_1477\" class=\"screen-reader-text\">\n\t\t\t<\/span>\n<\/p><\/div><\/div><div class=\"wpb_column vc_column_container us_custom_dcfc9ed4\"><div class=\"vc_column-inner\"><div class=\"w-image us_custom_d673ebcf has_height align_none\"><a ref=\"magnificPopup\" href=\"https:\/\/www.edilfibro.it\/wp-content\/uploads\/2024\/05\/6sx_Grappe-fermacoppo-VM_880.webp\" aria-label=\"6sx_Grappe-fermacoppo-VM_880\" class=\"w-image-h\"><img decoding=\"async\" width=\"724\" height=\"243\" src=\"https:\/\/www.edilfibro.it\/wp-content\/uploads\/2024\/05\/6sx_Grappe-fermacoppo-VM_880.webp\" class=\"attachment-large size-large\" alt=\"\" loading=\"lazy\" srcset=\"https:\/\/www.edilfibro.it\/wp-content\/uploads\/2024\/05\/6sx_Grappe-fermacoppo-VM_880.webp 724w, https:\/\/www.edilfibro.it\/wp-content\/uploads\/2024\/05\/6sx_Grappe-fermacoppo-VM_880-300x101.webp 300w, https:\/\/www.edilfibro.it\/wp-content\/uploads\/2024\/05\/6sx_Grappe-fermacoppo-VM_880-600x201.webp 600w\" sizes=\"auto, (max-width: 724px) 100vw, 724px\" \/><\/a><\/div><div class=\"w-separator size_custom\" style=\"height:15px\"><\/div><div class=\"wpb_text_column us_custom_96919c81\"><div class=\"wpb_wrapper\"><p>Abrazaderas para tejas de acero inoxidable para uso con caballetes ventilados, mod. VM 880<\/p>\n<\/div><\/div><div class=\"w-separator size_custom\" style=\"height:15px\"><\/div><p class=\"product woocommerce add_to_cart_inline \" style=\"border:4px solid #ccc; padding: 12px;\"><span class=\"woocommerce-Price-amount amount\"><bdi>1,00&nbsp;<span class=\"woocommerce-Price-currencySymbol\">&euro;<\/span><\/bdi><\/span><a href=\"\/es\/wp-json\/wp\/v2\/product\/4980?add-to-cart=1479\" aria-describedby=\"woocommerce_loop_add_to_cart_link_describedby_1479\" data-quantity=\"1\" class=\"button product_type_simple add_to_cart_button ajax_add_to_cart\" data-product_id=\"1479\" data-product_sku=\"\" aria-label=\"A\u00f1adir al carrito: &ldquo;Sistema tetto - Grappe fermacoppo in acciaio inox mod. VM 880&rdquo;\" rel=\"nofollow\" data-success_message=\"\u00abSistema tetto - Grappe fermacoppo in acciaio inox mod. VM 880\u00bb se ha a\u00f1adido a tu carrito\" role=\"button\"><i class=\"g-preloader type_1\"><\/i><span class=\"w-btn-label\">A\u00f1adir al carrito<\/span><\/a>\t<span id=\"woocommerce_loop_add_to_cart_link_describedby_1479\" class=\"screen-reader-text\">\n\t\t\t<\/span>\n<\/p><\/div><\/div><div class=\"wpb_column vc_column_container us_custom_dcfc9ed4\"><div class=\"vc_column-inner\"><div class=\"w-image us_custom_d673ebcf has_height align_none\"><a ref=\"magnificPopup\" href=\"https:\/\/www.edilfibro.it\/wp-content\/uploads\/2024\/05\/6dx_portalistello.webp\" aria-label=\"6dx_portalistello\" class=\"w-image-h\"><img decoding=\"async\" width=\"468\" height=\"231\" src=\"https:\/\/www.edilfibro.it\/wp-content\/uploads\/2024\/05\/6dx_portalistello.webp\" class=\"attachment-large size-large\" alt=\"\" loading=\"lazy\" srcset=\"https:\/\/www.edilfibro.it\/wp-content\/uploads\/2024\/05\/6dx_portalistello.webp 468w, https:\/\/www.edilfibro.it\/wp-content\/uploads\/2024\/05\/6dx_portalistello-300x148.webp 300w\" sizes=\"auto, (max-width: 468px) 100vw, 468px\" \/><\/a><\/div><div class=\"w-separator size_custom\" style=\"height:15px\"><\/div><div class=\"wpb_text_column us_custom_96919c81 with_collapsible_content\" data-content-height=\"400px\"><div class=\"wpb_wrapper\"><p>Porta tejas 5 cm. para la l\u00ednea de cresta, aletas h. 190 mm<\/p>\n<\/div><div class=\"toggle-links align_none\"><button class=\"collapsible-content-more\">Mostrar m\u00e1s<\/button><button class=\"collapsible-content-less\">Mostrar menos<\/button><\/div><\/div><div class=\"w-separator size_custom\" style=\"height:15px\"><\/div><p class=\"product woocommerce add_to_cart_inline \" style=\"border:4px solid #ccc; padding: 12px;\"><span class=\"woocommerce-Price-amount amount\"><bdi>1,00&nbsp;<span class=\"woocommerce-Price-currencySymbol\">&euro;<\/span><\/bdi><\/span><a href=\"\/es\/wp-json\/wp\/v2\/product\/4980?add-to-cart=1481\" aria-describedby=\"woocommerce_loop_add_to_cart_link_describedby_1481\" data-quantity=\"1\" class=\"button product_type_simple add_to_cart_button ajax_add_to_cart\" data-product_id=\"1481\" data-product_sku=\"\" aria-label=\"A\u00f1adir al carrito: &ldquo;Sistema tetto - Portalistello da cm. 5 per linea di colmo&rdquo;\" rel=\"nofollow\" data-success_message=\"\u00abSistema tetto - Portalistello da cm. 5 per linea di colmo\u00bb se ha a\u00f1adido a tu carrito\" role=\"button\"><i class=\"g-preloader type_1\"><\/i><span class=\"w-btn-label\">A\u00f1adir al carrito<\/span><\/a>\t<span id=\"woocommerce_loop_add_to_cart_link_describedby_1481\" class=\"screen-reader-text\">\n\t\t\t<\/span>\n<\/p><\/div><\/div><\/div><div class=\"w-separator size_large\"><\/div><div class=\"g-cols wpb_row icon-box-accessori via_grid cols_4 laptops-cols_inherit tablets-cols_inherit mobiles-cols_1 valign_middle type_default stacking_default\" style=\"--columns-gap:1.4rem;\"><div class=\"wpb_column vc_column_container us_custom_dcfc9ed4\"><div class=\"vc_column-inner\"><div class=\"w-image us_custom_d673ebcf has_height align_none\"><a ref=\"magnificPopup\" href=\"https:\/\/www.edilfibro.it\/wp-content\/uploads\/2024\/05\/7sx_Grappe-fermacoppo-A.webp\" aria-label=\"7sx_Grappe-fermacoppo-A\" class=\"w-image-h\"><img decoding=\"async\" width=\"463\" height=\"204\" src=\"https:\/\/www.edilfibro.it\/wp-content\/uploads\/2024\/05\/7sx_Grappe-fermacoppo-A.webp\" class=\"attachment-large size-large\" alt=\"\" loading=\"lazy\" srcset=\"https:\/\/www.edilfibro.it\/wp-content\/uploads\/2024\/05\/7sx_Grappe-fermacoppo-A.webp 463w, https:\/\/www.edilfibro.it\/wp-content\/uploads\/2024\/05\/7sx_Grappe-fermacoppo-A-300x132.webp 300w\" sizes=\"auto, (max-width: 463px) 100vw, 463px\" \/><\/a><\/div><div class=\"w-separator size_custom\" style=\"height:15px\"><\/div><div class=\"wpb_text_column us_custom_96919c81\"><div class=\"wpb_wrapper\"><p>Abrazaderas para tejas de cobre, 10\/10 mm de espesor, tipo A para utilizar con tejas antiguas<\/p>\n<\/div><\/div><div class=\"w-separator size_custom\" style=\"height:15px\"><\/div><p class=\"product woocommerce add_to_cart_inline \" style=\"border:4px solid #ccc; padding: 12px;\"><span class=\"woocommerce-Price-amount amount\"><bdi>1,00&nbsp;<span class=\"woocommerce-Price-currencySymbol\">&euro;<\/span><\/bdi><\/span><a href=\"\/es\/wp-json\/wp\/v2\/product\/4980?add-to-cart=1483\" aria-describedby=\"woocommerce_loop_add_to_cart_link_describedby_1483\" data-quantity=\"1\" class=\"button product_type_simple add_to_cart_button ajax_add_to_cart\" data-product_id=\"1483\" data-product_sku=\"\" aria-label=\"A\u00f1adir al carrito: &ldquo;Sistema tetto - Grappe fermacoppo in Rame Tipo A&rdquo;\" rel=\"nofollow\" data-success_message=\"\u00abSistema tetto - Grappe fermacoppo in Rame Tipo A\u00bb se ha a\u00f1adido a tu carrito\" role=\"button\"><i class=\"g-preloader type_1\"><\/i><span class=\"w-btn-label\">A\u00f1adir al carrito<\/span><\/a>\t<span id=\"woocommerce_loop_add_to_cart_link_describedby_1483\" class=\"screen-reader-text\">\n\t\t\t<\/span>\n<\/p><\/div><\/div><div class=\"wpb_column vc_column_container us_custom_dcfc9ed4\"><div class=\"vc_column-inner\"><div class=\"w-image us_custom_d673ebcf has_height align_none\"><a ref=\"magnificPopup\" href=\"https:\/\/www.edilfibro.it\/wp-content\/uploads\/2024\/05\/7dx_Grappe-fermacoppo-AN.webp\" aria-label=\"7dx_Grappe-fermacoppo-AN\" class=\"w-image-h\"><img decoding=\"async\" width=\"533\" height=\"201\" src=\"https:\/\/www.edilfibro.it\/wp-content\/uploads\/2024\/05\/7dx_Grappe-fermacoppo-AN.webp\" class=\"attachment-large size-large\" alt=\"\" loading=\"lazy\" srcset=\"https:\/\/www.edilfibro.it\/wp-content\/uploads\/2024\/05\/7dx_Grappe-fermacoppo-AN.webp 533w, https:\/\/www.edilfibro.it\/wp-content\/uploads\/2024\/05\/7dx_Grappe-fermacoppo-AN-300x113.webp 300w\" sizes=\"auto, (max-width: 533px) 100vw, 533px\" \/><\/a><\/div><div class=\"w-separator size_custom\" style=\"height:15px\"><\/div><div class=\"wpb_text_column us_custom_96919c81\"><div class=\"wpb_wrapper\"><p>Abrazaderas de cobre para tejas, espesor 10\/10 mm, tipo AN para tejas nuevas<\/p>\n<\/div><\/div><div class=\"w-separator size_custom\" style=\"height:15px\"><\/div><p class=\"product woocommerce add_to_cart_inline \" style=\"border:4px solid #ccc; padding: 12px;\"><span class=\"woocommerce-Price-amount amount\"><bdi>1,00&nbsp;<span class=\"woocommerce-Price-currencySymbol\">&euro;<\/span><\/bdi><\/span><a href=\"\/es\/wp-json\/wp\/v2\/product\/4980?add-to-cart=1485\" aria-describedby=\"woocommerce_loop_add_to_cart_link_describedby_1485\" data-quantity=\"1\" class=\"button product_type_simple add_to_cart_button ajax_add_to_cart\" data-product_id=\"1485\" data-product_sku=\"\" aria-label=\"A\u00f1adir al carrito: &ldquo;Sistema tetto - Grappe fermacoppo in Rame Tipo AN&rdquo;\" rel=\"nofollow\" data-success_message=\"\u00abSistema tetto - Grappe fermacoppo in Rame Tipo AN\u00bb se ha a\u00f1adido a tu carrito\" role=\"button\"><i class=\"g-preloader type_1\"><\/i><span class=\"w-btn-label\">A\u00f1adir al carrito<\/span><\/a>\t<span id=\"woocommerce_loop_add_to_cart_link_describedby_1485\" class=\"screen-reader-text\">\n\t\t\t<\/span>\n<\/p><\/div><\/div><div class=\"wpb_column vc_column_container us_custom_dcfc9ed4\"><div class=\"vc_column-inner\"><div class=\"w-image us_custom_d673ebcf has_height align_none\"><a ref=\"magnificPopup\" href=\"https:\/\/www.edilfibro.it\/wp-content\/uploads\/2024\/05\/8sx_Grappe-fermacoppo-B.webp\" aria-label=\"8sx_Grappe-fermacoppo-B\" class=\"w-image-h\"><img decoding=\"async\" width=\"863\" height=\"143\" src=\"https:\/\/www.edilfibro.it\/wp-content\/uploads\/2024\/05\/8sx_Grappe-fermacoppo-B.webp\" class=\"attachment-large size-large\" alt=\"\" loading=\"lazy\" srcset=\"https:\/\/www.edilfibro.it\/wp-content\/uploads\/2024\/05\/8sx_Grappe-fermacoppo-B.webp 863w, https:\/\/www.edilfibro.it\/wp-content\/uploads\/2024\/05\/8sx_Grappe-fermacoppo-B-300x50.webp 300w, https:\/\/www.edilfibro.it\/wp-content\/uploads\/2024\/05\/8sx_Grappe-fermacoppo-B-600x99.webp 600w\" sizes=\"auto, (max-width: 863px) 100vw, 863px\" \/><\/a><\/div><div class=\"w-separator size_custom\" style=\"height:15px\"><\/div><div class=\"wpb_text_column us_custom_96919c81\"><div class=\"wpb_wrapper\"><p>Abrazaderas para baldosas de cobre, espesor 10\/10 mm, tipo B de alero<\/p>\n<\/div><\/div><div class=\"w-separator size_custom\" style=\"height:15px\"><\/div><p class=\"product woocommerce add_to_cart_inline \" style=\"border:4px solid #ccc; padding: 12px;\"><span class=\"woocommerce-Price-amount amount\"><bdi>1,00&nbsp;<span class=\"woocommerce-Price-currencySymbol\">&euro;<\/span><\/bdi><\/span><a href=\"\/es\/wp-json\/wp\/v2\/product\/4980?add-to-cart=1487\" aria-describedby=\"woocommerce_loop_add_to_cart_link_describedby_1487\" data-quantity=\"1\" class=\"button product_type_simple add_to_cart_button ajax_add_to_cart\" data-product_id=\"1487\" data-product_sku=\"\" aria-label=\"A\u00f1adir al carrito: &ldquo;Sistema tetto - Grappe fermacoppo in Rame Tipo B&rdquo;\" rel=\"nofollow\" data-success_message=\"\u00abSistema tetto - Grappe fermacoppo in Rame Tipo B\u00bb se ha a\u00f1adido a tu carrito\" role=\"button\"><i class=\"g-preloader type_1\"><\/i><span class=\"w-btn-label\">A\u00f1adir al carrito<\/span><\/a>\t<span id=\"woocommerce_loop_add_to_cart_link_describedby_1487\" class=\"screen-reader-text\">\n\t\t\t<\/span>\n<\/p><\/div><\/div><div class=\"wpb_column vc_column_container us_custom_dcfc9ed4\"><div class=\"vc_column-inner\"><div class=\"w-image us_custom_d673ebcf has_height align_none\"><a ref=\"magnificPopup\" href=\"https:\/\/www.edilfibro.it\/wp-content\/uploads\/2024\/05\/8dx_Grappe-fermacoppo-C.webp\" aria-label=\"8dx_Grappe-fermacoppo-C\" class=\"w-image-h\"><img decoding=\"async\" width=\"706\" height=\"208\" src=\"https:\/\/www.edilfibro.it\/wp-content\/uploads\/2024\/05\/8dx_Grappe-fermacoppo-C.webp\" class=\"attachment-large size-large\" alt=\"\" loading=\"lazy\" srcset=\"https:\/\/www.edilfibro.it\/wp-content\/uploads\/2024\/05\/8dx_Grappe-fermacoppo-C.webp 706w, https:\/\/www.edilfibro.it\/wp-content\/uploads\/2024\/05\/8dx_Grappe-fermacoppo-C-300x88.webp 300w, https:\/\/www.edilfibro.it\/wp-content\/uploads\/2024\/05\/8dx_Grappe-fermacoppo-C-600x177.webp 600w\" sizes=\"auto, (max-width: 706px) 100vw, 706px\" \/><\/a><\/div><div class=\"w-separator size_custom\" style=\"height:15px\"><\/div><div class=\"wpb_text_column us_custom_96919c81 with_collapsible_content\" data-content-height=\"400px\"><div class=\"wpb_wrapper\"><p>Abrazaderas para baldosas de cobre, espesor 10\/10 mm, intermedia tipo C<\/p>\n<\/div><div class=\"toggle-links align_none\"><button class=\"collapsible-content-more\">Mostrar m\u00e1s<\/button><button class=\"collapsible-content-less\">Mostrar menos<\/button><\/div><\/div><div class=\"w-separator size_custom\" style=\"height:15px\"><\/div><p class=\"product woocommerce add_to_cart_inline \" style=\"border:4px solid #ccc; padding: 12px;\"><span class=\"woocommerce-Price-amount amount\"><bdi>1,00&nbsp;<span class=\"woocommerce-Price-currencySymbol\">&euro;<\/span><\/bdi><\/span><a href=\"\/es\/wp-json\/wp\/v2\/product\/4980?add-to-cart=1489\" aria-describedby=\"woocommerce_loop_add_to_cart_link_describedby_1489\" data-quantity=\"1\" class=\"button product_type_simple add_to_cart_button ajax_add_to_cart\" data-product_id=\"1489\" data-product_sku=\"\" aria-label=\"A\u00f1adir al carrito: &ldquo;Sistema tetto - Grappe fermacoppo in Rame Tipo C&rdquo;\" rel=\"nofollow\" data-success_message=\"\u00abSistema tetto - Grappe fermacoppo in Rame Tipo C\u00bb se ha a\u00f1adido a tu carrito\" role=\"button\"><i class=\"g-preloader type_1\"><\/i><span class=\"w-btn-label\">A\u00f1adir al carrito<\/span><\/a>\t<span id=\"woocommerce_loop_add_to_cart_link_describedby_1489\" class=\"screen-reader-text\">\n\t\t\t<\/span>\n<\/p><\/div><\/div><\/div><div class=\"w-separator size_large\"><\/div><div class=\"g-cols wpb_row icon-box-accessori via_grid cols_4 laptops-cols_inherit tablets-cols_inherit mobiles-cols_1 valign_middle type_default stacking_default\" style=\"--columns-gap:1.4rem;\"><div class=\"wpb_column vc_column_container us_custom_dcfc9ed4\"><div class=\"vc_column-inner\"><div class=\"w-image us_custom_d673ebcf has_height align_none\"><a ref=\"magnificPopup\" href=\"https:\/\/www.edilfibro.it\/wp-content\/uploads\/2024\/05\/9sx_Grappe-fermacoppo-D.webp\" aria-label=\"9sx_Grappe-fermacoppo-D\" class=\"w-image-h\"><img decoding=\"async\" width=\"757\" height=\"292\" src=\"https:\/\/www.edilfibro.it\/wp-content\/uploads\/2024\/05\/9sx_Grappe-fermacoppo-D.webp\" class=\"attachment-large size-large\" alt=\"\" loading=\"lazy\" srcset=\"https:\/\/www.edilfibro.it\/wp-content\/uploads\/2024\/05\/9sx_Grappe-fermacoppo-D.webp 757w, https:\/\/www.edilfibro.it\/wp-content\/uploads\/2024\/05\/9sx_Grappe-fermacoppo-D-300x116.webp 300w, https:\/\/www.edilfibro.it\/wp-content\/uploads\/2024\/05\/9sx_Grappe-fermacoppo-D-600x231.webp 600w\" sizes=\"auto, (max-width: 757px) 100vw, 757px\" \/><\/a><\/div><div class=\"w-separator size_custom\" style=\"height:15px\"><\/div><div class=\"wpb_text_column us_custom_96919c81\"><div class=\"wpb_wrapper\"><p>Abrazaderas de retenci\u00f3n de tejas de cobre, espesor 10\/10 mm, tipo D intermedio, para doble capa de tejas<\/p>\n<\/div><\/div><div class=\"w-separator size_custom\" style=\"height:15px\"><\/div><p class=\"product woocommerce add_to_cart_inline \" style=\"border:4px solid #ccc; padding: 12px;\"><span class=\"woocommerce-Price-amount amount\"><bdi>1,00&nbsp;<span class=\"woocommerce-Price-currencySymbol\">&euro;<\/span><\/bdi><\/span><a href=\"\/es\/wp-json\/wp\/v2\/product\/4980?add-to-cart=1491\" aria-describedby=\"woocommerce_loop_add_to_cart_link_describedby_1491\" data-quantity=\"1\" class=\"button product_type_simple add_to_cart_button ajax_add_to_cart\" data-product_id=\"1491\" data-product_sku=\"\" aria-label=\"A\u00f1adir al carrito: &ldquo;Sistema tetto - Grappe fermacoppo in Rame Tipo D&rdquo;\" rel=\"nofollow\" data-success_message=\"\u00abSistema tetto - Grappe fermacoppo in Rame Tipo D\u00bb se ha a\u00f1adido a tu carrito\" role=\"button\"><i class=\"g-preloader type_1\"><\/i><span class=\"w-btn-label\">A\u00f1adir al carrito<\/span><\/a>\t<span id=\"woocommerce_loop_add_to_cart_link_describedby_1491\" class=\"screen-reader-text\">\n\t\t\t<\/span>\n<\/p><\/div><\/div><div class=\"wpb_column vc_column_container us_custom_dcfc9ed4\"><div class=\"vc_column-inner\"><div class=\"w-image us_custom_d673ebcf has_height align_none\"><a ref=\"magnificPopup\" href=\"https:\/\/www.edilfibro.it\/wp-content\/uploads\/2024\/05\/9dx_rivetto-rame.webp\" aria-label=\"9dx_rivetto-rame\" class=\"w-image-h\"><img decoding=\"async\" width=\"756\" height=\"198\" src=\"https:\/\/www.edilfibro.it\/wp-content\/uploads\/2024\/05\/9dx_rivetto-rame.webp\" class=\"attachment-large size-large\" alt=\"\" loading=\"lazy\" srcset=\"https:\/\/www.edilfibro.it\/wp-content\/uploads\/2024\/05\/9dx_rivetto-rame.webp 756w, https:\/\/www.edilfibro.it\/wp-content\/uploads\/2024\/05\/9dx_rivetto-rame-300x79.webp 300w, https:\/\/www.edilfibro.it\/wp-content\/uploads\/2024\/05\/9dx_rivetto-rame-600x157.webp 600w\" sizes=\"auto, (max-width: 756px) 100vw, 756px\" \/><\/a><\/div><div class=\"w-separator size_custom\" style=\"height:15px\"><\/div><div class=\"wpb_text_column us_custom_96919c81\"><div class=\"wpb_wrapper\"><p>Remache de cobre para abrazaderas de techo<\/p>\n<\/div><\/div><div class=\"w-separator size_custom\" style=\"height:15px\"><\/div><p class=\"product woocommerce add_to_cart_inline \" style=\"border:4px solid #ccc; padding: 12px;\"><span class=\"woocommerce-Price-amount amount\"><bdi>1,00&nbsp;<span class=\"woocommerce-Price-currencySymbol\">&euro;<\/span><\/bdi><\/span><a href=\"\/es\/wp-json\/wp\/v2\/product\/4980?add-to-cart=1493\" aria-describedby=\"woocommerce_loop_add_to_cart_link_describedby_1493\" data-quantity=\"1\" class=\"button product_type_simple add_to_cart_button ajax_add_to_cart\" data-product_id=\"1493\" data-product_sku=\"\" aria-label=\"A\u00f1adir al carrito: &ldquo;Sistema tetto - Rivetto in rame per grappe fermacoppi&rdquo;\" rel=\"nofollow\" data-success_message=\"\u00abSistema tetto - Rivetto in rame per grappe fermacoppi\u00bb se ha a\u00f1adido a tu carrito\" role=\"button\"><i class=\"g-preloader type_1\"><\/i><span class=\"w-btn-label\">A\u00f1adir al carrito<\/span><\/a>\t<span id=\"woocommerce_loop_add_to_cart_link_describedby_1493\" class=\"screen-reader-text\">\n\t\t\t<\/span>\n<\/p><\/div><\/div><div class=\"wpb_column vc_column_container us_custom_dcfc9ed4\"><div class=\"vc_column-inner\"><div class=\"w-image us_custom_d673ebcf has_height align_none\"><a ref=\"magnificPopup\" href=\"https:\/\/www.edilfibro.it\/wp-content\/uploads\/2024\/05\/10sx_pinza-oqinclcvk9kpw3x0azfz9tfef5iorjf9lkt111af40.webp\" aria-label=\"10sx_pinza-oqinclcvk9kpw3x0azfz9tfef5iorjf9lkt111af40\" class=\"w-image-h\"><img decoding=\"async\" width=\"435\" height=\"346\" src=\"https:\/\/www.edilfibro.it\/wp-content\/uploads\/2024\/05\/10sx_pinza-oqinclcvk9kpw3x0azfz9tfef5iorjf9lkt111af40.webp\" class=\"attachment-large size-large\" alt=\"\" loading=\"lazy\" srcset=\"https:\/\/www.edilfibro.it\/wp-content\/uploads\/2024\/05\/10sx_pinza-oqinclcvk9kpw3x0azfz9tfef5iorjf9lkt111af40.webp 435w, https:\/\/www.edilfibro.it\/wp-content\/uploads\/2024\/05\/10sx_pinza-oqinclcvk9kpw3x0azfz9tfef5iorjf9lkt111af40-300x239.webp 300w\" sizes=\"auto, (max-width: 435px) 100vw, 435px\" \/><\/a><\/div><div class=\"w-separator size_custom\" style=\"height:15px\"><\/div><div class=\"wpb_text_column us_custom_96919c81\"><div class=\"wpb_wrapper\"><p>Alicates serie &#8220;Lastrip&#8221; para quitar el bisel de losas de Tegolit<\/p>\n<\/div><\/div><div class=\"w-separator size_custom\" style=\"height:15px\"><\/div><p class=\"product woocommerce add_to_cart_inline \" style=\"border:4px solid #ccc; padding: 12px;\"><span class=\"woocommerce-Price-amount amount\"><bdi>1,00&nbsp;<span class=\"woocommerce-Price-currencySymbol\">&euro;<\/span><\/bdi><\/span><a href=\"\/es\/wp-json\/wp\/v2\/product\/4980?add-to-cart=1495\" aria-describedby=\"woocommerce_loop_add_to_cart_link_describedby_1495\" data-quantity=\"1\" class=\"button product_type_simple add_to_cart_button ajax_add_to_cart\" data-product_id=\"1495\" data-product_sku=\"\" aria-label=\"A\u00f1adir al carrito: &ldquo;Sistema tetto - Pinza serie &quot;Lastrip&quot; per asportazione smusso lastre Tegolit&rdquo;\" rel=\"nofollow\" data-success_message=\"\u00abSistema tetto - Pinza serie &quot;Lastrip&quot; per asportazione smusso lastre Tegolit\u00bb se ha a\u00f1adido a tu carrito\" role=\"button\"><i class=\"g-preloader type_1\"><\/i><span class=\"w-btn-label\">A\u00f1adir al carrito<\/span><\/a>\t<span id=\"woocommerce_loop_add_to_cart_link_describedby_1495\" class=\"screen-reader-text\">\n\t\t\t<\/span>\n<\/p><\/div><\/div><div class=\"wpb_column vc_column_container\"><div class=\"vc_column-inner\"><\/div><\/div><\/div><\/div><\/div><\/div><\/div><\/section>\n","protected":false},"excerpt":{"rendered":"Claraboya en chapa galvanizada &#8220;mod. L20&#8221;, equipado con vidrio armado, para utilizar sobre l\u00e1minas de fibrocemento ecol\u00f3gico de la serie Calraboya. Mostrar m\u00e1sMostrar menos1,00&nbsp;&euro;A\u00f1adir al carrito Claraboya de cobre &#8220;mod. L20&#8221;, equipada con vidrio armado, para aplicar sobre l\u00e1minas de fibrocemento ecol\u00f3gico de la serie Claraboya 1,00&nbsp;&euro;A\u00f1adir al carrito Secci\u00f3n de tira pl\u00e1stica de uni\u00f3n...","protected":false},"featured_media":3168,"comment_status":"closed","ping_status":"closed","template":"","meta":[],"product_brand":[],"product_cat":[300],"product_tag":[],"class_list":{"0":"post-4980","1":"product","2":"type-product","3":"status-publish","4":"has-post-thumbnail","6":"product_cat-material-subsidiario-es","7":"pa_profilo-fibrocemento-5-onde-es","9":"first","10":"instock","11":"shipping-taxable","12":"purchasable","13":"product-type-variable","14":"has-default-attributes"},"yoast_head":"<!-- This site is optimized with the Yoast SEO plugin v26.6 - https:\/\/yoast.com\/wordpress\/plugins\/seo\/ -->\n<title>Sistema de techo - Edilfibro S.p.a.<\/title>\n<meta name=\"robots\" content=\"index, follow, max-snippet:-1, max-image-preview:large, max-video-preview:-1\" \/>\n<link rel=\"canonical\" href=\"https:\/\/www.edilfibro.it\/es\/prodotto\/sistema-de-techo\/\" \/>\n<meta property=\"og:locale\" content=\"es_ES\" \/>\n<meta property=\"og:type\" content=\"article\" \/>\n<meta property=\"og:title\" content=\"Sistema de techo - Edilfibro S.p.a.\" \/>\n<meta property=\"og:url\" content=\"https:\/\/www.edilfibro.it\/es\/prodotto\/sistema-de-techo\/\" \/>\n<meta property=\"og:site_name\" content=\"Edilfibro S.p.a.\" \/>\n<meta property=\"article:publisher\" content=\"https:\/\/www.facebook.com\/edilfibro\" \/>\n<meta property=\"article:modified_time\" content=\"2024-10-07T10:48:35+00:00\" \/>\n<meta property=\"og:image\" content=\"https:\/\/www.edilfibro.it\/wp-content\/uploads\/2024\/05\/icona-NERA-Sistema-tetto.webp\" \/>\n\t<meta property=\"og:image:width\" content=\"600\" \/>\n\t<meta property=\"og:image:height\" content=\"600\" \/>\n\t<meta property=\"og:image:type\" content=\"image\/webp\" \/>\n<meta name=\"twitter:card\" content=\"summary_large_image\" \/>\n<meta name=\"twitter:label1\" content=\"Tiempo de lectura\" \/>\n\t<meta name=\"twitter:data1\" content=\"13 minutos\" \/>\n<script type=\"application\/ld+json\" class=\"yoast-schema-graph\">{\"@context\":\"https:\/\/schema.org\",\"@graph\":[{\"@type\":\"WebPage\",\"@id\":\"https:\/\/www.edilfibro.it\/es\/prodotto\/sistema-de-techo\/\",\"url\":\"https:\/\/www.edilfibro.it\/es\/prodotto\/sistema-de-techo\/\",\"name\":\"Sistema de techo - Edilfibro S.p.a.\",\"isPartOf\":{\"@id\":\"https:\/\/www.edilfibro.it\/es\/#website\"},\"primaryImageOfPage\":{\"@id\":\"https:\/\/www.edilfibro.it\/es\/prodotto\/sistema-de-techo\/#primaryimage\"},\"image\":{\"@id\":\"https:\/\/www.edilfibro.it\/es\/prodotto\/sistema-de-techo\/#primaryimage\"},\"thumbnailUrl\":\"https:\/\/www.edilfibro.it\/wp-content\/uploads\/2024\/05\/icona-NERA-Sistema-tetto.webp\",\"datePublished\":\"2024-05-07T09:22:00+00:00\",\"dateModified\":\"2024-10-07T10:48:35+00:00\",\"breadcrumb\":{\"@id\":\"https:\/\/www.edilfibro.it\/es\/prodotto\/sistema-de-techo\/#breadcrumb\"},\"inLanguage\":\"es\",\"potentialAction\":[{\"@type\":\"ReadAction\",\"target\":[\"https:\/\/www.edilfibro.it\/es\/prodotto\/sistema-de-techo\/\"]}]},{\"@type\":\"ImageObject\",\"inLanguage\":\"es\",\"@id\":\"https:\/\/www.edilfibro.it\/es\/prodotto\/sistema-de-techo\/#primaryimage\",\"url\":\"https:\/\/www.edilfibro.it\/wp-content\/uploads\/2024\/05\/icona-NERA-Sistema-tetto.webp\",\"contentUrl\":\"https:\/\/www.edilfibro.it\/wp-content\/uploads\/2024\/05\/icona-NERA-Sistema-tetto.webp\",\"width\":600,\"height\":600},{\"@type\":\"BreadcrumbList\",\"@id\":\"https:\/\/www.edilfibro.it\/es\/prodotto\/sistema-de-techo\/#breadcrumb\",\"itemListElement\":[{\"@type\":\"ListItem\",\"position\":1,\"name\":\"Home\",\"item\":\"https:\/\/www.edilfibro.it\/es\/\"},{\"@type\":\"ListItem\",\"position\":2,\"name\":\"Productos\",\"item\":\"https:\/\/www.edilfibro.it\/es\/productos\/\"},{\"@type\":\"ListItem\",\"position\":3,\"name\":\"Sistema de techo\"}]},{\"@type\":\"WebSite\",\"@id\":\"https:\/\/www.edilfibro.it\/es\/#website\",\"url\":\"https:\/\/www.edilfibro.it\/es\/\",\"name\":\"Edilfibro S.p.a.\",\"description\":\"Coperture per tetti, lastre fibrocemento e metallo\",\"publisher\":{\"@id\":\"https:\/\/www.edilfibro.it\/es\/#organization\"},\"potentialAction\":[{\"@type\":\"SearchAction\",\"target\":{\"@type\":\"EntryPoint\",\"urlTemplate\":\"https:\/\/www.edilfibro.it\/es\/?s={search_term_string}\"},\"query-input\":{\"@type\":\"PropertyValueSpecification\",\"valueRequired\":true,\"valueName\":\"search_term_string\"}}],\"inLanguage\":\"es\"},{\"@type\":\"Organization\",\"@id\":\"https:\/\/www.edilfibro.it\/es\/#organization\",\"name\":\"Edilfibro S.p.a.\",\"url\":\"https:\/\/www.edilfibro.it\/es\/\",\"logo\":{\"@type\":\"ImageObject\",\"inLanguage\":\"es\",\"@id\":\"https:\/\/www.edilfibro.it\/es\/#\/schema\/logo\/image\/\",\"url\":\"https:\/\/www.edilfibro.it\/wp-content\/uploads\/2024\/09\/Logo-Edilfibro-2024-verde.webp\",\"contentUrl\":\"https:\/\/www.edilfibro.it\/wp-content\/uploads\/2024\/09\/Logo-Edilfibro-2024-verde.webp\",\"width\":270,\"height\":105,\"caption\":\"Edilfibro S.p.a.\"},\"image\":{\"@id\":\"https:\/\/www.edilfibro.it\/es\/#\/schema\/logo\/image\/\"},\"sameAs\":[\"https:\/\/www.facebook.com\/edilfibro\",\"https:\/\/www.linkedin.com\/company\/edilfibrospa\/\",\"https:\/\/www.youtube.com\/channel\/UCfz1PuhFpXa0MFkRDzC_Cgw\"]}]}<\/script>\n<!-- \/ Yoast SEO plugin. -->","yoast_head_json":{"title":"Sistema de techo - Edilfibro S.p.a.","robots":{"index":"index","follow":"follow","max-snippet":"max-snippet:-1","max-image-preview":"max-image-preview:large","max-video-preview":"max-video-preview:-1"},"canonical":"https:\/\/www.edilfibro.it\/es\/prodotto\/sistema-de-techo\/","og_locale":"es_ES","og_type":"article","og_title":"Sistema de techo - Edilfibro S.p.a.","og_url":"https:\/\/www.edilfibro.it\/es\/prodotto\/sistema-de-techo\/","og_site_name":"Edilfibro S.p.a.","article_publisher":"https:\/\/www.facebook.com\/edilfibro","article_modified_time":"2024-10-07T10:48:35+00:00","og_image":[{"width":600,"height":600,"url":"https:\/\/www.edilfibro.it\/wp-content\/uploads\/2024\/05\/icona-NERA-Sistema-tetto.webp","type":"image\/webp"}],"twitter_card":"summary_large_image","twitter_misc":{"Tiempo de lectura":"13 minutos"},"schema":{"@context":"https:\/\/schema.org","@graph":[{"@type":"WebPage","@id":"https:\/\/www.edilfibro.it\/es\/prodotto\/sistema-de-techo\/","url":"https:\/\/www.edilfibro.it\/es\/prodotto\/sistema-de-techo\/","name":"Sistema de techo - Edilfibro S.p.a.","isPartOf":{"@id":"https:\/\/www.edilfibro.it\/es\/#website"},"primaryImageOfPage":{"@id":"https:\/\/www.edilfibro.it\/es\/prodotto\/sistema-de-techo\/#primaryimage"},"image":{"@id":"https:\/\/www.edilfibro.it\/es\/prodotto\/sistema-de-techo\/#primaryimage"},"thumbnailUrl":"https:\/\/www.edilfibro.it\/wp-content\/uploads\/2024\/05\/icona-NERA-Sistema-tetto.webp","datePublished":"2024-05-07T09:22:00+00:00","dateModified":"2024-10-07T10:48:35+00:00","breadcrumb":{"@id":"https:\/\/www.edilfibro.it\/es\/prodotto\/sistema-de-techo\/#breadcrumb"},"inLanguage":"es","potentialAction":[{"@type":"ReadAction","target":["https:\/\/www.edilfibro.it\/es\/prodotto\/sistema-de-techo\/"]}]},{"@type":"ImageObject","inLanguage":"es","@id":"https:\/\/www.edilfibro.it\/es\/prodotto\/sistema-de-techo\/#primaryimage","url":"https:\/\/www.edilfibro.it\/wp-content\/uploads\/2024\/05\/icona-NERA-Sistema-tetto.webp","contentUrl":"https:\/\/www.edilfibro.it\/wp-content\/uploads\/2024\/05\/icona-NERA-Sistema-tetto.webp","width":600,"height":600},{"@type":"BreadcrumbList","@id":"https:\/\/www.edilfibro.it\/es\/prodotto\/sistema-de-techo\/#breadcrumb","itemListElement":[{"@type":"ListItem","position":1,"name":"Home","item":"https:\/\/www.edilfibro.it\/es\/"},{"@type":"ListItem","position":2,"name":"Productos","item":"https:\/\/www.edilfibro.it\/es\/productos\/"},{"@type":"ListItem","position":3,"name":"Sistema de techo"}]},{"@type":"WebSite","@id":"https:\/\/www.edilfibro.it\/es\/#website","url":"https:\/\/www.edilfibro.it\/es\/","name":"Edilfibro S.p.a.","description":"Coperture per tetti, lastre fibrocemento e metallo","publisher":{"@id":"https:\/\/www.edilfibro.it\/es\/#organization"},"potentialAction":[{"@type":"SearchAction","target":{"@type":"EntryPoint","urlTemplate":"https:\/\/www.edilfibro.it\/es\/?s={search_term_string}"},"query-input":{"@type":"PropertyValueSpecification","valueRequired":true,"valueName":"search_term_string"}}],"inLanguage":"es"},{"@type":"Organization","@id":"https:\/\/www.edilfibro.it\/es\/#organization","name":"Edilfibro S.p.a.","url":"https:\/\/www.edilfibro.it\/es\/","logo":{"@type":"ImageObject","inLanguage":"es","@id":"https:\/\/www.edilfibro.it\/es\/#\/schema\/logo\/image\/","url":"https:\/\/www.edilfibro.it\/wp-content\/uploads\/2024\/09\/Logo-Edilfibro-2024-verde.webp","contentUrl":"https:\/\/www.edilfibro.it\/wp-content\/uploads\/2024\/09\/Logo-Edilfibro-2024-verde.webp","width":270,"height":105,"caption":"Edilfibro S.p.a."},"image":{"@id":"https:\/\/www.edilfibro.it\/es\/#\/schema\/logo\/image\/"},"sameAs":["https:\/\/www.facebook.com\/edilfibro","https:\/\/www.linkedin.com\/company\/edilfibrospa\/","https:\/\/www.youtube.com\/channel\/UCfz1PuhFpXa0MFkRDzC_Cgw"]}]}},"_links":{"self":[{"href":"https:\/\/www.edilfibro.it\/es\/wp-json\/wp\/v2\/product\/4980","targetHints":{"allow":["GET"]}}],"collection":[{"href":"https:\/\/www.edilfibro.it\/es\/wp-json\/wp\/v2\/product"}],"about":[{"href":"https:\/\/www.edilfibro.it\/es\/wp-json\/wp\/v2\/types\/product"}],"replies":[{"embeddable":true,"href":"https:\/\/www.edilfibro.it\/es\/wp-json\/wp\/v2\/comments?post=4980"}],"wp:featuredmedia":[{"embeddable":true,"href":"https:\/\/www.edilfibro.it\/es\/wp-json\/wp\/v2\/media\/3168"}],"wp:attachment":[{"href":"https:\/\/www.edilfibro.it\/es\/wp-json\/wp\/v2\/media?parent=4980"}],"wp:term":[{"taxonomy":"product_brand","embeddable":true,"href":"https:\/\/www.edilfibro.it\/es\/wp-json\/wp\/v2\/product_brand?post=4980"},{"taxonomy":"product_cat","embeddable":true,"href":"https:\/\/www.edilfibro.it\/es\/wp-json\/wp\/v2\/product_cat?post=4980"},{"taxonomy":"product_tag","embeddable":true,"href":"https:\/\/www.edilfibro.it\/es\/wp-json\/wp\/v2\/product_tag?post=4980"}],"curies":[{"name":"wp","href":"https:\/\/api.w.org\/{rel}","templated":true}]}}