{"id":4773,"date":"2024-05-07T11:19:36","date_gmt":"2024-05-07T09:19:36","guid":{"rendered":"https:\/\/edilfibro2.noon.srl\/prodotto\/accessori-plakfort-5\/"},"modified":"2025-01-31T09:29:30","modified_gmt":"2025-01-31T08:29:30","slug":"accesorios-plakfort-5","status":"publish","type":"product","link":"https:\/\/www.edilfibro.it\/es\/prodotto\/accesorios-plakfort-5\/","title":{"rendered":"Accesorios Plakfort 5"},"content":{"rendered":"<section class=\"l-section wpb_row height_medium\"><div class=\"l-section-h i-cf\"><div class=\"g-cols vc_row via_grid cols_1 laptops-cols_inherit tablets-cols_inherit mobiles-cols_1 valign_top type_default stacking_default\"><div class=\"wpb_column vc_column_container\"><div class=\"vc_column-inner\"><div class=\"g-cols wpb_row icon-box-loghi-interno-accessori via_grid cols_4 laptops-cols_inherit tablets-cols_inherit mobiles-cols_1 valign_top type_default stacking_default\" style=\"--columns-gap:3rem;\"><div class=\"wpb_column vc_column_container\"><div class=\"vc_column-inner\"><\/div><\/div><div class=\"wpb_column vc_column_container\"><div class=\"vc_column-inner\"><div class=\"w-iconbox iconpos_top style_default color_primary align_center no_text icontype_img\"><div class=\"w-iconbox-icon\" style=\"font-size:;\"><img loading=\"lazy\" decoding=\"async\" width=\"188\" height=\"67\" src=\"https:\/\/www.edilfibro.it\/wp-content\/uploads\/2024\/05\/Logo-PLakfort-5.webp\" class=\"attachment-full size-full\" alt=\"\" \/><\/div><div class=\"w-iconbox-meta\"><p class=\"w-iconbox-title\" style=\"font-size:14px;\">CHAPAS ONDULADAS RECTAS PERFIL 5 ONDAS PASO 177\/51<\/p><\/div><\/div><\/div><\/div><div class=\"wpb_column vc_column_container\"><div class=\"vc_column-inner\"><div class=\"w-iconbox iconpos_top style_default color_primary align_center no_text icontype_img\"><div class=\"w-iconbox-icon\" style=\"font-size:2rem;\"><img loading=\"lazy\" decoding=\"async\" width=\"100\" height=\"66\" src=\"https:\/\/www.edilfibro.it\/wp-content\/uploads\/2024\/05\/Logo-CE.webp\" class=\"attachment-full size-full\" alt=\"\" \/><\/div><div class=\"w-iconbox-meta\"><p class=\"w-iconbox-title\" style=\"font-size:14px;\">NORMA UNI EN 494:2015<\/p><\/div><\/div><\/div><\/div><div class=\"wpb_column vc_column_container\"><div class=\"vc_column-inner\"><\/div><\/div><\/div><div class=\"w-separator size_medium\"><\/div><div class=\"wpb_text_column us_custom_eb849559\"><div class=\"wpb_wrapper\"><h2>Placas <span class=\"evidenziatore\">especiales<\/span><\/h2>\n<\/div><\/div><div class=\"w-separator size_medium\"><\/div><div class=\"g-cols wpb_row us_custom_153d6ec6 via_grid cols_2-3 laptops-cols_inherit tablets-cols_inherit mobiles-cols_1 valign_middle type_default stacking_default\" style=\"--columns-gap:3rem;\"><div class=\"wpb_column vc_column_container\"><div class=\"vc_column-inner\"><div class=\"w-image align_center\"><a ref=\"magnificPopup\" href=\"https:\/\/www.edilfibro.it\/wp-content\/uploads\/2024\/05\/Lastre-speciali_Tegolit-200_Chassis.webp\" aria-label=\"Lastre speciali_Tegolit 200_Chassis\" class=\"w-image-h\"><img decoding=\"async\" width=\"566\" height=\"357\" src=\"https:\/\/www.edilfibro.it\/wp-content\/uploads\/2024\/05\/Lastre-speciali_Tegolit-200_Chassis.webp\" class=\"attachment-large size-large\" alt=\"\" loading=\"lazy\" srcset=\"https:\/\/www.edilfibro.it\/wp-content\/uploads\/2024\/05\/Lastre-speciali_Tegolit-200_Chassis.webp 566w, https:\/\/www.edilfibro.it\/wp-content\/uploads\/2024\/05\/Lastre-speciali_Tegolit-200_Chassis-300x189.webp 300w\" sizes=\"auto, (max-width: 566px) 100vw, 566px\" \/><\/a><\/div><div class=\"w-separator us_custom_3cdbafe7 size_small\"><\/div><div class=\"w-hwrapper us_custom_b2452879 valign_top align_none\"><div class=\"w-image us_custom_36469f2a align_center meta_simple\"><div class=\"w-image-h\"><img decoding=\"async\" width=\"392\" height=\"351\" src=\"https:\/\/www.edilfibro.it\/wp-content\/uploads\/2024\/05\/L-20_Lucernario_Lastre-speciali_Tegolit-200_Chassis.webp\" class=\"attachment-large size-large\" alt=\"\" loading=\"lazy\" srcset=\"https:\/\/www.edilfibro.it\/wp-content\/uploads\/2024\/05\/L-20_Lucernario_Lastre-speciali_Tegolit-200_Chassis.webp 392w, https:\/\/www.edilfibro.it\/wp-content\/uploads\/2024\/05\/L-20_Lucernario_Lastre-speciali_Tegolit-200_Chassis-300x269.webp 300w\" sizes=\"auto, (max-width: 392px) 100vw, 392px\" \/><\/div><div class=\"w-image-meta\"><div class=\"w-image-title\">L 20<\/div><\/div><\/div><div class=\"w-image us_custom_36469f2a align_center meta_simple\"><div class=\"w-image-h\"><img decoding=\"async\" width=\"346\" height=\"330\" src=\"https:\/\/www.edilfibro.it\/wp-content\/uploads\/2024\/05\/A-20_Cappello_Lastre-speciali_Tegolit-200_Chassis.webp\" class=\"attachment-large size-large\" alt=\"\" loading=\"lazy\" srcset=\"https:\/\/www.edilfibro.it\/wp-content\/uploads\/2024\/05\/A-20_Cappello_Lastre-speciali_Tegolit-200_Chassis.webp 346w, https:\/\/www.edilfibro.it\/wp-content\/uploads\/2024\/05\/A-20_Cappello_Lastre-speciali_Tegolit-200_Chassis-300x286.webp 300w\" sizes=\"auto, (max-width: 346px) 100vw, 346px\" \/><\/div><div class=\"w-image-meta\"><div class=\"w-image-title\">A 20<\/div><\/div><\/div><div class=\"w-image us_custom_36469f2a align_center meta_simple\"><div class=\"w-image-h\"><img decoding=\"async\" width=\"438\" height=\"324\" src=\"https:\/\/www.edilfibro.it\/wp-content\/uploads\/2024\/05\/PC-20_Cappello-ret_Lastre-speciali_Tegolit-200_Chassis.webp\" class=\"attachment-large size-large\" alt=\"\" loading=\"lazy\" srcset=\"https:\/\/www.edilfibro.it\/wp-content\/uploads\/2024\/05\/PC-20_Cappello-ret_Lastre-speciali_Tegolit-200_Chassis.webp 438w, https:\/\/www.edilfibro.it\/wp-content\/uploads\/2024\/05\/PC-20_Cappello-ret_Lastre-speciali_Tegolit-200_Chassis-300x222.webp 300w\" sizes=\"auto, (max-width: 438px) 100vw, 438px\" \/><\/div><div class=\"w-image-meta\"><div class=\"w-image-title\">PC 20<\/div><\/div><\/div><\/div><\/div><\/div><div class=\"wpb_column vc_column_container\"><div class=\"vc_column-inner\"><div class=\"wpb_text_column us_custom_eb849559\"><div class=\"wpb_wrapper\"><h3 class=\"elementor-image-box-title\" style=\"text-align: left; font-size: 1.6rem;\"><span style=\"color: #1d1d1d;\">Plakfort 5 &#8211; Claraboya<\/span><\/h3>\n<\/div><\/div><div class=\"wpb_text_column\"><div class=\"wpb_wrapper\"><p><strong>Descripc\u00econ<\/strong>: Placa especial con estructura reforzada. Es apto para ensamblar las siguientes piezas:<\/p>\n<ul>\n<li>Claraboya L20 (71&#215;51 cm) galvanizada o cobre<\/li>\n<li>Casquillo PC 20 rectangular<\/li>\n<li>Una tapa de ventilaci\u00f3n de 20<\/li>\n<\/ul>\n<p><strong>Longitud:<\/strong> 152-175cm<\/p>\n<p>Descubra los accesorios L20 in Sistema tetto y A 20, PC20 de los <a href=\"\/es\/prodotto\/accesorios-universales\/\">Accesorios universales<\/a><\/p>\n<\/div><\/div><p class=\"product woocommerce add_to_cart_inline \" style=\"border:4px solid #ccc; padding: 12px;\"><span class=\"woocommerce-Price-amount amount\"><bdi>1,00&nbsp;<span class=\"woocommerce-Price-currencySymbol\">&euro;<\/span><\/bdi><\/span><a href=\"\/es\/wp-json\/wp\/v2\/product\/4773?add-to-cart=1397\" aria-describedby=\"woocommerce_loop_add_to_cart_link_describedby_1397\" data-quantity=\"1\" class=\"button product_type_simple add_to_cart_button ajax_add_to_cart\" data-product_id=\"1397\" data-product_sku=\"\" aria-label=\"A\u00f1adir al carrito: &ldquo;Accessori Plakfort 5 - Lastre Speciali - Chassis&rdquo;\" rel=\"nofollow\" data-success_message=\"\u00abAccessori Plakfort 5 - Lastre Speciali - Chassis\u00bb se ha a\u00f1adido a tu carrito\" role=\"button\"><i class=\"g-preloader type_1\"><\/i><span class=\"w-btn-label\">A\u00f1adir al carrito<\/span><\/a>\t<span id=\"woocommerce_loop_add_to_cart_link_describedby_1397\" class=\"screen-reader-text\">\n\t\t\t<\/span>\n<\/p><\/div><\/div><\/div><div class=\"w-separator size_medium\"><\/div><div class=\"g-cols wpb_row us_custom_153d6ec6 via_grid cols_2-3 laptops-cols_inherit tablets-cols_inherit mobiles-cols_1 valign_middle type_default stacking_default\" style=\"--columns-gap:3rem;\"><div class=\"wpb_column vc_column_container\"><div class=\"vc_column-inner\"><div class=\"w-image align_center\"><a ref=\"magnificPopup\" href=\"https:\/\/www.edilfibro.it\/wp-content\/uploads\/2024\/05\/Lastre-speciali_Tegolit-200_Losanga.webp\" aria-label=\"Lastre speciali_Tegolit 200_Losanga\" class=\"w-image-h\"><img decoding=\"async\" width=\"566\" height=\"357\" src=\"https:\/\/www.edilfibro.it\/wp-content\/uploads\/2024\/05\/Lastre-speciali_Tegolit-200_Losanga.webp\" class=\"attachment-large size-large\" alt=\"\" loading=\"lazy\" srcset=\"https:\/\/www.edilfibro.it\/wp-content\/uploads\/2024\/05\/Lastre-speciali_Tegolit-200_Losanga.webp 566w, https:\/\/www.edilfibro.it\/wp-content\/uploads\/2024\/05\/Lastre-speciali_Tegolit-200_Losanga-300x189.webp 300w\" sizes=\"auto, (max-width: 566px) 100vw, 566px\" \/><\/a><\/div><div class=\"w-separator us_custom_3cdbafe7 size_small\"><\/div><div class=\"w-hwrapper us_custom_b2452879 valign_top align_none\"><div class=\"w-image us_custom_36469f2a align_center meta_simple\"><div class=\"w-image-h\"><img decoding=\"async\" width=\"460\" height=\"312\" src=\"https:\/\/www.edilfibro.it\/wp-content\/uploads\/2024\/05\/A-10-Areatore_Lastre-speciali_Tegolit-200_Losanga.webp\" class=\"attachment-large size-large\" alt=\"\" loading=\"lazy\" srcset=\"https:\/\/www.edilfibro.it\/wp-content\/uploads\/2024\/05\/A-10-Areatore_Lastre-speciali_Tegolit-200_Losanga.webp 460w, https:\/\/www.edilfibro.it\/wp-content\/uploads\/2024\/05\/A-10-Areatore_Lastre-speciali_Tegolit-200_Losanga-300x203.webp 300w\" sizes=\"auto, (max-width: 460px) 100vw, 460px\" \/><\/div><div class=\"w-image-meta\"><div class=\"w-image-title\">A 10<\/div><\/div><\/div><div class=\"w-image us_custom_36469f2a align_center meta_simple\"><div class=\"w-image-h\"><img decoding=\"async\" width=\"424\" height=\"335\" src=\"https:\/\/www.edilfibro.it\/wp-content\/uploads\/2024\/05\/PC-10-cappello-esagonale_Lastre-speciali_Tegolit-200_Losanga.webp\" class=\"attachment-large size-large\" alt=\"\" loading=\"lazy\" srcset=\"https:\/\/www.edilfibro.it\/wp-content\/uploads\/2024\/05\/PC-10-cappello-esagonale_Lastre-speciali_Tegolit-200_Losanga.webp 424w, https:\/\/www.edilfibro.it\/wp-content\/uploads\/2024\/05\/PC-10-cappello-esagonale_Lastre-speciali_Tegolit-200_Losanga-300x237.webp 300w\" sizes=\"auto, (max-width: 424px) 100vw, 424px\" \/><\/div><div class=\"w-image-meta\"><div class=\"w-image-title\">PC 10<\/div><\/div><\/div><\/div><\/div><\/div><div class=\"wpb_column vc_column_container\"><div class=\"vc_column-inner\"><div class=\"wpb_text_column us_custom_eb849559\"><div class=\"wpb_wrapper\"><h3 class=\"elementor-image-box-title\" style=\"text-align: left; font-size: 1.6rem;\">Plakfort 5 &#8211; Salida de humos<\/h3>\n<\/div><\/div><div class=\"wpb_text_column\"><div class=\"wpb_wrapper\"><p><strong>Descripc\u00econ<\/strong>: Placa especial con estructura adecuada para el montaje de las siguientes piezas:<\/p>\n<ul class=\"ul1\">\n<li class=\"li1\"><span class=\"s1\"><\/span>Casquillo hexagonal PC 10<\/li>\n<li class=\"li1\"><span class=\"s1\"><\/span>Una tapa de ventilaci\u00f3n de 10<\/li>\n<\/ul>\n<p><strong>Longitud<\/strong>: 152-175cm<\/p>\n<p>Descruba los accessorios A10 e PC10 negli <a href=\"\/es\/prodotto\/accesorios-universales\/\">Accessorios Universales<\/a><\/p>\n<\/div><\/div><p class=\"product woocommerce add_to_cart_inline \" style=\"border:4px solid #ccc; padding: 12px;\"><span class=\"woocommerce-Price-amount amount\"><bdi>1,00&nbsp;<span class=\"woocommerce-Price-currencySymbol\">&euro;<\/span><\/bdi><\/span><a href=\"\/es\/wp-json\/wp\/v2\/product\/4773?add-to-cart=1398\" aria-describedby=\"woocommerce_loop_add_to_cart_link_describedby_1398\" data-quantity=\"1\" class=\"button product_type_simple add_to_cart_button ajax_add_to_cart\" data-product_id=\"1398\" data-product_sku=\"\" aria-label=\"A\u00f1adir al carrito: &ldquo;Accessori Plakfort 5 - Lastre Speciali - Losanga&rdquo;\" rel=\"nofollow\" data-success_message=\"\u00abAccessori Plakfort 5 - Lastre Speciali - Losanga\u00bb se ha a\u00f1adido a tu carrito\" role=\"button\"><i class=\"g-preloader type_1\"><\/i><span class=\"w-btn-label\">A\u00f1adir al carrito<\/span><\/a>\t<span id=\"woocommerce_loop_add_to_cart_link_describedby_1398\" class=\"screen-reader-text\">\n\t\t\t<\/span>\n<\/p><\/div><\/div><\/div><\/div><\/div><\/div><\/div><\/section><section class=\"l-section wpb_row us_custom_0d15be52 height_medium\"><div class=\"l-section-h i-cf\"><div class=\"g-cols vc_row via_grid cols_1 laptops-cols_inherit tablets-cols_inherit mobiles-cols_1 valign_top type_default stacking_default\"><div class=\"wpb_column vc_column_container\"><div class=\"vc_column-inner\"><div class=\"wpb_text_column us_custom_eb849559\"><div class=\"wpb_wrapper\"><h2>Accesorios <span class=\"evidenziatore\">espec\u00edficos<\/span><\/h2>\n<\/div><\/div><div class=\"w-separator size_medium\"><\/div><div class=\"g-cols wpb_row icon-box-accessori-2 via_grid cols_3 laptops-cols_inherit tablets-cols_inherit mobiles-cols_1 valign_top type_default stacking_default\" style=\"--columns-gap:1rem;\"><div class=\"wpb_column vc_column_container us_custom_e3d07235 has_bg_color\"><div class=\"vc_column-inner\"><div class=\"wpb_text_column us_custom_077794df\"><div class=\"wpb_wrapper\"><h3 class=\"w-iconbox-title\" style=\"text-align: center; font-size: 1.6rem;\">Caballete ondulado<\/h3>\n<\/div><\/div><div class=\"w-image align_none\"><div class=\"w-image-h\"><img decoding=\"async\" width=\"524\" height=\"370\" src=\"https:\/\/www.edilfibro.it\/wp-content\/uploads\/2024\/05\/Colmo-ondulato_Tegolit-200-accessori.webp\" class=\"attachment-large size-large\" alt=\"\" loading=\"lazy\" srcset=\"https:\/\/www.edilfibro.it\/wp-content\/uploads\/2024\/05\/Colmo-ondulato_Tegolit-200-accessori.webp 524w, https:\/\/www.edilfibro.it\/wp-content\/uploads\/2024\/05\/Colmo-ondulato_Tegolit-200-accessori-300x212.webp 300w\" sizes=\"auto, (max-width: 524px) 100vw, 524px\" \/><\/div><\/div><div class=\"wpb_text_column us_custom_0b6bddf7 with_collapsible_content\" data-content-height=\"60px\"><div class=\"wpb_wrapper\"><div class=\"w-iconbox-text\">\n<p><strong>Descripci\u00f3n:<\/strong>C aballete ondulada modelo T3 en tres versiones: 164\u00b0 \u2013 151\u00b0 \u2013 136\u00b0 a especificar:<\/p>\n<ul>\n<li>164\u00b0: para cubiertas con pendientes entre 8 y 12%<\/li>\n<li>151\u00b0: para cubiertas con pendientes entre 12 y 25%<\/li>\n<li>136\u00b0: para cubiertas con pendientes entre 25 y 40%<\/li>\n<\/ul>\n<\/div>\n<\/div><div class=\"toggle-links align_none\"><button class=\"collapsible-content-more\">Mostrar m\u00e1s<\/button><button class=\"collapsible-content-less\">Mostrar menos<\/button><\/div><\/div><div class=\"wpb_text_column us_custom_53975f52\"><div class=\"wpb_wrapper\"><div class=\"w-iconbox-text\">\n<p style=\"text-align: left;\"><strong>Dimensiones:<br \/>\n\u00b7 <\/strong>Largo 91,8 cm \u2013 largo \u00f9til 87 cm<br \/>\n<strong>\u00b7 <\/strong>Ancho aprox 25 + 25 cm<\/p>\n<\/div>\n<\/div><\/div><div class=\"w-separator size_custom\" style=\"height:10px\"><\/div><p class=\"product woocommerce add_to_cart_inline \" style=\"border:4px solid #ccc; padding: 12px;\"><span class=\"woocommerce-Price-amount amount\"><bdi>1,00&nbsp;<span class=\"woocommerce-Price-currencySymbol\">&euro;<\/span><\/bdi><\/span><a href=\"\/es\/wp-json\/wp\/v2\/product\/4773?add-to-cart=1399\" aria-describedby=\"woocommerce_loop_add_to_cart_link_describedby_1399\" data-quantity=\"1\" class=\"button product_type_simple add_to_cart_button ajax_add_to_cart\" data-product_id=\"1399\" data-product_sku=\"\" aria-label=\"A\u00f1adir al carrito: &ldquo;Accessori Plakfort 5 - Accessori specifici - Colmo Ondulato&rdquo;\" rel=\"nofollow\" data-success_message=\"\u00abAccessori Plakfort 5 - Accessori specifici - Colmo Ondulato\u00bb se ha a\u00f1adido a tu carrito\" role=\"button\"><i class=\"g-preloader type_1\"><\/i><span class=\"w-btn-label\">A\u00f1adir al carrito<\/span><\/a>\t<span id=\"woocommerce_loop_add_to_cart_link_describedby_1399\" class=\"screen-reader-text\">\n\t\t\t<\/span>\n<\/p><\/div><\/div><div class=\"wpb_column vc_column_container us_custom_e3d07235 has_bg_color\"><div class=\"vc_column-inner\"><div class=\"wpb_text_column us_custom_077794df\"><div class=\"wpb_wrapper\"><h3 class=\"w-iconbox-title\" style=\"text-align: center; font-size: 1.6rem;\">Caballete articulado<\/h3>\n<\/div><\/div><div class=\"w-image align_none\"><div class=\"w-image-h\"><img decoding=\"async\" width=\"524\" height=\"370\" src=\"https:\/\/www.edilfibro.it\/wp-content\/uploads\/2024\/05\/Colmo-a-cerniera_Tegolit-200-accessori.webp\" class=\"attachment-large size-large\" alt=\"\" loading=\"lazy\" srcset=\"https:\/\/www.edilfibro.it\/wp-content\/uploads\/2024\/05\/Colmo-a-cerniera_Tegolit-200-accessori.webp 524w, https:\/\/www.edilfibro.it\/wp-content\/uploads\/2024\/05\/Colmo-a-cerniera_Tegolit-200-accessori-300x212.webp 300w\" sizes=\"auto, (max-width: 524px) 100vw, 524px\" \/><\/div><\/div><div class=\"wpb_text_column us_custom_0b6bddf7 with_collapsible_content\" data-content-height=\"60px\"><div class=\"wpb_wrapper\"><div class=\"w-iconbox-text\">\n<p class=\"p1\"><strong>Descripci\u00f3n:<\/strong> Caballete ondulada en dos piezas y suministrada completa. Se utiliza en cubiertas con pendiente entre el 15 y el 100%.<\/p>\n<\/div>\n<\/div><div class=\"toggle-links align_none\"><button class=\"collapsible-content-more\">Mostrar m\u00e1s<\/button><button class=\"collapsible-content-less\">Mostrar menos<\/button><\/div><\/div><div class=\"wpb_text_column us_custom_53975f52\"><div class=\"wpb_wrapper\"><div class=\"w-iconbox-text\">\n<p style=\"text-align: left;\"><strong>Dimensiones:<br \/>\n\u00b7\u00a0 <\/strong>Largo 91,8 cm \u2013 largo \u00f9til 87 cm<br \/>\n<strong>\u00b7\u00a0 <\/strong>Ancho aprox. 11 + 11 cm<\/p>\n<\/div>\n<\/div><\/div><div class=\"w-separator size_custom\" style=\"height:10px\"><\/div><p class=\"product woocommerce add_to_cart_inline \" style=\"border:4px solid #ccc; padding: 12px;\"><span class=\"woocommerce-Price-amount amount\"><bdi>1,00&nbsp;<span class=\"woocommerce-Price-currencySymbol\">&euro;<\/span><\/bdi><\/span><a href=\"\/es\/wp-json\/wp\/v2\/product\/4773?add-to-cart=1400\" aria-describedby=\"woocommerce_loop_add_to_cart_link_describedby_1400\" data-quantity=\"1\" class=\"button product_type_simple add_to_cart_button ajax_add_to_cart\" data-product_id=\"1400\" data-product_sku=\"\" aria-label=\"A\u00f1adir al carrito: &ldquo;Accessori Plakfort 5 - Accessori specifici - Colmo a cerniera&rdquo;\" rel=\"nofollow\" data-success_message=\"\u00abAccessori Plakfort 5 - Accessori specifici - Colmo a cerniera\u00bb se ha a\u00f1adido a tu carrito\" role=\"button\"><i class=\"g-preloader type_1\"><\/i><span class=\"w-btn-label\">A\u00f1adir al carrito<\/span><\/a>\t<span id=\"woocommerce_loop_add_to_cart_link_describedby_1400\" class=\"screen-reader-text\">\n\t\t\t<\/span>\n<\/p><\/div><\/div><div class=\"wpb_column vc_column_container us_custom_e3d07235 has_bg_color\"><div class=\"vc_column-inner\"><div class=\"wpb_text_column us_custom_077794df\"><div class=\"wpb_wrapper\"><h3 class=\"w-iconbox-title\" style=\"text-align: center; font-size: 1.6rem;\">Caballete a Shed 30&#215;30 \u2013 Mod. derecho e izquierdo<\/h3>\n<\/div><\/div><div class=\"w-image align_none\"><div class=\"w-image-h\"><img decoding=\"async\" width=\"524\" height=\"370\" src=\"https:\/\/www.edilfibro.it\/wp-content\/uploads\/2024\/05\/Colmo-a-shed-30x30-mod-DX_Plakfort-5-accessori.webp\" class=\"attachment-large size-large\" alt=\"\" loading=\"lazy\" srcset=\"https:\/\/www.edilfibro.it\/wp-content\/uploads\/2024\/05\/Colmo-a-shed-30x30-mod-DX_Plakfort-5-accessori.webp 524w, https:\/\/www.edilfibro.it\/wp-content\/uploads\/2024\/05\/Colmo-a-shed-30x30-mod-DX_Plakfort-5-accessori-300x212.webp 300w\" sizes=\"auto, (max-width: 524px) 100vw, 524px\" \/><\/div><\/div><div class=\"wpb_text_column us_custom_0b6bddf7 with_collapsible_content\" data-content-height=\"60px\"><div class=\"wpb_wrapper\"><div class=\"w-iconbox-text\">\n<p class=\"p1\"><strong>Descripci\u00f3n:<\/strong> Caballete ondulado modelo derecho con \u00e1ngulo de 90\u00b0 Se utiliza como acabado en cubiertas predominantemente de una sola pendiente.<\/p>\n<\/div>\n<\/div><div class=\"toggle-links align_none\"><button class=\"collapsible-content-more\">Mostrar m\u00e1s<\/button><button class=\"collapsible-content-less\">Mostrar menos<\/button><\/div><\/div><div class=\"wpb_text_column us_custom_53975f52\"><div class=\"wpb_wrapper\"><div class=\"w-iconbox-text\">\n<p style=\"text-align: left;\"><strong>Dimensiones:<br \/>\n<\/strong><strong>\u00b7<\/strong> Largo 91,8 cm \u2013 largo \u00f9til 87 cm<br \/>\n<strong>\u00b7<\/strong> Ancho 25 cm aprox.<\/p>\n<\/div>\n<\/div><\/div><div class=\"w-separator size_custom\" style=\"height:10px\"><\/div><p class=\"product woocommerce add_to_cart_inline \" style=\"border:4px solid #ccc; padding: 12px;\"><span class=\"woocommerce-Price-amount amount\"><bdi>1,00&nbsp;<span class=\"woocommerce-Price-currencySymbol\">&euro;<\/span><\/bdi><\/span><a href=\"\/es\/wp-json\/wp\/v2\/product\/4773?add-to-cart=1401\" aria-describedby=\"woocommerce_loop_add_to_cart_link_describedby_1401\" data-quantity=\"1\" class=\"button product_type_simple add_to_cart_button ajax_add_to_cart\" data-product_id=\"1401\" data-product_sku=\"\" aria-label=\"A\u00f1adir al carrito: &ldquo;Accessori Plakfort 5 - Accessori specifici - Colmo a shed 30\u00d730 \u2013 Mod. DX e SX&rdquo;\" rel=\"nofollow\" data-success_message=\"\u00abAccessori Plakfort 5 - Accessori specifici - Colmo a shed 30\u00d730 \u2013 Mod. DX e SX\u00bb se ha a\u00f1adido a tu carrito\" role=\"button\"><i class=\"g-preloader type_1\"><\/i><span class=\"w-btn-label\">A\u00f1adir al carrito<\/span><\/a>\t<span id=\"woocommerce_loop_add_to_cart_link_describedby_1401\" class=\"screen-reader-text\">\n\t\t\t<\/span>\n<\/p><\/div><\/div><\/div><div class=\"w-separator size_small\"><\/div><div class=\"g-cols wpb_row icon-box-accessori-2 via_grid cols_3 laptops-cols_inherit tablets-cols_inherit mobiles-cols_1 valign_top type_default stacking_default\" style=\"--columns-gap:1rem;\"><div class=\"wpb_column vc_column_container us_custom_e3d07235 has_bg_color\"><div class=\"vc_column-inner\"><div class=\"wpb_text_column us_custom_077794df\"><div class=\"wpb_wrapper\"><h3 class=\"w-iconbox-title\" style=\"text-align: center; font-size: 1.6rem;\">Lima de cierre \u2013 Mod. derecho e izquierdo<\/h3>\n<\/div><\/div><div class=\"w-image align_none\"><div class=\"w-image-h\"><img decoding=\"async\" width=\"524\" height=\"370\" src=\"https:\/\/www.edilfibro.it\/wp-content\/uploads\/2024\/05\/Grembiulino-a-muro_Tegolit-200-accessori.webp\" class=\"attachment-large size-large\" alt=\"\" loading=\"lazy\" srcset=\"https:\/\/www.edilfibro.it\/wp-content\/uploads\/2024\/05\/Grembiulino-a-muro_Tegolit-200-accessori.webp 524w, https:\/\/www.edilfibro.it\/wp-content\/uploads\/2024\/05\/Grembiulino-a-muro_Tegolit-200-accessori-300x212.webp 300w\" sizes=\"auto, (max-width: 524px) 100vw, 524px\" \/><\/div><\/div><div class=\"wpb_text_column us_custom_0b6bddf7 with_collapsible_content\" data-content-height=\"60px\"><div class=\"wpb_wrapper\"><div class=\"w-iconbox-text\">\n<p><strong>Descripci\u00f3n:<\/strong> Conexi\u00f3n ondulada cubierta\/pared en dos versiones: Derecha e Izquierda a especificar. Se utiliza como acabado para conectar el tejado a paredes verticales; Disponible en la versi\u00f3n con direcci\u00f3n de instalaci\u00f3n derecha o izquierda.<\/p>\n<\/div>\n<\/div><div class=\"toggle-links align_none\"><button class=\"collapsible-content-more\">Mostrar m\u00e1s<\/button><button class=\"collapsible-content-less\">Mostrar menos<\/button><\/div><\/div><div class=\"wpb_text_column us_custom_53975f52\"><div class=\"wpb_wrapper\"><div class=\"w-iconbox-text\">\n<p style=\"text-align: left;\"><strong>Dimensiones:<br \/>\n\u00b7 <\/strong>Largo 91,8 cm &#8211; largo \u00fatil 87 cm<br \/>\n<strong>\u00b7 <\/strong>Ancho aprox. 32 cm<\/p>\n<\/div>\n<\/div><\/div><div class=\"w-separator size_custom\" style=\"height:10px\"><\/div><p class=\"product woocommerce add_to_cart_inline \" style=\"border:4px solid #ccc; padding: 12px;\"><span class=\"woocommerce-Price-amount amount\"><bdi>1,00&nbsp;<span class=\"woocommerce-Price-currencySymbol\">&euro;<\/span><\/bdi><\/span><a href=\"\/es\/wp-json\/wp\/v2\/product\/4773?add-to-cart=1403\" aria-describedby=\"woocommerce_loop_add_to_cart_link_describedby_1403\" data-quantity=\"1\" class=\"button product_type_simple add_to_cart_button ajax_add_to_cart\" data-product_id=\"1403\" data-product_sku=\"\" aria-label=\"A\u00f1adir al carrito: &ldquo;Accessori Plakfort 5 - Accessori specifici - Grembiulino a muro \u2013 mod. DX e SX&rdquo;\" rel=\"nofollow\" data-success_message=\"\u00abAccessori Plakfort 5 - Accessori specifici - Grembiulino a muro \u2013 mod. DX e SX\u00bb se ha a\u00f1adido a tu carrito\" role=\"button\"><i class=\"g-preloader type_1\"><\/i><span class=\"w-btn-label\">A\u00f1adir al carrito<\/span><\/a>\t<span id=\"woocommerce_loop_add_to_cart_link_describedby_1403\" class=\"screen-reader-text\">\n\t\t\t<\/span>\n<\/p><\/div><\/div><div class=\"wpb_column vc_column_container us_custom_e3d07235 has_bg_color\"><div class=\"vc_column-inner\"><div class=\"wpb_text_column us_custom_077794df\"><div class=\"wpb_wrapper\"><h3 class=\"w-iconbox-title\" style=\"text-align: center; font-size: 1.6rem;\">Lima de entrega<\/h3>\n<\/div><\/div><div class=\"w-image align_none\"><div class=\"w-image-h\"><img decoding=\"async\" width=\"524\" height=\"370\" src=\"https:\/\/www.edilfibro.it\/wp-content\/uploads\/2024\/05\/Parapassero-ondulato_Plakfort-5-accessori.webp\" class=\"attachment-large size-large\" alt=\"\" loading=\"lazy\" srcset=\"https:\/\/www.edilfibro.it\/wp-content\/uploads\/2024\/05\/Parapassero-ondulato_Plakfort-5-accessori.webp 524w, https:\/\/www.edilfibro.it\/wp-content\/uploads\/2024\/05\/Parapassero-ondulato_Plakfort-5-accessori-300x212.webp 300w\" sizes=\"auto, (max-width: 524px) 100vw, 524px\" \/><\/div><\/div><div class=\"wpb_text_column us_custom_0b6bddf7 with_collapsible_content\" data-content-height=\"60px\"><div class=\"wpb_wrapper\"><div class=\"w-iconbox-text\">\n<p><strong>Descripci\u00f3n:<\/strong> Lima de entrega ondulada para cierre de la cubierta. Se utiliza para cerrar el techo independientemente de la direcci\u00f3n de instalaci\u00f3n.<\/p>\n<\/div>\n<\/div><div class=\"toggle-links align_none\"><button class=\"collapsible-content-more\">Mostrar m\u00e1s<\/button><button class=\"collapsible-content-less\">Mostrar menos<\/button><\/div><\/div><div class=\"wpb_text_column us_custom_53975f52\"><div class=\"wpb_wrapper\"><div class=\"w-iconbox-text\">\n<p style=\"text-align: left;\"><strong>Dimensiones:<br \/>\n\u00b7 <\/strong>Largo 91,8 cm &#8211; largo \u00fatil 87 cm<br \/>\n<strong>\u00b7 <\/strong>Ancho aprox. 17 cm<\/p>\n<\/div>\n<\/div><\/div><div class=\"w-separator size_custom\" style=\"height:10px\"><\/div><p class=\"product woocommerce add_to_cart_inline \" style=\"border:4px solid #ccc; padding: 12px;\"><span class=\"woocommerce-Price-amount amount\"><bdi>1,00&nbsp;<span class=\"woocommerce-Price-currencySymbol\">&euro;<\/span><\/bdi><\/span><a href=\"\/es\/wp-json\/wp\/v2\/product\/4773?add-to-cart=1404\" aria-describedby=\"woocommerce_loop_add_to_cart_link_describedby_1404\" data-quantity=\"1\" class=\"button product_type_simple add_to_cart_button ajax_add_to_cart\" data-product_id=\"1404\" data-product_sku=\"\" aria-label=\"A\u00f1adir al carrito: &ldquo;Accessori Plakfort 5 - Accessori specifici - Parapassero ondulato&rdquo;\" rel=\"nofollow\" data-success_message=\"\u00abAccessori Plakfort 5 - Accessori specifici - Parapassero ondulato\u00bb se ha a\u00f1adido a tu carrito\" role=\"button\"><i class=\"g-preloader type_1\"><\/i><span class=\"w-btn-label\">A\u00f1adir al carrito<\/span><\/a>\t<span id=\"woocommerce_loop_add_to_cart_link_describedby_1404\" class=\"screen-reader-text\">\n\t\t\t<\/span>\n<\/p><\/div><\/div><\/div><\/div><\/div><\/div><\/div><\/section><section class=\"l-section wpb_row height_medium\"><div class=\"l-section-h i-cf\"><div class=\"g-cols vc_row via_grid cols_1 laptops-cols_inherit tablets-cols_inherit mobiles-cols_1 valign_top type_default stacking_default\"><div class=\"wpb_column vc_column_container\"><div class=\"vc_column-inner\"><div class=\"wpb_text_column us_custom_eb849559\"><div class=\"wpb_wrapper\"><p>La gama puede completarse con accesorios universales y colores a convenir.<br \/>\nOtros colores a petici\u00f3n: <a href=\"\/es\/contactos\/\">contacta con nuestra oficina t\u00e9cnica<\/a>.<\/p>\n<\/div><\/div><\/div><\/div><\/div><\/div><\/section>\n\n","protected":false},"excerpt":{"rendered":"CHAPAS ONDULADAS RECTAS PERFIL 5 ONDAS PASO 177\/51NORMA UNI EN 494:2015Placas especiales L 20A 20PC 20Plakfort 5 &#8211; Claraboya Descripc\u00econ: Placa especial con estructura reforzada. Es apto para ensamblar las siguientes piezas: Claraboya L20 (71&#215;51 cm) galvanizada o cobre Casquillo PC 20 rectangular Una tapa de ventilaci\u00f3n de 20 Longitud: 152-175cm Descubra los accesorios L20...","protected":false},"featured_media":2042,"comment_status":"closed","ping_status":"closed","template":"","meta":[],"product_brand":[],"product_cat":[297],"product_tag":[],"class_list":{"0":"post-4773","1":"product","2":"type-product","3":"status-publish","4":"has-post-thumbnail","6":"product_cat-accesorios-para-cubiertas-vistas","7":"pa_profilo-fibrocemento-5-onde-es","9":"first","10":"instock","11":"shipping-taxable","12":"purchasable","13":"product-type-variable","14":"has-default-attributes"},"yoast_head":"<!-- This site is optimized with the Yoast SEO plugin v26.6 - https:\/\/yoast.com\/wordpress\/plugins\/seo\/ -->\n<title>Accesorios Plakfort 5 - Edilfibro S.p.a.<\/title>\n<meta name=\"robots\" content=\"index, follow, max-snippet:-1, max-image-preview:large, max-video-preview:-1\" \/>\n<link rel=\"canonical\" href=\"https:\/\/www.edilfibro.it\/es\/prodotto\/accesorios-plakfort-5\/\" \/>\n<meta property=\"og:locale\" content=\"es_ES\" \/>\n<meta property=\"og:type\" content=\"article\" \/>\n<meta property=\"og:title\" content=\"Accesorios Plakfort 5 - Edilfibro S.p.a.\" \/>\n<meta property=\"og:url\" content=\"https:\/\/www.edilfibro.it\/es\/prodotto\/accesorios-plakfort-5\/\" \/>\n<meta property=\"og:site_name\" content=\"Edilfibro S.p.a.\" \/>\n<meta property=\"article:publisher\" content=\"https:\/\/www.facebook.com\/edilfibro\" \/>\n<meta property=\"article:modified_time\" content=\"2025-01-31T08:29:30+00:00\" \/>\n<meta property=\"og:image\" content=\"https:\/\/www.edilfibro.it\/wp-content\/uploads\/2024\/03\/Plakfort-5.jpg\" \/>\n\t<meta property=\"og:image:width\" content=\"600\" \/>\n\t<meta property=\"og:image:height\" content=\"600\" \/>\n\t<meta property=\"og:image:type\" content=\"image\/jpeg\" \/>\n<meta name=\"twitter:card\" content=\"summary_large_image\" \/>\n<meta name=\"twitter:label1\" content=\"Tiempo de lectura\" \/>\n\t<meta name=\"twitter:data1\" content=\"3 minutos\" \/>\n<script type=\"application\/ld+json\" class=\"yoast-schema-graph\">{\"@context\":\"https:\/\/schema.org\",\"@graph\":[{\"@type\":\"WebPage\",\"@id\":\"https:\/\/www.edilfibro.it\/es\/prodotto\/accesorios-plakfort-5\/\",\"url\":\"https:\/\/www.edilfibro.it\/es\/prodotto\/accesorios-plakfort-5\/\",\"name\":\"Accesorios Plakfort 5 - Edilfibro S.p.a.\",\"isPartOf\":{\"@id\":\"https:\/\/www.edilfibro.it\/es\/#website\"},\"primaryImageOfPage\":{\"@id\":\"https:\/\/www.edilfibro.it\/es\/prodotto\/accesorios-plakfort-5\/#primaryimage\"},\"image\":{\"@id\":\"https:\/\/www.edilfibro.it\/es\/prodotto\/accesorios-plakfort-5\/#primaryimage\"},\"thumbnailUrl\":\"https:\/\/www.edilfibro.it\/wp-content\/uploads\/2024\/03\/Plakfort-5.jpg\",\"datePublished\":\"2024-05-07T09:19:36+00:00\",\"dateModified\":\"2025-01-31T08:29:30+00:00\",\"breadcrumb\":{\"@id\":\"https:\/\/www.edilfibro.it\/es\/prodotto\/accesorios-plakfort-5\/#breadcrumb\"},\"inLanguage\":\"es\",\"potentialAction\":[{\"@type\":\"ReadAction\",\"target\":[\"https:\/\/www.edilfibro.it\/es\/prodotto\/accesorios-plakfort-5\/\"]}]},{\"@type\":\"ImageObject\",\"inLanguage\":\"es\",\"@id\":\"https:\/\/www.edilfibro.it\/es\/prodotto\/accesorios-plakfort-5\/#primaryimage\",\"url\":\"https:\/\/www.edilfibro.it\/wp-content\/uploads\/2024\/03\/Plakfort-5.jpg\",\"contentUrl\":\"https:\/\/www.edilfibro.it\/wp-content\/uploads\/2024\/03\/Plakfort-5.jpg\",\"width\":600,\"height\":600},{\"@type\":\"BreadcrumbList\",\"@id\":\"https:\/\/www.edilfibro.it\/es\/prodotto\/accesorios-plakfort-5\/#breadcrumb\",\"itemListElement\":[{\"@type\":\"ListItem\",\"position\":1,\"name\":\"Home\",\"item\":\"https:\/\/www.edilfibro.it\/es\/\"},{\"@type\":\"ListItem\",\"position\":2,\"name\":\"Productos\",\"item\":\"https:\/\/www.edilfibro.it\/es\/productos\/\"},{\"@type\":\"ListItem\",\"position\":3,\"name\":\"Accesorios Plakfort 5\"}]},{\"@type\":\"WebSite\",\"@id\":\"https:\/\/www.edilfibro.it\/es\/#website\",\"url\":\"https:\/\/www.edilfibro.it\/es\/\",\"name\":\"Edilfibro S.p.a.\",\"description\":\"Coperture per tetti, lastre fibrocemento e metallo\",\"publisher\":{\"@id\":\"https:\/\/www.edilfibro.it\/es\/#organization\"},\"potentialAction\":[{\"@type\":\"SearchAction\",\"target\":{\"@type\":\"EntryPoint\",\"urlTemplate\":\"https:\/\/www.edilfibro.it\/es\/?s={search_term_string}\"},\"query-input\":{\"@type\":\"PropertyValueSpecification\",\"valueRequired\":true,\"valueName\":\"search_term_string\"}}],\"inLanguage\":\"es\"},{\"@type\":\"Organization\",\"@id\":\"https:\/\/www.edilfibro.it\/es\/#organization\",\"name\":\"Edilfibro S.p.a.\",\"url\":\"https:\/\/www.edilfibro.it\/es\/\",\"logo\":{\"@type\":\"ImageObject\",\"inLanguage\":\"es\",\"@id\":\"https:\/\/www.edilfibro.it\/es\/#\/schema\/logo\/image\/\",\"url\":\"https:\/\/www.edilfibro.it\/wp-content\/uploads\/2024\/09\/Logo-Edilfibro-2024-verde.webp\",\"contentUrl\":\"https:\/\/www.edilfibro.it\/wp-content\/uploads\/2024\/09\/Logo-Edilfibro-2024-verde.webp\",\"width\":270,\"height\":105,\"caption\":\"Edilfibro S.p.a.\"},\"image\":{\"@id\":\"https:\/\/www.edilfibro.it\/es\/#\/schema\/logo\/image\/\"},\"sameAs\":[\"https:\/\/www.facebook.com\/edilfibro\",\"https:\/\/www.linkedin.com\/company\/edilfibrospa\/\",\"https:\/\/www.youtube.com\/channel\/UCfz1PuhFpXa0MFkRDzC_Cgw\"]}]}<\/script>\n<!-- \/ Yoast SEO plugin. -->","yoast_head_json":{"title":"Accesorios Plakfort 5 - Edilfibro S.p.a.","robots":{"index":"index","follow":"follow","max-snippet":"max-snippet:-1","max-image-preview":"max-image-preview:large","max-video-preview":"max-video-preview:-1"},"canonical":"https:\/\/www.edilfibro.it\/es\/prodotto\/accesorios-plakfort-5\/","og_locale":"es_ES","og_type":"article","og_title":"Accesorios Plakfort 5 - Edilfibro S.p.a.","og_url":"https:\/\/www.edilfibro.it\/es\/prodotto\/accesorios-plakfort-5\/","og_site_name":"Edilfibro S.p.a.","article_publisher":"https:\/\/www.facebook.com\/edilfibro","article_modified_time":"2025-01-31T08:29:30+00:00","og_image":[{"width":600,"height":600,"url":"https:\/\/www.edilfibro.it\/wp-content\/uploads\/2024\/03\/Plakfort-5.jpg","type":"image\/jpeg"}],"twitter_card":"summary_large_image","twitter_misc":{"Tiempo de lectura":"3 minutos"},"schema":{"@context":"https:\/\/schema.org","@graph":[{"@type":"WebPage","@id":"https:\/\/www.edilfibro.it\/es\/prodotto\/accesorios-plakfort-5\/","url":"https:\/\/www.edilfibro.it\/es\/prodotto\/accesorios-plakfort-5\/","name":"Accesorios Plakfort 5 - Edilfibro S.p.a.","isPartOf":{"@id":"https:\/\/www.edilfibro.it\/es\/#website"},"primaryImageOfPage":{"@id":"https:\/\/www.edilfibro.it\/es\/prodotto\/accesorios-plakfort-5\/#primaryimage"},"image":{"@id":"https:\/\/www.edilfibro.it\/es\/prodotto\/accesorios-plakfort-5\/#primaryimage"},"thumbnailUrl":"https:\/\/www.edilfibro.it\/wp-content\/uploads\/2024\/03\/Plakfort-5.jpg","datePublished":"2024-05-07T09:19:36+00:00","dateModified":"2025-01-31T08:29:30+00:00","breadcrumb":{"@id":"https:\/\/www.edilfibro.it\/es\/prodotto\/accesorios-plakfort-5\/#breadcrumb"},"inLanguage":"es","potentialAction":[{"@type":"ReadAction","target":["https:\/\/www.edilfibro.it\/es\/prodotto\/accesorios-plakfort-5\/"]}]},{"@type":"ImageObject","inLanguage":"es","@id":"https:\/\/www.edilfibro.it\/es\/prodotto\/accesorios-plakfort-5\/#primaryimage","url":"https:\/\/www.edilfibro.it\/wp-content\/uploads\/2024\/03\/Plakfort-5.jpg","contentUrl":"https:\/\/www.edilfibro.it\/wp-content\/uploads\/2024\/03\/Plakfort-5.jpg","width":600,"height":600},{"@type":"BreadcrumbList","@id":"https:\/\/www.edilfibro.it\/es\/prodotto\/accesorios-plakfort-5\/#breadcrumb","itemListElement":[{"@type":"ListItem","position":1,"name":"Home","item":"https:\/\/www.edilfibro.it\/es\/"},{"@type":"ListItem","position":2,"name":"Productos","item":"https:\/\/www.edilfibro.it\/es\/productos\/"},{"@type":"ListItem","position":3,"name":"Accesorios Plakfort 5"}]},{"@type":"WebSite","@id":"https:\/\/www.edilfibro.it\/es\/#website","url":"https:\/\/www.edilfibro.it\/es\/","name":"Edilfibro S.p.a.","description":"Coperture per tetti, lastre fibrocemento e metallo","publisher":{"@id":"https:\/\/www.edilfibro.it\/es\/#organization"},"potentialAction":[{"@type":"SearchAction","target":{"@type":"EntryPoint","urlTemplate":"https:\/\/www.edilfibro.it\/es\/?s={search_term_string}"},"query-input":{"@type":"PropertyValueSpecification","valueRequired":true,"valueName":"search_term_string"}}],"inLanguage":"es"},{"@type":"Organization","@id":"https:\/\/www.edilfibro.it\/es\/#organization","name":"Edilfibro S.p.a.","url":"https:\/\/www.edilfibro.it\/es\/","logo":{"@type":"ImageObject","inLanguage":"es","@id":"https:\/\/www.edilfibro.it\/es\/#\/schema\/logo\/image\/","url":"https:\/\/www.edilfibro.it\/wp-content\/uploads\/2024\/09\/Logo-Edilfibro-2024-verde.webp","contentUrl":"https:\/\/www.edilfibro.it\/wp-content\/uploads\/2024\/09\/Logo-Edilfibro-2024-verde.webp","width":270,"height":105,"caption":"Edilfibro S.p.a."},"image":{"@id":"https:\/\/www.edilfibro.it\/es\/#\/schema\/logo\/image\/"},"sameAs":["https:\/\/www.facebook.com\/edilfibro","https:\/\/www.linkedin.com\/company\/edilfibrospa\/","https:\/\/www.youtube.com\/channel\/UCfz1PuhFpXa0MFkRDzC_Cgw"]}]}},"_links":{"self":[{"href":"https:\/\/www.edilfibro.it\/es\/wp-json\/wp\/v2\/product\/4773","targetHints":{"allow":["GET"]}}],"collection":[{"href":"https:\/\/www.edilfibro.it\/es\/wp-json\/wp\/v2\/product"}],"about":[{"href":"https:\/\/www.edilfibro.it\/es\/wp-json\/wp\/v2\/types\/product"}],"replies":[{"embeddable":true,"href":"https:\/\/www.edilfibro.it\/es\/wp-json\/wp\/v2\/comments?post=4773"}],"wp:featuredmedia":[{"embeddable":true,"href":"https:\/\/www.edilfibro.it\/es\/wp-json\/wp\/v2\/media\/2042"}],"wp:attachment":[{"href":"https:\/\/www.edilfibro.it\/es\/wp-json\/wp\/v2\/media?parent=4773"}],"wp:term":[{"taxonomy":"product_brand","embeddable":true,"href":"https:\/\/www.edilfibro.it\/es\/wp-json\/wp\/v2\/product_brand?post=4773"},{"taxonomy":"product_cat","embeddable":true,"href":"https:\/\/www.edilfibro.it\/es\/wp-json\/wp\/v2\/product_cat?post=4773"},{"taxonomy":"product_tag","embeddable":true,"href":"https:\/\/www.edilfibro.it\/es\/wp-json\/wp\/v2\/product_tag?post=4773"}],"curies":[{"name":"wp","href":"https:\/\/api.w.org\/{rel}","templated":true}]}}