{"id":4696,"date":"2024-07-06T15:15:15","date_gmt":"2024-07-06T13:15:15","guid":{"rendered":"https:\/\/edilfibro2.noon.srl\/prodotto\/metapan-parete\/"},"modified":"2024-10-16T10:42:33","modified_gmt":"2024-10-16T08:42:33","slug":"metapan-pared","status":"publish","type":"product","link":"https:\/\/www.edilfibro.it\/es\/prodotto\/metapan-pared\/","title":{"rendered":"Metapan Pared"},"content":{"rendered":"<section class=\"l-section wpb_row height_huge color_primary with_img\"><div class=\"l-section-img\" role=\"img\" aria-label=\"Imagen\" data-img-width=\"600\" data-img-height=\"396\" style=\"background-image: url(https:\/\/www.edilfibro.it\/wp-content\/uploads\/2024\/07\/Teatro-La-Fenice-a-Venezia.webp);background-repeat: no-repeat;\"><\/div><div class=\"l-section-overlay\" style=\"background:rgba(0,0,0,0.65)\"><\/div><div class=\"l-section-h i-cf\"><div class=\"g-cols vc_row via_grid cols_1 laptops-cols_inherit tablets-cols_inherit mobiles-cols_1 valign_top type_default stacking_default\"><div class=\"wpb_column vc_column_container\"><div class=\"vc_column-inner\"><h1 class=\"w-post-elm post_title align_center entry-title color_link_inherit\">Metapan Pared<\/h1><nav class=\"g-breadcrumbs separator_icon align_center\" itemscope itemtype=\"http:\/\/schema.org\/BreadcrumbList\"><div class=\"g-breadcrumbs-item\" itemscope itemprop=\"itemListElement\" itemtype=\"http:\/\/schema.org\/ListItem\"><a itemprop=\"item\" href=\"https:\/\/www.edilfibro.it\/es\/\"><span itemprop=\"name\">Inicio<\/span><\/a><meta itemprop=\"position\" content=\"1\"\/><\/div><div class=\"g-breadcrumbs-separator\"><i class=\"far fa-angle-right\"><\/i><\/div><div class=\"g-breadcrumbs-item\">P\u00e1ginas<\/div><\/nav><\/div><\/div><\/div><\/div><\/section><section class=\"l-section wpb_row finto-prod-variabile height_medium\"><div class=\"l-section-h i-cf\"><div class=\"g-cols vc_row via_grid cols_2-3 laptops-cols_inherit tablets-cols_inherit mobiles-cols_1 valign_middle type_default stacking_default\"><div class=\"wpb_column vc_column_container\"><div class=\"vc_column-inner\"><div class=\"w-post-elm product_gallery\"><\/div><\/div><\/div><div class=\"wpb_column vc_column_container\"><div class=\"vc_column-inner\"><div class=\"wpb_text_column\"><div class=\"wpb_wrapper\"><h2 class=\"titolo-la-gamma\"><span class=\"evidenziatore\">Metapan Pared<\/span><\/h2>\n<\/div><\/div><div class=\"w-separator size_small\"><\/div><div class=\"w-post-elm add_to_cart qty-btn-style_0\" style=\"--qty-btn-size:1rem;\">\n<form class=\"variations_form cart\" action=\"https:\/\/www.edilfibro.it\/es\/prodotto\/metapan-pared\/\" method=\"post\" enctype='multipart\/form-data' data-product_id=\"4696\" data-product_variations=\"[{&quot;attributes&quot;:{&quot;attribute_pa_prodotto-in-versione-unica&quot;:&quot;versione-unica-es&quot;},&quot;availability_html&quot;:&quot;&quot;,&quot;backorders_allowed&quot;:false,&quot;dimensions&quot;:{&quot;length&quot;:&quot;&quot;,&quot;width&quot;:&quot;&quot;,&quot;height&quot;:&quot;&quot;},&quot;dimensions_html&quot;:&quot;N\\\/D&quot;,&quot;display_price&quot;:1,&quot;display_regular_price&quot;:1,&quot;image&quot;:{&quot;title&quot;:&quot;Metapan Parete&quot;,&quot;caption&quot;:&quot;&quot;,&quot;url&quot;:&quot;https:\\\/\\\/www.edilfibro.it\\\/wp-content\\\/uploads\\\/2024\\\/07\\\/Metapan-Parete.webp&quot;,&quot;alt&quot;:&quot;Metapan Parete&quot;,&quot;src&quot;:&quot;https:\\\/\\\/www.edilfibro.it\\\/wp-content\\\/uploads\\\/2024\\\/07\\\/Metapan-Parete.webp&quot;,&quot;srcset&quot;:&quot;https:\\\/\\\/www.edilfibro.it\\\/wp-content\\\/uploads\\\/2024\\\/07\\\/Metapan-Parete.webp 600w, https:\\\/\\\/www.edilfibro.it\\\/wp-content\\\/uploads\\\/2024\\\/07\\\/Metapan-Parete-300x300.webp 300w, https:\\\/\\\/www.edilfibro.it\\\/wp-content\\\/uploads\\\/2024\\\/07\\\/Metapan-Parete-150x150.webp 150w&quot;,&quot;sizes&quot;:&quot;(max-width: 600px) 100vw, 600px&quot;,&quot;full_src&quot;:&quot;https:\\\/\\\/www.edilfibro.it\\\/wp-content\\\/uploads\\\/2024\\\/07\\\/Metapan-Parete.webp&quot;,&quot;full_src_w&quot;:600,&quot;full_src_h&quot;:600,&quot;gallery_thumbnail_src&quot;:&quot;https:\\\/\\\/www.edilfibro.it\\\/wp-content\\\/uploads\\\/2024\\\/07\\\/Metapan-Parete-300x300.webp&quot;,&quot;gallery_thumbnail_src_w&quot;:300,&quot;gallery_thumbnail_src_h&quot;:300,&quot;thumb_src&quot;:&quot;https:\\\/\\\/www.edilfibro.it\\\/wp-content\\\/uploads\\\/2024\\\/07\\\/Metapan-Parete-300x300.webp&quot;,&quot;thumb_src_w&quot;:300,&quot;thumb_src_h&quot;:300,&quot;src_w&quot;:600,&quot;src_h&quot;:600},&quot;image_id&quot;:2402,&quot;is_downloadable&quot;:false,&quot;is_in_stock&quot;:true,&quot;is_purchasable&quot;:true,&quot;is_sold_individually&quot;:&quot;no&quot;,&quot;is_virtual&quot;:false,&quot;max_qty&quot;:&quot;&quot;,&quot;min_qty&quot;:1,&quot;price_html&quot;:&quot;&quot;,&quot;sku&quot;:&quot;&quot;,&quot;variation_description&quot;:&quot;&lt;p style=\\&quot;margin:0 0 0.7rem\\&quot;&gt;Se trata de un panel aislante con doble revestimiento met\\u00e1lico aislado en poliuretano con acabado microgrecado y sistema de fijaci\\u00f3n a vista. &lt;\\\/p&gt;\\n&lt;p style=\\&quot;margin:0 0 0.7rem\\&quot;&gt;Las caracter\\u00edsticas t\\u00e9cnicas y est\\u00e9ticas permiten su uso en naves industriales, garajes y mamparas interiores, tanto en instalaci\\u00f3n vertical como horizontal. &lt;\\\/p&gt;\\n&lt;p style=\\&quot;margin:0 0 0.7rem\\&quot;&gt;Disponible en el color est\\u00e1ndar Blanco Gris, pero tambi\\u00e9n se puede solicitar en diferentes colores tras un an\\u00e1lisis de viabilidad.&lt;\\\/p&gt;\\n&quot;,&quot;variation_id&quot;:4697,&quot;variation_is_active&quot;:true,&quot;variation_is_visible&quot;:true,&quot;weight&quot;:&quot;&quot;,&quot;weight_html&quot;:&quot;N\\\/D&quot;}]\">\n\t\n\t\t\t<table class=\"variations\" cellspacing=\"0\" role=\"presentation\">\n\t\t\t<tbody>\n\t\t\t\t\t\t\t\t\t<tr>\n\t\t\t\t\t\t<th class=\"label\"><label for=\"pa_prodotto-in-versione-unica\">Producto en versi&oacute;n &uacute;nica<\/label><\/th>\n\t\t\t\t\t\t<td class=\"value\">\n\t\t\t\t\t\t\t<div class=\"woocommerce-select\"><select id=\"pa_prodotto-in-versione-unica\" class=\"\" name=\"attribute_pa_prodotto-in-versione-unica\" data-attribute_name=\"attribute_pa_prodotto-in-versione-unica\" data-show_option_none=\"yes\"><option value=\"\">Elige una opci\u00f3n<\/option><option value=\"versione-unica-es\"  selected='selected'>Versi\u00f3n \u00fanica<\/option><\/select><\/div><a class=\"reset_variations\" href=\"#\" aria-label=\"Vaciar opciones\"><\/a>\t\t\t\t\t\t<\/td>\n\t\t\t\t\t<\/tr>\n\t\t\t\t\t\t\t<\/tbody>\n\t\t<\/table>\n\t\t<div class=\"reset_variations_alert screen-reader-text\" role=\"alert\" aria-live=\"polite\" aria-relevant=\"all\"><\/div>\n\t\t\n\t\t<div class=\"single_variation_wrap\">\n\t\t\t<div class=\"woocommerce-variation single_variation\" role=\"alert\" aria-relevant=\"additions\"><\/div><div class=\"woocommerce-variation-add-to-cart variations_button\">\n\t\n\t<div class=\"quantity\">\n\t<input type=\"button\" value=\"-\" class=\"minus\" disabled>\t<label class=\"screen-reader-text\" for=\"quantity_69f438d5113e9\">Metapan Pared cantidad<\/label>\n\t<input\n\t\ttype=\"number\"\n\t\t\t\tid=\"quantity_69f438d5113e9\"\n\t\tclass=\"input-text qty text\"\n\t\tname=\"quantity\"\n\t\tvalue=\"1\"\n\t\taria-label=\"Cantidad de productos\"\n\t\t\t\tmin=\"1\"\n\t\t\t\t\t\t\tstep=\"1\"\n\t\t\tplaceholder=\"\"\n\t\t\tinputmode=\"numeric\"\n\t\t\tautocomplete=\"off\"\n\t\t\t\/>\n\t<input type=\"button\" value=\"+\" class=\"plus\"><\/div>\n\n\t<button type=\"submit\" class=\"single_add_to_cart_button button alt\">A\u00f1adir al carrito<\/button>\n\n\t\n\t<input type=\"hidden\" name=\"add-to-cart\" value=\"4696\" \/>\n\t<input type=\"hidden\" name=\"product_id\" value=\"4696\" \/>\n\t<input type=\"hidden\" name=\"variation_id\" class=\"variation_id\" value=\"0\" \/>\n<\/div>\n\t\t<\/div>\n\t\n\t<\/form>\n\n<div class=\"woocommerce-notices-wrapper\"><\/div><\/div><\/div><\/div><\/div><\/div><\/section><section class=\"l-section wpb_row us_custom_f3f68ac4 documentazione-tecnica height_medium\"><div class=\"l-section-h i-cf\"><div class=\"g-cols vc_row via_grid cols_1 laptops-cols_inherit tablets-cols_inherit mobiles-cols_1 valign_top type_default stacking_default\"><div class=\"wpb_column vc_column_container\"><div class=\"vc_column-inner\"><div class=\"wpb_text_column us_custom_eb849559\"><div class=\"wpb_wrapper\"><h2>Descripci\u00f3n del <span class=\"evidenziatore\">producto<\/span><\/h2>\n<\/div><\/div><div class=\"w-separator size_medium\"><\/div><div class=\"g-cols wpb_row via_grid cols_2 laptops-cols_inherit tablets-cols_inherit mobiles-cols_1 valign_top type_default stacking_default\" style=\"--columns-gap:3.2rem;\"><div class=\"wpb_column vc_column_container\"><div class=\"vc_column-inner\"><div class=\"wpb_text_column us_custom_a833bf3c\"><div class=\"wpb_wrapper\"><p><span style=\"color: #329d32;\"><strong>Caracter\u00edsticas t\u00e9cnicas<\/strong><\/span><\/p>\n<\/div><\/div><div class=\"w-image align_none\"><a ref=\"magnificPopup\" href=\"https:\/\/www.edilfibro.it\/wp-content\/uploads\/2024\/07\/Metapan_parete_caratteristiche.webp\" aria-label=\"Metapan_parete_caratteristiche\" class=\"w-image-h\"><img decoding=\"async\" width=\"1024\" height=\"710\" src=\"https:\/\/www.edilfibro.it\/wp-content\/uploads\/2024\/07\/Metapan_parete_caratteristiche-1024x710.webp\" class=\"attachment-large size-large\" alt=\"\" loading=\"lazy\" srcset=\"https:\/\/www.edilfibro.it\/wp-content\/uploads\/2024\/07\/Metapan_parete_caratteristiche-1024x710.webp 1024w, https:\/\/www.edilfibro.it\/wp-content\/uploads\/2024\/07\/Metapan_parete_caratteristiche-300x208.webp 300w, https:\/\/www.edilfibro.it\/wp-content\/uploads\/2024\/07\/Metapan_parete_caratteristiche-600x416.webp 600w, https:\/\/www.edilfibro.it\/wp-content\/uploads\/2024\/07\/Metapan_parete_caratteristiche.webp 1046w\" sizes=\"auto, (max-width: 1024px) 100vw, 1024px\" \/><\/a><\/div><\/div><\/div><div class=\"wpb_column vc_column_container\" id=\"certificazioni-prodotto\"><div class=\"vc_column-inner\"><div class=\"wpb_text_column us_custom_a833bf3c\"><div class=\"wpb_wrapper\"><p><span style=\"color: #329d32;\"><strong>Download<\/strong><\/span><\/p>\n<\/div><\/div><div class=\"w-separator size_small\"><\/div><div class=\"w-text us_custom_9b8209a0 hover-sottolineato, download-singoli has_text_color icon_atleft\"><a target=\"_blank\" href=\"\/wp-content\/uploads\/2024\/07\/Catalogo_Edilfibro_Soluz_Coibentate_210x297_low.pdf\" class=\"w-text-h\"><i class=\"fas fa-file-pdf\"><\/i><span class=\"w-text-value\">Cat\u00e1logo de soluciones aislantes EDILFIBRO<\/span><\/a><\/div><div class=\"w-separator size_medium\"><\/div><div class=\"wpb_text_column us_custom_a833bf3c\"><div class=\"wpb_wrapper\"><p><span style=\"color: #329d32;\"><strong>Perfil<\/strong><\/span><\/p>\n<\/div><\/div><div class=\"w-image align_none\"><a ref=\"magnificPopup\" href=\"https:\/\/www.edilfibro.it\/wp-content\/uploads\/2024\/07\/Metapan_parete_profilo.webp\" aria-label=\"Metapan_parete_profilo\" class=\"w-image-h\"><img decoding=\"async\" width=\"1024\" height=\"146\" src=\"https:\/\/www.edilfibro.it\/wp-content\/uploads\/2024\/07\/Metapan_parete_profilo-1024x146.webp\" class=\"attachment-large size-large\" alt=\"\" loading=\"lazy\" srcset=\"https:\/\/www.edilfibro.it\/wp-content\/uploads\/2024\/07\/Metapan_parete_profilo-1024x146.webp 1024w, https:\/\/www.edilfibro.it\/wp-content\/uploads\/2024\/07\/Metapan_parete_profilo-300x43.webp 300w, https:\/\/www.edilfibro.it\/wp-content\/uploads\/2024\/07\/Metapan_parete_profilo-600x86.webp 600w, https:\/\/www.edilfibro.it\/wp-content\/uploads\/2024\/07\/Metapan_parete_profilo.webp 1436w\" sizes=\"auto, (max-width: 1024px) 100vw, 1024px\" \/><\/a><\/div><div class=\"w-separator size_medium\"><\/div><div class=\"wpb_text_column us_custom_a833bf3c\"><div class=\"wpb_wrapper\"><p><span style=\"color: #329d32;\"><strong>Detalle de la superposici\u00f3n de las placas<\/strong><\/span><\/p>\n<\/div><\/div><div class=\"w-image align_none\"><a ref=\"magnificPopup\" href=\"https:\/\/www.edilfibro.it\/wp-content\/uploads\/2024\/07\/Fissaggio_metapan_parete.webp\" aria-label=\"Fissaggio_metapan_parete\" class=\"w-image-h\"><img decoding=\"async\" width=\"1024\" height=\"327\" src=\"https:\/\/www.edilfibro.it\/wp-content\/uploads\/2024\/07\/Fissaggio_metapan_parete-1024x327.webp\" class=\"attachment-large size-large\" alt=\"\" loading=\"lazy\" srcset=\"https:\/\/www.edilfibro.it\/wp-content\/uploads\/2024\/07\/Fissaggio_metapan_parete-1024x327.webp 1024w, https:\/\/www.edilfibro.it\/wp-content\/uploads\/2024\/07\/Fissaggio_metapan_parete-300x96.webp 300w, https:\/\/www.edilfibro.it\/wp-content\/uploads\/2024\/07\/Fissaggio_metapan_parete-600x192.webp 600w, https:\/\/www.edilfibro.it\/wp-content\/uploads\/2024\/07\/Fissaggio_metapan_parete.webp 1270w\" sizes=\"auto, (max-width: 1024px) 100vw, 1024px\" \/><\/a><\/div><\/div><\/div><\/div><\/div><\/div><\/div><\/div><\/section><section class=\"l-section wpb_row height_medium\"><div class=\"l-section-overlay\" style=\"background:#f5f5f5\"><\/div><div class=\"l-section-h i-cf\"><div class=\"g-cols vc_row via_grid cols_1-4-1 laptops-cols_inherit tablets-cols_inherit mobiles-cols_1 valign_top type_default stacking_default\"><div class=\"wpb_column vc_column_container\"><div class=\"vc_column-inner\"><\/div><\/div><div class=\"wpb_column vc_column_container\"><div class=\"vc_column-inner\"><div class=\"wpb_text_column us_custom_eb849559\"><div class=\"wpb_wrapper\"><h2>Productos <span class=\"evidenziatore\">relacionados<\/span><\/h2>\n<\/div><\/div><div class=\"w-separator size_small\"><\/div><\/div><\/div><div class=\"wpb_column vc_column_container\"><div class=\"vc_column-inner\"><\/div><\/div><\/div><\/div><\/section>\n","protected":false},"excerpt":{"rendered":"Metapan ParedInicioP\u00e1ginasMetapan Pared Producto en versi&oacute;n &uacute;nica Elige una opci\u00f3nVersi\u00f3n \u00fanica Metapan Pared cantidad A\u00f1adir al carrito Descripci\u00f3n del producto Caracter\u00edsticas t\u00e9cnicas Download Cat\u00e1logo de soluciones aislantes EDILFIBROPerfil Detalle de la superposici\u00f3n de las placas Productos relacionados","protected":false},"featured_media":2402,"comment_status":"closed","ping_status":"closed","template":"","meta":[],"product_brand":[],"product_cat":[287],"product_tag":[],"class_list":{"0":"post-4696","1":"product","2":"type-product","3":"status-publish","4":"has-post-thumbnail","6":"product_cat-metal-es","8":"first","9":"instock","10":"shipping-taxable","11":"purchasable","12":"product-type-variable","13":"has-default-attributes"},"yoast_head":"<!-- This site is optimized with the Yoast SEO plugin v26.6 - https:\/\/yoast.com\/wordpress\/plugins\/seo\/ -->\n<title>Metapan Pared - Edilfibro S.p.a.<\/title>\n<meta name=\"robots\" content=\"index, follow, max-snippet:-1, max-image-preview:large, max-video-preview:-1\" \/>\n<link rel=\"canonical\" href=\"https:\/\/www.edilfibro.it\/es\/prodotto\/metapan-pared\/\" \/>\n<meta property=\"og:locale\" content=\"es_ES\" \/>\n<meta property=\"og:type\" content=\"article\" \/>\n<meta property=\"og:title\" content=\"Metapan Pared - Edilfibro S.p.a.\" \/>\n<meta property=\"og:url\" content=\"https:\/\/www.edilfibro.it\/es\/prodotto\/metapan-pared\/\" \/>\n<meta property=\"og:site_name\" content=\"Edilfibro S.p.a.\" \/>\n<meta property=\"article:publisher\" content=\"https:\/\/www.facebook.com\/edilfibro\" \/>\n<meta property=\"article:modified_time\" content=\"2024-10-16T08:42:33+00:00\" \/>\n<meta property=\"og:image\" content=\"https:\/\/www.edilfibro.it\/wp-content\/uploads\/2024\/07\/Metapan-Parete.webp\" \/>\n\t<meta property=\"og:image:width\" content=\"600\" \/>\n\t<meta property=\"og:image:height\" content=\"600\" \/>\n\t<meta property=\"og:image:type\" content=\"image\/webp\" \/>\n<meta name=\"twitter:card\" content=\"summary_large_image\" \/>\n<meta name=\"twitter:label1\" content=\"Tiempo de lectura\" \/>\n\t<meta name=\"twitter:data1\" content=\"2 minutos\" \/>\n<script type=\"application\/ld+json\" class=\"yoast-schema-graph\">{\"@context\":\"https:\/\/schema.org\",\"@graph\":[{\"@type\":\"WebPage\",\"@id\":\"https:\/\/www.edilfibro.it\/es\/prodotto\/metapan-pared\/\",\"url\":\"https:\/\/www.edilfibro.it\/es\/prodotto\/metapan-pared\/\",\"name\":\"Metapan Pared - Edilfibro S.p.a.\",\"isPartOf\":{\"@id\":\"https:\/\/www.edilfibro.it\/es\/#website\"},\"primaryImageOfPage\":{\"@id\":\"https:\/\/www.edilfibro.it\/es\/prodotto\/metapan-pared\/#primaryimage\"},\"image\":{\"@id\":\"https:\/\/www.edilfibro.it\/es\/prodotto\/metapan-pared\/#primaryimage\"},\"thumbnailUrl\":\"https:\/\/www.edilfibro.it\/wp-content\/uploads\/2024\/07\/Metapan-Parete.webp\",\"datePublished\":\"2024-07-06T13:15:15+00:00\",\"dateModified\":\"2024-10-16T08:42:33+00:00\",\"breadcrumb\":{\"@id\":\"https:\/\/www.edilfibro.it\/es\/prodotto\/metapan-pared\/#breadcrumb\"},\"inLanguage\":\"es\",\"potentialAction\":[{\"@type\":\"ReadAction\",\"target\":[\"https:\/\/www.edilfibro.it\/es\/prodotto\/metapan-pared\/\"]}]},{\"@type\":\"ImageObject\",\"inLanguage\":\"es\",\"@id\":\"https:\/\/www.edilfibro.it\/es\/prodotto\/metapan-pared\/#primaryimage\",\"url\":\"https:\/\/www.edilfibro.it\/wp-content\/uploads\/2024\/07\/Metapan-Parete.webp\",\"contentUrl\":\"https:\/\/www.edilfibro.it\/wp-content\/uploads\/2024\/07\/Metapan-Parete.webp\",\"width\":600,\"height\":600},{\"@type\":\"BreadcrumbList\",\"@id\":\"https:\/\/www.edilfibro.it\/es\/prodotto\/metapan-pared\/#breadcrumb\",\"itemListElement\":[{\"@type\":\"ListItem\",\"position\":1,\"name\":\"Home\",\"item\":\"https:\/\/www.edilfibro.it\/es\/\"},{\"@type\":\"ListItem\",\"position\":2,\"name\":\"Productos\",\"item\":\"https:\/\/www.edilfibro.it\/es\/productos\/\"},{\"@type\":\"ListItem\",\"position\":3,\"name\":\"Metapan Pared\"}]},{\"@type\":\"WebSite\",\"@id\":\"https:\/\/www.edilfibro.it\/es\/#website\",\"url\":\"https:\/\/www.edilfibro.it\/es\/\",\"name\":\"Edilfibro S.p.a.\",\"description\":\"Coperture per tetti, lastre fibrocemento e metallo\",\"publisher\":{\"@id\":\"https:\/\/www.edilfibro.it\/es\/#organization\"},\"potentialAction\":[{\"@type\":\"SearchAction\",\"target\":{\"@type\":\"EntryPoint\",\"urlTemplate\":\"https:\/\/www.edilfibro.it\/es\/?s={search_term_string}\"},\"query-input\":{\"@type\":\"PropertyValueSpecification\",\"valueRequired\":true,\"valueName\":\"search_term_string\"}}],\"inLanguage\":\"es\"},{\"@type\":\"Organization\",\"@id\":\"https:\/\/www.edilfibro.it\/es\/#organization\",\"name\":\"Edilfibro S.p.a.\",\"url\":\"https:\/\/www.edilfibro.it\/es\/\",\"logo\":{\"@type\":\"ImageObject\",\"inLanguage\":\"es\",\"@id\":\"https:\/\/www.edilfibro.it\/es\/#\/schema\/logo\/image\/\",\"url\":\"https:\/\/www.edilfibro.it\/wp-content\/uploads\/2024\/09\/Logo-Edilfibro-2024-verde.webp\",\"contentUrl\":\"https:\/\/www.edilfibro.it\/wp-content\/uploads\/2024\/09\/Logo-Edilfibro-2024-verde.webp\",\"width\":270,\"height\":105,\"caption\":\"Edilfibro S.p.a.\"},\"image\":{\"@id\":\"https:\/\/www.edilfibro.it\/es\/#\/schema\/logo\/image\/\"},\"sameAs\":[\"https:\/\/www.facebook.com\/edilfibro\",\"https:\/\/www.linkedin.com\/company\/edilfibrospa\/\",\"https:\/\/www.youtube.com\/channel\/UCfz1PuhFpXa0MFkRDzC_Cgw\"]}]}<\/script>\n<!-- \/ Yoast SEO plugin. -->","yoast_head_json":{"title":"Metapan Pared - Edilfibro S.p.a.","robots":{"index":"index","follow":"follow","max-snippet":"max-snippet:-1","max-image-preview":"max-image-preview:large","max-video-preview":"max-video-preview:-1"},"canonical":"https:\/\/www.edilfibro.it\/es\/prodotto\/metapan-pared\/","og_locale":"es_ES","og_type":"article","og_title":"Metapan Pared - Edilfibro S.p.a.","og_url":"https:\/\/www.edilfibro.it\/es\/prodotto\/metapan-pared\/","og_site_name":"Edilfibro S.p.a.","article_publisher":"https:\/\/www.facebook.com\/edilfibro","article_modified_time":"2024-10-16T08:42:33+00:00","og_image":[{"width":600,"height":600,"url":"https:\/\/www.edilfibro.it\/wp-content\/uploads\/2024\/07\/Metapan-Parete.webp","type":"image\/webp"}],"twitter_card":"summary_large_image","twitter_misc":{"Tiempo de lectura":"2 minutos"},"schema":{"@context":"https:\/\/schema.org","@graph":[{"@type":"WebPage","@id":"https:\/\/www.edilfibro.it\/es\/prodotto\/metapan-pared\/","url":"https:\/\/www.edilfibro.it\/es\/prodotto\/metapan-pared\/","name":"Metapan Pared - Edilfibro S.p.a.","isPartOf":{"@id":"https:\/\/www.edilfibro.it\/es\/#website"},"primaryImageOfPage":{"@id":"https:\/\/www.edilfibro.it\/es\/prodotto\/metapan-pared\/#primaryimage"},"image":{"@id":"https:\/\/www.edilfibro.it\/es\/prodotto\/metapan-pared\/#primaryimage"},"thumbnailUrl":"https:\/\/www.edilfibro.it\/wp-content\/uploads\/2024\/07\/Metapan-Parete.webp","datePublished":"2024-07-06T13:15:15+00:00","dateModified":"2024-10-16T08:42:33+00:00","breadcrumb":{"@id":"https:\/\/www.edilfibro.it\/es\/prodotto\/metapan-pared\/#breadcrumb"},"inLanguage":"es","potentialAction":[{"@type":"ReadAction","target":["https:\/\/www.edilfibro.it\/es\/prodotto\/metapan-pared\/"]}]},{"@type":"ImageObject","inLanguage":"es","@id":"https:\/\/www.edilfibro.it\/es\/prodotto\/metapan-pared\/#primaryimage","url":"https:\/\/www.edilfibro.it\/wp-content\/uploads\/2024\/07\/Metapan-Parete.webp","contentUrl":"https:\/\/www.edilfibro.it\/wp-content\/uploads\/2024\/07\/Metapan-Parete.webp","width":600,"height":600},{"@type":"BreadcrumbList","@id":"https:\/\/www.edilfibro.it\/es\/prodotto\/metapan-pared\/#breadcrumb","itemListElement":[{"@type":"ListItem","position":1,"name":"Home","item":"https:\/\/www.edilfibro.it\/es\/"},{"@type":"ListItem","position":2,"name":"Productos","item":"https:\/\/www.edilfibro.it\/es\/productos\/"},{"@type":"ListItem","position":3,"name":"Metapan Pared"}]},{"@type":"WebSite","@id":"https:\/\/www.edilfibro.it\/es\/#website","url":"https:\/\/www.edilfibro.it\/es\/","name":"Edilfibro S.p.a.","description":"Coperture per tetti, lastre fibrocemento e metallo","publisher":{"@id":"https:\/\/www.edilfibro.it\/es\/#organization"},"potentialAction":[{"@type":"SearchAction","target":{"@type":"EntryPoint","urlTemplate":"https:\/\/www.edilfibro.it\/es\/?s={search_term_string}"},"query-input":{"@type":"PropertyValueSpecification","valueRequired":true,"valueName":"search_term_string"}}],"inLanguage":"es"},{"@type":"Organization","@id":"https:\/\/www.edilfibro.it\/es\/#organization","name":"Edilfibro S.p.a.","url":"https:\/\/www.edilfibro.it\/es\/","logo":{"@type":"ImageObject","inLanguage":"es","@id":"https:\/\/www.edilfibro.it\/es\/#\/schema\/logo\/image\/","url":"https:\/\/www.edilfibro.it\/wp-content\/uploads\/2024\/09\/Logo-Edilfibro-2024-verde.webp","contentUrl":"https:\/\/www.edilfibro.it\/wp-content\/uploads\/2024\/09\/Logo-Edilfibro-2024-verde.webp","width":270,"height":105,"caption":"Edilfibro S.p.a."},"image":{"@id":"https:\/\/www.edilfibro.it\/es\/#\/schema\/logo\/image\/"},"sameAs":["https:\/\/www.facebook.com\/edilfibro","https:\/\/www.linkedin.com\/company\/edilfibrospa\/","https:\/\/www.youtube.com\/channel\/UCfz1PuhFpXa0MFkRDzC_Cgw"]}]}},"_links":{"self":[{"href":"https:\/\/www.edilfibro.it\/es\/wp-json\/wp\/v2\/product\/4696","targetHints":{"allow":["GET"]}}],"collection":[{"href":"https:\/\/www.edilfibro.it\/es\/wp-json\/wp\/v2\/product"}],"about":[{"href":"https:\/\/www.edilfibro.it\/es\/wp-json\/wp\/v2\/types\/product"}],"replies":[{"embeddable":true,"href":"https:\/\/www.edilfibro.it\/es\/wp-json\/wp\/v2\/comments?post=4696"}],"wp:featuredmedia":[{"embeddable":true,"href":"https:\/\/www.edilfibro.it\/es\/wp-json\/wp\/v2\/media\/2402"}],"wp:attachment":[{"href":"https:\/\/www.edilfibro.it\/es\/wp-json\/wp\/v2\/media?parent=4696"}],"wp:term":[{"taxonomy":"product_brand","embeddable":true,"href":"https:\/\/www.edilfibro.it\/es\/wp-json\/wp\/v2\/product_brand?post=4696"},{"taxonomy":"product_cat","embeddable":true,"href":"https:\/\/www.edilfibro.it\/es\/wp-json\/wp\/v2\/product_cat?post=4696"},{"taxonomy":"product_tag","embeddable":true,"href":"https:\/\/www.edilfibro.it\/es\/wp-json\/wp\/v2\/product_tag?post=4696"}],"curies":[{"name":"wp","href":"https:\/\/api.w.org\/{rel}","templated":true}]}}